{"id":3804,"date":"2023-04-30T19:32:50","date_gmt":"2023-04-30T17:32:50","guid":{"rendered":"https:\/\/griechischefilmwoche.com\/?page_id=3804"},"modified":"2023-04-30T21:37:00","modified_gmt":"2023-04-30T19:37:00","slug":"35-griechische-filmwoche-2021","status":"publish","type":"page","link":"https:\/\/griechischefilmwoche.com\/el\/%ce%b1%cf%81%cf%87%ce%b5%ce%af%ce%bf\/35-griechische-filmwoche-2021\/","title":{"rendered":"35. Griechische Filmwoche in M\u00fcnchen"},"content":{"rendered":"\n<style type=\"text\/css\" data-created_by=\"avia_inline_auto\" id=\"style-css-av-lh3qqtv2-0e1b6f5e27be1358068e3307a1a8b7b0\">\n#top .av-special-heading.av-lh3qqtv2-0e1b6f5e27be1358068e3307a1a8b7b0{\npadding-bottom:10px;\n}\nbody .av-special-heading.av-lh3qqtv2-0e1b6f5e27be1358068e3307a1a8b7b0 .av-special-heading-tag .heading-char{\nfont-size:25px;\n}\n.av-special-heading.av-lh3qqtv2-0e1b6f5e27be1358068e3307a1a8b7b0 .av-subheading{\nfont-size:15px;\n}\n<\/style>\n<div  class='av-special-heading av-lh3qqtv2-0e1b6f5e27be1358068e3307a1a8b7b0 av-special-heading-h3  avia-builder-el-0  el_before_av_textblock  avia-builder-el-first '><h3 class='av-special-heading-tag '  itemprop=\"headline\"  >Das war die Griechische Filmwoche 2021<\/h3><div class=\"special-heading-border\"><div class=\"special-heading-inner-border\"><\/div><\/div><\/div>\n<section  class='av_textblock_section av-lh3qsqhl-3cc39428f2f587b8193439d1818d3477 '   itemscope=\"itemscope\" itemtype=\"https:\/\/schema.org\/CreativeWork\" ><div class='avia_textblock'  itemprop=\"text\" ><p>Die 35. Griechische Filmwoche war ein herausragendes Ereignis, das vom 10. bis zum 16. November 2021 in M\u00fcnchen stattfand. Diese spannende Veranstaltung bot den Besuchern die M\u00f6glichkeit, das Beste des griechischen Kinos zu erleben und in die reiche Filmtradition Griechenlands einzutauchen.<\/p>\n<p>Die Filmwoche pr\u00e4sentierte eine vielf\u00e4ltige Auswahl an griechischen Filmen, darunter Spielfilme, Dokumentationen und Kurzfilme. Jeder Film erz\u00e4hlte auf seine eigene Weise Geschichten, die das Publikum ber\u00fchrten, unterhielten und zum Nachdenken anregten. Von packenden Dramen bis hin zu humorvollen Kom\u00f6dien bot die 35. Griechische Filmwoche ein breites Spektrum an Genres und Themen.<\/p>\n<p>Die 35. Ausgabe fand unter strengen Corona-Ma\u00dfnahmen statt.\u00a0Dennoch begeisterte die Griechische Filmwoche auch in 2021 \u00fcber 1500 Besucherinnen und Besucher.<\/p>\n<\/div><\/section>\n<div  class='avia-button-wrap av-lh3quxaj-f6599cacff5c1c20648bc53e603d30e3-wrap avia-button-center  avia-builder-el-2  el_after_av_textblock  el_before_av_button '><a href='https:\/\/griechischefilmwoche.com\/wp-content\/uploads\/2021\/10\/GRFW21_Programmheft.pdf'  class='avia-button av-lh3quxaj-f6599cacff5c1c20648bc53e603d30e3 av-link-btn avia-icon_select-yes-left-icon avia-size-small avia-position-center avia-color-theme-color'   aria-label=\"Programmheft herunterladen\"><span class='avia_button_icon avia_button_icon_left avia-iconfont avia-font-entypo-fontello' data-av_icon='\ue84e' data-av_iconfont='entypo-fontello' ><\/span><span class='avia_iconbox_title' >Programmheft herunterladen<\/span><\/a><\/div>\n<div  class='avia-button-wrap av-lh3quiq5-d552e46bb0a7f62ba929d2c64a4a703d-wrap avia-button-center  avia-builder-el-3  el_after_av_button  el_before_av_hr '><a href='https:\/\/griechischefilmwoche.com\/wp-content\/uploads\/2021\/10\/GRFW21_Flyer.pdf'  class='avia-button av-lh3quiq5-d552e46bb0a7f62ba929d2c64a4a703d av-link-btn avia-icon_select-yes-left-icon avia-size-small avia-position-center avia-color-theme-color'   aria-label=\"Programm-\u00dcbersicht herunterladen\"><span class='avia_button_icon avia_button_icon_left avia-iconfont avia-font-entypo-fontello' data-av_icon='\ue84e' data-av_iconfont='entypo-fontello' ><\/span><span class='avia_iconbox_title' >Programm-\u00dcbersicht herunterladen<\/span><\/a><\/div>\n<div  class='hr av-av_hr-91d7ccd583a503147498e120fee2ff9b hr-default  avia-builder-el-4  el_after_av_button  el_before_av_one_fifth '><span class='hr-inner '><span class=\"hr-inner-style\"><\/span><\/span><\/div>\n<div  class='flex_column av-av_one_fifth-7714eba142aeda1f8b5272a3c372b279 av_one_fifth  avia-builder-el-5  el_after_av_hr  el_before_av_one_fifth  first flex_column_div  '     ><style type=\"text\/css\" data-created_by=\"avia_inline_auto\" id=\"style-css-av-lh3qvqpn-80e40cf8ad3a78b8c4293ad83439e130\">\n.avia-image-container.av-lh3qvqpn-80e40cf8ad3a78b8c4293ad83439e130 img.avia_image{\nbox-shadow:none;\n}\n.avia-image-container.av-lh3qvqpn-80e40cf8ad3a78b8c4293ad83439e130 .av-image-caption-overlay-center{\ncolor:#ffffff;\n}\n<\/style>\n<div  class='avia-image-container av-lh3qvqpn-80e40cf8ad3a78b8c4293ad83439e130 av-styling- av-hover-grow av-img-linked avia_animated_image av-animated-when-visible-95 fade-in avia-align-center  avia-builder-el-6  avia-builder-el-no-sibling '   itemprop=\"image\" itemscope=\"itemscope\" itemtype=\"https:\/\/schema.org\/ImageObject\" ><div class=\"avia-image-container-inner\"><div class=\"avia-image-overlay-wrap\"><a href=\"https:\/\/griechischefilmwoche.com\/movie\/king-otto-special-screening\/\" class='avia_image '  aria-label='King-Otto'><img decoding=\"async\" fetchpriority=\"high\" class='wp-image-2557 avia-img-lazy-loading-not-2557 avia_image ' src=\"https:\/\/griechischefilmwoche.com\/wp-content\/uploads\/2021\/10\/King-Otto.jpg\" alt='King Otto Poster' title='King-Otto'  height=\"1030\" width=\"736\"  itemprop=\"thumbnailUrl\" srcset=\"https:\/\/griechischefilmwoche.com\/wp-content\/uploads\/2021\/10\/King-Otto.jpg 736w, https:\/\/griechischefilmwoche.com\/wp-content\/uploads\/2021\/10\/King-Otto-214x300.jpg 214w, https:\/\/griechischefilmwoche.com\/wp-content\/uploads\/2021\/10\/King-Otto-201x281.jpg 201w, https:\/\/griechischefilmwoche.com\/wp-content\/uploads\/2021\/10\/King-Otto-504x705.jpg 504w\" sizes=\"(max-width: 736px) 100vw, 736px\" \/><\/a><\/div><\/div><\/div><\/div><div  class='flex_column av-av_one_fifth-f1c518e9ff58e869f80c8f093487abc9 av_one_fifth  avia-builder-el-7  el_after_av_one_fifth  el_before_av_one_fifth  flex_column_div  '     ><style type=\"text\/css\" data-created_by=\"avia_inline_auto\" id=\"style-css-av-lh3qwjjf-9a89fe3c9464ee910e7282c68a48eb46\">\n.avia-image-container.av-lh3qwjjf-9a89fe3c9464ee910e7282c68a48eb46 img.avia_image{\nbox-shadow:none;\n}\n.avia-image-container.av-lh3qwjjf-9a89fe3c9464ee910e7282c68a48eb46 .av-image-caption-overlay-center{\ncolor:#ffffff;\n}\n<\/style>\n<div  class='avia-image-container av-lh3qwjjf-9a89fe3c9464ee910e7282c68a48eb46 av-styling- av-hover-grow av-img-linked avia_animated_image av-animated-when-visible-95 fade-in avia-align-center  avia-builder-el-8  avia-builder-el-no-sibling '   itemprop=\"image\" itemscope=\"itemscope\" itemtype=\"https:\/\/schema.org\/ImageObject\" ><div class=\"avia-image-container-inner\"><div class=\"avia-image-overlay-wrap\"><a href=\"https:\/\/griechischefilmwoche.com\/movie\/green-sea\/\" class='avia_image '  aria-label='Green-Sea'><img decoding=\"async\" fetchpriority=\"high\" class='wp-image-2451 avia-img-lazy-loading-not-2451 avia_image ' src=\"https:\/\/griechischefilmwoche.com\/wp-content\/uploads\/2021\/10\/Green-Sea.jpg\" alt='' title='Green-Sea'  height=\"1030\" width=\"736\"  itemprop=\"thumbnailUrl\" srcset=\"https:\/\/griechischefilmwoche.com\/wp-content\/uploads\/2021\/10\/Green-Sea.jpg 736w, https:\/\/griechischefilmwoche.com\/wp-content\/uploads\/2021\/10\/Green-Sea-214x300.jpg 214w, https:\/\/griechischefilmwoche.com\/wp-content\/uploads\/2021\/10\/Green-Sea-201x281.jpg 201w, https:\/\/griechischefilmwoche.com\/wp-content\/uploads\/2021\/10\/Green-Sea-504x705.jpg 504w\" sizes=\"(max-width: 736px) 100vw, 736px\" \/><\/a><\/div><\/div><\/div><\/div><div  class='flex_column av-av_one_fifth-f1c518e9ff58e869f80c8f093487abc9 av_one_fifth  avia-builder-el-9  el_after_av_one_fifth  el_before_av_one_fifth  flex_column_div  '     ><style type=\"text\/css\" data-created_by=\"avia_inline_auto\" id=\"style-css-av-lh3qxev6-83ede37abcdc5d3b5c7c724ca2a3f9a6\">\n.avia-image-container.av-lh3qxev6-83ede37abcdc5d3b5c7c724ca2a3f9a6 img.avia_image{\nbox-shadow:none;\n}\n.avia-image-container.av-lh3qxev6-83ede37abcdc5d3b5c7c724ca2a3f9a6 .av-image-caption-overlay-center{\ncolor:#ffffff;\n}\n<\/style>\n<div  class='avia-image-container av-lh3qxev6-83ede37abcdc5d3b5c7c724ca2a3f9a6 av-styling- av-hover-grow av-img-linked avia_animated_image av-animated-when-visible-95 fade-in avia-align-center  avia-builder-el-10  avia-builder-el-no-sibling '   itemprop=\"image\" itemscope=\"itemscope\" itemtype=\"https:\/\/schema.org\/ImageObject\" ><div class=\"avia-image-container-inner\"><div class=\"avia-image-overlay-wrap\"><a href=\"https:\/\/griechischefilmwoche.com\/movie\/all-the-pretty-little-horses\/\" class='avia_image '  aria-label='All-The-Little-Pretty-Horses'><img decoding=\"async\" fetchpriority=\"high\" class='wp-image-2449 avia-img-lazy-loading-not-2449 avia_image ' src=\"https:\/\/griechischefilmwoche.com\/wp-content\/uploads\/2021\/10\/All-The-Little-Pretty-Horses.jpg\" alt='' title='All-The-Little-Pretty-Horses'  height=\"1030\" width=\"736\"  itemprop=\"thumbnailUrl\" srcset=\"https:\/\/griechischefilmwoche.com\/wp-content\/uploads\/2021\/10\/All-The-Little-Pretty-Horses.jpg 736w, https:\/\/griechischefilmwoche.com\/wp-content\/uploads\/2021\/10\/All-The-Little-Pretty-Horses-214x300.jpg 214w, https:\/\/griechischefilmwoche.com\/wp-content\/uploads\/2021\/10\/All-The-Little-Pretty-Horses-201x281.jpg 201w, https:\/\/griechischefilmwoche.com\/wp-content\/uploads\/2021\/10\/All-The-Little-Pretty-Horses-504x705.jpg 504w\" sizes=\"(max-width: 736px) 100vw, 736px\" \/><\/a><\/div><\/div><\/div><\/div><div  class='flex_column av-av_one_fifth-f1c518e9ff58e869f80c8f093487abc9 av_one_fifth  avia-builder-el-11  el_after_av_one_fifth  el_before_av_one_fifth  flex_column_div  '     ><style type=\"text\/css\" data-created_by=\"avia_inline_auto\" id=\"style-css-av-lh3qyluf-9517f6c92f3cd8664be5a13b03e20d8a\">\n.avia-image-container.av-lh3qyluf-9517f6c92f3cd8664be5a13b03e20d8a img.avia_image{\nbox-shadow:none;\n}\n.avia-image-container.av-lh3qyluf-9517f6c92f3cd8664be5a13b03e20d8a .av-image-caption-overlay-center{\ncolor:#ffffff;\n}\n<\/style>\n<div  class='avia-image-container av-lh3qyluf-9517f6c92f3cd8664be5a13b03e20d8a av-styling- av-hover-grow av-img-linked avia_animated_image av-animated-when-visible-95 fade-in avia-align-center  avia-builder-el-12  avia-builder-el-no-sibling '   itemprop=\"image\" itemscope=\"itemscope\" itemtype=\"https:\/\/schema.org\/ImageObject\" ><div class=\"avia-image-container-inner\"><div class=\"avia-image-overlay-wrap\"><a href=\"https:\/\/griechischefilmwoche.com\/movie\/hochzeitsschneider-von-athen\/\" class='avia_image '  aria-label='dhsva_plakat_10x15'><img decoding=\"async\" fetchpriority=\"high\" class='wp-image-2354 avia-img-lazy-loading-not-2354 avia_image ' src=\"https:\/\/griechischefilmwoche.com\/wp-content\/uploads\/2021\/10\/dhsva_plakat_10x15.jpg\" alt='' title='dhsva_plakat_10x15'  height=\"1772\" width=\"1252\"  itemprop=\"thumbnailUrl\" srcset=\"https:\/\/griechischefilmwoche.com\/wp-content\/uploads\/2021\/10\/dhsva_plakat_10x15.jpg 1252w, https:\/\/griechischefilmwoche.com\/wp-content\/uploads\/2021\/10\/dhsva_plakat_10x15-212x300.jpg 212w, https:\/\/griechischefilmwoche.com\/wp-content\/uploads\/2021\/10\/dhsva_plakat_10x15-728x1030.jpg 728w, https:\/\/griechischefilmwoche.com\/wp-content\/uploads\/2021\/10\/dhsva_plakat_10x15-768x1087.jpg 768w, https:\/\/griechischefilmwoche.com\/wp-content\/uploads\/2021\/10\/dhsva_plakat_10x15-1085x1536.jpg 1085w, https:\/\/griechischefilmwoche.com\/wp-content\/uploads\/2021\/10\/dhsva_plakat_10x15-782x1107.jpg 782w, https:\/\/griechischefilmwoche.com\/wp-content\/uploads\/2021\/10\/dhsva_plakat_10x15-201x284.jpg 201w, https:\/\/griechischefilmwoche.com\/wp-content\/uploads\/2021\/10\/dhsva_plakat_10x15-1060x1500.jpg 1060w, https:\/\/griechischefilmwoche.com\/wp-content\/uploads\/2021\/10\/dhsva_plakat_10x15-498x705.jpg 498w\" sizes=\"(max-width: 1252px) 100vw, 1252px\" \/><\/a><\/div><\/div><\/div><\/div><div  class='flex_column av-av_one_fifth-f1c518e9ff58e869f80c8f093487abc9 av_one_fifth  avia-builder-el-13  el_after_av_one_fifth  el_before_av_one_fifth  flex_column_div  '     ><style type=\"text\/css\" data-created_by=\"avia_inline_auto\" id=\"style-css-av-lh3qzgg6-5fe368f9d2ac03cd421c9b535c91e7f1\">\n.avia-image-container.av-lh3qzgg6-5fe368f9d2ac03cd421c9b535c91e7f1 img.avia_image{\nbox-shadow:none;\n}\n.avia-image-container.av-lh3qzgg6-5fe368f9d2ac03cd421c9b535c91e7f1 .av-image-caption-overlay-center{\ncolor:#ffffff;\n}\n<\/style>\n<div  class='avia-image-container av-lh3qzgg6-5fe368f9d2ac03cd421c9b535c91e7f1 av-styling- av-hover-grow av-img-linked avia_animated_image av-animated-when-visible-95 fade-in avia-align-center  avia-builder-el-14  avia-builder-el-no-sibling '   itemprop=\"image\" itemscope=\"itemscope\" itemtype=\"https:\/\/schema.org\/ImageObject\" ><div class=\"avia-image-container-inner\"><div class=\"avia-image-overlay-wrap\"><a href=\"https:\/\/griechischefilmwoche.com\/movie\/the-oleanders\/\" class='avia_image '  aria-label='The-Oleanders'><img decoding=\"async\" fetchpriority=\"high\" class='wp-image-2443 avia-img-lazy-loading-not-2443 avia_image ' src=\"https:\/\/griechischefilmwoche.com\/wp-content\/uploads\/2021\/10\/The-Oleanders.jpg\" alt='' title='The-Oleanders'  height=\"1030\" width=\"736\"  itemprop=\"thumbnailUrl\" srcset=\"https:\/\/griechischefilmwoche.com\/wp-content\/uploads\/2021\/10\/The-Oleanders.jpg 736w, https:\/\/griechischefilmwoche.com\/wp-content\/uploads\/2021\/10\/The-Oleanders-214x300.jpg 214w, https:\/\/griechischefilmwoche.com\/wp-content\/uploads\/2021\/10\/The-Oleanders-201x281.jpg 201w, https:\/\/griechischefilmwoche.com\/wp-content\/uploads\/2021\/10\/The-Oleanders-504x705.jpg 504w\" sizes=\"(max-width: 736px) 100vw, 736px\" \/><\/a><\/div><\/div><\/div><\/div><div  class='flex_column av-av_one_fifth-7714eba142aeda1f8b5272a3c372b279 av_one_fifth  avia-builder-el-15  el_after_av_one_fifth  el_before_av_one_fifth  first flex_column_div  column-top-margin'     ><style type=\"text\/css\" data-created_by=\"avia_inline_auto\" id=\"style-css-av-lh3r1jxb-d1febe35b6f45909919fba299f3b46cf\">\n.avia-image-container.av-lh3r1jxb-d1febe35b6f45909919fba299f3b46cf img.avia_image{\nbox-shadow:none;\n}\n.avia-image-container.av-lh3r1jxb-d1febe35b6f45909919fba299f3b46cf .av-image-caption-overlay-center{\ncolor:#ffffff;\n}\n<\/style>\n<div  class='avia-image-container av-lh3r1jxb-d1febe35b6f45909919fba299f3b46cf av-styling- av-hover-grow av-img-linked avia_animated_image av-animated-when-visible-95 fade-in avia-align-center  avia-builder-el-16  avia-builder-el-no-sibling '   itemprop=\"image\" itemscope=\"itemscope\" itemtype=\"https:\/\/schema.org\/ImageObject\" ><div class=\"avia-image-container-inner\"><div class=\"avia-image-overlay-wrap\"><a href=\"https:\/\/griechischefilmwoche.com\/movie\/golden-dawn-a-public-affair\/\" class='avia_image '  aria-label='Golden Dawn: A Public Affair (2021) Poster'><img decoding=\"async\" fetchpriority=\"high\" class='wp-image-2424 avia-img-lazy-loading-not-2424 avia_image ' src=\"https:\/\/griechischefilmwoche.com\/wp-content\/uploads\/2021\/10\/Golden-Dawn.jpg\" alt='' title='Golden Dawn: A Public Affair (2021) Poster'  height=\"1030\" width=\"736\"  itemprop=\"thumbnailUrl\" srcset=\"https:\/\/griechischefilmwoche.com\/wp-content\/uploads\/2021\/10\/Golden-Dawn.jpg 736w, https:\/\/griechischefilmwoche.com\/wp-content\/uploads\/2021\/10\/Golden-Dawn-214x300.jpg 214w, https:\/\/griechischefilmwoche.com\/wp-content\/uploads\/2021\/10\/Golden-Dawn-201x281.jpg 201w, https:\/\/griechischefilmwoche.com\/wp-content\/uploads\/2021\/10\/Golden-Dawn-504x705.jpg 504w\" sizes=\"(max-width: 736px) 100vw, 736px\" \/><\/a><\/div><\/div><\/div><\/div><div  class='flex_column av-av_one_fifth-f1c518e9ff58e869f80c8f093487abc9 av_one_fifth  avia-builder-el-17  el_after_av_one_fifth  el_before_av_one_fifth  flex_column_div  column-top-margin'     ><style type=\"text\/css\" data-created_by=\"avia_inline_auto\" id=\"style-css-av-lh3r2iha-57262714587777a41f63eff67e605abf\">\n.avia-image-container.av-lh3r2iha-57262714587777a41f63eff67e605abf img.avia_image{\nbox-shadow:none;\n}\n.avia-image-container.av-lh3r2iha-57262714587777a41f63eff67e605abf .av-image-caption-overlay-center{\ncolor:#ffffff;\n}\n<\/style>\n<div  class='avia-image-container av-lh3r2iha-57262714587777a41f63eff67e605abf av-styling- av-hover-grow av-img-linked avia_animated_image av-animated-when-visible-95 fade-in avia-align-center  avia-builder-el-18  avia-builder-el-no-sibling '   itemprop=\"image\" itemscope=\"itemscope\" itemtype=\"https:\/\/schema.org\/ImageObject\" ><div class=\"avia-image-container-inner\"><div class=\"avia-image-overlay-wrap\"><a href=\"https:\/\/griechischefilmwoche.com\/movie\/in-the-strange-pursuit-of-laura-durand\/\" class='avia_image '  aria-label='In-The-Persuit-of-Laura-Durant'><img decoding=\"async\" fetchpriority=\"high\" class='wp-image-2438 avia-img-lazy-loading-not-2438 avia_image ' src=\"https:\/\/griechischefilmwoche.com\/wp-content\/uploads\/2021\/10\/In-The-Persuit-of-Laura-Durant.jpg\" alt='' title='In-The-Persuit-of-Laura-Durant'  height=\"1030\" width=\"736\"  itemprop=\"thumbnailUrl\" srcset=\"https:\/\/griechischefilmwoche.com\/wp-content\/uploads\/2021\/10\/In-The-Persuit-of-Laura-Durant.jpg 736w, https:\/\/griechischefilmwoche.com\/wp-content\/uploads\/2021\/10\/In-The-Persuit-of-Laura-Durant-214x300.jpg 214w, https:\/\/griechischefilmwoche.com\/wp-content\/uploads\/2021\/10\/In-The-Persuit-of-Laura-Durant-201x281.jpg 201w, https:\/\/griechischefilmwoche.com\/wp-content\/uploads\/2021\/10\/In-The-Persuit-of-Laura-Durant-504x705.jpg 504w\" sizes=\"(max-width: 736px) 100vw, 736px\" \/><\/a><\/div><\/div><\/div><\/div><div  class='flex_column av-av_one_fifth-f1c518e9ff58e869f80c8f093487abc9 av_one_fifth  avia-builder-el-19  el_after_av_one_fifth  el_before_av_one_fifth  flex_column_div  column-top-margin'     ><style type=\"text\/css\" data-created_by=\"avia_inline_auto\" id=\"style-css-av-lh3r3hue-294183f205530f5d03ee9e95b7f023bd\">\n.avia-image-container.av-lh3r3hue-294183f205530f5d03ee9e95b7f023bd img.avia_image{\nbox-shadow:none;\n}\n.avia-image-container.av-lh3r3hue-294183f205530f5d03ee9e95b7f023bd .av-image-caption-overlay-center{\ncolor:#ffffff;\n}\n<\/style>\n<div  class='avia-image-container av-lh3r3hue-294183f205530f5d03ee9e95b7f023bd av-styling- av-hover-grow av-img-linked avia_animated_image av-animated-when-visible-95 fade-in avia-align-center  avia-builder-el-20  avia-builder-el-no-sibling '   itemprop=\"image\" itemscope=\"itemscope\" itemtype=\"https:\/\/schema.org\/ImageObject\" ><div class=\"avia-image-container-inner\"><div class=\"avia-image-overlay-wrap\"><a href=\"https:\/\/griechischefilmwoche.com\/movie\/apples\/\" class='avia_image '  aria-label='Apples (2020) Poster'><img decoding=\"async\" fetchpriority=\"high\" class='wp-image-2430 avia-img-lazy-loading-not-2430 avia_image ' src=\"https:\/\/griechischefilmwoche.com\/wp-content\/uploads\/2021\/10\/Apples.jpg\" alt='' title='Apples (2020) Poster'  height=\"1030\" width=\"736\"  itemprop=\"thumbnailUrl\" srcset=\"https:\/\/griechischefilmwoche.com\/wp-content\/uploads\/2021\/10\/Apples.jpg 736w, https:\/\/griechischefilmwoche.com\/wp-content\/uploads\/2021\/10\/Apples-214x300.jpg 214w, https:\/\/griechischefilmwoche.com\/wp-content\/uploads\/2021\/10\/Apples-201x281.jpg 201w, https:\/\/griechischefilmwoche.com\/wp-content\/uploads\/2021\/10\/Apples-504x705.jpg 504w\" sizes=\"(max-width: 736px) 100vw, 736px\" \/><\/a><\/div><\/div><\/div><\/div><div  class='flex_column av-av_one_fifth-f1c518e9ff58e869f80c8f093487abc9 av_one_fifth  avia-builder-el-21  el_after_av_one_fifth  el_before_av_one_fifth  flex_column_div  column-top-margin'     ><style type=\"text\/css\" data-created_by=\"avia_inline_auto\" id=\"style-css-av-lh3r4jjj-bd5892fcf4f61804c88909cbca2709b4\">\n.avia-image-container.av-lh3r4jjj-bd5892fcf4f61804c88909cbca2709b4 img.avia_image{\nbox-shadow:none;\n}\n.avia-image-container.av-lh3r4jjj-bd5892fcf4f61804c88909cbca2709b4 .av-image-caption-overlay-center{\ncolor:#ffffff;\n}\n<\/style>\n<div  class='avia-image-container av-lh3r4jjj-bd5892fcf4f61804c88909cbca2709b4 av-styling- av-hover-grow av-img-linked avia_animated_image av-animated-when-visible-95 fade-in avia-align-center  avia-builder-el-22  avia-builder-el-no-sibling '   itemprop=\"image\" itemscope=\"itemscope\" itemtype=\"https:\/\/schema.org\/ImageObject\" ><div class=\"avia-image-container-inner\"><div class=\"avia-image-overlay-wrap\"><a href=\"https:\/\/griechischefilmwoche.com\/movie\/ex\/\" class='avia_image '  aria-label='Ex (Poster)'><img decoding=\"async\" fetchpriority=\"high\" class='wp-image-2427 avia-img-lazy-loading-not-2427 avia_image ' src=\"https:\/\/griechischefilmwoche.com\/wp-content\/uploads\/2021\/10\/Ex.jpg\" alt='' title='Ex (Poster)'  height=\"1030\" width=\"736\"  itemprop=\"thumbnailUrl\" srcset=\"https:\/\/griechischefilmwoche.com\/wp-content\/uploads\/2021\/10\/Ex.jpg 736w, https:\/\/griechischefilmwoche.com\/wp-content\/uploads\/2021\/10\/Ex-214x300.jpg 214w, https:\/\/griechischefilmwoche.com\/wp-content\/uploads\/2021\/10\/Ex-201x281.jpg 201w, https:\/\/griechischefilmwoche.com\/wp-content\/uploads\/2021\/10\/Ex-504x705.jpg 504w\" sizes=\"(max-width: 736px) 100vw, 736px\" \/><\/a><\/div><\/div><\/div><\/div><div  class='flex_column av-av_one_fifth-f1c518e9ff58e869f80c8f093487abc9 av_one_fifth  avia-builder-el-23  el_after_av_one_fifth  el_before_av_one_fifth  flex_column_div  column-top-margin'     ><style type=\"text\/css\" data-created_by=\"avia_inline_auto\" id=\"style-css-av-lh3r5lw0-ae67aea6b3195b24536053bc45313bd2\">\n.avia-image-container.av-lh3r5lw0-ae67aea6b3195b24536053bc45313bd2 img.avia_image{\nbox-shadow:none;\n}\n.avia-image-container.av-lh3r5lw0-ae67aea6b3195b24536053bc45313bd2 .av-image-caption-overlay-center{\ncolor:#ffffff;\n}\n<\/style>\n<div  class='avia-image-container av-lh3r5lw0-ae67aea6b3195b24536053bc45313bd2 av-styling- av-hover-grow av-img-linked avia_animated_image av-animated-when-visible-95 fade-in avia-align-center  avia-builder-el-24  avia-builder-el-no-sibling '   itemprop=\"image\" itemscope=\"itemscope\" itemtype=\"https:\/\/schema.org\/ImageObject\" ><div class=\"avia-image-container-inner\"><div class=\"avia-image-overlay-wrap\"><a href=\"https:\/\/griechischefilmwoche.com\/movie\/sprung-ins-kalte-wasser\/\" class='avia_image '  aria-label='Sprung-ins-Kalte-Wasser'><img decoding=\"async\" fetchpriority=\"high\" class='wp-image-2440 avia-img-lazy-loading-not-2440 avia_image ' src=\"https:\/\/griechischefilmwoche.com\/wp-content\/uploads\/2021\/10\/Sprung-ins-Kalte-Wasser.jpg\" alt='' title='Sprung-ins-Kalte-Wasser'  height=\"1030\" width=\"736\"  itemprop=\"thumbnailUrl\" srcset=\"https:\/\/griechischefilmwoche.com\/wp-content\/uploads\/2021\/10\/Sprung-ins-Kalte-Wasser.jpg 736w, https:\/\/griechischefilmwoche.com\/wp-content\/uploads\/2021\/10\/Sprung-ins-Kalte-Wasser-214x300.jpg 214w, https:\/\/griechischefilmwoche.com\/wp-content\/uploads\/2021\/10\/Sprung-ins-Kalte-Wasser-201x281.jpg 201w, https:\/\/griechischefilmwoche.com\/wp-content\/uploads\/2021\/10\/Sprung-ins-Kalte-Wasser-504x705.jpg 504w\" sizes=\"(max-width: 736px) 100vw, 736px\" \/><\/a><\/div><\/div><\/div><\/div><div  class='flex_column av-av_one_fifth-7714eba142aeda1f8b5272a3c372b279 av_one_fifth  avia-builder-el-25  el_after_av_one_fifth  el_before_av_one_fifth  first flex_column_div  column-top-margin'     ><style type=\"text\/css\" data-created_by=\"avia_inline_auto\" id=\"style-css-av-lh3r7t6n-52b90dd597233b429c8410a6c32f921a\">\n.avia-image-container.av-lh3r7t6n-52b90dd597233b429c8410a6c32f921a img.avia_image{\nbox-shadow:none;\n}\n.avia-image-container.av-lh3r7t6n-52b90dd597233b429c8410a6c32f921a .av-image-caption-overlay-center{\ncolor:#ffffff;\n}\n<\/style>\n<div  class='avia-image-container av-lh3r7t6n-52b90dd597233b429c8410a6c32f921a av-styling- av-hover-grow av-img-linked avia_animated_image av-animated-when-visible-95 fade-in avia-align-center  avia-builder-el-26  avia-builder-el-no-sibling '   itemprop=\"image\" itemscope=\"itemscope\" itemtype=\"https:\/\/schema.org\/ImageObject\" ><div class=\"avia-image-container-inner\"><div class=\"avia-image-overlay-wrap\"><a href=\"https:\/\/griechischefilmwoche.com\/movie\/the-much-making-of-anna\/\" class='avia_image '  aria-label='\u03a4\u03bf \u03c0\u03c1\u03bf\u03be\u03b5\u03bd\u03b9\u03cc \u03c4\u03b7\u03c2 \u0386\u03bd\u03bd\u03b1\u03c2'><img decoding=\"async\" fetchpriority=\"high\" class='wp-image-2435 avia-img-lazy-loading-not-2435 avia_image ' src=\"https:\/\/griechischefilmwoche.com\/wp-content\/uploads\/2021\/10\/To-Proxenio-tis-Annas.jpg\" alt='' title='\u03a4\u03bf \u03c0\u03c1\u03bf\u03be\u03b5\u03bd\u03b9\u03cc \u03c4\u03b7\u03c2 \u0386\u03bd\u03bd\u03b1\u03c2'  height=\"1030\" width=\"736\"  itemprop=\"thumbnailUrl\" srcset=\"https:\/\/griechischefilmwoche.com\/wp-content\/uploads\/2021\/10\/To-Proxenio-tis-Annas.jpg 736w, https:\/\/griechischefilmwoche.com\/wp-content\/uploads\/2021\/10\/To-Proxenio-tis-Annas-214x300.jpg 214w, https:\/\/griechischefilmwoche.com\/wp-content\/uploads\/2021\/10\/To-Proxenio-tis-Annas-201x281.jpg 201w, https:\/\/griechischefilmwoche.com\/wp-content\/uploads\/2021\/10\/To-Proxenio-tis-Annas-504x705.jpg 504w\" sizes=\"(max-width: 736px) 100vw, 736px\" \/><\/a><\/div><\/div><\/div><\/div><div  class='flex_column av-av_one_fifth-f1c518e9ff58e869f80c8f093487abc9 av_one_fifth  avia-builder-el-27  el_after_av_one_fifth  el_before_av_one_fifth  flex_column_div  column-top-margin'     ><style type=\"text\/css\" data-created_by=\"avia_inline_auto\" id=\"style-css-av-lh3r8yca-52cd4e16470896d3ceb6fad3a8c8b721\">\n.avia-image-container.av-lh3r8yca-52cd4e16470896d3ceb6fad3a8c8b721 img.avia_image{\nbox-shadow:none;\n}\n.avia-image-container.av-lh3r8yca-52cd4e16470896d3ceb6fad3a8c8b721 .av-image-caption-overlay-center{\ncolor:#ffffff;\n}\n<\/style>\n<div  class='avia-image-container av-lh3r8yca-52cd4e16470896d3ceb6fad3a8c8b721 av-styling- av-hover-grow av-img-linked avia_animated_image av-animated-when-visible-95 fade-in avia-align-center  avia-builder-el-28  avia-builder-el-no-sibling '   itemprop=\"image\" itemscope=\"itemscope\" itemtype=\"https:\/\/schema.org\/ImageObject\" ><div class=\"avia-image-container-inner\"><div class=\"avia-image-overlay-wrap\"><a href=\"https:\/\/griechischefilmwoche.com\/movie\/girls-in-kisses\/\" class='avia_image '  aria-label='Girls-In-Kisses'><img decoding=\"async\" fetchpriority=\"high\" class='wp-image-2454 avia-img-lazy-loading-not-2454 avia_image ' src=\"https:\/\/griechischefilmwoche.com\/wp-content\/uploads\/2021\/10\/Girls-In-Kisses.jpg\" alt='' title='Girls-In-Kisses'  height=\"1030\" width=\"736\"  itemprop=\"thumbnailUrl\" srcset=\"https:\/\/griechischefilmwoche.com\/wp-content\/uploads\/2021\/10\/Girls-In-Kisses.jpg 736w, https:\/\/griechischefilmwoche.com\/wp-content\/uploads\/2021\/10\/Girls-In-Kisses-214x300.jpg 214w, https:\/\/griechischefilmwoche.com\/wp-content\/uploads\/2021\/10\/Girls-In-Kisses-201x281.jpg 201w, https:\/\/griechischefilmwoche.com\/wp-content\/uploads\/2021\/10\/Girls-In-Kisses-504x705.jpg 504w\" sizes=\"(max-width: 736px) 100vw, 736px\" \/><\/a><\/div><\/div><\/div><\/div><div  class='flex_column av-av_one_fifth-f1c518e9ff58e869f80c8f093487abc9 av_one_fifth  avia-builder-el-29  el_after_av_one_fifth  el_before_av_one_fifth  flex_column_div  column-top-margin'     ><style type=\"text\/css\" data-created_by=\"avia_inline_auto\" id=\"style-css-av-lh3rb2nl-124edd92a9fcbfab078a972d531f1c16\">\n.avia-image-container.av-lh3rb2nl-124edd92a9fcbfab078a972d531f1c16 img.avia_image{\nbox-shadow:none;\n}\n.avia-image-container.av-lh3rb2nl-124edd92a9fcbfab078a972d531f1c16 .av-image-caption-overlay-center{\ncolor:#ffffff;\n}\n<\/style>\n<div  class='avia-image-container av-lh3rb2nl-124edd92a9fcbfab078a972d531f1c16 av-styling- av-hover-grow av-img-linked avia_animated_image av-animated-when-visible-95 fade-in avia-align-center  avia-builder-el-30  avia-builder-el-no-sibling '   itemprop=\"image\" itemscope=\"itemscope\" itemtype=\"https:\/\/schema.org\/ImageObject\" ><div class=\"avia-image-container-inner\"><div class=\"avia-image-overlay-wrap\"><a href=\"https:\/\/griechischefilmwoche.com\/movie\/loafing-und-camouflage\/\" class='avia_image '  aria-label='LOUFA'><img decoding=\"async\" fetchpriority=\"high\" class='wp-image-2460 avia-img-lazy-loading-not-2460 avia_image ' src=\"https:\/\/griechischefilmwoche.com\/wp-content\/uploads\/2021\/10\/LOUFA-1.jpg\" alt='' title='LOUFA'  height=\"1030\" width=\"736\"  itemprop=\"thumbnailUrl\" srcset=\"https:\/\/griechischefilmwoche.com\/wp-content\/uploads\/2021\/10\/LOUFA-1.jpg 736w, https:\/\/griechischefilmwoche.com\/wp-content\/uploads\/2021\/10\/LOUFA-1-214x300.jpg 214w, https:\/\/griechischefilmwoche.com\/wp-content\/uploads\/2021\/10\/LOUFA-1-201x281.jpg 201w, https:\/\/griechischefilmwoche.com\/wp-content\/uploads\/2021\/10\/LOUFA-1-504x705.jpg 504w\" sizes=\"(max-width: 736px) 100vw, 736px\" \/><\/a><\/div><\/div><\/div><\/div><div  class='flex_column av-av_one_fifth-f1c518e9ff58e869f80c8f093487abc9 av_one_fifth  avia-builder-el-31  el_after_av_one_fifth  el_before_av_one_fifth  flex_column_div  column-top-margin'     ><style type=\"text\/css\" data-created_by=\"avia_inline_auto\" id=\"style-css-av-lh3rbros-9e7e7b2e6324cfb6c04963bce622f506\">\n.avia-image-container.av-lh3rbros-9e7e7b2e6324cfb6c04963bce622f506 img.avia_image{\nbox-shadow:none;\n}\n.avia-image-container.av-lh3rbros-9e7e7b2e6324cfb6c04963bce622f506 .av-image-caption-overlay-center{\ncolor:#ffffff;\n}\n<\/style>\n<div  class='avia-image-container av-lh3rbros-9e7e7b2e6324cfb6c04963bce622f506 av-styling- av-hover-grow av-img-linked avia_animated_image av-animated-when-visible-95 fade-in avia-align-center  avia-builder-el-32  avia-builder-el-no-sibling '   itemprop=\"image\" itemscope=\"itemscope\" itemtype=\"https:\/\/schema.org\/ImageObject\" ><div class=\"avia-image-container-inner\"><div class=\"avia-image-overlay-wrap\"><a href=\"https:\/\/griechischefilmwoche.com\/movie\/die-wanderschauspieler\/\" class='avia_image '  aria-label='O-THIASOS'><img decoding=\"async\" fetchpriority=\"high\" class='wp-image-2462 avia-img-lazy-loading-not-2462 avia_image ' src=\"https:\/\/griechischefilmwoche.com\/wp-content\/uploads\/2021\/10\/O-THIASOS.jpg\" alt='' title='O-THIASOS'  height=\"1030\" width=\"736\"  itemprop=\"thumbnailUrl\" srcset=\"https:\/\/griechischefilmwoche.com\/wp-content\/uploads\/2021\/10\/O-THIASOS.jpg 736w, https:\/\/griechischefilmwoche.com\/wp-content\/uploads\/2021\/10\/O-THIASOS-214x300.jpg 214w, https:\/\/griechischefilmwoche.com\/wp-content\/uploads\/2021\/10\/O-THIASOS-201x281.jpg 201w, https:\/\/griechischefilmwoche.com\/wp-content\/uploads\/2021\/10\/O-THIASOS-504x705.jpg 504w\" sizes=\"(max-width: 736px) 100vw, 736px\" \/><\/a><\/div><\/div><\/div><\/div><div  class='flex_column av-av_one_fifth-f83c135294f1e196eca8fa7a787613ac av_one_fifth  avia-builder-el-33  el_after_av_one_fifth  el_before_av_one_fifth  flex_column_div  column-top-margin'     ><style type=\"text\/css\" data-created_by=\"avia_inline_auto\" id=\"style-css-av-lh3rcr9z-a14346657213be6758272254d3bb9896\">\n.avia-image-container.av-lh3rcr9z-a14346657213be6758272254d3bb9896 img.avia_image{\nbox-shadow:none;\n}\n.avia-image-container.av-lh3rcr9z-a14346657213be6758272254d3bb9896 .av-image-caption-overlay-center{\ncolor:#ffffff;\n}\n<\/style>\n<div  class='avia-image-container av-lh3rcr9z-a14346657213be6758272254d3bb9896 av-styling- av-hover-grow av-img-linked avia_animated_image av-animated-when-visible-95 fade-in avia-align-center  avia-builder-el-34  avia-builder-el-no-sibling '   itemprop=\"image\" itemscope=\"itemscope\" itemtype=\"https:\/\/schema.org\/ImageObject\" ><div class=\"avia-image-container-inner\"><div class=\"avia-image-overlay-wrap\"><a href=\"https:\/\/griechischefilmwoche.com\/movie\/z\/\" class='avia_image '  aria-label='Z \u2013 Anatomie eines politischen Mordes \/ Z'><img decoding=\"async\" fetchpriority=\"high\" class='wp-image-2432 avia-img-lazy-loading-not-2432 avia_image ' src=\"https:\/\/griechischefilmwoche.com\/wp-content\/uploads\/2021\/10\/Z.jpg\" alt='' title='Z \u2013 Anatomie eines politischen Mordes \/ Z'  height=\"1030\" width=\"736\"  itemprop=\"thumbnailUrl\" srcset=\"https:\/\/griechischefilmwoche.com\/wp-content\/uploads\/2021\/10\/Z.jpg 736w, https:\/\/griechischefilmwoche.com\/wp-content\/uploads\/2021\/10\/Z-214x300.jpg 214w, https:\/\/griechischefilmwoche.com\/wp-content\/uploads\/2021\/10\/Z-201x281.jpg 201w, https:\/\/griechischefilmwoche.com\/wp-content\/uploads\/2021\/10\/Z-504x705.jpg 504w\" sizes=\"(max-width: 736px) 100vw, 736px\" \/><\/a><\/div><\/div><\/div><\/div><div  class='flex_column av-av_one_fifth-2a9015ff38129c418a3f2eafba3e9512 av_one_fifth  avia-builder-el-35  el_after_av_one_fifth  el_before_av_two_fifth  first flex_column_div  column-top-margin'     ><style type=\"text\/css\" data-created_by=\"avia_inline_auto\" id=\"style-css-av-lh3re1u7-38a1bc3b279f0aae9d806e33a02bc7ad\">\n.avia-image-container.av-lh3re1u7-38a1bc3b279f0aae9d806e33a02bc7ad img.avia_image{\nbox-shadow:none;\n}\n.avia-image-container.av-lh3re1u7-38a1bc3b279f0aae9d806e33a02bc7ad .av-image-caption-overlay-center{\ncolor:#ffffff;\n}\n<\/style>\n<div  class='avia-image-container av-lh3re1u7-38a1bc3b279f0aae9d806e33a02bc7ad av-styling- av-hover-grow av-img-linked avia_animated_image av-animated-when-visible-95 fade-in avia-align-center  avia-builder-el-36  avia-builder-el-no-sibling '   itemprop=\"image\" itemscope=\"itemscope\" itemtype=\"https:\/\/schema.org\/ImageObject\" ><div class=\"avia-image-container-inner\"><div class=\"avia-image-overlay-wrap\"><a href=\"https:\/\/griechischefilmwoche.com\/movie\/kurzfilme\/\" class='avia_image '  aria-label='TISFF'><img decoding=\"async\" fetchpriority=\"high\" class='wp-image-2470 avia-img-lazy-loading-not-2470 avia_image ' src=\"https:\/\/griechischefilmwoche.com\/wp-content\/uploads\/2021\/10\/TISFF.jpg\" alt='' title='TISFF'  height=\"1030\" width=\"736\"  itemprop=\"thumbnailUrl\" srcset=\"https:\/\/griechischefilmwoche.com\/wp-content\/uploads\/2021\/10\/TISFF.jpg 736w, https:\/\/griechischefilmwoche.com\/wp-content\/uploads\/2021\/10\/TISFF-214x300.jpg 214w, https:\/\/griechischefilmwoche.com\/wp-content\/uploads\/2021\/10\/TISFF-201x281.jpg 201w, https:\/\/griechischefilmwoche.com\/wp-content\/uploads\/2021\/10\/TISFF-504x705.jpg 504w\" sizes=\"(max-width: 736px) 100vw, 736px\" \/><\/a><\/div><\/div><\/div><\/div><div  class='flex_column av-av_two_fifth-f1c518e9ff58e869f80c8f093487abc9 av_two_fifth  avia-builder-el-37  el_after_av_one_fifth  avia-builder-el-last  flex_column_div  column-top-margin'     ><div  class='avia-video av-lh3retry-ec5c2d80792d0b5ba0aa14cda50d5372 avia-video-16-9 av-no-preview-image avia-video-load-always av-lazyload-immediate av-lazyload-video-embed'  itemprop=\"video\" itemtype=\"https:\/\/schema.org\/VideoObject\"  data-original_url='https:\/\/www.youtube.com\/watch?v=utPKiM1fuFk'><script type='text\/html' class='av-video-tmpl'><div class='avia-iframe-wrap'><iframe loading=\"lazy\" title=\"GRIECHISCHE FILMWOCHE 2021 - Trailer #35\" width=\"1500\" height=\"844\" src=\"https:\/\/www.youtube.com\/embed\/utPKiM1fuFk?feature=oembed&autoplay=0&loop=0&controls=1&mute=0\" frameborder=\"0\" allow=\"accelerometer; autoplay; clipboard-write; encrypted-media; gyroscope; picture-in-picture; web-share\" allowfullscreen><\/iframe><\/div><\/script><div class='av-click-to-play-overlay'><div class=\"avia_playpause_icon\"><\/div><\/div><\/div><\/div><\/p>\n","protected":false},"excerpt":{"rendered":"","protected":false},"author":4,"featured_media":2570,"parent":4072,"menu_order":0,"comment_status":"closed","ping_status":"closed","template":"","meta":{"footnotes":""},"class_list":["post-3804","page","type-page","status-publish","has-post-thumbnail","hentry"],"yoast_head":"<!-- This site is optimized with the Yoast SEO plugin v27.5 - https:\/\/yoast.com\/product\/yoast-seo-wordpress\/ -->\n<title>35. Griechische Filmwoche in M\u00fcnchen - Griechische Filmwoche<\/title>\n<meta name=\"robots\" content=\"index, follow, max-snippet:-1, max-image-preview:large, max-video-preview:-1\" \/>\n<link rel=\"canonical\" href=\"https:\/\/griechischefilmwoche.com\/el\/%ce%b1%cf%81%cf%87%ce%b5%ce%af%ce%bf\/35-griechische-filmwoche-2021\/\" \/>\n<meta property=\"og:locale\" content=\"el_GR\" \/>\n<meta property=\"og:type\" content=\"article\" \/>\n<meta property=\"og:title\" content=\"35. Griechische Filmwoche in M\u00fcnchen - Griechische Filmwoche\" \/>\n<meta property=\"og:url\" content=\"https:\/\/griechischefilmwoche.com\/el\/%ce%b1%cf%81%cf%87%ce%b5%ce%af%ce%bf\/35-griechische-filmwoche-2021\/\" \/>\n<meta property=\"og:site_name\" content=\"Griechische Filmwoche\" \/>\n<meta property=\"article:modified_time\" content=\"2023-04-30T19:37:00+00:00\" \/>\n<meta property=\"og:image\" content=\"https:\/\/griechischefilmwoche.com\/wp-content\/uploads\/2021\/10\/Programmheft_download.jpg\" \/>\n\t<meta property=\"og:image:width\" content=\"696\" \/>\n\t<meta property=\"og:image:height\" content=\"354\" \/>\n\t<meta property=\"og:image:type\" content=\"image\/jpeg\" \/>\n<meta name=\"twitter:card\" content=\"summary_large_image\" \/>\n<meta name=\"twitter:label1\" content=\"\u0395\u03ba\u03c4\u03b9\u03bc\u03ce\u03bc\u03b5\u03bd\u03bf\u03c2 \u03c7\u03c1\u03cc\u03bd\u03bf\u03c2 \u03b1\u03bd\u03ac\u03b3\u03bd\u03c9\u03c3\u03b7\u03c2\" \/>\n\t<meta name=\"twitter:data1\" content=\"64 \u03bb\u03b5\u03c0\u03c4\u03ac\" \/>\n<script type=\"application\/ld+json\" class=\"yoast-schema-graph\">{\"@context\":\"https:\\\/\\\/schema.org\",\"@graph\":[{\"@type\":\"WebPage\",\"@id\":\"https:\\\/\\\/griechischefilmwoche.com\\\/el\\\/%ce%b1%cf%81%cf%87%ce%b5%ce%af%ce%bf\\\/35-griechische-filmwoche-2021\\\/\",\"url\":\"https:\\\/\\\/griechischefilmwoche.com\\\/el\\\/%ce%b1%cf%81%cf%87%ce%b5%ce%af%ce%bf\\\/35-griechische-filmwoche-2021\\\/\",\"name\":\"35. Griechische Filmwoche in M\u00fcnchen - Griechische Filmwoche\",\"isPartOf\":{\"@id\":\"https:\\\/\\\/griechischefilmwoche.com\\\/el\\\/#website\"},\"primaryImageOfPage\":{\"@id\":\"https:\\\/\\\/griechischefilmwoche.com\\\/el\\\/%ce%b1%cf%81%cf%87%ce%b5%ce%af%ce%bf\\\/35-griechische-filmwoche-2021\\\/#primaryimage\"},\"image\":{\"@id\":\"https:\\\/\\\/griechischefilmwoche.com\\\/el\\\/%ce%b1%cf%81%cf%87%ce%b5%ce%af%ce%bf\\\/35-griechische-filmwoche-2021\\\/#primaryimage\"},\"thumbnailUrl\":\"https:\\\/\\\/griechischefilmwoche.com\\\/wp-content\\\/uploads\\\/2021\\\/10\\\/Programmheft_download.jpg\",\"datePublished\":\"2023-04-30T17:32:50+00:00\",\"dateModified\":\"2023-04-30T19:37:00+00:00\",\"breadcrumb\":{\"@id\":\"https:\\\/\\\/griechischefilmwoche.com\\\/el\\\/%ce%b1%cf%81%cf%87%ce%b5%ce%af%ce%bf\\\/35-griechische-filmwoche-2021\\\/#breadcrumb\"},\"inLanguage\":\"el\",\"potentialAction\":[{\"@type\":\"ReadAction\",\"target\":[\"https:\\\/\\\/griechischefilmwoche.com\\\/el\\\/%ce%b1%cf%81%cf%87%ce%b5%ce%af%ce%bf\\\/35-griechische-filmwoche-2021\\\/\"]}]},{\"@type\":\"ImageObject\",\"inLanguage\":\"el\",\"@id\":\"https:\\\/\\\/griechischefilmwoche.com\\\/el\\\/%ce%b1%cf%81%cf%87%ce%b5%ce%af%ce%bf\\\/35-griechische-filmwoche-2021\\\/#primaryimage\",\"url\":\"https:\\\/\\\/griechischefilmwoche.com\\\/wp-content\\\/uploads\\\/2021\\\/10\\\/Programmheft_download.jpg\",\"contentUrl\":\"https:\\\/\\\/griechischefilmwoche.com\\\/wp-content\\\/uploads\\\/2021\\\/10\\\/Programmheft_download.jpg\",\"width\":696,\"height\":354,\"caption\":\"Laden Sie hier das Programmheft der Griechischen Filmwoche herunter\"},{\"@type\":\"BreadcrumbList\",\"@id\":\"https:\\\/\\\/griechischefilmwoche.com\\\/el\\\/%ce%b1%cf%81%cf%87%ce%b5%ce%af%ce%bf\\\/35-griechische-filmwoche-2021\\\/#breadcrumb\",\"itemListElement\":[{\"@type\":\"ListItem\",\"position\":1,\"name\":\"Home\",\"item\":\"https:\\\/\\\/griechischefilmwoche.com\\\/el\\\/programm2025\\\/\"},{\"@type\":\"ListItem\",\"position\":2,\"name\":\"35. Griechische Filmwoche in M\u00fcnchen\"}]},{\"@type\":\"WebSite\",\"@id\":\"https:\\\/\\\/griechischefilmwoche.com\\\/el\\\/#website\",\"url\":\"https:\\\/\\\/griechischefilmwoche.com\\\/el\\\/\",\"name\":\"Griechische Filmwoche\",\"description\":\"\",\"potentialAction\":[{\"@type\":\"SearchAction\",\"target\":{\"@type\":\"EntryPoint\",\"urlTemplate\":\"https:\\\/\\\/griechischefilmwoche.com\\\/el\\\/?s={search_term_string}\"},\"query-input\":{\"@type\":\"PropertyValueSpecification\",\"valueRequired\":true,\"valueName\":\"search_term_string\"}}],\"inLanguage\":\"el\"}]}<\/script>\n<!-- \/ Yoast SEO plugin. -->","yoast_head_json":{"title":"35. Griechische Filmwoche in M\u00fcnchen - Griechische Filmwoche","robots":{"index":"index","follow":"follow","max-snippet":"max-snippet:-1","max-image-preview":"max-image-preview:large","max-video-preview":"max-video-preview:-1"},"canonical":"https:\/\/griechischefilmwoche.com\/el\/%ce%b1%cf%81%cf%87%ce%b5%ce%af%ce%bf\/35-griechische-filmwoche-2021\/","og_locale":"el_GR","og_type":"article","og_title":"35. Griechische Filmwoche in M\u00fcnchen - Griechische Filmwoche","og_url":"https:\/\/griechischefilmwoche.com\/el\/%ce%b1%cf%81%cf%87%ce%b5%ce%af%ce%bf\/35-griechische-filmwoche-2021\/","og_site_name":"Griechische Filmwoche","article_modified_time":"2023-04-30T19:37:00+00:00","og_image":[{"width":696,"height":354,"url":"https:\/\/griechischefilmwoche.com\/wp-content\/uploads\/2021\/10\/Programmheft_download.jpg","type":"image\/jpeg"}],"twitter_card":"summary_large_image","twitter_misc":{"\u0395\u03ba\u03c4\u03b9\u03bc\u03ce\u03bc\u03b5\u03bd\u03bf\u03c2 \u03c7\u03c1\u03cc\u03bd\u03bf\u03c2 \u03b1\u03bd\u03ac\u03b3\u03bd\u03c9\u03c3\u03b7\u03c2":"64 \u03bb\u03b5\u03c0\u03c4\u03ac"},"schema":{"@context":"https:\/\/schema.org","@graph":[{"@type":"WebPage","@id":"https:\/\/griechischefilmwoche.com\/el\/%ce%b1%cf%81%cf%87%ce%b5%ce%af%ce%bf\/35-griechische-filmwoche-2021\/","url":"https:\/\/griechischefilmwoche.com\/el\/%ce%b1%cf%81%cf%87%ce%b5%ce%af%ce%bf\/35-griechische-filmwoche-2021\/","name":"35. Griechische Filmwoche in M\u00fcnchen - Griechische Filmwoche","isPartOf":{"@id":"https:\/\/griechischefilmwoche.com\/el\/#website"},"primaryImageOfPage":{"@id":"https:\/\/griechischefilmwoche.com\/el\/%ce%b1%cf%81%cf%87%ce%b5%ce%af%ce%bf\/35-griechische-filmwoche-2021\/#primaryimage"},"image":{"@id":"https:\/\/griechischefilmwoche.com\/el\/%ce%b1%cf%81%cf%87%ce%b5%ce%af%ce%bf\/35-griechische-filmwoche-2021\/#primaryimage"},"thumbnailUrl":"https:\/\/griechischefilmwoche.com\/wp-content\/uploads\/2021\/10\/Programmheft_download.jpg","datePublished":"2023-04-30T17:32:50+00:00","dateModified":"2023-04-30T19:37:00+00:00","breadcrumb":{"@id":"https:\/\/griechischefilmwoche.com\/el\/%ce%b1%cf%81%cf%87%ce%b5%ce%af%ce%bf\/35-griechische-filmwoche-2021\/#breadcrumb"},"inLanguage":"el","potentialAction":[{"@type":"ReadAction","target":["https:\/\/griechischefilmwoche.com\/el\/%ce%b1%cf%81%cf%87%ce%b5%ce%af%ce%bf\/35-griechische-filmwoche-2021\/"]}]},{"@type":"ImageObject","inLanguage":"el","@id":"https:\/\/griechischefilmwoche.com\/el\/%ce%b1%cf%81%cf%87%ce%b5%ce%af%ce%bf\/35-griechische-filmwoche-2021\/#primaryimage","url":"https:\/\/griechischefilmwoche.com\/wp-content\/uploads\/2021\/10\/Programmheft_download.jpg","contentUrl":"https:\/\/griechischefilmwoche.com\/wp-content\/uploads\/2021\/10\/Programmheft_download.jpg","width":696,"height":354,"caption":"Laden Sie hier das Programmheft der Griechischen Filmwoche herunter"},{"@type":"BreadcrumbList","@id":"https:\/\/griechischefilmwoche.com\/el\/%ce%b1%cf%81%cf%87%ce%b5%ce%af%ce%bf\/35-griechische-filmwoche-2021\/#breadcrumb","itemListElement":[{"@type":"ListItem","position":1,"name":"Home","item":"https:\/\/griechischefilmwoche.com\/el\/programm2025\/"},{"@type":"ListItem","position":2,"name":"35. Griechische Filmwoche in M\u00fcnchen"}]},{"@type":"WebSite","@id":"https:\/\/griechischefilmwoche.com\/el\/#website","url":"https:\/\/griechischefilmwoche.com\/el\/","name":"Griechische Filmwoche","description":"","potentialAction":[{"@type":"SearchAction","target":{"@type":"EntryPoint","urlTemplate":"https:\/\/griechischefilmwoche.com\/el\/?s={search_term_string}"},"query-input":{"@type":"PropertyValueSpecification","valueRequired":true,"valueName":"search_term_string"}}],"inLanguage":"el"}]}},"_links":{"self":[{"href":"https:\/\/griechischefilmwoche.com\/el\/wp-json\/wp\/v2\/pages\/3804","targetHints":{"allow":["GET"]}}],"collection":[{"href":"https:\/\/griechischefilmwoche.com\/el\/wp-json\/wp\/v2\/pages"}],"about":[{"href":"https:\/\/griechischefilmwoche.com\/el\/wp-json\/wp\/v2\/types\/page"}],"author":[{"embeddable":true,"href":"https:\/\/griechischefilmwoche.com\/el\/wp-json\/wp\/v2\/users\/4"}],"replies":[{"embeddable":true,"href":"https:\/\/griechischefilmwoche.com\/el\/wp-json\/wp\/v2\/comments?post=3804"}],"version-history":[{"count":0,"href":"https:\/\/griechischefilmwoche.com\/el\/wp-json\/wp\/v2\/pages\/3804\/revisions"}],"up":[{"embeddable":true,"href":"https:\/\/griechischefilmwoche.com\/el\/wp-json\/wp\/v2\/pages\/4072"}],"wp:featuredmedia":[{"embeddable":true,"href":"https:\/\/griechischefilmwoche.com\/el\/wp-json\/wp\/v2\/media\/2570"}],"wp:attachment":[{"href":"https:\/\/griechischefilmwoche.com\/el\/wp-json\/wp\/v2\/media?parent=3804"}],"curies":[{"name":"wp","href":"https:\/\/api.w.org\/{rel}","templated":true}]}}