{"id":3810,"date":"2023-04-30T19:31:31","date_gmt":"2023-04-30T17:31:31","guid":{"rendered":"https:\/\/griechischefilmwoche.com\/grfw2020\/"},"modified":"2023-04-30T21:43:52","modified_gmt":"2023-04-30T19:43:52","slug":"34-griechische-filmwoche-2020","status":"publish","type":"page","link":"https:\/\/griechischefilmwoche.com\/el\/%ce%b1%cf%81%cf%87%ce%b5%ce%af%ce%bf\/34-griechische-filmwoche-2020\/","title":{"rendered":"34. Griechische Filmwoche in M\u00fcnchen"},"content":{"rendered":"\n<style type=\"text\/css\" data-created_by=\"avia_inline_auto\" id=\"style-css-av-lh3riwmj-cebf6b9e5c5cb03561bc79880e1567ca\">\n#top .av-special-heading.av-lh3riwmj-cebf6b9e5c5cb03561bc79880e1567ca{\npadding-bottom:10px;\n}\nbody .av-special-heading.av-lh3riwmj-cebf6b9e5c5cb03561bc79880e1567ca .av-special-heading-tag .heading-char{\nfont-size:25px;\n}\n.av-special-heading.av-lh3riwmj-cebf6b9e5c5cb03561bc79880e1567ca .av-subheading{\nfont-size:15px;\n}\n<\/style>\n<div  class='av-special-heading av-lh3riwmj-cebf6b9e5c5cb03561bc79880e1567ca av-special-heading-h3  avia-builder-el-0  el_before_av_textblock  avia-builder-el-first '><h3 class='av-special-heading-tag '  itemprop=\"headline\"  >Das war die 34. Griechische Filmwoche 2020 &#8211; @HOME<\/h3><div class=\"special-heading-border\"><div class=\"special-heading-inner-border\"><\/div><\/div><\/div>\n<section  class='av_textblock_section av-lh3rmrmq-cf3d9e3005ae55828904fbadd9c92a15 '   itemscope=\"itemscope\" itemtype=\"https:\/\/schema.org\/CreativeWork\" ><div class='avia_textblock'  itemprop=\"text\" ><p>Die 34. Griechische Filmwoche fand vom 12. bis 22. November 2020 in M\u00fcnchen statt. Aufgrund der Corona-Pandemie fand die Griechische Filmwoche digital statt. Zu diesem Zweck arbeiteten die Veranstalter mit einer digitalen Kulturplattform zusammen. Trotz der Herausforderungen durch die COVID-19-Pandemie gelang es der Veranstaltung, das griechische Kino in den Mittelpunkt zu stellen und eine einzigartige filmische Reise zu bieten. Mehr als 5.500 Besucherinnen und Besucher sahen mindestens einen Film w\u00e4hrend der Griechischen Filmwoche.<\/p>\n<p>Die (digitale) 34. Ausgabe pr\u00e4sentierte eine breite Auswahl an griechischen Filmen, die das Publikum in verschiedene Welten entf\u00fchrten. Von ergreifenden Dramen \u00fcber mitrei\u00dfende Kom\u00f6dien bis hin zu spannenden Dokumentationen bot die 34. griechische Filmwoche ein abwechslungsreiches Programm f\u00fcr Filmfans jeden Alters.<\/p>\n<\/div><\/section>\n<div  class='hr av-111e1xa-c3d112616c5ec390e163547f85c81934 hr-default  avia-builder-el-2  el_after_av_textblock  el_before_av_one_full '><span class='hr-inner '><span class=\"hr-inner-style\"><\/span><\/span><\/div>\n<div  class='flex_column av-z3vhby-37bc4c865d6f5ab2361dc5ae56b16de6 av_one_full  avia-builder-el-3  el_after_av_hr  el_before_av_one_fifth  first flex_column_div  '     ><div  class='avia-video av-lh3s8vkn-379b7aebe35360c620fb6ac7be04085d avia-video-16-9 av-no-preview-image avia-video-load-always av-lazyload-immediate av-lazyload-video-embed'  itemprop=\"video\" itemtype=\"https:\/\/schema.org\/VideoObject\"  data-original_url='https:\/\/www.youtube.com\/watch?v=kJ-P0jnG31o'><script type='text\/html' class='av-video-tmpl'><div class='avia-iframe-wrap'><iframe loading=\"lazy\" title=\"Griechische Filmwoche 2020 - TRAILER\" width=\"1500\" height=\"844\" src=\"https:\/\/www.youtube.com\/embed\/kJ-P0jnG31o?feature=oembed&autoplay=0&loop=0&controls=1&mute=0\" frameborder=\"0\" allow=\"accelerometer; autoplay; clipboard-write; encrypted-media; gyroscope; picture-in-picture; web-share\" allowfullscreen><\/iframe><\/div><\/script><div class='av-click-to-play-overlay'><div class=\"avia_playpause_icon\"><\/div><\/div><\/div><\/div>\n<div  class='flex_column av-y5occe-bfe66199d6797576f0ac2afce25d1ce5 av_one_fifth  avia-builder-el-5  el_after_av_one_full  el_before_av_one_fifth  first flex_column_div  column-top-margin'     ><style type=\"text\/css\" data-created_by=\"avia_inline_auto\" id=\"style-css-av-lh3rpsgz-79bee4c32ea0c8c4ad8dbcb652ed03eb\">\n.avia-image-container.av-lh3rpsgz-79bee4c32ea0c8c4ad8dbcb652ed03eb img.avia_image{\nbox-shadow:none;\n}\n.avia-image-container.av-lh3rpsgz-79bee4c32ea0c8c4ad8dbcb652ed03eb .av-image-caption-overlay-center{\ncolor:#ffffff;\n}\n<\/style>\n<div  class='avia-image-container av-lh3rpsgz-79bee4c32ea0c8c4ad8dbcb652ed03eb av-styling- av-hover-grow av-img-linked avia_animated_image av-animated-when-visible-95 fade-in avia-align-center  avia-builder-el-6  avia-builder-el-no-sibling '   itemprop=\"image\" itemscope=\"itemscope\" itemtype=\"https:\/\/schema.org\/ImageObject\" ><div class=\"avia-image-container-inner\"><div class=\"avia-image-overlay-wrap\"><a href=\"https:\/\/griechischefilmwoche.com\/movie\/my-name-is-eftyhia\/\" class='avia_image '  aria-label='01_My Name Is Eftyhia'><img decoding=\"async\" fetchpriority=\"high\" class='wp-image-874 avia-img-lazy-loading-not-874 avia_image ' src=\"https:\/\/griechischefilmwoche.com\/wp-content\/uploads\/2020\/10\/01_My-Name-Is-Eftyhia.jpg\" alt='' title='01_My Name Is Eftyhia'  height=\"1024\" width=\"719\"  itemprop=\"thumbnailUrl\" srcset=\"https:\/\/griechischefilmwoche.com\/wp-content\/uploads\/2020\/10\/01_My-Name-Is-Eftyhia.jpg 719w, https:\/\/griechischefilmwoche.com\/wp-content\/uploads\/2020\/10\/01_My-Name-Is-Eftyhia-211x300.jpg 211w, https:\/\/griechischefilmwoche.com\/wp-content\/uploads\/2020\/10\/01_My-Name-Is-Eftyhia-201x286.jpg 201w, https:\/\/griechischefilmwoche.com\/wp-content\/uploads\/2020\/10\/01_My-Name-Is-Eftyhia-268x382.jpg 268w, https:\/\/griechischefilmwoche.com\/wp-content\/uploads\/2020\/10\/01_My-Name-Is-Eftyhia-495x705.jpg 495w\" sizes=\"(max-width: 719px) 100vw, 719px\" \/><\/a><\/div><\/div><\/div><\/div>\n<div  class='flex_column av-vlsau6-da51b8b68f276086d5df67f31d2a92ec av_one_fifth  avia-builder-el-7  el_after_av_one_fifth  el_before_av_one_fifth  flex_column_div  column-top-margin'     ><style type=\"text\/css\" data-created_by=\"avia_inline_auto\" id=\"style-css-av-lh3rr8tc-a5831d31522344c84dba0539b274c890\">\n.avia-image-container.av-lh3rr8tc-a5831d31522344c84dba0539b274c890 img.avia_image{\nbox-shadow:none;\n}\n.avia-image-container.av-lh3rr8tc-a5831d31522344c84dba0539b274c890 .av-image-caption-overlay-center{\ncolor:#ffffff;\n}\n<\/style>\n<div  class='avia-image-container av-lh3rr8tc-a5831d31522344c84dba0539b274c890 av-styling- av-hover-grow av-img-linked avia_animated_image av-animated-when-visible-95 fade-in avia-align-center  avia-builder-el-8  avia-builder-el-no-sibling '   itemprop=\"image\" itemscope=\"itemscope\" itemtype=\"https:\/\/schema.org\/ImageObject\" ><div class=\"avia-image-container-inner\"><div class=\"avia-image-overlay-wrap\"><a href=\"https:\/\/griechischefilmwoche.com\/movie\/pari\/\" class='avia_image '  aria-label='17_Pari'><img decoding=\"async\" fetchpriority=\"high\" class='wp-image-904 avia-img-lazy-loading-not-904 avia_image ' src=\"https:\/\/griechischefilmwoche.com\/wp-content\/uploads\/2020\/10\/17_Pari.jpg\" alt='' title='17_Pari'  height=\"1024\" width=\"737\"  itemprop=\"thumbnailUrl\" srcset=\"https:\/\/griechischefilmwoche.com\/wp-content\/uploads\/2020\/10\/17_Pari.jpg 737w, https:\/\/griechischefilmwoche.com\/wp-content\/uploads\/2020\/10\/17_Pari-216x300.jpg 216w, https:\/\/griechischefilmwoche.com\/wp-content\/uploads\/2020\/10\/17_Pari-201x279.jpg 201w, https:\/\/griechischefilmwoche.com\/wp-content\/uploads\/2020\/10\/17_Pari-507x705.jpg 507w\" sizes=\"(max-width: 737px) 100vw, 737px\" \/><\/a><\/div><\/div><\/div><\/div>\n<div  class='flex_column av-ueaddq-c4b80b09ae4efb7cbaa3b1058a82a460 av_one_fifth  avia-builder-el-9  el_after_av_one_fifth  el_before_av_one_fifth  flex_column_div  column-top-margin'     ><style type=\"text\/css\" data-created_by=\"avia_inline_auto\" id=\"style-css-av-lh3rsb3n-17f4cc3427b9a53e12ce02ead451f4ba\">\n.avia-image-container.av-lh3rsb3n-17f4cc3427b9a53e12ce02ead451f4ba img.avia_image{\nbox-shadow:none;\n}\n.avia-image-container.av-lh3rsb3n-17f4cc3427b9a53e12ce02ead451f4ba .av-image-caption-overlay-center{\ncolor:#ffffff;\n}\n<\/style>\n<div  class='avia-image-container av-lh3rsb3n-17f4cc3427b9a53e12ce02ead451f4ba av-styling- av-hover-grow av-img-linked avia_animated_image av-animated-when-visible-95 fade-in avia-align-center  avia-builder-el-10  avia-builder-el-no-sibling '   itemprop=\"image\" itemscope=\"itemscope\" itemtype=\"https:\/\/schema.org\/ImageObject\" ><div class=\"avia-image-container-inner\"><div class=\"avia-image-overlay-wrap\"><a href=\"https:\/\/griechischefilmwoche.com\/movie\/siege-on-liperti-street\/\" class='avia_image '  aria-label='14_Siege On Liperti Street'><img decoding=\"async\" fetchpriority=\"high\" class='wp-image-900 avia-img-lazy-loading-not-900 avia_image ' src=\"https:\/\/griechischefilmwoche.com\/wp-content\/uploads\/2020\/10\/14_Siege-On-Liperti-Street.jpg\" alt='' title='14_Siege On Liperti Street'  height=\"1024\" width=\"726\"  itemprop=\"thumbnailUrl\" srcset=\"https:\/\/griechischefilmwoche.com\/wp-content\/uploads\/2020\/10\/14_Siege-On-Liperti-Street.jpg 726w, https:\/\/griechischefilmwoche.com\/wp-content\/uploads\/2020\/10\/14_Siege-On-Liperti-Street-213x300.jpg 213w, https:\/\/griechischefilmwoche.com\/wp-content\/uploads\/2020\/10\/14_Siege-On-Liperti-Street-201x284.jpg 201w, https:\/\/griechischefilmwoche.com\/wp-content\/uploads\/2020\/10\/14_Siege-On-Liperti-Street-500x705.jpg 500w\" sizes=\"(max-width: 726px) 100vw, 726px\" \/><\/a><\/div><\/div><\/div><\/div>\n<div  class='flex_column av-t4b2by-1656fba28726e34b98585d121e823db7 av_one_fifth  avia-builder-el-11  el_after_av_one_fifth  el_before_av_one_fifth  flex_column_div  column-top-margin'     ><style type=\"text\/css\" data-created_by=\"avia_inline_auto\" id=\"style-css-av-lh3rtdag-1f41bcb4defb51dca7fd1d5552b3a810\">\n.avia-image-container.av-lh3rtdag-1f41bcb4defb51dca7fd1d5552b3a810 img.avia_image{\nbox-shadow:none;\n}\n.avia-image-container.av-lh3rtdag-1f41bcb4defb51dca7fd1d5552b3a810 .av-image-caption-overlay-center{\ncolor:#ffffff;\n}\n<\/style>\n<div  class='avia-image-container av-lh3rtdag-1f41bcb4defb51dca7fd1d5552b3a810 av-styling- av-hover-grow av-img-linked avia_animated_image av-animated-when-visible-95 fade-in avia-align-center  avia-builder-el-12  avia-builder-el-no-sibling '   itemprop=\"image\" itemscope=\"itemscope\" itemtype=\"https:\/\/schema.org\/ImageObject\" ><div class=\"avia-image-container-inner\"><div class=\"avia-image-overlay-wrap\"><a href=\"https:\/\/griechischefilmwoche.com\/movie\/ballad-for-a-pierced-heart\/\" class='avia_image '  aria-label='12_Ballad for a Pierced Heart'><img decoding=\"async\" fetchpriority=\"high\" class='wp-image-896 avia-img-lazy-loading-not-896 avia_image ' src=\"https:\/\/griechischefilmwoche.com\/wp-content\/uploads\/2020\/10\/12_Ballad-for-a-Pierced-Heart.jpg\" alt='' title='12_Ballad for a Pierced Heart'  height=\"1024\" width=\"719\"  itemprop=\"thumbnailUrl\" srcset=\"https:\/\/griechischefilmwoche.com\/wp-content\/uploads\/2020\/10\/12_Ballad-for-a-Pierced-Heart.jpg 719w, https:\/\/griechischefilmwoche.com\/wp-content\/uploads\/2020\/10\/12_Ballad-for-a-Pierced-Heart-211x300.jpg 211w, https:\/\/griechischefilmwoche.com\/wp-content\/uploads\/2020\/10\/12_Ballad-for-a-Pierced-Heart-201x286.jpg 201w, https:\/\/griechischefilmwoche.com\/wp-content\/uploads\/2020\/10\/12_Ballad-for-a-Pierced-Heart-268x382.jpg 268w, https:\/\/griechischefilmwoche.com\/wp-content\/uploads\/2020\/10\/12_Ballad-for-a-Pierced-Heart-495x705.jpg 495w\" sizes=\"(max-width: 719px) 100vw, 719px\" \/><\/a><\/div><\/div><\/div><\/div>\n<div  class='flex_column av-r3bqzy-8ba0883f0e59a4310f32555b12083984 av_one_fifth  avia-builder-el-13  el_after_av_one_fifth  el_before_av_one_fifth  flex_column_div  column-top-margin'     ><style type=\"text\/css\" data-created_by=\"avia_inline_auto\" id=\"style-css-av-lh3ru8dg-6e0a864a705c921dbf82941aba072bd4\">\n.avia-image-container.av-lh3ru8dg-6e0a864a705c921dbf82941aba072bd4 img.avia_image{\nbox-shadow:none;\n}\n.avia-image-container.av-lh3ru8dg-6e0a864a705c921dbf82941aba072bd4 .av-image-caption-overlay-center{\ncolor:#ffffff;\n}\n<\/style>\n<div  class='avia-image-container av-lh3ru8dg-6e0a864a705c921dbf82941aba072bd4 av-styling- av-hover-grow av-img-linked avia_animated_image av-animated-when-visible-95 fade-in avia-align-center  avia-builder-el-14  avia-builder-el-no-sibling '   itemprop=\"image\" itemscope=\"itemscope\" itemtype=\"https:\/\/schema.org\/ImageObject\" ><div class=\"avia-image-container-inner\"><div class=\"avia-image-overlay-wrap\"><a href=\"https:\/\/griechischefilmwoche.com\/movie\/digger_el\/\" class='avia_image '  aria-label='16_Digger'><img decoding=\"async\" fetchpriority=\"high\" class='wp-image-1082 avia-img-lazy-loading-not-1082 avia_image ' src=\"https:\/\/griechischefilmwoche.com\/wp-content\/uploads\/2020\/10\/16_Digger.jpg\" alt='' title='16_Digger'  height=\"1459\" width=\"1024\"  itemprop=\"thumbnailUrl\" srcset=\"https:\/\/griechischefilmwoche.com\/wp-content\/uploads\/2020\/10\/16_Digger.jpg 1024w, https:\/\/griechischefilmwoche.com\/wp-content\/uploads\/2020\/10\/16_Digger-211x300.jpg 211w, https:\/\/griechischefilmwoche.com\/wp-content\/uploads\/2020\/10\/16_Digger-723x1030.jpg 723w, https:\/\/griechischefilmwoche.com\/wp-content\/uploads\/2020\/10\/16_Digger-768x1094.jpg 768w, https:\/\/griechischefilmwoche.com\/wp-content\/uploads\/2020\/10\/16_Digger-782x1114.jpg 782w, https:\/\/griechischefilmwoche.com\/wp-content\/uploads\/2020\/10\/16_Digger-201x286.jpg 201w, https:\/\/griechischefilmwoche.com\/wp-content\/uploads\/2020\/10\/16_Digger-268x382.jpg 268w, https:\/\/griechischefilmwoche.com\/wp-content\/uploads\/2020\/10\/16_Digger-495x705.jpg 495w\" sizes=\"(max-width: 1024px) 100vw, 1024px\" \/><\/a><\/div><\/div><\/div><\/div>\n<div  class='flex_column av-psrv7i-80bdc679078ad32bdfd9f6748424b17a av_one_fifth  avia-builder-el-15  el_after_av_one_fifth  el_before_av_one_fifth  first flex_column_div  column-top-margin'     ><style type=\"text\/css\" data-created_by=\"avia_inline_auto\" id=\"style-css-av-lh3rv3ix-a8debaa93a6ec3dde2f36671b2825cbe\">\n.avia-image-container.av-lh3rv3ix-a8debaa93a6ec3dde2f36671b2825cbe img.avia_image{\nbox-shadow:none;\n}\n.avia-image-container.av-lh3rv3ix-a8debaa93a6ec3dde2f36671b2825cbe .av-image-caption-overlay-center{\ncolor:#ffffff;\n}\n<\/style>\n<div  class='avia-image-container av-lh3rv3ix-a8debaa93a6ec3dde2f36671b2825cbe av-styling- av-hover-grow av-img-linked avia_animated_image av-animated-when-visible-95 fade-in avia-align-center  avia-builder-el-16  avia-builder-el-no-sibling '   itemprop=\"image\" itemscope=\"itemscope\" itemtype=\"https:\/\/schema.org\/ImageObject\" ><div class=\"avia-image-container-inner\"><div class=\"avia-image-overlay-wrap\"><a href=\"https:\/\/griechischefilmwoche.com\/movie\/cosmic-candy_el\/\" class='avia_image '  aria-label='05_Cosmic Candy - Poster'><img decoding=\"async\" fetchpriority=\"high\" class='wp-image-882 avia-img-lazy-loading-not-882 avia_image ' src=\"https:\/\/griechischefilmwoche.com\/wp-content\/uploads\/2020\/10\/05_Cosmic-Candy-Poster.jpg\" alt='' title='05_Cosmic Candy - Poster'  height=\"1024\" width=\"731\"  itemprop=\"thumbnailUrl\" srcset=\"https:\/\/griechischefilmwoche.com\/wp-content\/uploads\/2020\/10\/05_Cosmic-Candy-Poster.jpg 731w, https:\/\/griechischefilmwoche.com\/wp-content\/uploads\/2020\/10\/05_Cosmic-Candy-Poster-214x300.jpg 214w, https:\/\/griechischefilmwoche.com\/wp-content\/uploads\/2020\/10\/05_Cosmic-Candy-Poster-201x282.jpg 201w, https:\/\/griechischefilmwoche.com\/wp-content\/uploads\/2020\/10\/05_Cosmic-Candy-Poster-503x705.jpg 503w\" sizes=\"(max-width: 731px) 100vw, 731px\" \/><\/a><\/div><\/div><\/div><\/div>\n<div  class='flex_column av-ng2qou-6576480c2dd7b1edb704f5a82ec09a18 av_one_fifth  avia-builder-el-17  el_after_av_one_fifth  el_before_av_one_fifth  flex_column_div  column-top-margin'     ><style type=\"text\/css\" data-created_by=\"avia_inline_auto\" id=\"style-css-av-lh3rvpku-2d27e7a48c6c0968820143a484a5f9bb\">\n.avia-image-container.av-lh3rvpku-2d27e7a48c6c0968820143a484a5f9bb img.avia_image{\nbox-shadow:none;\n}\n.avia-image-container.av-lh3rvpku-2d27e7a48c6c0968820143a484a5f9bb .av-image-caption-overlay-center{\ncolor:#ffffff;\n}\n<\/style>\n<div  class='avia-image-container av-lh3rvpku-2d27e7a48c6c0968820143a484a5f9bb av-styling- av-hover-grow av-img-linked avia_animated_image av-animated-when-visible-95 fade-in avia-align-center  avia-builder-el-18  avia-builder-el-no-sibling '   itemprop=\"image\" itemscope=\"itemscope\" itemtype=\"https:\/\/schema.org\/ImageObject\" ><div class=\"avia-image-container-inner\"><div class=\"avia-image-overlay-wrap\"><a href=\"https:\/\/griechischefilmwoche.com\/movie\/ciao-italia_de\/\" class='avia_image '  aria-label='11_Ciao Italia'><img decoding=\"async\" fetchpriority=\"high\" class='wp-image-894 avia-img-lazy-loading-not-894 avia_image ' src=\"https:\/\/griechischefilmwoche.com\/wp-content\/uploads\/2020\/10\/11_Ciao-Italia.jpg\" alt='' title='11_Ciao Italia'  height=\"1024\" width=\"724\"  itemprop=\"thumbnailUrl\" srcset=\"https:\/\/griechischefilmwoche.com\/wp-content\/uploads\/2020\/10\/11_Ciao-Italia.jpg 724w, https:\/\/griechischefilmwoche.com\/wp-content\/uploads\/2020\/10\/11_Ciao-Italia-212x300.jpg 212w, https:\/\/griechischefilmwoche.com\/wp-content\/uploads\/2020\/10\/11_Ciao-Italia-201x284.jpg 201w, https:\/\/griechischefilmwoche.com\/wp-content\/uploads\/2020\/10\/11_Ciao-Italia-498x705.jpg 498w\" sizes=\"(max-width: 724px) 100vw, 724px\" \/><\/a><\/div><\/div><\/div><\/div>\n<div  class='flex_column av-n4msfy-53ddd67e45fd1dd8c12eaacb16202bdb av_one_fifth  avia-builder-el-19  el_after_av_one_fifth  el_before_av_one_fifth  flex_column_div  column-top-margin'     ><style type=\"text\/css\" data-created_by=\"avia_inline_auto\" id=\"style-css-av-lh3rxhsu-1897db95f90ec28a837673a24fba5e7d\">\n.avia-image-container.av-lh3rxhsu-1897db95f90ec28a837673a24fba5e7d img.avia_image{\nbox-shadow:none;\n}\n.avia-image-container.av-lh3rxhsu-1897db95f90ec28a837673a24fba5e7d .av-image-caption-overlay-center{\ncolor:#ffffff;\n}\n<\/style>\n<div  class='avia-image-container av-lh3rxhsu-1897db95f90ec28a837673a24fba5e7d av-styling- av-hover-grow av-img-linked avia_animated_image av-animated-when-visible-95 fade-in avia-align-center  avia-builder-el-20  avia-builder-el-no-sibling '   itemprop=\"image\" itemscope=\"itemscope\" itemtype=\"https:\/\/schema.org\/ImageObject\" ><div class=\"avia-image-container-inner\"><div class=\"avia-image-overlay-wrap\"><a href=\"https:\/\/griechischefilmwoche.com\/movie\/migred-60-years-and-we-are-still-here\/\" class='avia_image '  aria-label='Migred - 60 Years And We Are Still Here'><img decoding=\"async\" fetchpriority=\"high\" class='wp-image-1592 avia-img-lazy-loading-not-1592 avia_image ' src=\"https:\/\/griechischefilmwoche.com\/wp-content\/uploads\/2020\/10\/23_Migred.jpg\" alt='' title='Migred - 60 Years And We Are Still Here'  height=\"1459\" width=\"1024\"  itemprop=\"thumbnailUrl\" srcset=\"https:\/\/griechischefilmwoche.com\/wp-content\/uploads\/2020\/10\/23_Migred.jpg 1024w, https:\/\/griechischefilmwoche.com\/wp-content\/uploads\/2020\/10\/23_Migred-211x300.jpg 211w, https:\/\/griechischefilmwoche.com\/wp-content\/uploads\/2020\/10\/23_Migred-723x1030.jpg 723w, https:\/\/griechischefilmwoche.com\/wp-content\/uploads\/2020\/10\/23_Migred-768x1094.jpg 768w, https:\/\/griechischefilmwoche.com\/wp-content\/uploads\/2020\/10\/23_Migred-782x1114.jpg 782w, https:\/\/griechischefilmwoche.com\/wp-content\/uploads\/2020\/10\/23_Migred-201x286.jpg 201w, https:\/\/griechischefilmwoche.com\/wp-content\/uploads\/2020\/10\/23_Migred-268x382.jpg 268w, https:\/\/griechischefilmwoche.com\/wp-content\/uploads\/2020\/10\/23_Migred-495x705.jpg 495w\" sizes=\"(max-width: 1024px) 100vw, 1024px\" \/><\/a><\/div><\/div><\/div><\/div>\n<div  class='flex_column av-lfyi6m-41f2663816be2657db3e8055cb705382 av_one_fifth  avia-builder-el-21  el_after_av_one_fifth  el_before_av_one_fifth  flex_column_div  column-top-margin'     ><style type=\"text\/css\" data-created_by=\"avia_inline_auto\" id=\"style-css-av-lh3ryioo-f5ffce7de554a6bf00910c9d951ca7ba\">\n.avia-image-container.av-lh3ryioo-f5ffce7de554a6bf00910c9d951ca7ba img.avia_image{\nbox-shadow:none;\n}\n.avia-image-container.av-lh3ryioo-f5ffce7de554a6bf00910c9d951ca7ba .av-image-caption-overlay-center{\ncolor:#ffffff;\n}\n<\/style>\n<div  class='avia-image-container av-lh3ryioo-f5ffce7de554a6bf00910c9d951ca7ba av-styling- av-hover-grow av-img-linked avia_animated_image av-animated-when-visible-95 fade-in avia-align-center  avia-builder-el-22  avia-builder-el-no-sibling '   itemprop=\"image\" itemscope=\"itemscope\" itemtype=\"https:\/\/schema.org\/ImageObject\" ><div class=\"avia-image-container-inner\"><div class=\"avia-image-overlay-wrap\"><a href=\"https:\/\/griechischefilmwoche.com\/movie\/the-interrogation\/\" class='avia_image '  aria-label='Protasi_Ektiposi'><img decoding=\"async\" fetchpriority=\"high\" class='wp-image-1953 avia-img-lazy-loading-not-1953 avia_image ' src=\"https:\/\/griechischefilmwoche.com\/wp-content\/uploads\/2020\/10\/15_The-Interrogation-1.jpg\" alt='' title='Protasi_Ektiposi'  height=\"1982\" width=\"1436\"  itemprop=\"thumbnailUrl\" srcset=\"https:\/\/griechischefilmwoche.com\/wp-content\/uploads\/2020\/10\/15_The-Interrogation-1.jpg 1436w, https:\/\/griechischefilmwoche.com\/wp-content\/uploads\/2020\/10\/15_The-Interrogation-1-217x300.jpg 217w, https:\/\/griechischefilmwoche.com\/wp-content\/uploads\/2020\/10\/15_The-Interrogation-1-746x1030.jpg 746w, https:\/\/griechischefilmwoche.com\/wp-content\/uploads\/2020\/10\/15_The-Interrogation-1-768x1060.jpg 768w, https:\/\/griechischefilmwoche.com\/wp-content\/uploads\/2020\/10\/15_The-Interrogation-1-1113x1536.jpg 1113w, https:\/\/griechischefilmwoche.com\/wp-content\/uploads\/2020\/10\/15_The-Interrogation-1-782x1079.jpg 782w, https:\/\/griechischefilmwoche.com\/wp-content\/uploads\/2020\/10\/15_The-Interrogation-1-201x277.jpg 201w, https:\/\/griechischefilmwoche.com\/wp-content\/uploads\/2020\/10\/15_The-Interrogation-1-1087x1500.jpg 1087w, https:\/\/griechischefilmwoche.com\/wp-content\/uploads\/2020\/10\/15_The-Interrogation-1-511x705.jpg 511w\" sizes=\"(max-width: 1436px) 100vw, 1436px\" \/><\/a><\/div><\/div><\/div><\/div>\n<div  class='flex_column av-1utrvi-9dbbde2620ed55773e8dbe97d7beab9a av_one_fifth  avia-builder-el-23  el_after_av_one_fifth  el_before_av_one_fifth  flex_column_div  column-top-margin'     ><style type=\"text\/css\" data-created_by=\"avia_inline_auto\" id=\"style-css-av-lh3rz5e0-f45768eeb85c0acc00cd858f4e421fdd\">\n.avia-image-container.av-lh3rz5e0-f45768eeb85c0acc00cd858f4e421fdd img.avia_image{\nbox-shadow:none;\n}\n.avia-image-container.av-lh3rz5e0-f45768eeb85c0acc00cd858f4e421fdd .av-image-caption-overlay-center{\ncolor:#ffffff;\n}\n<\/style>\n<div  class='avia-image-container av-lh3rz5e0-f45768eeb85c0acc00cd858f4e421fdd av-styling- av-hover-grow av-img-linked avia_animated_image av-animated-when-visible-95 fade-in avia-align-center  avia-builder-el-24  avia-builder-el-no-sibling '   itemprop=\"image\" itemscope=\"itemscope\" itemtype=\"https:\/\/schema.org\/ImageObject\" ><div class=\"avia-image-container-inner\"><div class=\"avia-image-overlay-wrap\"><a href=\"https:\/\/griechischefilmwoche.com\/movie\/nimic_el\/\" class='avia_image '  aria-label='MAIN'><img decoding=\"async\" fetchpriority=\"high\" class='wp-image-910 avia-img-lazy-loading-not-910 avia_image ' src=\"https:\/\/griechischefilmwoche.com\/wp-content\/uploads\/2020\/10\/20_Nimic.jpg\" alt='' title='MAIN'  height=\"1024\" width=\"731\"  itemprop=\"thumbnailUrl\" srcset=\"https:\/\/griechischefilmwoche.com\/wp-content\/uploads\/2020\/10\/20_Nimic.jpg 731w, https:\/\/griechischefilmwoche.com\/wp-content\/uploads\/2020\/10\/20_Nimic-214x300.jpg 214w, https:\/\/griechischefilmwoche.com\/wp-content\/uploads\/2020\/10\/20_Nimic-201x282.jpg 201w, https:\/\/griechischefilmwoche.com\/wp-content\/uploads\/2020\/10\/20_Nimic-503x705.jpg 503w\" sizes=\"(max-width: 731px) 100vw, 731px\" \/><\/a><\/div><\/div><\/div><\/div>\n<div  class='flex_column av-1rftfy-2152da9b4c834a33fdde9365a42819fb av_one_fifth  avia-builder-el-25  el_after_av_one_fifth  el_before_av_one_fifth  first flex_column_div  column-top-margin'     ><style type=\"text\/css\" data-created_by=\"avia_inline_auto\" id=\"style-css-av-lh3rzy95-996295a2be7d8122e9fd66ec7c94b1a8\">\n.avia-image-container.av-lh3rzy95-996295a2be7d8122e9fd66ec7c94b1a8 img.avia_image{\nbox-shadow:none;\n}\n.avia-image-container.av-lh3rzy95-996295a2be7d8122e9fd66ec7c94b1a8 .av-image-caption-overlay-center{\ncolor:#ffffff;\n}\n<\/style>\n<div  class='avia-image-container av-lh3rzy95-996295a2be7d8122e9fd66ec7c94b1a8 av-styling- av-hover-grow av-img-linked avia_animated_image av-animated-when-visible-95 fade-in avia-align-center  avia-builder-el-26  avia-builder-el-no-sibling '   itemprop=\"image\" itemscope=\"itemscope\" itemtype=\"https:\/\/schema.org\/ImageObject\" ><div class=\"avia-image-container-inner\"><div class=\"avia-image-overlay-wrap\"><a href=\"https:\/\/griechischefilmwoche.com\/movie\/the-silence-of-the-dying-fish\/\" class='avia_image '  aria-label='19_The Silence of The Dying Fish'><img decoding=\"async\" fetchpriority=\"high\" class='wp-image-908 avia-img-lazy-loading-not-908 avia_image ' src=\"https:\/\/griechischefilmwoche.com\/wp-content\/uploads\/2020\/10\/19_The-Silence-of-The-Dying-Fish.jpg\" alt='' title='19_The Silence of The Dying Fish'  height=\"1024\" width=\"686\"  itemprop=\"thumbnailUrl\" srcset=\"https:\/\/griechischefilmwoche.com\/wp-content\/uploads\/2020\/10\/19_The-Silence-of-The-Dying-Fish.jpg 686w, https:\/\/griechischefilmwoche.com\/wp-content\/uploads\/2020\/10\/19_The-Silence-of-The-Dying-Fish-201x300.jpg 201w, https:\/\/griechischefilmwoche.com\/wp-content\/uploads\/2020\/10\/19_The-Silence-of-The-Dying-Fish-472x705.jpg 472w\" sizes=\"(max-width: 686px) 100vw, 686px\" \/><\/a><\/div><\/div><\/div><\/div>\n<div  class='flex_column av-fqze1a-f2d3302c5d64b870c4a9c7a073a9bcc0 av_one_fifth  avia-builder-el-27  el_after_av_one_fifth  el_before_av_one_fifth  flex_column_div  column-top-margin'     ><style type=\"text\/css\" data-created_by=\"avia_inline_auto\" id=\"style-css-av-lh3s132a-34582d8f0c36b851265b64521034b055\">\n.avia-image-container.av-lh3s132a-34582d8f0c36b851265b64521034b055 img.avia_image{\nbox-shadow:none;\n}\n.avia-image-container.av-lh3s132a-34582d8f0c36b851265b64521034b055 .av-image-caption-overlay-center{\ncolor:#ffffff;\n}\n<\/style>\n<div  class='avia-image-container av-lh3s132a-34582d8f0c36b851265b64521034b055 av-styling- av-hover-grow av-img-linked avia_animated_image av-animated-when-visible-95 fade-in avia-align-center  avia-builder-el-28  avia-builder-el-no-sibling '   itemprop=\"image\" itemscope=\"itemscope\" itemtype=\"https:\/\/schema.org\/ImageObject\" ><div class=\"avia-image-container-inner\"><div class=\"avia-image-overlay-wrap\"><a href=\"https:\/\/griechischefilmwoche.com\/movie\/the-distance-between-us-and-the-sky\/\" class='avia_image '  aria-label='18_The Distance Between Us And The Sky'><img decoding=\"async\" fetchpriority=\"high\" class='wp-image-906 avia-img-lazy-loading-not-906 avia_image ' src=\"https:\/\/griechischefilmwoche.com\/wp-content\/uploads\/2020\/10\/18_The-Distance-Between-Us-And-The-Sky.jpg\" alt='' title='18_The Distance Between Us And The Sky'  height=\"1024\" width=\"724\"  itemprop=\"thumbnailUrl\" srcset=\"https:\/\/griechischefilmwoche.com\/wp-content\/uploads\/2020\/10\/18_The-Distance-Between-Us-And-The-Sky.jpg 724w, https:\/\/griechischefilmwoche.com\/wp-content\/uploads\/2020\/10\/18_The-Distance-Between-Us-And-The-Sky-212x300.jpg 212w, https:\/\/griechischefilmwoche.com\/wp-content\/uploads\/2020\/10\/18_The-Distance-Between-Us-And-The-Sky-201x284.jpg 201w, https:\/\/griechischefilmwoche.com\/wp-content\/uploads\/2020\/10\/18_The-Distance-Between-Us-And-The-Sky-498x705.jpg 498w\" sizes=\"(max-width: 724px) 100vw, 724px\" \/><\/a><\/div><\/div><\/div><\/div>\n<div  class='flex_column av-eh2fv2-0a1fd876e3b9055db8b6bdb91d68ede0 av_one_fifth  avia-builder-el-29  el_after_av_one_fifth  el_before_av_one_fifth  flex_column_div  column-top-margin'     ><style type=\"text\/css\" data-created_by=\"avia_inline_auto\" id=\"style-css-av-lh3s1naf-12b224d2517e65c809accf64bb05074a\">\n.avia-image-container.av-lh3s1naf-12b224d2517e65c809accf64bb05074a img.avia_image{\nbox-shadow:none;\n}\n.avia-image-container.av-lh3s1naf-12b224d2517e65c809accf64bb05074a .av-image-caption-overlay-center{\ncolor:#ffffff;\n}\n<\/style>\n<div  class='avia-image-container av-lh3s1naf-12b224d2517e65c809accf64bb05074a av-styling- av-hover-grow av-img-linked avia_animated_image av-animated-when-visible-95 fade-in avia-align-center  avia-builder-el-30  avia-builder-el-no-sibling '   itemprop=\"image\" itemscope=\"itemscope\" itemtype=\"https:\/\/schema.org\/ImageObject\" ><div class=\"avia-image-container-inner\"><div class=\"avia-image-overlay-wrap\"><a href=\"https:\/\/griechischefilmwoche.com\/movie\/charlie\/\" class='avia_image '  aria-label='13_Charlie'><img decoding=\"async\" fetchpriority=\"high\" class='wp-image-898 avia-img-lazy-loading-not-898 avia_image ' src=\"https:\/\/griechischefilmwoche.com\/wp-content\/uploads\/2020\/10\/13_Charlie.jpg\" alt='' title='13_Charlie'  height=\"1024\" width=\"717\"  itemprop=\"thumbnailUrl\" srcset=\"https:\/\/griechischefilmwoche.com\/wp-content\/uploads\/2020\/10\/13_Charlie.jpg 717w, https:\/\/griechischefilmwoche.com\/wp-content\/uploads\/2020\/10\/13_Charlie-210x300.jpg 210w, https:\/\/griechischefilmwoche.com\/wp-content\/uploads\/2020\/10\/13_Charlie-201x287.jpg 201w, https:\/\/griechischefilmwoche.com\/wp-content\/uploads\/2020\/10\/13_Charlie-268x382.jpg 268w, https:\/\/griechischefilmwoche.com\/wp-content\/uploads\/2020\/10\/13_Charlie-494x705.jpg 494w\" sizes=\"(max-width: 717px) 100vw, 717px\" \/><\/a><\/div><\/div><\/div><\/div>\n<div  class='flex_column av-d5su5a-2d2dad8bc72b0388f4b07e535844dd88 av_one_fifth  avia-builder-el-31  el_after_av_one_fifth  el_before_av_one_fifth  flex_column_div  column-top-margin'     ><style type=\"text\/css\" data-created_by=\"avia_inline_auto\" id=\"style-css-av-lh3s24lw-66cffa77b63211d19727d93032b32129\">\n.avia-image-container.av-lh3s24lw-66cffa77b63211d19727d93032b32129 img.avia_image{\nbox-shadow:none;\n}\n.avia-image-container.av-lh3s24lw-66cffa77b63211d19727d93032b32129 .av-image-caption-overlay-center{\ncolor:#ffffff;\n}\n<\/style>\n<div  class='avia-image-container av-lh3s24lw-66cffa77b63211d19727d93032b32129 av-styling- av-hover-grow av-img-linked avia_animated_image av-animated-when-visible-95 fade-in avia-align-center  avia-builder-el-32  avia-builder-el-no-sibling '   itemprop=\"image\" itemscope=\"itemscope\" itemtype=\"https:\/\/schema.org\/ImageObject\" ><div class=\"avia-image-container-inner\"><div class=\"avia-image-overlay-wrap\"><a href=\"https:\/\/griechischefilmwoche.com\/movie\/defunct\/\" class='avia_image '  aria-label='02_Defunct'><img decoding=\"async\" fetchpriority=\"high\" class='wp-image-876 avia-img-lazy-loading-not-876 avia_image ' src=\"https:\/\/griechischefilmwoche.com\/wp-content\/uploads\/2020\/10\/02_Defunct.jpg\" alt='' title='02_Defunct'  height=\"1024\" width=\"717\"  itemprop=\"thumbnailUrl\" srcset=\"https:\/\/griechischefilmwoche.com\/wp-content\/uploads\/2020\/10\/02_Defunct.jpg 717w, https:\/\/griechischefilmwoche.com\/wp-content\/uploads\/2020\/10\/02_Defunct-210x300.jpg 210w, https:\/\/griechischefilmwoche.com\/wp-content\/uploads\/2020\/10\/02_Defunct-201x287.jpg 201w, https:\/\/griechischefilmwoche.com\/wp-content\/uploads\/2020\/10\/02_Defunct-268x382.jpg 268w, https:\/\/griechischefilmwoche.com\/wp-content\/uploads\/2020\/10\/02_Defunct-494x705.jpg 494w\" sizes=\"(max-width: 717px) 100vw, 717px\" \/><\/a><\/div><\/div><\/div><\/div>\n<div  class='flex_column av-b1uzxq-2138fba6e250d9b4fd97f017c353c1a6 av_one_fifth  avia-builder-el-33  el_after_av_one_fifth  el_before_av_one_fifth  flex_column_div  column-top-margin'     ><style type=\"text\/css\" data-created_by=\"avia_inline_auto\" id=\"style-css-av-lh3s330k-4397cfb3d28959527e7d93273d9f2389\">\n.avia-image-container.av-lh3s330k-4397cfb3d28959527e7d93273d9f2389 img.avia_image{\nbox-shadow:none;\n}\n.avia-image-container.av-lh3s330k-4397cfb3d28959527e7d93273d9f2389 .av-image-caption-overlay-center{\ncolor:#ffffff;\n}\n<\/style>\n<div  class='avia-image-container av-lh3s330k-4397cfb3d28959527e7d93273d9f2389 av-styling- av-hover-grow av-img-linked avia_animated_image av-animated-when-visible-95 fade-in avia-align-center  avia-builder-el-34  avia-builder-el-no-sibling '   itemprop=\"image\" itemscope=\"itemscope\" itemtype=\"https:\/\/schema.org\/ImageObject\" ><div class=\"avia-image-container-inner\"><div class=\"avia-image-overlay-wrap\"><a href=\"https:\/\/griechischefilmwoche.com\/movie\/zizotek-el\/\" class='avia_image '  aria-label='03_Zizotek'><img decoding=\"async\" fetchpriority=\"high\" class='wp-image-878 avia-img-lazy-loading-not-878 avia_image ' src=\"https:\/\/griechischefilmwoche.com\/wp-content\/uploads\/2020\/10\/03_Zizotek.jpg\" alt='' title='03_Zizotek'  height=\"1024\" width=\"723\"  itemprop=\"thumbnailUrl\" srcset=\"https:\/\/griechischefilmwoche.com\/wp-content\/uploads\/2020\/10\/03_Zizotek.jpg 723w, https:\/\/griechischefilmwoche.com\/wp-content\/uploads\/2020\/10\/03_Zizotek-212x300.jpg 212w, https:\/\/griechischefilmwoche.com\/wp-content\/uploads\/2020\/10\/03_Zizotek-201x285.jpg 201w, https:\/\/griechischefilmwoche.com\/wp-content\/uploads\/2020\/10\/03_Zizotek-498x705.jpg 498w\" sizes=\"(max-width: 723px) 100vw, 723px\" \/><\/a><\/div><\/div><\/div><\/div>\n<div  class='flex_column av-8fyiem-bd0e73ce6de2e9fc76799e2688f42257 av_one_fifth  avia-builder-el-35  el_after_av_one_fifth  el_before_av_one_fifth  first flex_column_div  column-top-margin'     ><style type=\"text\/css\" data-created_by=\"avia_inline_auto\" id=\"style-css-av-lh3s3ze3-c8828bda01b662c3deb75e7ae01565e9\">\n.avia-image-container.av-lh3s3ze3-c8828bda01b662c3deb75e7ae01565e9 img.avia_image{\nbox-shadow:none;\n}\n.avia-image-container.av-lh3s3ze3-c8828bda01b662c3deb75e7ae01565e9 .av-image-caption-overlay-center{\ncolor:#ffffff;\n}\n<\/style>\n<div  class='avia-image-container av-lh3s3ze3-c8828bda01b662c3deb75e7ae01565e9 av-styling- av-hover-grow av-img-linked avia_animated_image av-animated-when-visible-95 fade-in avia-align-center  avia-builder-el-36  avia-builder-el-no-sibling '   itemprop=\"image\" itemscope=\"itemscope\" itemtype=\"https:\/\/schema.org\/ImageObject\" ><div class=\"avia-image-container-inner\"><div class=\"avia-image-overlay-wrap\"><a href=\"https:\/\/griechischefilmwoche.com\/movie\/entwined\/\" class='avia_image '  aria-label='04_Entwined'><img decoding=\"async\" fetchpriority=\"high\" class='wp-image-880 avia-img-lazy-loading-not-880 avia_image ' src=\"https:\/\/griechischefilmwoche.com\/wp-content\/uploads\/2020\/10\/04_Entwined.jpg\" alt='' title='04_Entwined'  height=\"1024\" width=\"754\"  itemprop=\"thumbnailUrl\" srcset=\"https:\/\/griechischefilmwoche.com\/wp-content\/uploads\/2020\/10\/04_Entwined.jpg 754w, https:\/\/griechischefilmwoche.com\/wp-content\/uploads\/2020\/10\/04_Entwined-221x300.jpg 221w, https:\/\/griechischefilmwoche.com\/wp-content\/uploads\/2020\/10\/04_Entwined-201x273.jpg 201w, https:\/\/griechischefilmwoche.com\/wp-content\/uploads\/2020\/10\/04_Entwined-519x705.jpg 519w\" sizes=\"(max-width: 754px) 100vw, 754px\" \/><\/a><\/div><\/div><\/div><\/div>\n<div  class='flex_column av-72ntim-5fc199254e3a8830c4beb8fd139a5d33 av_one_fifth  avia-builder-el-37  el_after_av_one_fifth  el_before_av_one_fifth  flex_column_div  column-top-margin'     ><style type=\"text\/css\" data-created_by=\"avia_inline_auto\" id=\"style-css-av-lh3s4rk7-67ec7db1f81f16a5d3e00a5d2778912e\">\n.avia-image-container.av-lh3s4rk7-67ec7db1f81f16a5d3e00a5d2778912e img.avia_image{\nbox-shadow:none;\n}\n.avia-image-container.av-lh3s4rk7-67ec7db1f81f16a5d3e00a5d2778912e .av-image-caption-overlay-center{\ncolor:#ffffff;\n}\n<\/style>\n<div  class='avia-image-container av-lh3s4rk7-67ec7db1f81f16a5d3e00a5d2778912e av-styling- av-hover-grow av-img-linked avia_animated_image av-animated-when-visible-95 fade-in avia-align-center  avia-builder-el-38  avia-builder-el-no-sibling '   itemprop=\"image\" itemscope=\"itemscope\" itemtype=\"https:\/\/schema.org\/ImageObject\" ><div class=\"avia-image-container-inner\"><div class=\"avia-image-overlay-wrap\"><a href=\"https:\/\/griechischefilmwoche.com\/movie\/the-mountain-tears\/\" class='avia_image '  aria-label='06_The Mountain Tears'><img decoding=\"async\" fetchpriority=\"high\" class='wp-image-884 avia-img-lazy-loading-not-884 avia_image ' src=\"https:\/\/griechischefilmwoche.com\/wp-content\/uploads\/2020\/10\/06_The-Mountain-Tears.jpg\" alt='' title='06_The Mountain Tears'  height=\"1024\" width=\"709\"  itemprop=\"thumbnailUrl\" srcset=\"https:\/\/griechischefilmwoche.com\/wp-content\/uploads\/2020\/10\/06_The-Mountain-Tears.jpg 709w, https:\/\/griechischefilmwoche.com\/wp-content\/uploads\/2020\/10\/06_The-Mountain-Tears-208x300.jpg 208w, https:\/\/griechischefilmwoche.com\/wp-content\/uploads\/2020\/10\/06_The-Mountain-Tears-201x290.jpg 201w, https:\/\/griechischefilmwoche.com\/wp-content\/uploads\/2020\/10\/06_The-Mountain-Tears-488x705.jpg 488w\" sizes=\"(max-width: 709px) 100vw, 709px\" \/><\/a><\/div><\/div><\/div><\/div>\n<div  class='flex_column av-5zwpr2-448a27ce41a802d4df60929afe5758a1 av_one_fifth  avia-builder-el-39  el_after_av_one_fifth  el_before_av_one_fifth  flex_column_div  column-top-margin'     ><style type=\"text\/css\" data-created_by=\"avia_inline_auto\" id=\"style-css-av-lh3s59ts-ea850e6c2adfdbabe99971b216ca7623\">\n.avia-image-container.av-lh3s59ts-ea850e6c2adfdbabe99971b216ca7623 img.avia_image{\nbox-shadow:none;\n}\n.avia-image-container.av-lh3s59ts-ea850e6c2adfdbabe99971b216ca7623 .av-image-caption-overlay-center{\ncolor:#ffffff;\n}\n<\/style>\n<div  class='avia-image-container av-lh3s59ts-ea850e6c2adfdbabe99971b216ca7623 av-styling- av-hover-grow av-img-linked avia_animated_image av-animated-when-visible-95 fade-in avia-align-center  avia-builder-el-40  avia-builder-el-no-sibling '   itemprop=\"image\" itemscope=\"itemscope\" itemtype=\"https:\/\/schema.org\/ImageObject\" ><div class=\"avia-image-container-inner\"><div class=\"avia-image-overlay-wrap\"><a href=\"https:\/\/griechischefilmwoche.com\/movie\/persephone\/\" class='avia_image '  aria-label='07_Persephone'><img decoding=\"async\" fetchpriority=\"high\" class='wp-image-886 avia-img-lazy-loading-not-886 avia_image ' src=\"https:\/\/griechischefilmwoche.com\/wp-content\/uploads\/2020\/10\/07_Persephone.jpg\" alt='' title='07_Persephone'  height=\"1024\" width=\"740\"  itemprop=\"thumbnailUrl\" srcset=\"https:\/\/griechischefilmwoche.com\/wp-content\/uploads\/2020\/10\/07_Persephone.jpg 740w, https:\/\/griechischefilmwoche.com\/wp-content\/uploads\/2020\/10\/07_Persephone-217x300.jpg 217w, https:\/\/griechischefilmwoche.com\/wp-content\/uploads\/2020\/10\/07_Persephone-201x278.jpg 201w, https:\/\/griechischefilmwoche.com\/wp-content\/uploads\/2020\/10\/07_Persephone-509x705.jpg 509w\" sizes=\"(max-width: 740px) 100vw, 740px\" \/><\/a><\/div><\/div><\/div><\/div>\n<div  class='flex_column av-4fcypq-848a43e5445e9dcded2f5f71ab8db822 av_one_fifth  avia-builder-el-41  el_after_av_one_fifth  el_before_av_one_fifth  flex_column_div  column-top-margin'     ><style type=\"text\/css\" data-created_by=\"avia_inline_auto\" id=\"style-css-av-lh3s69kw-54cd3a77f0d601337566d77ab6c26ae7\">\n.avia-image-container.av-lh3s69kw-54cd3a77f0d601337566d77ab6c26ae7 img.avia_image{\nbox-shadow:none;\n}\n.avia-image-container.av-lh3s69kw-54cd3a77f0d601337566d77ab6c26ae7 .av-image-caption-overlay-center{\ncolor:#ffffff;\n}\n<\/style>\n<div  class='avia-image-container av-lh3s69kw-54cd3a77f0d601337566d77ab6c26ae7 av-styling- av-hover-grow av-img-linked avia_animated_image av-animated-when-visible-95 fade-in avia-align-center  avia-builder-el-42  avia-builder-el-no-sibling '   itemprop=\"image\" itemscope=\"itemscope\" itemtype=\"https:\/\/schema.org\/ImageObject\" ><div class=\"avia-image-container-inner\"><div class=\"avia-image-overlay-wrap\"><a href=\"https:\/\/griechischefilmwoche.com\/movie\/for-no-reasons-meetings-with-giorgos-maniatis\/\" class='avia_image '  aria-label='09_FOR-NO-REASONS-meetings-with-Giorgos-Maniatis'><img decoding=\"async\" fetchpriority=\"high\" class='wp-image-1409 avia-img-lazy-loading-not-1409 avia_image ' src=\"https:\/\/griechischefilmwoche.com\/wp-content\/uploads\/2020\/10\/09_FOR-NO-REASONS-meetings-with-Giorgos-Maniatis-2.jpg\" alt='' title='09_FOR-NO-REASONS-meetings-with-Giorgos-Maniatis'  height=\"1459\" width=\"1024\"  itemprop=\"thumbnailUrl\" srcset=\"https:\/\/griechischefilmwoche.com\/wp-content\/uploads\/2020\/10\/09_FOR-NO-REASONS-meetings-with-Giorgos-Maniatis-2.jpg 1024w, https:\/\/griechischefilmwoche.com\/wp-content\/uploads\/2020\/10\/09_FOR-NO-REASONS-meetings-with-Giorgos-Maniatis-2-211x300.jpg 211w, https:\/\/griechischefilmwoche.com\/wp-content\/uploads\/2020\/10\/09_FOR-NO-REASONS-meetings-with-Giorgos-Maniatis-2-723x1030.jpg 723w, https:\/\/griechischefilmwoche.com\/wp-content\/uploads\/2020\/10\/09_FOR-NO-REASONS-meetings-with-Giorgos-Maniatis-2-768x1094.jpg 768w, https:\/\/griechischefilmwoche.com\/wp-content\/uploads\/2020\/10\/09_FOR-NO-REASONS-meetings-with-Giorgos-Maniatis-2-782x1114.jpg 782w, https:\/\/griechischefilmwoche.com\/wp-content\/uploads\/2020\/10\/09_FOR-NO-REASONS-meetings-with-Giorgos-Maniatis-2-201x286.jpg 201w, https:\/\/griechischefilmwoche.com\/wp-content\/uploads\/2020\/10\/09_FOR-NO-REASONS-meetings-with-Giorgos-Maniatis-2-268x382.jpg 268w, https:\/\/griechischefilmwoche.com\/wp-content\/uploads\/2020\/10\/09_FOR-NO-REASONS-meetings-with-Giorgos-Maniatis-2-495x705.jpg 495w\" sizes=\"(max-width: 1024px) 100vw, 1024px\" \/><\/a><\/div><\/div><\/div><\/div>\n<div  class='flex_column av-2b59ke-1af3d13c54becbbcd12ee0a88abefdba av_one_fifth  avia-builder-el-43  el_after_av_one_fifth  avia-builder-el-last  flex_column_div  column-top-margin'     ><style type=\"text\/css\" data-created_by=\"avia_inline_auto\" id=\"style-css-av-lh3s72oo-3121433ecd4da68a1f8bccc0c473170a\">\n.avia-image-container.av-lh3s72oo-3121433ecd4da68a1f8bccc0c473170a img.avia_image{\nbox-shadow:none;\n}\n.avia-image-container.av-lh3s72oo-3121433ecd4da68a1f8bccc0c473170a .av-image-caption-overlay-center{\ncolor:#ffffff;\n}\n<\/style>\n<div  class='avia-image-container av-lh3s72oo-3121433ecd4da68a1f8bccc0c473170a av-styling- av-hover-grow av-img-linked avia_animated_image av-animated-when-visible-95 fade-in avia-align-center  avia-builder-el-44  avia-builder-el-no-sibling '   itemprop=\"image\" itemscope=\"itemscope\" itemtype=\"https:\/\/schema.org\/ImageObject\" ><div class=\"avia-image-container-inner\"><div class=\"avia-image-overlay-wrap\"><a href=\"https:\/\/griechischefilmwoche.com\/movie\/when-the-south-wind-blows\/\" class='avia_image '  aria-label='10_When the South Wind Blows'><img decoding=\"async\" fetchpriority=\"high\" class='wp-image-892 avia-img-lazy-loading-not-892 avia_image ' src=\"https:\/\/griechischefilmwoche.com\/wp-content\/uploads\/2020\/10\/10_When-the-South-Wind-Blows-1.jpg\" alt='' title='10_When the South Wind Blows'  height=\"1024\" width=\"727\"  itemprop=\"thumbnailUrl\" srcset=\"https:\/\/griechischefilmwoche.com\/wp-content\/uploads\/2020\/10\/10_When-the-South-Wind-Blows-1.jpg 727w, https:\/\/griechischefilmwoche.com\/wp-content\/uploads\/2020\/10\/10_When-the-South-Wind-Blows-1-213x300.jpg 213w, https:\/\/griechischefilmwoche.com\/wp-content\/uploads\/2020\/10\/10_When-the-South-Wind-Blows-1-201x283.jpg 201w, https:\/\/griechischefilmwoche.com\/wp-content\/uploads\/2020\/10\/10_When-the-South-Wind-Blows-1-501x705.jpg 501w\" sizes=\"(max-width: 727px) 100vw, 727px\" \/><\/a><\/div><\/div><\/div><\/div>\n","protected":false},"excerpt":{"rendered":"","protected":false},"author":4,"featured_media":1738,"parent":4072,"menu_order":0,"comment_status":"closed","ping_status":"closed","template":"","meta":{"footnotes":""},"class_list":["post-3810","page","type-page","status-publish","has-post-thumbnail","hentry"],"yoast_head":"<!-- This site is optimized with the Yoast SEO plugin v27.5 - https:\/\/yoast.com\/product\/yoast-seo-wordpress\/ -->\n<title>34. Griechische Filmwoche in M\u00fcnchen - Griechische Filmwoche<\/title>\n<meta name=\"robots\" content=\"index, follow, max-snippet:-1, max-image-preview:large, max-video-preview:-1\" \/>\n<link rel=\"canonical\" href=\"https:\/\/griechischefilmwoche.com\/el\/%ce%b1%cf%81%cf%87%ce%b5%ce%af%ce%bf\/34-griechische-filmwoche-2020\/\" \/>\n<meta property=\"og:locale\" content=\"el_GR\" \/>\n<meta property=\"og:type\" content=\"article\" \/>\n<meta property=\"og:title\" content=\"34. Griechische Filmwoche in M\u00fcnchen - Griechische Filmwoche\" \/>\n<meta property=\"og:url\" content=\"https:\/\/griechischefilmwoche.com\/el\/%ce%b1%cf%81%cf%87%ce%b5%ce%af%ce%bf\/34-griechische-filmwoche-2020\/\" \/>\n<meta property=\"og:site_name\" content=\"Griechische Filmwoche\" \/>\n<meta property=\"article:modified_time\" content=\"2023-04-30T19:43:52+00:00\" \/>\n<meta property=\"og:image\" content=\"https:\/\/griechischefilmwoche.com\/wp-content\/uploads\/2020\/09\/1080_gfw2.jpg\" \/>\n\t<meta property=\"og:image:width\" content=\"1440\" \/>\n\t<meta property=\"og:image:height\" content=\"1440\" \/>\n\t<meta property=\"og:image:type\" content=\"image\/jpeg\" \/>\n<meta name=\"twitter:card\" content=\"summary_large_image\" \/>\n<meta name=\"twitter:label1\" content=\"\u0395\u03ba\u03c4\u03b9\u03bc\u03ce\u03bc\u03b5\u03bd\u03bf\u03c2 \u03c7\u03c1\u03cc\u03bd\u03bf\u03c2 \u03b1\u03bd\u03ac\u03b3\u03bd\u03c9\u03c3\u03b7\u03c2\" \/>\n\t<meta name=\"twitter:data1\" content=\"20 \u03bb\u03b5\u03c0\u03c4\u03ac\" \/>\n<script type=\"application\/ld+json\" class=\"yoast-schema-graph\">{\"@context\":\"https:\\\/\\\/schema.org\",\"@graph\":[{\"@type\":\"WebPage\",\"@id\":\"https:\\\/\\\/griechischefilmwoche.com\\\/el\\\/%ce%b1%cf%81%cf%87%ce%b5%ce%af%ce%bf\\\/34-griechische-filmwoche-2020\\\/\",\"url\":\"https:\\\/\\\/griechischefilmwoche.com\\\/el\\\/%ce%b1%cf%81%cf%87%ce%b5%ce%af%ce%bf\\\/34-griechische-filmwoche-2020\\\/\",\"name\":\"34. Griechische Filmwoche in M\u00fcnchen - Griechische Filmwoche\",\"isPartOf\":{\"@id\":\"https:\\\/\\\/griechischefilmwoche.com\\\/el\\\/#website\"},\"primaryImageOfPage\":{\"@id\":\"https:\\\/\\\/griechischefilmwoche.com\\\/el\\\/%ce%b1%cf%81%cf%87%ce%b5%ce%af%ce%bf\\\/34-griechische-filmwoche-2020\\\/#primaryimage\"},\"image\":{\"@id\":\"https:\\\/\\\/griechischefilmwoche.com\\\/el\\\/%ce%b1%cf%81%cf%87%ce%b5%ce%af%ce%bf\\\/34-griechische-filmwoche-2020\\\/#primaryimage\"},\"thumbnailUrl\":\"https:\\\/\\\/griechischefilmwoche.com\\\/wp-content\\\/uploads\\\/2020\\\/09\\\/1080_gfw2.jpg\",\"datePublished\":\"2023-04-30T17:31:31+00:00\",\"dateModified\":\"2023-04-30T19:43:52+00:00\",\"breadcrumb\":{\"@id\":\"https:\\\/\\\/griechischefilmwoche.com\\\/el\\\/%ce%b1%cf%81%cf%87%ce%b5%ce%af%ce%bf\\\/34-griechische-filmwoche-2020\\\/#breadcrumb\"},\"inLanguage\":\"el\",\"potentialAction\":[{\"@type\":\"ReadAction\",\"target\":[\"https:\\\/\\\/griechischefilmwoche.com\\\/el\\\/%ce%b1%cf%81%cf%87%ce%b5%ce%af%ce%bf\\\/34-griechische-filmwoche-2020\\\/\"]}]},{\"@type\":\"ImageObject\",\"inLanguage\":\"el\",\"@id\":\"https:\\\/\\\/griechischefilmwoche.com\\\/el\\\/%ce%b1%cf%81%cf%87%ce%b5%ce%af%ce%bf\\\/34-griechische-filmwoche-2020\\\/#primaryimage\",\"url\":\"https:\\\/\\\/griechischefilmwoche.com\\\/wp-content\\\/uploads\\\/2020\\\/09\\\/1080_gfw2.jpg\",\"contentUrl\":\"https:\\\/\\\/griechischefilmwoche.com\\\/wp-content\\\/uploads\\\/2020\\\/09\\\/1080_gfw2.jpg\",\"width\":1440,\"height\":1440,\"caption\":\"Griechische Filmwoche\"},{\"@type\":\"BreadcrumbList\",\"@id\":\"https:\\\/\\\/griechischefilmwoche.com\\\/el\\\/%ce%b1%cf%81%cf%87%ce%b5%ce%af%ce%bf\\\/34-griechische-filmwoche-2020\\\/#breadcrumb\",\"itemListElement\":[{\"@type\":\"ListItem\",\"position\":1,\"name\":\"Home\",\"item\":\"https:\\\/\\\/griechischefilmwoche.com\\\/el\\\/programm2025\\\/\"},{\"@type\":\"ListItem\",\"position\":2,\"name\":\"34. Griechische Filmwoche in M\u00fcnchen\"}]},{\"@type\":\"WebSite\",\"@id\":\"https:\\\/\\\/griechischefilmwoche.com\\\/el\\\/#website\",\"url\":\"https:\\\/\\\/griechischefilmwoche.com\\\/el\\\/\",\"name\":\"Griechische Filmwoche\",\"description\":\"\",\"potentialAction\":[{\"@type\":\"SearchAction\",\"target\":{\"@type\":\"EntryPoint\",\"urlTemplate\":\"https:\\\/\\\/griechischefilmwoche.com\\\/el\\\/?s={search_term_string}\"},\"query-input\":{\"@type\":\"PropertyValueSpecification\",\"valueRequired\":true,\"valueName\":\"search_term_string\"}}],\"inLanguage\":\"el\"}]}<\/script>\n<!-- \/ Yoast SEO plugin. -->","yoast_head_json":{"title":"34. Griechische Filmwoche in M\u00fcnchen - Griechische Filmwoche","robots":{"index":"index","follow":"follow","max-snippet":"max-snippet:-1","max-image-preview":"max-image-preview:large","max-video-preview":"max-video-preview:-1"},"canonical":"https:\/\/griechischefilmwoche.com\/el\/%ce%b1%cf%81%cf%87%ce%b5%ce%af%ce%bf\/34-griechische-filmwoche-2020\/","og_locale":"el_GR","og_type":"article","og_title":"34. Griechische Filmwoche in M\u00fcnchen - Griechische Filmwoche","og_url":"https:\/\/griechischefilmwoche.com\/el\/%ce%b1%cf%81%cf%87%ce%b5%ce%af%ce%bf\/34-griechische-filmwoche-2020\/","og_site_name":"Griechische Filmwoche","article_modified_time":"2023-04-30T19:43:52+00:00","og_image":[{"width":1440,"height":1440,"url":"https:\/\/griechischefilmwoche.com\/wp-content\/uploads\/2020\/09\/1080_gfw2.jpg","type":"image\/jpeg"}],"twitter_card":"summary_large_image","twitter_misc":{"\u0395\u03ba\u03c4\u03b9\u03bc\u03ce\u03bc\u03b5\u03bd\u03bf\u03c2 \u03c7\u03c1\u03cc\u03bd\u03bf\u03c2 \u03b1\u03bd\u03ac\u03b3\u03bd\u03c9\u03c3\u03b7\u03c2":"20 \u03bb\u03b5\u03c0\u03c4\u03ac"},"schema":{"@context":"https:\/\/schema.org","@graph":[{"@type":"WebPage","@id":"https:\/\/griechischefilmwoche.com\/el\/%ce%b1%cf%81%cf%87%ce%b5%ce%af%ce%bf\/34-griechische-filmwoche-2020\/","url":"https:\/\/griechischefilmwoche.com\/el\/%ce%b1%cf%81%cf%87%ce%b5%ce%af%ce%bf\/34-griechische-filmwoche-2020\/","name":"34. Griechische Filmwoche in M\u00fcnchen - Griechische Filmwoche","isPartOf":{"@id":"https:\/\/griechischefilmwoche.com\/el\/#website"},"primaryImageOfPage":{"@id":"https:\/\/griechischefilmwoche.com\/el\/%ce%b1%cf%81%cf%87%ce%b5%ce%af%ce%bf\/34-griechische-filmwoche-2020\/#primaryimage"},"image":{"@id":"https:\/\/griechischefilmwoche.com\/el\/%ce%b1%cf%81%cf%87%ce%b5%ce%af%ce%bf\/34-griechische-filmwoche-2020\/#primaryimage"},"thumbnailUrl":"https:\/\/griechischefilmwoche.com\/wp-content\/uploads\/2020\/09\/1080_gfw2.jpg","datePublished":"2023-04-30T17:31:31+00:00","dateModified":"2023-04-30T19:43:52+00:00","breadcrumb":{"@id":"https:\/\/griechischefilmwoche.com\/el\/%ce%b1%cf%81%cf%87%ce%b5%ce%af%ce%bf\/34-griechische-filmwoche-2020\/#breadcrumb"},"inLanguage":"el","potentialAction":[{"@type":"ReadAction","target":["https:\/\/griechischefilmwoche.com\/el\/%ce%b1%cf%81%cf%87%ce%b5%ce%af%ce%bf\/34-griechische-filmwoche-2020\/"]}]},{"@type":"ImageObject","inLanguage":"el","@id":"https:\/\/griechischefilmwoche.com\/el\/%ce%b1%cf%81%cf%87%ce%b5%ce%af%ce%bf\/34-griechische-filmwoche-2020\/#primaryimage","url":"https:\/\/griechischefilmwoche.com\/wp-content\/uploads\/2020\/09\/1080_gfw2.jpg","contentUrl":"https:\/\/griechischefilmwoche.com\/wp-content\/uploads\/2020\/09\/1080_gfw2.jpg","width":1440,"height":1440,"caption":"Griechische Filmwoche"},{"@type":"BreadcrumbList","@id":"https:\/\/griechischefilmwoche.com\/el\/%ce%b1%cf%81%cf%87%ce%b5%ce%af%ce%bf\/34-griechische-filmwoche-2020\/#breadcrumb","itemListElement":[{"@type":"ListItem","position":1,"name":"Home","item":"https:\/\/griechischefilmwoche.com\/el\/programm2025\/"},{"@type":"ListItem","position":2,"name":"34. Griechische Filmwoche in M\u00fcnchen"}]},{"@type":"WebSite","@id":"https:\/\/griechischefilmwoche.com\/el\/#website","url":"https:\/\/griechischefilmwoche.com\/el\/","name":"Griechische Filmwoche","description":"","potentialAction":[{"@type":"SearchAction","target":{"@type":"EntryPoint","urlTemplate":"https:\/\/griechischefilmwoche.com\/el\/?s={search_term_string}"},"query-input":{"@type":"PropertyValueSpecification","valueRequired":true,"valueName":"search_term_string"}}],"inLanguage":"el"}]}},"_links":{"self":[{"href":"https:\/\/griechischefilmwoche.com\/el\/wp-json\/wp\/v2\/pages\/3810","targetHints":{"allow":["GET"]}}],"collection":[{"href":"https:\/\/griechischefilmwoche.com\/el\/wp-json\/wp\/v2\/pages"}],"about":[{"href":"https:\/\/griechischefilmwoche.com\/el\/wp-json\/wp\/v2\/types\/page"}],"author":[{"embeddable":true,"href":"https:\/\/griechischefilmwoche.com\/el\/wp-json\/wp\/v2\/users\/4"}],"replies":[{"embeddable":true,"href":"https:\/\/griechischefilmwoche.com\/el\/wp-json\/wp\/v2\/comments?post=3810"}],"version-history":[{"count":0,"href":"https:\/\/griechischefilmwoche.com\/el\/wp-json\/wp\/v2\/pages\/3810\/revisions"}],"up":[{"embeddable":true,"href":"https:\/\/griechischefilmwoche.com\/el\/wp-json\/wp\/v2\/pages\/4072"}],"wp:featuredmedia":[{"embeddable":true,"href":"https:\/\/griechischefilmwoche.com\/el\/wp-json\/wp\/v2\/media\/1738"}],"wp:attachment":[{"href":"https:\/\/griechischefilmwoche.com\/el\/wp-json\/wp\/v2\/media?parent=3810"}],"curies":[{"name":"wp","href":"https:\/\/api.w.org\/{rel}","templated":true}]}}