{"id":3907,"date":"2023-05-01T23:00:13","date_gmt":"2023-05-01T21:00:13","guid":{"rendered":"https:\/\/griechischefilmwoche.com\/31-griechische-filmwoche-2017\/"},"modified":"2023-05-01T23:48:35","modified_gmt":"2023-05-01T21:48:35","slug":"31-griechische-filmwoche-2017","status":"publish","type":"page","link":"https:\/\/griechischefilmwoche.com\/el\/%ce%b1%cf%81%cf%87%ce%b5%ce%af%ce%bf\/31-griechische-filmwoche-2017\/","title":{"rendered":"31. Griechische Filmwoche in M\u00fcnchen"},"content":{"rendered":"\n<style type=\"text\/css\" data-created_by=\"avia_inline_auto\" id=\"style-css-av-lh3vsq4s-6a6f875748c33a036d01709f9d349f4d\">\n#top .av-special-heading.av-lh3vsq4s-6a6f875748c33a036d01709f9d349f4d{\npadding-bottom:10px;\n}\nbody .av-special-heading.av-lh3vsq4s-6a6f875748c33a036d01709f9d349f4d .av-special-heading-tag .heading-char{\nfont-size:25px;\n}\n.av-special-heading.av-lh3vsq4s-6a6f875748c33a036d01709f9d349f4d .av-subheading{\nfont-size:15px;\n}\n<\/style>\n<div  class='av-special-heading av-lh3vsq4s-6a6f875748c33a036d01709f9d349f4d av-special-heading-h3  avia-builder-el-0  el_before_av_textblock  avia-builder-el-first '><h3 class='av-special-heading-tag '  itemprop=\"headline\"  >Das war die Griechische Filmwoche 2017<\/h3><div class=\"special-heading-border\"><div class=\"special-heading-inner-border\"><\/div><\/div><\/div>\n<section  class='av_textblock_section av-lh3vutat-1925b337ce179e396a0d93073699fad9 '   itemscope=\"itemscope\" itemtype=\"https:\/\/schema.org\/CreativeWork\" ><div class='avia_textblock'  itemprop=\"text\" ><p>Bewegend, packend und mitf\u00fchlend: Die 31. Griechische Filmwoche in M\u00fcnchen war vom 10. bis 19. November ein eindringliches Ereignis. Preisgekr\u00f6nte Meisterwerke zeigten, wie sich die Gesellschaft, die Menschen und das Land inmitten der griechischen Finanzodyssee ver\u00e4ndert haben.<\/p>\n<p>Die 31. Ausgabe der Griechischen Filmwoche bot eine Vielzahl von Veranstaltungen, die das Publikum einluden, in die griechische Filmkultur einzutauchen.<\/p>\n<p>Die Griechische Filmwoche war eine einzigartige Gelegenheit, bewegende und preisgekr\u00f6nte Filme zu sehen, die die Herausforderungen und Ver\u00e4nderungen in Griechenland widerspiegeln. Die Veranstaltung lud das Publikum ein, sich mit den Themen auseinanderzusetzen und die Menschlichkeit, das Leid und die Hoffnung der Menschen in schwierigen Zeiten zu erkennen.<\/p>\n<\/div><\/section>\n<div  class='avia-button-wrap av-lh3vxc2l-9d30949e014942846d9110e58fc785fc-wrap avia-button-center  avia-builder-el-2  el_after_av_textblock  el_before_av_hr '><a href='https:\/\/griechischefilmwoche.com\/wp-content\/uploads\/2023\/04\/griechische-filmwoche-programmheft-2017_small.pdf'  class='avia-button av-lh3vxc2l-9d30949e014942846d9110e58fc785fc av-link-btn avia-icon_select-yes-left-icon avia-size-small avia-position-center avia-color-theme-color'   aria-label=\"Programmheft herunterladen\"><span class='avia_button_icon avia_button_icon_left avia-iconfont avia-font-entypo-fontello' data-av_icon='\ue84e' data-av_iconfont='entypo-fontello' ><\/span><span class='avia_iconbox_title' >Programmheft herunterladen<\/span><\/a><\/div>\n<div  class='hr av-tdouvg-b4ada6d1b2123ea72971dfea7c7f89e9 hr-default  avia-builder-el-3  el_after_av_button  el_before_av_one_fifth '><span class='hr-inner '><span class=\"hr-inner-style\"><\/span><\/span><\/div>\n<div  class='flex_column av-qncwlo-34f50e46615d36c6e3d921555c2bacaf av_one_fifth  avia-builder-el-4  el_after_av_hr  el_before_av_one_fifth  first flex_column_div  '     ><style type=\"text\/css\" data-created_by=\"avia_inline_auto\" id=\"style-css-av-lh5c43mg-7949fdbbd0e050d985c2dea3c54b01a9\">\n.avia-image-container.av-lh5c43mg-7949fdbbd0e050d985c2dea3c54b01a9 img.avia_image{\nbox-shadow:none;\n}\n.avia-image-container.av-lh5c43mg-7949fdbbd0e050d985c2dea3c54b01a9 .av-image-caption-overlay-center{\ncolor:#ffffff;\n}\n<\/style>\n<div  class='avia-image-container av-lh5c43mg-7949fdbbd0e050d985c2dea3c54b01a9 av-styling- av-hover-grow avia_animated_image av-animated-when-visible-95 fade-in avia-align-center  avia-builder-el-5  avia-builder-el-no-sibling '   itemprop=\"image\" itemscope=\"itemscope\" itemtype=\"https:\/\/schema.org\/ImageObject\" ><div class=\"avia-image-container-inner\"><div class=\"avia-image-overlay-wrap\"><img decoding=\"async\" fetchpriority=\"high\" class='wp-image-3874 avia-img-lazy-loading-not-3874 avia_image ' src=\"https:\/\/griechischefilmwoche.com\/wp-content\/uploads\/2023\/05\/90-Years-of-PAOK.jpg\" alt='' title='90-Years-of-PAOK'  height=\"1235\" width=\"874\"  itemprop=\"thumbnailUrl\" srcset=\"https:\/\/griechischefilmwoche.com\/wp-content\/uploads\/2023\/05\/90-Years-of-PAOK.jpg 874w, https:\/\/griechischefilmwoche.com\/wp-content\/uploads\/2023\/05\/90-Years-of-PAOK-212x300.jpg 212w, https:\/\/griechischefilmwoche.com\/wp-content\/uploads\/2023\/05\/90-Years-of-PAOK-729x1030.jpg 729w, https:\/\/griechischefilmwoche.com\/wp-content\/uploads\/2023\/05\/90-Years-of-PAOK-768x1085.jpg 768w, https:\/\/griechischefilmwoche.com\/wp-content\/uploads\/2023\/05\/90-Years-of-PAOK-782x1105.jpg 782w, https:\/\/griechischefilmwoche.com\/wp-content\/uploads\/2023\/05\/90-Years-of-PAOK-201x284.jpg 201w, https:\/\/griechischefilmwoche.com\/wp-content\/uploads\/2023\/05\/90-Years-of-PAOK-499x705.jpg 499w\" sizes=\"(max-width: 874px) 100vw, 874px\" \/><\/div><\/div><\/div><\/div>\n<div  class='flex_column av-qeb47g-801573bb4aeb8b29255b04d4bec5a647 av_one_fifth  avia-builder-el-6  el_after_av_one_fifth  el_before_av_one_fifth  flex_column_div  '     ><style type=\"text\/css\" data-created_by=\"avia_inline_auto\" id=\"style-css-av-lh5c4c53-e2f0d984870fd0f484b3573f54537f92\">\n.avia-image-container.av-lh5c4c53-e2f0d984870fd0f484b3573f54537f92 img.avia_image{\nbox-shadow:none;\n}\n.avia-image-container.av-lh5c4c53-e2f0d984870fd0f484b3573f54537f92 .av-image-caption-overlay-center{\ncolor:#ffffff;\n}\n<\/style>\n<div  class='avia-image-container av-lh5c4c53-e2f0d984870fd0f484b3573f54537f92 av-styling- av-hover-grow avia_animated_image av-animated-when-visible-95 fade-in avia-align-center  avia-builder-el-7  avia-builder-el-no-sibling '   itemprop=\"image\" itemscope=\"itemscope\" itemtype=\"https:\/\/schema.org\/ImageObject\" ><div class=\"avia-image-container-inner\"><div class=\"avia-image-overlay-wrap\"><img decoding=\"async\" fetchpriority=\"high\" class='wp-image-3876 avia-img-lazy-loading-not-3876 avia_image ' src=\"https:\/\/griechischefilmwoche.com\/wp-content\/uploads\/2023\/05\/Afterlov.jpg\" alt='' title='Afterlov'  height=\"1235\" width=\"874\"  itemprop=\"thumbnailUrl\" srcset=\"https:\/\/griechischefilmwoche.com\/wp-content\/uploads\/2023\/05\/Afterlov.jpg 874w, https:\/\/griechischefilmwoche.com\/wp-content\/uploads\/2023\/05\/Afterlov-212x300.jpg 212w, https:\/\/griechischefilmwoche.com\/wp-content\/uploads\/2023\/05\/Afterlov-729x1030.jpg 729w, https:\/\/griechischefilmwoche.com\/wp-content\/uploads\/2023\/05\/Afterlov-768x1085.jpg 768w, https:\/\/griechischefilmwoche.com\/wp-content\/uploads\/2023\/05\/Afterlov-782x1105.jpg 782w, https:\/\/griechischefilmwoche.com\/wp-content\/uploads\/2023\/05\/Afterlov-201x284.jpg 201w, https:\/\/griechischefilmwoche.com\/wp-content\/uploads\/2023\/05\/Afterlov-499x705.jpg 499w\" sizes=\"(max-width: 874px) 100vw, 874px\" \/><\/div><\/div><\/div><\/div>\n<div  class='flex_column av-o2s7r0-0bd0072d6fb0440fccddd6726619c5a3 av_one_fifth  avia-builder-el-8  el_after_av_one_fifth  el_before_av_one_fifth  flex_column_div  '     ><style type=\"text\/css\" data-created_by=\"avia_inline_auto\" id=\"style-css-av-lh5c4kij-13c8ea13bd22710418ed21b3b42d52c1\">\n.avia-image-container.av-lh5c4kij-13c8ea13bd22710418ed21b3b42d52c1 img.avia_image{\nbox-shadow:none;\n}\n.avia-image-container.av-lh5c4kij-13c8ea13bd22710418ed21b3b42d52c1 .av-image-caption-overlay-center{\ncolor:#ffffff;\n}\n<\/style>\n<div  class='avia-image-container av-lh5c4kij-13c8ea13bd22710418ed21b3b42d52c1 av-styling- av-hover-grow avia_animated_image av-animated-when-visible-95 fade-in avia-align-center  avia-builder-el-9  avia-builder-el-no-sibling '   itemprop=\"image\" itemscope=\"itemscope\" itemtype=\"https:\/\/schema.org\/ImageObject\" ><div class=\"avia-image-container-inner\"><div class=\"avia-image-overlay-wrap\"><img decoding=\"async\" fetchpriority=\"high\" class='wp-image-3878 avia-img-lazy-loading-not-3878 avia_image ' src=\"https:\/\/griechischefilmwoche.com\/wp-content\/uploads\/2023\/05\/America-Square.jpg\" alt='' title='America-Square'  height=\"1235\" width=\"874\"  itemprop=\"thumbnailUrl\" srcset=\"https:\/\/griechischefilmwoche.com\/wp-content\/uploads\/2023\/05\/America-Square.jpg 874w, https:\/\/griechischefilmwoche.com\/wp-content\/uploads\/2023\/05\/America-Square-212x300.jpg 212w, https:\/\/griechischefilmwoche.com\/wp-content\/uploads\/2023\/05\/America-Square-729x1030.jpg 729w, https:\/\/griechischefilmwoche.com\/wp-content\/uploads\/2023\/05\/America-Square-768x1085.jpg 768w, https:\/\/griechischefilmwoche.com\/wp-content\/uploads\/2023\/05\/America-Square-782x1105.jpg 782w, https:\/\/griechischefilmwoche.com\/wp-content\/uploads\/2023\/05\/America-Square-201x284.jpg 201w, https:\/\/griechischefilmwoche.com\/wp-content\/uploads\/2023\/05\/America-Square-499x705.jpg 499w\" sizes=\"(max-width: 874px) 100vw, 874px\" \/><\/div><\/div><\/div><\/div>\n<div  class='flex_column av-luamh8-377356e54bf25b5b04386a2624289ddf av_one_fifth  avia-builder-el-10  el_after_av_one_fifth  el_before_av_one_fifth  flex_column_div  '     ><style type=\"text\/css\" data-created_by=\"avia_inline_auto\" id=\"style-css-av-lh5c4szg-74b052cd326613e878be39d977750cc4\">\n.avia-image-container.av-lh5c4szg-74b052cd326613e878be39d977750cc4 img.avia_image{\nbox-shadow:none;\n}\n.avia-image-container.av-lh5c4szg-74b052cd326613e878be39d977750cc4 .av-image-caption-overlay-center{\ncolor:#ffffff;\n}\n<\/style>\n<div  class='avia-image-container av-lh5c4szg-74b052cd326613e878be39d977750cc4 av-styling- av-hover-grow avia_animated_image av-animated-when-visible-95 fade-in avia-align-center  avia-builder-el-11  avia-builder-el-no-sibling '   itemprop=\"image\" itemscope=\"itemscope\" itemtype=\"https:\/\/schema.org\/ImageObject\" ><div class=\"avia-image-container-inner\"><div class=\"avia-image-overlay-wrap\"><img decoding=\"async\" fetchpriority=\"high\" class='wp-image-3880 avia-img-lazy-loading-not-3880 avia_image ' src=\"https:\/\/griechischefilmwoche.com\/wp-content\/uploads\/2023\/05\/Argo-Navis.jpg\" alt='' title='Argo-Navis'  height=\"1235\" width=\"874\"  itemprop=\"thumbnailUrl\" srcset=\"https:\/\/griechischefilmwoche.com\/wp-content\/uploads\/2023\/05\/Argo-Navis.jpg 874w, https:\/\/griechischefilmwoche.com\/wp-content\/uploads\/2023\/05\/Argo-Navis-212x300.jpg 212w, https:\/\/griechischefilmwoche.com\/wp-content\/uploads\/2023\/05\/Argo-Navis-729x1030.jpg 729w, https:\/\/griechischefilmwoche.com\/wp-content\/uploads\/2023\/05\/Argo-Navis-768x1085.jpg 768w, https:\/\/griechischefilmwoche.com\/wp-content\/uploads\/2023\/05\/Argo-Navis-782x1105.jpg 782w, https:\/\/griechischefilmwoche.com\/wp-content\/uploads\/2023\/05\/Argo-Navis-201x284.jpg 201w, https:\/\/griechischefilmwoche.com\/wp-content\/uploads\/2023\/05\/Argo-Navis-499x705.jpg 499w\" sizes=\"(max-width: 874px) 100vw, 874px\" \/><\/div><\/div><\/div><\/div>\n<div  class='flex_column av-l1zw3g-05ad37650e777bbd61e1752f35d244d5 av_one_fifth  avia-builder-el-12  el_after_av_one_fifth  el_before_av_one_fifth  flex_column_div  '     ><style type=\"text\/css\" data-created_by=\"avia_inline_auto\" id=\"style-css-av-lh5c51a2-fcb7b885b53d18c682caf599db99781b\">\n.avia-image-container.av-lh5c51a2-fcb7b885b53d18c682caf599db99781b img.avia_image{\nbox-shadow:none;\n}\n.avia-image-container.av-lh5c51a2-fcb7b885b53d18c682caf599db99781b .av-image-caption-overlay-center{\ncolor:#ffffff;\n}\n<\/style>\n<div  class='avia-image-container av-lh5c51a2-fcb7b885b53d18c682caf599db99781b av-styling- av-hover-grow avia_animated_image av-animated-when-visible-95 fade-in avia-align-center  avia-builder-el-13  avia-builder-el-no-sibling '   itemprop=\"image\" itemscope=\"itemscope\" itemtype=\"https:\/\/schema.org\/ImageObject\" ><div class=\"avia-image-container-inner\"><div class=\"avia-image-overlay-wrap\"><img decoding=\"async\" fetchpriority=\"high\" class='wp-image-3882 avia-img-lazy-loading-not-3882 avia_image ' src=\"https:\/\/griechischefilmwoche.com\/wp-content\/uploads\/2023\/05\/Briefe-Aus-Athen.jpg\" alt='' title='Briefe-Aus-Athen'  height=\"1235\" width=\"874\"  itemprop=\"thumbnailUrl\" srcset=\"https:\/\/griechischefilmwoche.com\/wp-content\/uploads\/2023\/05\/Briefe-Aus-Athen.jpg 874w, https:\/\/griechischefilmwoche.com\/wp-content\/uploads\/2023\/05\/Briefe-Aus-Athen-212x300.jpg 212w, https:\/\/griechischefilmwoche.com\/wp-content\/uploads\/2023\/05\/Briefe-Aus-Athen-729x1030.jpg 729w, https:\/\/griechischefilmwoche.com\/wp-content\/uploads\/2023\/05\/Briefe-Aus-Athen-768x1085.jpg 768w, https:\/\/griechischefilmwoche.com\/wp-content\/uploads\/2023\/05\/Briefe-Aus-Athen-782x1105.jpg 782w, https:\/\/griechischefilmwoche.com\/wp-content\/uploads\/2023\/05\/Briefe-Aus-Athen-201x284.jpg 201w, https:\/\/griechischefilmwoche.com\/wp-content\/uploads\/2023\/05\/Briefe-Aus-Athen-499x705.jpg 499w\" sizes=\"(max-width: 874px) 100vw, 874px\" \/><\/div><\/div><\/div><\/div>\n<div  class='flex_column av-idct6k-6050b35ab37ae4c691fc8bff1dce38b5 av_one_fifth  avia-builder-el-14  el_after_av_one_fifth  el_before_av_one_fifth  first flex_column_div  column-top-margin'     ><style type=\"text\/css\" data-created_by=\"avia_inline_auto\" id=\"style-css-av-lh5c5ct7-5e0f442461063c42baa80e0fa7f9c732\">\n.avia-image-container.av-lh5c5ct7-5e0f442461063c42baa80e0fa7f9c732 img.avia_image{\nbox-shadow:none;\n}\n.avia-image-container.av-lh5c5ct7-5e0f442461063c42baa80e0fa7f9c732 .av-image-caption-overlay-center{\ncolor:#ffffff;\n}\n<\/style>\n<div  class='avia-image-container av-lh5c5ct7-5e0f442461063c42baa80e0fa7f9c732 av-styling- av-hover-grow avia_animated_image av-animated-when-visible-95 fade-in avia-align-center  avia-builder-el-15  avia-builder-el-no-sibling '   itemprop=\"image\" itemscope=\"itemscope\" itemtype=\"https:\/\/schema.org\/ImageObject\" ><div class=\"avia-image-container-inner\"><div class=\"avia-image-overlay-wrap\"><img decoding=\"async\" fetchpriority=\"high\" class='wp-image-3884 avia-img-lazy-loading-not-3884 avia_image ' src=\"https:\/\/griechischefilmwoche.com\/wp-content\/uploads\/2023\/05\/Eteros-Ego.jpg\" alt='' title='Eteros-Ego'  height=\"1235\" width=\"874\"  itemprop=\"thumbnailUrl\" srcset=\"https:\/\/griechischefilmwoche.com\/wp-content\/uploads\/2023\/05\/Eteros-Ego.jpg 874w, https:\/\/griechischefilmwoche.com\/wp-content\/uploads\/2023\/05\/Eteros-Ego-212x300.jpg 212w, https:\/\/griechischefilmwoche.com\/wp-content\/uploads\/2023\/05\/Eteros-Ego-729x1030.jpg 729w, https:\/\/griechischefilmwoche.com\/wp-content\/uploads\/2023\/05\/Eteros-Ego-768x1085.jpg 768w, https:\/\/griechischefilmwoche.com\/wp-content\/uploads\/2023\/05\/Eteros-Ego-782x1105.jpg 782w, https:\/\/griechischefilmwoche.com\/wp-content\/uploads\/2023\/05\/Eteros-Ego-201x284.jpg 201w, https:\/\/griechischefilmwoche.com\/wp-content\/uploads\/2023\/05\/Eteros-Ego-499x705.jpg 499w\" sizes=\"(max-width: 874px) 100vw, 874px\" \/><\/div><\/div><\/div><\/div>\n<div  class='flex_column av-hgl41o-f9590f8b67fd902a3666fd45a29f6f38 av_one_fifth  avia-builder-el-16  el_after_av_one_fifth  el_before_av_one_fifth  flex_column_div  column-top-margin'     ><style type=\"text\/css\" data-created_by=\"avia_inline_auto\" id=\"style-css-av-lh5c5oh9-c302f955287a21e4f9f4cf84f09a3f9c\">\n.avia-image-container.av-lh5c5oh9-c302f955287a21e4f9f4cf84f09a3f9c img.avia_image{\nbox-shadow:none;\n}\n.avia-image-container.av-lh5c5oh9-c302f955287a21e4f9f4cf84f09a3f9c .av-image-caption-overlay-center{\ncolor:#ffffff;\n}\n<\/style>\n<div  class='avia-image-container av-lh5c5oh9-c302f955287a21e4f9f4cf84f09a3f9c av-styling- av-hover-grow avia_animated_image av-animated-when-visible-95 fade-in avia-align-center  avia-builder-el-17  avia-builder-el-no-sibling '   itemprop=\"image\" itemscope=\"itemscope\" itemtype=\"https:\/\/schema.org\/ImageObject\" ><div class=\"avia-image-container-inner\"><div class=\"avia-image-overlay-wrap\"><img decoding=\"async\" fetchpriority=\"high\" class='wp-image-3886 avia-img-lazy-loading-not-3886 avia_image ' src=\"https:\/\/griechischefilmwoche.com\/wp-content\/uploads\/2023\/05\/Forever.jpg\" alt='' title='Forever'  height=\"1235\" width=\"874\"  itemprop=\"thumbnailUrl\" srcset=\"https:\/\/griechischefilmwoche.com\/wp-content\/uploads\/2023\/05\/Forever.jpg 874w, https:\/\/griechischefilmwoche.com\/wp-content\/uploads\/2023\/05\/Forever-212x300.jpg 212w, https:\/\/griechischefilmwoche.com\/wp-content\/uploads\/2023\/05\/Forever-729x1030.jpg 729w, https:\/\/griechischefilmwoche.com\/wp-content\/uploads\/2023\/05\/Forever-768x1085.jpg 768w, https:\/\/griechischefilmwoche.com\/wp-content\/uploads\/2023\/05\/Forever-782x1105.jpg 782w, https:\/\/griechischefilmwoche.com\/wp-content\/uploads\/2023\/05\/Forever-201x284.jpg 201w, https:\/\/griechischefilmwoche.com\/wp-content\/uploads\/2023\/05\/Forever-499x705.jpg 499w\" sizes=\"(max-width: 874px) 100vw, 874px\" \/><\/div><\/div><\/div><\/div>\n<div  class='flex_column av-ft7jvw-d341750777e73668757c38df0f3696bd av_one_fifth  avia-builder-el-18  el_after_av_one_fifth  el_before_av_one_fifth  flex_column_div  column-top-margin'     ><style type=\"text\/css\" data-created_by=\"avia_inline_auto\" id=\"style-css-av-lh5c5xgs-7ed27577d5df6756e21137f43d75314a\">\n.avia-image-container.av-lh5c5xgs-7ed27577d5df6756e21137f43d75314a img.avia_image{\nbox-shadow:none;\n}\n.avia-image-container.av-lh5c5xgs-7ed27577d5df6756e21137f43d75314a .av-image-caption-overlay-center{\ncolor:#ffffff;\n}\n<\/style>\n<div  class='avia-image-container av-lh5c5xgs-7ed27577d5df6756e21137f43d75314a av-styling- av-hover-grow avia_animated_image av-animated-when-visible-95 fade-in avia-align-center  avia-builder-el-19  avia-builder-el-no-sibling '   itemprop=\"image\" itemscope=\"itemscope\" itemtype=\"https:\/\/schema.org\/ImageObject\" ><div class=\"avia-image-container-inner\"><div class=\"avia-image-overlay-wrap\"><img decoding=\"async\" fetchpriority=\"high\" class='wp-image-3888 avia-img-lazy-loading-not-3888 avia_image ' src=\"https:\/\/griechischefilmwoche.com\/wp-content\/uploads\/2023\/05\/Nima.jpg\" alt='' title='Nima'  height=\"1235\" width=\"874\"  itemprop=\"thumbnailUrl\" srcset=\"https:\/\/griechischefilmwoche.com\/wp-content\/uploads\/2023\/05\/Nima.jpg 874w, https:\/\/griechischefilmwoche.com\/wp-content\/uploads\/2023\/05\/Nima-212x300.jpg 212w, https:\/\/griechischefilmwoche.com\/wp-content\/uploads\/2023\/05\/Nima-729x1030.jpg 729w, https:\/\/griechischefilmwoche.com\/wp-content\/uploads\/2023\/05\/Nima-768x1085.jpg 768w, https:\/\/griechischefilmwoche.com\/wp-content\/uploads\/2023\/05\/Nima-782x1105.jpg 782w, https:\/\/griechischefilmwoche.com\/wp-content\/uploads\/2023\/05\/Nima-201x284.jpg 201w, https:\/\/griechischefilmwoche.com\/wp-content\/uploads\/2023\/05\/Nima-499x705.jpg 499w\" sizes=\"(max-width: 874px) 100vw, 874px\" \/><\/div><\/div><\/div><\/div>\n<div  class='flex_column av-drml8c-f954464a1316b987e2fe45904e5fd3a4 av_one_fifth  avia-builder-el-20  el_after_av_one_fifth  el_before_av_one_fifth  flex_column_div  column-top-margin'     ><style type=\"text\/css\" data-created_by=\"avia_inline_auto\" id=\"style-css-av-lh5c6610-a33454b8a0fc65ed083e0102d5fbf464\">\n.avia-image-container.av-lh5c6610-a33454b8a0fc65ed083e0102d5fbf464 img.avia_image{\nbox-shadow:none;\n}\n.avia-image-container.av-lh5c6610-a33454b8a0fc65ed083e0102d5fbf464 .av-image-caption-overlay-center{\ncolor:#ffffff;\n}\n<\/style>\n<div  class='avia-image-container av-lh5c6610-a33454b8a0fc65ed083e0102d5fbf464 av-styling- av-hover-grow avia_animated_image av-animated-when-visible-95 fade-in avia-align-center  avia-builder-el-21  avia-builder-el-no-sibling '   itemprop=\"image\" itemscope=\"itemscope\" itemtype=\"https:\/\/schema.org\/ImageObject\" ><div class=\"avia-image-container-inner\"><div class=\"avia-image-overlay-wrap\"><img decoding=\"async\" fetchpriority=\"high\" class='wp-image-3890 avia-img-lazy-loading-not-3890 avia_image ' src=\"https:\/\/griechischefilmwoche.com\/wp-content\/uploads\/2023\/05\/Notias.jpg\" alt='' title='Notias'  height=\"1235\" width=\"874\"  itemprop=\"thumbnailUrl\" srcset=\"https:\/\/griechischefilmwoche.com\/wp-content\/uploads\/2023\/05\/Notias.jpg 874w, https:\/\/griechischefilmwoche.com\/wp-content\/uploads\/2023\/05\/Notias-212x300.jpg 212w, https:\/\/griechischefilmwoche.com\/wp-content\/uploads\/2023\/05\/Notias-729x1030.jpg 729w, https:\/\/griechischefilmwoche.com\/wp-content\/uploads\/2023\/05\/Notias-768x1085.jpg 768w, https:\/\/griechischefilmwoche.com\/wp-content\/uploads\/2023\/05\/Notias-782x1105.jpg 782w, https:\/\/griechischefilmwoche.com\/wp-content\/uploads\/2023\/05\/Notias-201x284.jpg 201w, https:\/\/griechischefilmwoche.com\/wp-content\/uploads\/2023\/05\/Notias-499x705.jpg 499w\" sizes=\"(max-width: 874px) 100vw, 874px\" \/><\/div><\/div><\/div><\/div>\n<div  class='flex_column av-c99a9o-5ae5cef9722ee12de4c2396a18fb284a av_one_fifth  avia-builder-el-22  el_after_av_one_fifth  el_before_av_one_fifth  flex_column_div  column-top-margin'     ><style type=\"text\/css\" data-created_by=\"avia_inline_auto\" id=\"style-css-av-lh5c6fe9-7d38537fac7110427d22156c07637903\">\n.avia-image-container.av-lh5c6fe9-7d38537fac7110427d22156c07637903 img.avia_image{\nbox-shadow:none;\n}\n.avia-image-container.av-lh5c6fe9-7d38537fac7110427d22156c07637903 .av-image-caption-overlay-center{\ncolor:#ffffff;\n}\n<\/style>\n<div  class='avia-image-container av-lh5c6fe9-7d38537fac7110427d22156c07637903 av-styling- av-hover-grow avia_animated_image av-animated-when-visible-95 fade-in avia-align-center  avia-builder-el-23  avia-builder-el-no-sibling '   itemprop=\"image\" itemscope=\"itemscope\" itemtype=\"https:\/\/schema.org\/ImageObject\" ><div class=\"avia-image-container-inner\"><div class=\"avia-image-overlay-wrap\"><img decoding=\"async\" fetchpriority=\"high\" class='wp-image-3892 avia-img-lazy-loading-not-3892 avia_image ' src=\"https:\/\/griechischefilmwoche.com\/wp-content\/uploads\/2023\/05\/O-Drakos.jpg\" alt='' title='O-Drakos'  height=\"1235\" width=\"874\"  itemprop=\"thumbnailUrl\" srcset=\"https:\/\/griechischefilmwoche.com\/wp-content\/uploads\/2023\/05\/O-Drakos.jpg 874w, https:\/\/griechischefilmwoche.com\/wp-content\/uploads\/2023\/05\/O-Drakos-212x300.jpg 212w, https:\/\/griechischefilmwoche.com\/wp-content\/uploads\/2023\/05\/O-Drakos-729x1030.jpg 729w, https:\/\/griechischefilmwoche.com\/wp-content\/uploads\/2023\/05\/O-Drakos-768x1085.jpg 768w, https:\/\/griechischefilmwoche.com\/wp-content\/uploads\/2023\/05\/O-Drakos-782x1105.jpg 782w, https:\/\/griechischefilmwoche.com\/wp-content\/uploads\/2023\/05\/O-Drakos-201x284.jpg 201w, https:\/\/griechischefilmwoche.com\/wp-content\/uploads\/2023\/05\/O-Drakos-499x705.jpg 499w\" sizes=\"(max-width: 874px) 100vw, 874px\" \/><\/div><\/div><\/div><\/div>\n<div  class='flex_column av-aaozng-17075ad5fd4b91ef40e30f6583adfa08 av_one_fifth  avia-builder-el-24  el_after_av_one_fifth  el_before_av_one_fifth  first flex_column_div  column-top-margin'     ><style type=\"text\/css\" data-created_by=\"avia_inline_auto\" id=\"style-css-av-lh5c6qxh-8fc128a8554724c0495f46fe33be1dbd\">\n.avia-image-container.av-lh5c6qxh-8fc128a8554724c0495f46fe33be1dbd img.avia_image{\nbox-shadow:none;\n}\n.avia-image-container.av-lh5c6qxh-8fc128a8554724c0495f46fe33be1dbd .av-image-caption-overlay-center{\ncolor:#ffffff;\n}\n<\/style>\n<div  class='avia-image-container av-lh5c6qxh-8fc128a8554724c0495f46fe33be1dbd av-styling- av-hover-grow avia_animated_image av-animated-when-visible-95 fade-in avia-align-center  avia-builder-el-25  avia-builder-el-no-sibling '   itemprop=\"image\" itemscope=\"itemscope\" itemtype=\"https:\/\/schema.org\/ImageObject\" ><div class=\"avia-image-container-inner\"><div class=\"avia-image-overlay-wrap\"><img decoding=\"async\" fetchpriority=\"high\" class='wp-image-3894 avia-img-lazy-loading-not-3894 avia_image ' src=\"https:\/\/griechischefilmwoche.com\/wp-content\/uploads\/2023\/05\/Park.jpg\" alt='' title='Park'  height=\"1235\" width=\"874\"  itemprop=\"thumbnailUrl\" srcset=\"https:\/\/griechischefilmwoche.com\/wp-content\/uploads\/2023\/05\/Park.jpg 874w, https:\/\/griechischefilmwoche.com\/wp-content\/uploads\/2023\/05\/Park-212x300.jpg 212w, https:\/\/griechischefilmwoche.com\/wp-content\/uploads\/2023\/05\/Park-729x1030.jpg 729w, https:\/\/griechischefilmwoche.com\/wp-content\/uploads\/2023\/05\/Park-768x1085.jpg 768w, https:\/\/griechischefilmwoche.com\/wp-content\/uploads\/2023\/05\/Park-782x1105.jpg 782w, https:\/\/griechischefilmwoche.com\/wp-content\/uploads\/2023\/05\/Park-201x284.jpg 201w, https:\/\/griechischefilmwoche.com\/wp-content\/uploads\/2023\/05\/Park-499x705.jpg 499w\" sizes=\"(max-width: 874px) 100vw, 874px\" \/><\/div><\/div><\/div><\/div>\n<div  class='flex_column av-9fxito-3280d6cab4ec7008a5d778fcae5eb41a av_one_fifth  avia-builder-el-26  el_after_av_one_fifth  el_before_av_one_fifth  flex_column_div  column-top-margin'     ><style type=\"text\/css\" data-created_by=\"avia_inline_auto\" id=\"style-css-av-lh5c6zz8-62674d84ffee670b7318fd2ab5de722e\">\n.avia-image-container.av-lh5c6zz8-62674d84ffee670b7318fd2ab5de722e img.avia_image{\nbox-shadow:none;\n}\n.avia-image-container.av-lh5c6zz8-62674d84ffee670b7318fd2ab5de722e .av-image-caption-overlay-center{\ncolor:#ffffff;\n}\n<\/style>\n<div  class='avia-image-container av-lh5c6zz8-62674d84ffee670b7318fd2ab5de722e av-styling- av-hover-grow avia_animated_image av-animated-when-visible-95 fade-in avia-align-center  avia-builder-el-27  avia-builder-el-no-sibling '   itemprop=\"image\" itemscope=\"itemscope\" itemtype=\"https:\/\/schema.org\/ImageObject\" ><div class=\"avia-image-container-inner\"><div class=\"avia-image-overlay-wrap\"><img decoding=\"async\" fetchpriority=\"high\" class='wp-image-3896 avia-img-lazy-loading-not-3896 avia_image ' src=\"https:\/\/griechischefilmwoche.com\/wp-content\/uploads\/2023\/05\/Teriade.jpg\" alt='' title='Teriade'  height=\"1235\" width=\"874\"  itemprop=\"thumbnailUrl\" srcset=\"https:\/\/griechischefilmwoche.com\/wp-content\/uploads\/2023\/05\/Teriade.jpg 874w, https:\/\/griechischefilmwoche.com\/wp-content\/uploads\/2023\/05\/Teriade-212x300.jpg 212w, https:\/\/griechischefilmwoche.com\/wp-content\/uploads\/2023\/05\/Teriade-729x1030.jpg 729w, https:\/\/griechischefilmwoche.com\/wp-content\/uploads\/2023\/05\/Teriade-768x1085.jpg 768w, https:\/\/griechischefilmwoche.com\/wp-content\/uploads\/2023\/05\/Teriade-782x1105.jpg 782w, https:\/\/griechischefilmwoche.com\/wp-content\/uploads\/2023\/05\/Teriade-201x284.jpg 201w, https:\/\/griechischefilmwoche.com\/wp-content\/uploads\/2023\/05\/Teriade-499x705.jpg 499w\" sizes=\"(max-width: 874px) 100vw, 874px\" \/><\/div><\/div><\/div><\/div>\n<div  class='flex_column av-6v5470-5eff170e411172c3aa47b035a2bbb79d av_one_fifth  avia-builder-el-28  el_after_av_one_fifth  el_before_av_one_fifth  flex_column_div  column-top-margin'     ><style type=\"text\/css\" data-created_by=\"avia_inline_auto\" id=\"style-css-av-lh5c7avu-2e1b3ad94297df0a69497adcdc4bca53\">\n.avia-image-container.av-lh5c7avu-2e1b3ad94297df0a69497adcdc4bca53 img.avia_image{\nbox-shadow:none;\n}\n.avia-image-container.av-lh5c7avu-2e1b3ad94297df0a69497adcdc4bca53 .av-image-caption-overlay-center{\ncolor:#ffffff;\n}\n<\/style>\n<div  class='avia-image-container av-lh5c7avu-2e1b3ad94297df0a69497adcdc4bca53 av-styling- av-hover-grow avia_animated_image av-animated-when-visible-95 fade-in avia-align-center  avia-builder-el-29  avia-builder-el-no-sibling '   itemprop=\"image\" itemscope=\"itemscope\" itemtype=\"https:\/\/schema.org\/ImageObject\" ><div class=\"avia-image-container-inner\"><div class=\"avia-image-overlay-wrap\"><img decoding=\"async\" fetchpriority=\"high\" class='wp-image-3898 avia-img-lazy-loading-not-3898 avia_image ' src=\"https:\/\/griechischefilmwoche.com\/wp-content\/uploads\/2023\/05\/The-Lobster.jpg\" alt='' title='The-Lobster'  height=\"1235\" width=\"874\"  itemprop=\"thumbnailUrl\" srcset=\"https:\/\/griechischefilmwoche.com\/wp-content\/uploads\/2023\/05\/The-Lobster.jpg 874w, https:\/\/griechischefilmwoche.com\/wp-content\/uploads\/2023\/05\/The-Lobster-212x300.jpg 212w, https:\/\/griechischefilmwoche.com\/wp-content\/uploads\/2023\/05\/The-Lobster-729x1030.jpg 729w, https:\/\/griechischefilmwoche.com\/wp-content\/uploads\/2023\/05\/The-Lobster-768x1085.jpg 768w, https:\/\/griechischefilmwoche.com\/wp-content\/uploads\/2023\/05\/The-Lobster-782x1105.jpg 782w, https:\/\/griechischefilmwoche.com\/wp-content\/uploads\/2023\/05\/The-Lobster-201x284.jpg 201w, https:\/\/griechischefilmwoche.com\/wp-content\/uploads\/2023\/05\/The-Lobster-499x705.jpg 499w\" sizes=\"(max-width: 874px) 100vw, 874px\" \/><\/div><\/div><\/div><\/div>\n<div  class='flex_column av-5p621o-82fef6bed55ae06d73f583b293f13729 av_one_fifth  avia-builder-el-30  el_after_av_one_fifth  el_before_av_one_fifth  flex_column_div  column-top-margin'     ><style type=\"text\/css\" data-created_by=\"avia_inline_auto\" id=\"style-css-av-lh5c7ixq-d99c5d0e424cde55f7649eb368a9f8bf\">\n.avia-image-container.av-lh5c7ixq-d99c5d0e424cde55f7649eb368a9f8bf img.avia_image{\nbox-shadow:none;\n}\n.avia-image-container.av-lh5c7ixq-d99c5d0e424cde55f7649eb368a9f8bf .av-image-caption-overlay-center{\ncolor:#ffffff;\n}\n<\/style>\n<div  class='avia-image-container av-lh5c7ixq-d99c5d0e424cde55f7649eb368a9f8bf av-styling- av-hover-grow avia_animated_image av-animated-when-visible-95 fade-in avia-align-center  avia-builder-el-31  avia-builder-el-no-sibling '   itemprop=\"image\" itemscope=\"itemscope\" itemtype=\"https:\/\/schema.org\/ImageObject\" ><div class=\"avia-image-container-inner\"><div class=\"avia-image-overlay-wrap\"><img decoding=\"async\" fetchpriority=\"high\" class='wp-image-3900 avia-img-lazy-loading-not-3900 avia_image ' src=\"https:\/\/griechischefilmwoche.com\/wp-content\/uploads\/2023\/05\/The-Longest-Run.jpg\" alt='' title='The-Longest-Run'  height=\"1235\" width=\"874\"  itemprop=\"thumbnailUrl\" srcset=\"https:\/\/griechischefilmwoche.com\/wp-content\/uploads\/2023\/05\/The-Longest-Run.jpg 874w, https:\/\/griechischefilmwoche.com\/wp-content\/uploads\/2023\/05\/The-Longest-Run-212x300.jpg 212w, https:\/\/griechischefilmwoche.com\/wp-content\/uploads\/2023\/05\/The-Longest-Run-729x1030.jpg 729w, https:\/\/griechischefilmwoche.com\/wp-content\/uploads\/2023\/05\/The-Longest-Run-768x1085.jpg 768w, https:\/\/griechischefilmwoche.com\/wp-content\/uploads\/2023\/05\/The-Longest-Run-782x1105.jpg 782w, https:\/\/griechischefilmwoche.com\/wp-content\/uploads\/2023\/05\/The-Longest-Run-201x284.jpg 201w, https:\/\/griechischefilmwoche.com\/wp-content\/uploads\/2023\/05\/The-Longest-Run-499x705.jpg 499w\" sizes=\"(max-width: 874px) 100vw, 874px\" \/><\/div><\/div><\/div><\/div>\n<div  class='flex_column av-diu4s-72b6b54e89dc00ca2b0d016c17e2a829 av_one_fifth  avia-builder-el-32  el_after_av_one_fifth  el_before_av_one_fifth  flex_column_div  column-top-margin'     ><style type=\"text\/css\" data-created_by=\"avia_inline_auto\" id=\"style-css-av-lh5c7rac-0f88a14085db1f5a1722600202f24b72\">\n.avia-image-container.av-lh5c7rac-0f88a14085db1f5a1722600202f24b72 img.avia_image{\nbox-shadow:none;\n}\n.avia-image-container.av-lh5c7rac-0f88a14085db1f5a1722600202f24b72 .av-image-caption-overlay-center{\ncolor:#ffffff;\n}\n<\/style>\n<div  class='avia-image-container av-lh5c7rac-0f88a14085db1f5a1722600202f24b72 av-styling- av-hover-grow avia_animated_image av-animated-when-visible-95 fade-in avia-align-center  avia-builder-el-33  avia-builder-el-no-sibling '   itemprop=\"image\" itemscope=\"itemscope\" itemtype=\"https:\/\/schema.org\/ImageObject\" ><div class=\"avia-image-container-inner\"><div class=\"avia-image-overlay-wrap\"><img decoding=\"async\" fetchpriority=\"high\" class='wp-image-3902 avia-img-lazy-loading-not-3902 avia_image ' src=\"https:\/\/griechischefilmwoche.com\/wp-content\/uploads\/2023\/05\/Tsatsiki.jpg\" alt='' title='Tsatsiki'  height=\"1235\" width=\"874\"  itemprop=\"thumbnailUrl\" srcset=\"https:\/\/griechischefilmwoche.com\/wp-content\/uploads\/2023\/05\/Tsatsiki.jpg 874w, https:\/\/griechischefilmwoche.com\/wp-content\/uploads\/2023\/05\/Tsatsiki-212x300.jpg 212w, https:\/\/griechischefilmwoche.com\/wp-content\/uploads\/2023\/05\/Tsatsiki-729x1030.jpg 729w, https:\/\/griechischefilmwoche.com\/wp-content\/uploads\/2023\/05\/Tsatsiki-768x1085.jpg 768w, https:\/\/griechischefilmwoche.com\/wp-content\/uploads\/2023\/05\/Tsatsiki-782x1105.jpg 782w, https:\/\/griechischefilmwoche.com\/wp-content\/uploads\/2023\/05\/Tsatsiki-201x284.jpg 201w, https:\/\/griechischefilmwoche.com\/wp-content\/uploads\/2023\/05\/Tsatsiki-499x705.jpg 499w\" sizes=\"(max-width: 874px) 100vw, 874px\" \/><\/div><\/div><\/div><\/div>\n<div  class='flex_column av-256af0-58540b54cabe29cad53382737de6fb32 av_one_fifth  avia-builder-el-34  el_after_av_one_fifth  avia-builder-el-last  first flex_column_div  column-top-margin'     ><style type=\"text\/css\" data-created_by=\"avia_inline_auto\" id=\"style-css-av-lh5c87k2-a9b7912ac90089c9c58e1832ac0a37da\">\n.avia-image-container.av-lh5c87k2-a9b7912ac90089c9c58e1832ac0a37da img.avia_image{\nbox-shadow:none;\n}\n.avia-image-container.av-lh5c87k2-a9b7912ac90089c9c58e1832ac0a37da .av-image-caption-overlay-center{\ncolor:#ffffff;\n}\n<\/style>\n<div  class='avia-image-container av-lh5c87k2-a9b7912ac90089c9c58e1832ac0a37da av-styling- av-hover-grow avia_animated_image av-animated-when-visible-95 fade-in avia-align-center  avia-builder-el-35  avia-builder-el-no-sibling '   itemprop=\"image\" itemscope=\"itemscope\" itemtype=\"https:\/\/schema.org\/ImageObject\" ><div class=\"avia-image-container-inner\"><div class=\"avia-image-overlay-wrap\"><img decoding=\"async\" fetchpriority=\"high\" class='wp-image-3904 avia-img-lazy-loading-not-3904 avia_image ' src=\"https:\/\/griechischefilmwoche.com\/wp-content\/uploads\/2023\/05\/Worlds-Apart.jpg\" alt='' title='Worlds-Apart'  height=\"1235\" width=\"874\"  itemprop=\"thumbnailUrl\" srcset=\"https:\/\/griechischefilmwoche.com\/wp-content\/uploads\/2023\/05\/Worlds-Apart.jpg 874w, https:\/\/griechischefilmwoche.com\/wp-content\/uploads\/2023\/05\/Worlds-Apart-212x300.jpg 212w, https:\/\/griechischefilmwoche.com\/wp-content\/uploads\/2023\/05\/Worlds-Apart-729x1030.jpg 729w, https:\/\/griechischefilmwoche.com\/wp-content\/uploads\/2023\/05\/Worlds-Apart-768x1085.jpg 768w, https:\/\/griechischefilmwoche.com\/wp-content\/uploads\/2023\/05\/Worlds-Apart-782x1105.jpg 782w, https:\/\/griechischefilmwoche.com\/wp-content\/uploads\/2023\/05\/Worlds-Apart-201x284.jpg 201w, https:\/\/griechischefilmwoche.com\/wp-content\/uploads\/2023\/05\/Worlds-Apart-499x705.jpg 499w\" sizes=\"(max-width: 874px) 100vw, 874px\" \/><\/div><\/div><\/div><\/div>\n","protected":false},"excerpt":{"rendered":"","protected":false},"author":4,"featured_media":3872,"parent":4072,"menu_order":0,"comment_status":"closed","ping_status":"closed","template":"","meta":{"footnotes":""},"class_list":["post-3907","page","type-page","status-publish","has-post-thumbnail","hentry"],"yoast_head":"<!-- This site is optimized with the Yoast SEO plugin v27.5 - https:\/\/yoast.com\/product\/yoast-seo-wordpress\/ -->\n<title>31. Griechische Filmwoche in M\u00fcnchen - Griechische Filmwoche<\/title>\n<meta name=\"robots\" content=\"index, follow, max-snippet:-1, max-image-preview:large, max-video-preview:-1\" \/>\n<link rel=\"canonical\" href=\"https:\/\/griechischefilmwoche.com\/el\/%ce%b1%cf%81%cf%87%ce%b5%ce%af%ce%bf\/31-griechische-filmwoche-2017\/\" \/>\n<meta property=\"og:locale\" content=\"el_GR\" \/>\n<meta property=\"og:type\" content=\"article\" \/>\n<meta property=\"og:title\" content=\"31. Griechische Filmwoche in M\u00fcnchen - Griechische Filmwoche\" \/>\n<meta property=\"og:url\" content=\"https:\/\/griechischefilmwoche.com\/el\/%ce%b1%cf%81%cf%87%ce%b5%ce%af%ce%bf\/31-griechische-filmwoche-2017\/\" \/>\n<meta property=\"og:site_name\" content=\"Griechische Filmwoche\" \/>\n<meta property=\"article:modified_time\" content=\"2023-05-01T21:48:35+00:00\" \/>\n<meta property=\"og:image\" content=\"https:\/\/griechischefilmwoche.com\/wp-content\/uploads\/2023\/05\/31.jpg\" \/>\n\t<meta property=\"og:image:width\" content=\"400\" \/>\n\t<meta property=\"og:image:height\" content=\"300\" \/>\n\t<meta property=\"og:image:type\" content=\"image\/jpeg\" \/>\n<meta name=\"twitter:card\" content=\"summary_large_image\" \/>\n<meta name=\"twitter:label1\" content=\"\u0395\u03ba\u03c4\u03b9\u03bc\u03ce\u03bc\u03b5\u03bd\u03bf\u03c2 \u03c7\u03c1\u03cc\u03bd\u03bf\u03c2 \u03b1\u03bd\u03ac\u03b3\u03bd\u03c9\u03c3\u03b7\u03c2\" \/>\n\t<meta name=\"twitter:data1\" content=\"21 \u03bb\u03b5\u03c0\u03c4\u03ac\" \/>\n<script type=\"application\/ld+json\" class=\"yoast-schema-graph\">{\"@context\":\"https:\\\/\\\/schema.org\",\"@graph\":[{\"@type\":\"WebPage\",\"@id\":\"https:\\\/\\\/griechischefilmwoche.com\\\/el\\\/%ce%b1%cf%81%cf%87%ce%b5%ce%af%ce%bf\\\/31-griechische-filmwoche-2017\\\/\",\"url\":\"https:\\\/\\\/griechischefilmwoche.com\\\/el\\\/%ce%b1%cf%81%cf%87%ce%b5%ce%af%ce%bf\\\/31-griechische-filmwoche-2017\\\/\",\"name\":\"31. Griechische Filmwoche in M\u00fcnchen - Griechische Filmwoche\",\"isPartOf\":{\"@id\":\"https:\\\/\\\/griechischefilmwoche.com\\\/el\\\/#website\"},\"primaryImageOfPage\":{\"@id\":\"https:\\\/\\\/griechischefilmwoche.com\\\/el\\\/%ce%b1%cf%81%cf%87%ce%b5%ce%af%ce%bf\\\/31-griechische-filmwoche-2017\\\/#primaryimage\"},\"image\":{\"@id\":\"https:\\\/\\\/griechischefilmwoche.com\\\/el\\\/%ce%b1%cf%81%cf%87%ce%b5%ce%af%ce%bf\\\/31-griechische-filmwoche-2017\\\/#primaryimage\"},\"thumbnailUrl\":\"https:\\\/\\\/griechischefilmwoche.com\\\/wp-content\\\/uploads\\\/2023\\\/05\\\/31.jpg\",\"datePublished\":\"2023-05-01T21:00:13+00:00\",\"dateModified\":\"2023-05-01T21:48:35+00:00\",\"breadcrumb\":{\"@id\":\"https:\\\/\\\/griechischefilmwoche.com\\\/el\\\/%ce%b1%cf%81%cf%87%ce%b5%ce%af%ce%bf\\\/31-griechische-filmwoche-2017\\\/#breadcrumb\"},\"inLanguage\":\"el\",\"potentialAction\":[{\"@type\":\"ReadAction\",\"target\":[\"https:\\\/\\\/griechischefilmwoche.com\\\/el\\\/%ce%b1%cf%81%cf%87%ce%b5%ce%af%ce%bf\\\/31-griechische-filmwoche-2017\\\/\"]}]},{\"@type\":\"ImageObject\",\"inLanguage\":\"el\",\"@id\":\"https:\\\/\\\/griechischefilmwoche.com\\\/el\\\/%ce%b1%cf%81%cf%87%ce%b5%ce%af%ce%bf\\\/31-griechische-filmwoche-2017\\\/#primaryimage\",\"url\":\"https:\\\/\\\/griechischefilmwoche.com\\\/wp-content\\\/uploads\\\/2023\\\/05\\\/31.jpg\",\"contentUrl\":\"https:\\\/\\\/griechischefilmwoche.com\\\/wp-content\\\/uploads\\\/2023\\\/05\\\/31.jpg\",\"width\":400,\"height\":300,\"caption\":\"Die 32. Griechische Filmwoche in M\u00fcnchen.\"},{\"@type\":\"BreadcrumbList\",\"@id\":\"https:\\\/\\\/griechischefilmwoche.com\\\/el\\\/%ce%b1%cf%81%cf%87%ce%b5%ce%af%ce%bf\\\/31-griechische-filmwoche-2017\\\/#breadcrumb\",\"itemListElement\":[{\"@type\":\"ListItem\",\"position\":1,\"name\":\"Home\",\"item\":\"https:\\\/\\\/griechischefilmwoche.com\\\/el\\\/programm2025\\\/\"},{\"@type\":\"ListItem\",\"position\":2,\"name\":\"31. Griechische Filmwoche in M\u00fcnchen\"}]},{\"@type\":\"WebSite\",\"@id\":\"https:\\\/\\\/griechischefilmwoche.com\\\/el\\\/#website\",\"url\":\"https:\\\/\\\/griechischefilmwoche.com\\\/el\\\/\",\"name\":\"Griechische Filmwoche\",\"description\":\"\",\"potentialAction\":[{\"@type\":\"SearchAction\",\"target\":{\"@type\":\"EntryPoint\",\"urlTemplate\":\"https:\\\/\\\/griechischefilmwoche.com\\\/el\\\/?s={search_term_string}\"},\"query-input\":{\"@type\":\"PropertyValueSpecification\",\"valueRequired\":true,\"valueName\":\"search_term_string\"}}],\"inLanguage\":\"el\"}]}<\/script>\n<!-- \/ Yoast SEO plugin. -->","yoast_head_json":{"title":"31. Griechische Filmwoche in M\u00fcnchen - Griechische Filmwoche","robots":{"index":"index","follow":"follow","max-snippet":"max-snippet:-1","max-image-preview":"max-image-preview:large","max-video-preview":"max-video-preview:-1"},"canonical":"https:\/\/griechischefilmwoche.com\/el\/%ce%b1%cf%81%cf%87%ce%b5%ce%af%ce%bf\/31-griechische-filmwoche-2017\/","og_locale":"el_GR","og_type":"article","og_title":"31. Griechische Filmwoche in M\u00fcnchen - Griechische Filmwoche","og_url":"https:\/\/griechischefilmwoche.com\/el\/%ce%b1%cf%81%cf%87%ce%b5%ce%af%ce%bf\/31-griechische-filmwoche-2017\/","og_site_name":"Griechische Filmwoche","article_modified_time":"2023-05-01T21:48:35+00:00","og_image":[{"width":400,"height":300,"url":"https:\/\/griechischefilmwoche.com\/wp-content\/uploads\/2023\/05\/31.jpg","type":"image\/jpeg"}],"twitter_card":"summary_large_image","twitter_misc":{"\u0395\u03ba\u03c4\u03b9\u03bc\u03ce\u03bc\u03b5\u03bd\u03bf\u03c2 \u03c7\u03c1\u03cc\u03bd\u03bf\u03c2 \u03b1\u03bd\u03ac\u03b3\u03bd\u03c9\u03c3\u03b7\u03c2":"21 \u03bb\u03b5\u03c0\u03c4\u03ac"},"schema":{"@context":"https:\/\/schema.org","@graph":[{"@type":"WebPage","@id":"https:\/\/griechischefilmwoche.com\/el\/%ce%b1%cf%81%cf%87%ce%b5%ce%af%ce%bf\/31-griechische-filmwoche-2017\/","url":"https:\/\/griechischefilmwoche.com\/el\/%ce%b1%cf%81%cf%87%ce%b5%ce%af%ce%bf\/31-griechische-filmwoche-2017\/","name":"31. Griechische Filmwoche in M\u00fcnchen - Griechische Filmwoche","isPartOf":{"@id":"https:\/\/griechischefilmwoche.com\/el\/#website"},"primaryImageOfPage":{"@id":"https:\/\/griechischefilmwoche.com\/el\/%ce%b1%cf%81%cf%87%ce%b5%ce%af%ce%bf\/31-griechische-filmwoche-2017\/#primaryimage"},"image":{"@id":"https:\/\/griechischefilmwoche.com\/el\/%ce%b1%cf%81%cf%87%ce%b5%ce%af%ce%bf\/31-griechische-filmwoche-2017\/#primaryimage"},"thumbnailUrl":"https:\/\/griechischefilmwoche.com\/wp-content\/uploads\/2023\/05\/31.jpg","datePublished":"2023-05-01T21:00:13+00:00","dateModified":"2023-05-01T21:48:35+00:00","breadcrumb":{"@id":"https:\/\/griechischefilmwoche.com\/el\/%ce%b1%cf%81%cf%87%ce%b5%ce%af%ce%bf\/31-griechische-filmwoche-2017\/#breadcrumb"},"inLanguage":"el","potentialAction":[{"@type":"ReadAction","target":["https:\/\/griechischefilmwoche.com\/el\/%ce%b1%cf%81%cf%87%ce%b5%ce%af%ce%bf\/31-griechische-filmwoche-2017\/"]}]},{"@type":"ImageObject","inLanguage":"el","@id":"https:\/\/griechischefilmwoche.com\/el\/%ce%b1%cf%81%cf%87%ce%b5%ce%af%ce%bf\/31-griechische-filmwoche-2017\/#primaryimage","url":"https:\/\/griechischefilmwoche.com\/wp-content\/uploads\/2023\/05\/31.jpg","contentUrl":"https:\/\/griechischefilmwoche.com\/wp-content\/uploads\/2023\/05\/31.jpg","width":400,"height":300,"caption":"Die 32. Griechische Filmwoche in M\u00fcnchen."},{"@type":"BreadcrumbList","@id":"https:\/\/griechischefilmwoche.com\/el\/%ce%b1%cf%81%cf%87%ce%b5%ce%af%ce%bf\/31-griechische-filmwoche-2017\/#breadcrumb","itemListElement":[{"@type":"ListItem","position":1,"name":"Home","item":"https:\/\/griechischefilmwoche.com\/el\/programm2025\/"},{"@type":"ListItem","position":2,"name":"31. Griechische Filmwoche in M\u00fcnchen"}]},{"@type":"WebSite","@id":"https:\/\/griechischefilmwoche.com\/el\/#website","url":"https:\/\/griechischefilmwoche.com\/el\/","name":"Griechische Filmwoche","description":"","potentialAction":[{"@type":"SearchAction","target":{"@type":"EntryPoint","urlTemplate":"https:\/\/griechischefilmwoche.com\/el\/?s={search_term_string}"},"query-input":{"@type":"PropertyValueSpecification","valueRequired":true,"valueName":"search_term_string"}}],"inLanguage":"el"}]}},"_links":{"self":[{"href":"https:\/\/griechischefilmwoche.com\/el\/wp-json\/wp\/v2\/pages\/3907","targetHints":{"allow":["GET"]}}],"collection":[{"href":"https:\/\/griechischefilmwoche.com\/el\/wp-json\/wp\/v2\/pages"}],"about":[{"href":"https:\/\/griechischefilmwoche.com\/el\/wp-json\/wp\/v2\/types\/page"}],"author":[{"embeddable":true,"href":"https:\/\/griechischefilmwoche.com\/el\/wp-json\/wp\/v2\/users\/4"}],"replies":[{"embeddable":true,"href":"https:\/\/griechischefilmwoche.com\/el\/wp-json\/wp\/v2\/comments?post=3907"}],"version-history":[{"count":0,"href":"https:\/\/griechischefilmwoche.com\/el\/wp-json\/wp\/v2\/pages\/3907\/revisions"}],"up":[{"embeddable":true,"href":"https:\/\/griechischefilmwoche.com\/el\/wp-json\/wp\/v2\/pages\/4072"}],"wp:featuredmedia":[{"embeddable":true,"href":"https:\/\/griechischefilmwoche.com\/el\/wp-json\/wp\/v2\/media\/3872"}],"wp:attachment":[{"href":"https:\/\/griechischefilmwoche.com\/el\/wp-json\/wp\/v2\/media?parent=3907"}],"curies":[{"name":"wp","href":"https:\/\/api.w.org\/{rel}","templated":true}]}}