{"id":3908,"date":"2023-04-30T22:31:23","date_gmt":"2023-04-30T20:31:23","guid":{"rendered":"https:\/\/griechischefilmwoche.com\/32-griechische-filmwoche-2018\/"},"modified":"2023-05-02T00:28:31","modified_gmt":"2023-05-01T22:28:31","slug":"32-griechische-filmwoche-2018","status":"publish","type":"page","link":"https:\/\/griechischefilmwoche.com\/el\/%ce%b1%cf%81%cf%87%ce%b5%ce%af%ce%bf\/32-griechische-filmwoche-2018\/","title":{"rendered":"32. Griechische Filmwoche in M\u00fcnchen"},"content":{"rendered":"\n<style type=\"text\/css\" data-created_by=\"avia_inline_auto\" id=\"style-css-av-lh3uggax-8bbf881f95bb5d9f0149c8ab3704ae44\">\n#top .av-special-heading.av-lh3uggax-8bbf881f95bb5d9f0149c8ab3704ae44{\npadding-bottom:10px;\n}\nbody .av-special-heading.av-lh3uggax-8bbf881f95bb5d9f0149c8ab3704ae44 .av-special-heading-tag .heading-char{\nfont-size:25px;\n}\n.av-special-heading.av-lh3uggax-8bbf881f95bb5d9f0149c8ab3704ae44 .av-subheading{\nfont-size:15px;\n}\n<\/style>\n<div  class='av-special-heading av-lh3uggax-8bbf881f95bb5d9f0149c8ab3704ae44 av-special-heading-h3  avia-builder-el-0  el_before_av_textblock  avia-builder-el-first '><h3 class='av-special-heading-tag '  itemprop=\"headline\"  >Das war die Griechische Filmwoche 2018<\/h3><div class=\"special-heading-border\"><div class=\"special-heading-inner-border\"><\/div><\/div><\/div>\n<section  class='av_textblock_section av-lh3uk6rz-7d05633d16015ead1df9aaa0b42ad2f8 '   itemscope=\"itemscope\" itemtype=\"https:\/\/schema.org\/CreativeWork\" ><div class='avia_textblock'  itemprop=\"text\" ><p>Zehn Tage lang, vom 15. bis 25. November, wurde das Leben in all seinen Facetten gefeiert. Die 32. griechische Filmwoche in M\u00fcnchen pr\u00e4sentierte Filme, die Freude, Hoffnung und Zusammenhalt in den Mittelpunkt stellten.<\/p>\n<p>Die 32. Ausgabe der Griechische Filmwoche bot eine beeindruckende Auswahl an Spiel- und Dokumentarfilmen, die das Publikum motivierten, unterhielten und zum Nachdenken anregten. Jeder Film erz\u00e4hlte eine einzigartige Geschichte und lud dazu ein, verschiedene Perspektiven zu erkunden. Besonders bemerkenswert war die Atmosph\u00e4re nach jeder Vorf\u00fchrung, wenn die Griechische Filmwoche ins PIXEL einlud. Dort konnten die Zuschauer zusammenkommen und ihre Eindr\u00fccke und Gedanken zu den Filmen austauschen. Es war ein Ort des Austauschs und der Begegnung, an dem die Filmwoche lebendig wurde.<\/p>\n<p>Die 32. Griechische Filmwoche 2018 war ein Fest, das nicht nur das griechische Kino feierte, sondern auch das Leben selbst. Es war eine Hommage an die Kraft der Geschichten und die Macht des Kinos, die uns inspirieren, mit Freude, Hoffnung und Zusammenhalt zu leben.<\/p>\n<p>Veranstalter der 32. Ausgabe war erstmals der neugegr\u00fcndete Club &#8220;Cinephil &#8211; Freunde des Griechischen Films&#8221;.<\/p>\n<\/div><\/section>\n<div  class='avia-button-wrap av-lh3um5av-88f2e417417b6cdb0daababe6fa8b28c-wrap avia-button-center  avia-builder-el-2  el_after_av_textblock  el_before_av_button '><a href='https:\/\/griechischefilmwoche.com\/wp-content\/uploads\/2023\/04\/griechische-filmwoche-programmheft-2018.pdf'  class='avia-button av-lh3um5av-88f2e417417b6cdb0daababe6fa8b28c av-link-btn avia-icon_select-yes-left-icon avia-size-small avia-position-center avia-color-theme-color'   aria-label=\"Programmheft herunterladen\"><span class='avia_button_icon avia_button_icon_left avia-iconfont avia-font-entypo-fontello' data-av_icon='\ue84e' data-av_iconfont='entypo-fontello' ><\/span><span class='avia_iconbox_title' >Programmheft herunterladen<\/span><\/a><\/div>\n<div  class='avia-button-wrap av-lh3uljxw-24405014c11a48204d1d38cab24afa9a-wrap avia-button-center  avia-builder-el-3  el_after_av_button  el_before_av_hr '><a href='https:\/\/griechischefilmwoche.com\/wp-content\/uploads\/2023\/04\/griechische-filmwoche-flyer-2018.pdf'  class='avia-button av-lh3uljxw-24405014c11a48204d1d38cab24afa9a av-link-btn avia-icon_select-yes-left-icon avia-size-small avia-position-center avia-color-theme-color'   aria-label=\"Programm-\u00dcbersicht herunterladen\"><span class='avia_button_icon avia_button_icon_left avia-iconfont avia-font-entypo-fontello' data-av_icon='\ue84e' data-av_iconfont='entypo-fontello' ><\/span><span class='avia_iconbox_title' >Programm-\u00dcbersicht herunterladen<\/span><\/a><\/div>\n<div  class='hr av-so2kom-1bf1bbda1d1d8fbcbc53a2e9b8d9dd74 hr-default  avia-builder-el-4  el_after_av_button  el_before_av_one_full '><span class='hr-inner '><span class=\"hr-inner-style\"><\/span><\/span><\/div>\n<div  class='flex_column av-qo0wrq-37f904de6ffdb7749d1d51da4d426162 av_one_full  avia-builder-el-5  el_after_av_hr  el_before_av_one_fifth  first flex_column_div  '     ><div  class='avia-video av-lh3v7t5i-212a6334651588223930bb13cb25c965 avia-video-16-9 av-no-preview-image avia-video-load-always av-lazyload-immediate av-lazyload-video-embed'  itemprop=\"video\" itemtype=\"https:\/\/schema.org\/VideoObject\"  data-original_url='https:\/\/www.youtube.com\/watch?v=yAkmGPRlayQ'><script type='text\/html' class='av-video-tmpl'><div class='avia-iframe-wrap'><iframe loading=\"lazy\" title=\"32. Griechische Filmwoche M\u00fcnchen 2018\" width=\"1500\" height=\"844\" src=\"https:\/\/www.youtube.com\/embed\/yAkmGPRlayQ?feature=oembed&autoplay=0&loop=0&controls=1&mute=0\" frameborder=\"0\" allow=\"accelerometer; autoplay; clipboard-write; encrypted-media; gyroscope; picture-in-picture; web-share\" allowfullscreen><\/iframe><\/div><\/script><div class='av-click-to-play-overlay'><div class=\"avia_playpause_icon\"><\/div><\/div><\/div><\/div>\n<div  class='flex_column av-qduebq-488a97b6583febd1be394e93db2942aa av_one_fifth  avia-builder-el-7  el_after_av_one_full  el_before_av_one_fifth  first flex_column_div  column-top-margin'     ><style type=\"text\/css\" data-created_by=\"avia_inline_auto\" id=\"style-css-av-lh3unjp6-7c4d8f67e140f46e0057f4ff3f524c3d\">\n.avia-image-container.av-lh3unjp6-7c4d8f67e140f46e0057f4ff3f524c3d img.avia_image{\nbox-shadow:none;\n}\n.avia-image-container.av-lh3unjp6-7c4d8f67e140f46e0057f4ff3f524c3d .av-image-caption-overlay-center{\ncolor:#ffffff;\n}\n<\/style>\n<div  class='avia-image-container av-lh3unjp6-7c4d8f67e140f46e0057f4ff3f524c3d av-styling- av-hover-grow avia_animated_image av-animated-when-visible-95 fade-in avia-align-center  avia-builder-el-8  avia-builder-el-no-sibling '   itemprop=\"image\" itemscope=\"itemscope\" itemtype=\"https:\/\/schema.org\/ImageObject\" ><div class=\"avia-image-container-inner\"><div class=\"avia-image-overlay-wrap\"><img decoding=\"async\" fetchpriority=\"high\" class='wp-image-3836 avia-img-lazy-loading-not-3836 avia_image ' src=\"https:\/\/griechischefilmwoche.com\/wp-content\/uploads\/2023\/04\/djam_poste.jpg\" alt='' title='djam_poste'  height=\"1235\" width=\"874\"  itemprop=\"thumbnailUrl\" srcset=\"https:\/\/griechischefilmwoche.com\/wp-content\/uploads\/2023\/04\/djam_poste.jpg 874w, https:\/\/griechischefilmwoche.com\/wp-content\/uploads\/2023\/04\/djam_poste-212x300.jpg 212w, https:\/\/griechischefilmwoche.com\/wp-content\/uploads\/2023\/04\/djam_poste-729x1030.jpg 729w, https:\/\/griechischefilmwoche.com\/wp-content\/uploads\/2023\/04\/djam_poste-768x1085.jpg 768w, https:\/\/griechischefilmwoche.com\/wp-content\/uploads\/2023\/04\/djam_poste-782x1105.jpg 782w, https:\/\/griechischefilmwoche.com\/wp-content\/uploads\/2023\/04\/djam_poste-201x284.jpg 201w, https:\/\/griechischefilmwoche.com\/wp-content\/uploads\/2023\/04\/djam_poste-499x705.jpg 499w\" sizes=\"(max-width: 874px) 100vw, 874px\" \/><\/div><\/div><\/div><\/div>\n<div  class='flex_column av-nmp2ye-ee44149358cc88a5dc3763b1bf0bd178 av_one_fifth  avia-builder-el-9  el_after_av_one_fifth  el_before_av_one_fifth  flex_column_div  column-top-margin'     ><style type=\"text\/css\" data-created_by=\"avia_inline_auto\" id=\"style-css-av-lh3v1sq9-f7cd3b69a766c90e2aa33151386c01c2\">\n.avia-image-container.av-lh3v1sq9-f7cd3b69a766c90e2aa33151386c01c2 img.avia_image{\nbox-shadow:none;\n}\n.avia-image-container.av-lh3v1sq9-f7cd3b69a766c90e2aa33151386c01c2 .av-image-caption-overlay-center{\ncolor:#ffffff;\n}\n<\/style>\n<div  class='avia-image-container av-lh3v1sq9-f7cd3b69a766c90e2aa33151386c01c2 av-styling- av-hover-grow avia_animated_image av-animated-when-visible-95 fade-in avia-align-center  avia-builder-el-10  avia-builder-el-no-sibling '   itemprop=\"image\" itemscope=\"itemscope\" itemtype=\"https:\/\/schema.org\/ImageObject\" ><div class=\"avia-image-container-inner\"><div class=\"avia-image-overlay-wrap\"><img decoding=\"async\" fetchpriority=\"high\" class='wp-image-3838 avia-img-lazy-loading-not-3838 avia_image ' src=\"https:\/\/griechischefilmwoche.com\/wp-content\/uploads\/2023\/04\/Do-It-Yourself.jpg\" alt='' title='Do-It-Yourself'  height=\"1235\" width=\"874\"  itemprop=\"thumbnailUrl\" srcset=\"https:\/\/griechischefilmwoche.com\/wp-content\/uploads\/2023\/04\/Do-It-Yourself.jpg 874w, https:\/\/griechischefilmwoche.com\/wp-content\/uploads\/2023\/04\/Do-It-Yourself-212x300.jpg 212w, https:\/\/griechischefilmwoche.com\/wp-content\/uploads\/2023\/04\/Do-It-Yourself-729x1030.jpg 729w, https:\/\/griechischefilmwoche.com\/wp-content\/uploads\/2023\/04\/Do-It-Yourself-768x1085.jpg 768w, https:\/\/griechischefilmwoche.com\/wp-content\/uploads\/2023\/04\/Do-It-Yourself-782x1105.jpg 782w, https:\/\/griechischefilmwoche.com\/wp-content\/uploads\/2023\/04\/Do-It-Yourself-201x284.jpg 201w, https:\/\/griechischefilmwoche.com\/wp-content\/uploads\/2023\/04\/Do-It-Yourself-499x705.jpg 499w\" sizes=\"(max-width: 874px) 100vw, 874px\" \/><\/div><\/div><\/div><\/div>\n<div  class='flex_column av-mru6o6-ef42c0dc2b75df6b14813b182e8f98f2 av_one_fifth  avia-builder-el-11  el_after_av_one_fifth  el_before_av_one_fifth  flex_column_div  column-top-margin'     ><style type=\"text\/css\" data-created_by=\"avia_inline_auto\" id=\"style-css-av-lh3v2ax7-13166801c6ee5a76bade585256e77a5d\">\n.avia-image-container.av-lh3v2ax7-13166801c6ee5a76bade585256e77a5d img.avia_image{\nbox-shadow:none;\n}\n.avia-image-container.av-lh3v2ax7-13166801c6ee5a76bade585256e77a5d .av-image-caption-overlay-center{\ncolor:#ffffff;\n}\n<\/style>\n<div  class='avia-image-container av-lh3v2ax7-13166801c6ee5a76bade585256e77a5d av-styling- av-hover-grow avia_animated_image av-animated-when-visible-95 fade-in avia-align-center  avia-builder-el-12  avia-builder-el-no-sibling '   itemprop=\"image\" itemscope=\"itemscope\" itemtype=\"https:\/\/schema.org\/ImageObject\" ><div class=\"avia-image-container-inner\"><div class=\"avia-image-overlay-wrap\"><img decoding=\"async\" fetchpriority=\"high\" class='wp-image-3840 avia-img-lazy-loading-not-3840 avia_image ' src=\"https:\/\/griechischefilmwoche.com\/wp-content\/uploads\/2023\/04\/Ein-Griechischer-Sommerr.jpg\" alt='' title='Ein-Griechischer-Sommerr'  height=\"1235\" width=\"874\"  itemprop=\"thumbnailUrl\" srcset=\"https:\/\/griechischefilmwoche.com\/wp-content\/uploads\/2023\/04\/Ein-Griechischer-Sommerr.jpg 874w, https:\/\/griechischefilmwoche.com\/wp-content\/uploads\/2023\/04\/Ein-Griechischer-Sommerr-212x300.jpg 212w, https:\/\/griechischefilmwoche.com\/wp-content\/uploads\/2023\/04\/Ein-Griechischer-Sommerr-729x1030.jpg 729w, https:\/\/griechischefilmwoche.com\/wp-content\/uploads\/2023\/04\/Ein-Griechischer-Sommerr-768x1085.jpg 768w, https:\/\/griechischefilmwoche.com\/wp-content\/uploads\/2023\/04\/Ein-Griechischer-Sommerr-782x1105.jpg 782w, https:\/\/griechischefilmwoche.com\/wp-content\/uploads\/2023\/04\/Ein-Griechischer-Sommerr-201x284.jpg 201w, https:\/\/griechischefilmwoche.com\/wp-content\/uploads\/2023\/04\/Ein-Griechischer-Sommerr-499x705.jpg 499w\" sizes=\"(max-width: 874px) 100vw, 874px\" \/><\/div><\/div><\/div><\/div>\n<div  class='flex_column av-k8nndi-ca113b52ca81e77603198578854c8ad0 av_one_fifth  avia-builder-el-13  el_after_av_one_fifth  el_before_av_one_fifth  flex_column_div  column-top-margin'     ><style type=\"text\/css\" data-created_by=\"avia_inline_auto\" id=\"style-css-av-lh3v2tko-108cc433756e3a56d0c24f684f1c3980\">\n.avia-image-container.av-lh3v2tko-108cc433756e3a56d0c24f684f1c3980 img.avia_image{\nbox-shadow:none;\n}\n.avia-image-container.av-lh3v2tko-108cc433756e3a56d0c24f684f1c3980 .av-image-caption-overlay-center{\ncolor:#ffffff;\n}\n<\/style>\n<div  class='avia-image-container av-lh3v2tko-108cc433756e3a56d0c24f684f1c3980 av-styling- av-hover-grow avia_animated_image av-animated-when-visible-95 fade-in avia-align-center  avia-builder-el-14  avia-builder-el-no-sibling '   itemprop=\"image\" itemscope=\"itemscope\" itemtype=\"https:\/\/schema.org\/ImageObject\" ><div class=\"avia-image-container-inner\"><div class=\"avia-image-overlay-wrap\"><img decoding=\"async\" fetchpriority=\"high\" class='wp-image-3842 avia-img-lazy-loading-not-3842 avia_image ' src=\"https:\/\/griechischefilmwoche.com\/wp-content\/uploads\/2023\/04\/Glossodetes.jpg\" alt='' title='Glossodetes'  height=\"1235\" width=\"874\"  itemprop=\"thumbnailUrl\" srcset=\"https:\/\/griechischefilmwoche.com\/wp-content\/uploads\/2023\/04\/Glossodetes.jpg 874w, https:\/\/griechischefilmwoche.com\/wp-content\/uploads\/2023\/04\/Glossodetes-212x300.jpg 212w, https:\/\/griechischefilmwoche.com\/wp-content\/uploads\/2023\/04\/Glossodetes-729x1030.jpg 729w, https:\/\/griechischefilmwoche.com\/wp-content\/uploads\/2023\/04\/Glossodetes-768x1085.jpg 768w, https:\/\/griechischefilmwoche.com\/wp-content\/uploads\/2023\/04\/Glossodetes-782x1105.jpg 782w, https:\/\/griechischefilmwoche.com\/wp-content\/uploads\/2023\/04\/Glossodetes-201x284.jpg 201w, https:\/\/griechischefilmwoche.com\/wp-content\/uploads\/2023\/04\/Glossodetes-499x705.jpg 499w\" sizes=\"(max-width: 874px) 100vw, 874px\" \/><\/div><\/div><\/div><\/div>\n<div  class='flex_column av-iyq9rq-106e595548661f9b5d3630d1916cbc56 av_one_fifth  avia-builder-el-15  el_after_av_one_fifth  el_before_av_one_fifth  flex_column_div  column-top-margin'     ><style type=\"text\/css\" data-created_by=\"avia_inline_auto\" id=\"style-css-av-lh3v31x0-6dd42d077ef70e6a58c47455087a6239\">\n.avia-image-container.av-lh3v31x0-6dd42d077ef70e6a58c47455087a6239 img.avia_image{\nbox-shadow:none;\n}\n.avia-image-container.av-lh3v31x0-6dd42d077ef70e6a58c47455087a6239 .av-image-caption-overlay-center{\ncolor:#ffffff;\n}\n<\/style>\n<div  class='avia-image-container av-lh3v31x0-6dd42d077ef70e6a58c47455087a6239 av-styling- av-hover-grow avia_animated_image av-animated-when-visible-95 fade-in avia-align-center  avia-builder-el-16  avia-builder-el-no-sibling '   itemprop=\"image\" itemscope=\"itemscope\" itemtype=\"https:\/\/schema.org\/ImageObject\" ><div class=\"avia-image-container-inner\"><div class=\"avia-image-overlay-wrap\"><img decoding=\"async\" fetchpriority=\"high\" class='wp-image-3844 avia-img-lazy-loading-not-3844 avia_image ' src=\"https:\/\/griechischefilmwoche.com\/wp-content\/uploads\/2023\/04\/Interruption.jpg\" alt='' title='Interruption'  height=\"1235\" width=\"874\"  itemprop=\"thumbnailUrl\" srcset=\"https:\/\/griechischefilmwoche.com\/wp-content\/uploads\/2023\/04\/Interruption.jpg 874w, https:\/\/griechischefilmwoche.com\/wp-content\/uploads\/2023\/04\/Interruption-212x300.jpg 212w, https:\/\/griechischefilmwoche.com\/wp-content\/uploads\/2023\/04\/Interruption-729x1030.jpg 729w, https:\/\/griechischefilmwoche.com\/wp-content\/uploads\/2023\/04\/Interruption-768x1085.jpg 768w, https:\/\/griechischefilmwoche.com\/wp-content\/uploads\/2023\/04\/Interruption-782x1105.jpg 782w, https:\/\/griechischefilmwoche.com\/wp-content\/uploads\/2023\/04\/Interruption-201x284.jpg 201w, https:\/\/griechischefilmwoche.com\/wp-content\/uploads\/2023\/04\/Interruption-499x705.jpg 499w\" sizes=\"(max-width: 874px) 100vw, 874px\" \/><\/div><\/div><\/div><\/div>\n<div  class='flex_column av-h5vy9y-c0567f6a94877fb77587de31b3ba5e1d av_one_fifth  avia-builder-el-17  el_after_av_one_fifth  el_before_av_one_fifth  first flex_column_div  column-top-margin'     ><style type=\"text\/css\" data-created_by=\"avia_inline_auto\" id=\"style-css-av-lh3v3c85-5a56fe47839df072c0e9c58c03babbdc\">\n.avia-image-container.av-lh3v3c85-5a56fe47839df072c0e9c58c03babbdc img.avia_image{\nbox-shadow:none;\n}\n.avia-image-container.av-lh3v3c85-5a56fe47839df072c0e9c58c03babbdc .av-image-caption-overlay-center{\ncolor:#ffffff;\n}\n<\/style>\n<div  class='avia-image-container av-lh3v3c85-5a56fe47839df072c0e9c58c03babbdc av-styling- av-hover-grow avia_animated_image av-animated-when-visible-95 fade-in avia-align-center  avia-builder-el-18  avia-builder-el-no-sibling '   itemprop=\"image\" itemscope=\"itemscope\" itemtype=\"https:\/\/schema.org\/ImageObject\" ><div class=\"avia-image-container-inner\"><div class=\"avia-image-overlay-wrap\"><img decoding=\"async\" fetchpriority=\"high\" class='wp-image-3846 avia-img-lazy-loading-not-3846 avia_image ' src=\"https:\/\/griechischefilmwoche.com\/wp-content\/uploads\/2023\/04\/Love-Me-Not.jpg\" alt='' title='Love-Me-Not'  height=\"1235\" width=\"874\"  itemprop=\"thumbnailUrl\" srcset=\"https:\/\/griechischefilmwoche.com\/wp-content\/uploads\/2023\/04\/Love-Me-Not.jpg 874w, https:\/\/griechischefilmwoche.com\/wp-content\/uploads\/2023\/04\/Love-Me-Not-212x300.jpg 212w, https:\/\/griechischefilmwoche.com\/wp-content\/uploads\/2023\/04\/Love-Me-Not-729x1030.jpg 729w, https:\/\/griechischefilmwoche.com\/wp-content\/uploads\/2023\/04\/Love-Me-Not-768x1085.jpg 768w, https:\/\/griechischefilmwoche.com\/wp-content\/uploads\/2023\/04\/Love-Me-Not-782x1105.jpg 782w, https:\/\/griechischefilmwoche.com\/wp-content\/uploads\/2023\/04\/Love-Me-Not-201x284.jpg 201w, https:\/\/griechischefilmwoche.com\/wp-content\/uploads\/2023\/04\/Love-Me-Not-499x705.jpg 499w\" sizes=\"(max-width: 874px) 100vw, 874px\" \/><\/div><\/div><\/div><\/div>\n<div  class='flex_column av-1klc06-3d3cf61715b238d4baafe26b145566b4 av_one_fifth  avia-builder-el-19  el_after_av_one_fifth  el_before_av_one_fifth  flex_column_div  column-top-margin'     ><style type=\"text\/css\" data-created_by=\"avia_inline_auto\" id=\"style-css-av-lh3v3n1s-8be57cddff4ba86d14e3e78f93269765\">\n.avia-image-container.av-lh3v3n1s-8be57cddff4ba86d14e3e78f93269765 img.avia_image{\nbox-shadow:none;\n}\n.avia-image-container.av-lh3v3n1s-8be57cddff4ba86d14e3e78f93269765 .av-image-caption-overlay-center{\ncolor:#ffffff;\n}\n<\/style>\n<div  class='avia-image-container av-lh3v3n1s-8be57cddff4ba86d14e3e78f93269765 av-styling- av-hover-grow avia_animated_image av-animated-when-visible-95 fade-in avia-align-center  avia-builder-el-20  avia-builder-el-no-sibling '   itemprop=\"image\" itemscope=\"itemscope\" itemtype=\"https:\/\/schema.org\/ImageObject\" ><div class=\"avia-image-container-inner\"><div class=\"avia-image-overlay-wrap\"><img decoding=\"async\" fetchpriority=\"high\" class='wp-image-3848 avia-img-lazy-loading-not-3848 avia_image ' src=\"https:\/\/griechischefilmwoche.com\/wp-content\/uploads\/2023\/04\/O-megalos-Peripatos-tis-Alkis.jpg\" alt='' title='O-megalos-Peripatos-tis-Alkis'  height=\"1235\" width=\"874\"  itemprop=\"thumbnailUrl\" srcset=\"https:\/\/griechischefilmwoche.com\/wp-content\/uploads\/2023\/04\/O-megalos-Peripatos-tis-Alkis.jpg 874w, https:\/\/griechischefilmwoche.com\/wp-content\/uploads\/2023\/04\/O-megalos-Peripatos-tis-Alkis-212x300.jpg 212w, https:\/\/griechischefilmwoche.com\/wp-content\/uploads\/2023\/04\/O-megalos-Peripatos-tis-Alkis-729x1030.jpg 729w, https:\/\/griechischefilmwoche.com\/wp-content\/uploads\/2023\/04\/O-megalos-Peripatos-tis-Alkis-768x1085.jpg 768w, https:\/\/griechischefilmwoche.com\/wp-content\/uploads\/2023\/04\/O-megalos-Peripatos-tis-Alkis-782x1105.jpg 782w, https:\/\/griechischefilmwoche.com\/wp-content\/uploads\/2023\/04\/O-megalos-Peripatos-tis-Alkis-201x284.jpg 201w, https:\/\/griechischefilmwoche.com\/wp-content\/uploads\/2023\/04\/O-megalos-Peripatos-tis-Alkis-499x705.jpg 499w\" sizes=\"(max-width: 874px) 100vw, 874px\" \/><\/div><\/div><\/div><\/div>\n<div  class='flex_column av-1cup52-0429e85bbe6304c0b5fd67751bdf4679 av_one_fifth  avia-builder-el-21  el_after_av_one_fifth  el_before_av_one_fifth  flex_column_div  column-top-margin'     ><style type=\"text\/css\" data-created_by=\"avia_inline_auto\" id=\"style-css-av-lh3v3xzd-24e529a18cb24ac67b52208bd3c860cd\">\n.avia-image-container.av-lh3v3xzd-24e529a18cb24ac67b52208bd3c860cd img.avia_image{\nbox-shadow:none;\n}\n.avia-image-container.av-lh3v3xzd-24e529a18cb24ac67b52208bd3c860cd .av-image-caption-overlay-center{\ncolor:#ffffff;\n}\n<\/style>\n<div  class='avia-image-container av-lh3v3xzd-24e529a18cb24ac67b52208bd3c860cd av-styling- av-hover-grow avia_animated_image av-animated-when-visible-95 fade-in avia-align-center  avia-builder-el-22  avia-builder-el-no-sibling '   itemprop=\"image\" itemscope=\"itemscope\" itemtype=\"https:\/\/schema.org\/ImageObject\" ><div class=\"avia-image-container-inner\"><div class=\"avia-image-overlay-wrap\"><img decoding=\"async\" fetchpriority=\"high\" class='wp-image-3850 avia-img-lazy-loading-not-3850 avia_image ' src=\"https:\/\/griechischefilmwoche.com\/wp-content\/uploads\/2023\/04\/Pity.jpg\" alt='' title='Pity'  height=\"1235\" width=\"874\"  itemprop=\"thumbnailUrl\" srcset=\"https:\/\/griechischefilmwoche.com\/wp-content\/uploads\/2023\/04\/Pity.jpg 874w, https:\/\/griechischefilmwoche.com\/wp-content\/uploads\/2023\/04\/Pity-212x300.jpg 212w, https:\/\/griechischefilmwoche.com\/wp-content\/uploads\/2023\/04\/Pity-729x1030.jpg 729w, https:\/\/griechischefilmwoche.com\/wp-content\/uploads\/2023\/04\/Pity-768x1085.jpg 768w, https:\/\/griechischefilmwoche.com\/wp-content\/uploads\/2023\/04\/Pity-782x1105.jpg 782w, https:\/\/griechischefilmwoche.com\/wp-content\/uploads\/2023\/04\/Pity-201x284.jpg 201w, https:\/\/griechischefilmwoche.com\/wp-content\/uploads\/2023\/04\/Pity-499x705.jpg 499w\" sizes=\"(max-width: 874px) 100vw, 874px\" \/><\/div><\/div><\/div><\/div>\n<div  class='flex_column av-cod1uu-1aa913890b547f9a9fabf1b768903ce6 av_one_fifth  avia-builder-el-23  el_after_av_one_fifth  el_before_av_one_fifth  flex_column_div  column-top-margin'     ><style type=\"text\/css\" data-created_by=\"avia_inline_auto\" id=\"style-css-av-lh3v4634-bdfa88febb0c875c671963a82f552ab8\">\n.avia-image-container.av-lh3v4634-bdfa88febb0c875c671963a82f552ab8 img.avia_image{\nbox-shadow:none;\n}\n.avia-image-container.av-lh3v4634-bdfa88febb0c875c671963a82f552ab8 .av-image-caption-overlay-center{\ncolor:#ffffff;\n}\n<\/style>\n<div  class='avia-image-container av-lh3v4634-bdfa88febb0c875c671963a82f552ab8 av-styling- av-hover-grow avia_animated_image av-animated-when-visible-95 fade-in avia-align-center  avia-builder-el-24  avia-builder-el-no-sibling '   itemprop=\"image\" itemscope=\"itemscope\" itemtype=\"https:\/\/schema.org\/ImageObject\" ><div class=\"avia-image-container-inner\"><div class=\"avia-image-overlay-wrap\"><img decoding=\"async\" fetchpriority=\"high\" class='wp-image-3852 avia-img-lazy-loading-not-3852 avia_image ' src=\"https:\/\/griechischefilmwoche.com\/wp-content\/uploads\/2023\/04\/Polyxeni.jpg\" alt='' title='Polyxeni'  height=\"1235\" width=\"874\"  itemprop=\"thumbnailUrl\" srcset=\"https:\/\/griechischefilmwoche.com\/wp-content\/uploads\/2023\/04\/Polyxeni.jpg 874w, https:\/\/griechischefilmwoche.com\/wp-content\/uploads\/2023\/04\/Polyxeni-212x300.jpg 212w, https:\/\/griechischefilmwoche.com\/wp-content\/uploads\/2023\/04\/Polyxeni-729x1030.jpg 729w, https:\/\/griechischefilmwoche.com\/wp-content\/uploads\/2023\/04\/Polyxeni-768x1085.jpg 768w, https:\/\/griechischefilmwoche.com\/wp-content\/uploads\/2023\/04\/Polyxeni-782x1105.jpg 782w, https:\/\/griechischefilmwoche.com\/wp-content\/uploads\/2023\/04\/Polyxeni-201x284.jpg 201w, https:\/\/griechischefilmwoche.com\/wp-content\/uploads\/2023\/04\/Polyxeni-499x705.jpg 499w\" sizes=\"(max-width: 874px) 100vw, 874px\" \/><\/div><\/div><\/div><\/div>\n<div  class='flex_column av-b6ueae-d46d2a0504c0ac4cbb2e0da30e38750b av_one_fifth  avia-builder-el-25  el_after_av_one_fifth  el_before_av_one_fifth  flex_column_div  column-top-margin'     ><style type=\"text\/css\" data-created_by=\"avia_inline_auto\" id=\"style-css-av-lh3v49u6-7863ac8401189be80c157dbd8fafd6f6\">\n.avia-image-container.av-lh3v49u6-7863ac8401189be80c157dbd8fafd6f6 img.avia_image{\nbox-shadow:none;\n}\n.avia-image-container.av-lh3v49u6-7863ac8401189be80c157dbd8fafd6f6 .av-image-caption-overlay-center{\ncolor:#ffffff;\n}\n<\/style>\n<div  class='avia-image-container av-lh3v49u6-7863ac8401189be80c157dbd8fafd6f6 av-styling- av-hover-grow avia_animated_image av-animated-when-visible-95 fade-in avia-align-center  avia-builder-el-26  avia-builder-el-no-sibling '   itemprop=\"image\" itemscope=\"itemscope\" itemtype=\"https:\/\/schema.org\/ImageObject\" ><div class=\"avia-image-container-inner\"><div class=\"avia-image-overlay-wrap\"><img decoding=\"async\" fetchpriority=\"high\" class='wp-image-3854 avia-img-lazy-loading-not-3854 avia_image ' src=\"https:\/\/griechischefilmwoche.com\/wp-content\/uploads\/2023\/04\/Return-Karamangiolis.jpg\" alt='' title='Return-Karamangiolis'  height=\"1235\" width=\"874\"  itemprop=\"thumbnailUrl\" srcset=\"https:\/\/griechischefilmwoche.com\/wp-content\/uploads\/2023\/04\/Return-Karamangiolis.jpg 874w, https:\/\/griechischefilmwoche.com\/wp-content\/uploads\/2023\/04\/Return-Karamangiolis-212x300.jpg 212w, https:\/\/griechischefilmwoche.com\/wp-content\/uploads\/2023\/04\/Return-Karamangiolis-729x1030.jpg 729w, https:\/\/griechischefilmwoche.com\/wp-content\/uploads\/2023\/04\/Return-Karamangiolis-768x1085.jpg 768w, https:\/\/griechischefilmwoche.com\/wp-content\/uploads\/2023\/04\/Return-Karamangiolis-782x1105.jpg 782w, https:\/\/griechischefilmwoche.com\/wp-content\/uploads\/2023\/04\/Return-Karamangiolis-201x284.jpg 201w, https:\/\/griechischefilmwoche.com\/wp-content\/uploads\/2023\/04\/Return-Karamangiolis-499x705.jpg 499w\" sizes=\"(max-width: 874px) 100vw, 874px\" \/><\/div><\/div><\/div><\/div>\n<div  class='flex_column av-vaesm-d583021993be6b45020f7dc191120f4c av_one_fifth  avia-builder-el-27  el_after_av_one_fifth  el_before_av_one_fifth  first flex_column_div  column-top-margin'     ><style type=\"text\/css\" data-created_by=\"avia_inline_auto\" id=\"style-css-av-lh3v4tla-3427faa39c470e2cf0091f7242c9c518\">\n.avia-image-container.av-lh3v4tla-3427faa39c470e2cf0091f7242c9c518 img.avia_image{\nbox-shadow:none;\n}\n.avia-image-container.av-lh3v4tla-3427faa39c470e2cf0091f7242c9c518 .av-image-caption-overlay-center{\ncolor:#ffffff;\n}\n<\/style>\n<div  class='avia-image-container av-lh3v4tla-3427faa39c470e2cf0091f7242c9c518 av-styling- av-hover-grow avia_animated_image av-animated-when-visible-95 fade-in avia-align-center  avia-builder-el-28  avia-builder-el-no-sibling '   itemprop=\"image\" itemscope=\"itemscope\" itemtype=\"https:\/\/schema.org\/ImageObject\" ><div class=\"avia-image-container-inner\"><div class=\"avia-image-overlay-wrap\"><img decoding=\"async\" fetchpriority=\"high\" class='wp-image-3856 avia-img-lazy-loading-not-3856 avia_image ' src=\"https:\/\/griechischefilmwoche.com\/wp-content\/uploads\/2023\/04\/success-story-poster.jpg\" alt='' title='success-story-poster'  height=\"1235\" width=\"874\"  itemprop=\"thumbnailUrl\" srcset=\"https:\/\/griechischefilmwoche.com\/wp-content\/uploads\/2023\/04\/success-story-poster.jpg 874w, https:\/\/griechischefilmwoche.com\/wp-content\/uploads\/2023\/04\/success-story-poster-212x300.jpg 212w, https:\/\/griechischefilmwoche.com\/wp-content\/uploads\/2023\/04\/success-story-poster-729x1030.jpg 729w, https:\/\/griechischefilmwoche.com\/wp-content\/uploads\/2023\/04\/success-story-poster-768x1085.jpg 768w, https:\/\/griechischefilmwoche.com\/wp-content\/uploads\/2023\/04\/success-story-poster-782x1105.jpg 782w, https:\/\/griechischefilmwoche.com\/wp-content\/uploads\/2023\/04\/success-story-poster-201x284.jpg 201w, https:\/\/griechischefilmwoche.com\/wp-content\/uploads\/2023\/04\/success-story-poster-499x705.jpg 499w\" sizes=\"(max-width: 874px) 100vw, 874px\" \/><\/div><\/div><\/div><\/div>\n<div  class='flex_column av-73hts6-9e96704921f4aaf6e953475919eb300f av_one_fifth  avia-builder-el-29  el_after_av_one_fifth  el_before_av_one_fifth  flex_column_div  column-top-margin'     ><style type=\"text\/css\" data-created_by=\"avia_inline_auto\" id=\"style-css-av-lh3v50d2-320af04c84676d450a86c50a32ff38f5\">\n.avia-image-container.av-lh3v50d2-320af04c84676d450a86c50a32ff38f5 img.avia_image{\nbox-shadow:none;\n}\n.avia-image-container.av-lh3v50d2-320af04c84676d450a86c50a32ff38f5 .av-image-caption-overlay-center{\ncolor:#ffffff;\n}\n<\/style>\n<div  class='avia-image-container av-lh3v50d2-320af04c84676d450a86c50a32ff38f5 av-styling- av-hover-grow avia_animated_image av-animated-when-visible-95 fade-in avia-align-center  avia-builder-el-30  avia-builder-el-no-sibling '   itemprop=\"image\" itemscope=\"itemscope\" itemtype=\"https:\/\/schema.org\/ImageObject\" ><div class=\"avia-image-container-inner\"><div class=\"avia-image-overlay-wrap\"><img decoding=\"async\" fetchpriority=\"high\" class='wp-image-3858 avia-img-lazy-loading-not-3858 avia_image ' src=\"https:\/\/griechischefilmwoche.com\/wp-content\/uploads\/2023\/04\/The-Killing-of-Sacred-Deer.jpg\" alt='' title='The-Killing-of-Sacred-Deer'  height=\"1235\" width=\"874\"  itemprop=\"thumbnailUrl\" srcset=\"https:\/\/griechischefilmwoche.com\/wp-content\/uploads\/2023\/04\/The-Killing-of-Sacred-Deer.jpg 874w, https:\/\/griechischefilmwoche.com\/wp-content\/uploads\/2023\/04\/The-Killing-of-Sacred-Deer-212x300.jpg 212w, https:\/\/griechischefilmwoche.com\/wp-content\/uploads\/2023\/04\/The-Killing-of-Sacred-Deer-729x1030.jpg 729w, https:\/\/griechischefilmwoche.com\/wp-content\/uploads\/2023\/04\/The-Killing-of-Sacred-Deer-768x1085.jpg 768w, https:\/\/griechischefilmwoche.com\/wp-content\/uploads\/2023\/04\/The-Killing-of-Sacred-Deer-782x1105.jpg 782w, https:\/\/griechischefilmwoche.com\/wp-content\/uploads\/2023\/04\/The-Killing-of-Sacred-Deer-201x284.jpg 201w, https:\/\/griechischefilmwoche.com\/wp-content\/uploads\/2023\/04\/The-Killing-of-Sacred-Deer-499x705.jpg 499w\" sizes=\"(max-width: 874px) 100vw, 874px\" \/><\/div><\/div><\/div><\/div>\n<div  class='flex_column av-6ko3mu-6aa4f166db350e0df7462fe860103760 av_one_fifth  avia-builder-el-31  el_after_av_one_fifth  el_before_av_one_fifth  flex_column_div  column-top-margin'     ><style type=\"text\/css\" data-created_by=\"avia_inline_auto\" id=\"style-css-av-lh3v5jsf-26b2e6f5b0767dce52c9c5017242f331\">\n.avia-image-container.av-lh3v5jsf-26b2e6f5b0767dce52c9c5017242f331 img.avia_image{\nbox-shadow:none;\n}\n.avia-image-container.av-lh3v5jsf-26b2e6f5b0767dce52c9c5017242f331 .av-image-caption-overlay-center{\ncolor:#ffffff;\n}\n<\/style>\n<div  class='avia-image-container av-lh3v5jsf-26b2e6f5b0767dce52c9c5017242f331 av-styling- av-hover-grow avia_animated_image av-animated-when-visible-95 fade-in avia-align-center  avia-builder-el-32  avia-builder-el-no-sibling '   itemprop=\"image\" itemscope=\"itemscope\" itemtype=\"https:\/\/schema.org\/ImageObject\" ><div class=\"avia-image-container-inner\"><div class=\"avia-image-overlay-wrap\"><img decoding=\"async\" fetchpriority=\"high\" class='wp-image-3860 avia-img-lazy-loading-not-3860 avia_image ' src=\"https:\/\/griechischefilmwoche.com\/wp-content\/uploads\/2023\/04\/The-Last-Note.jpg\" alt='' title='The-Last-Note'  height=\"1235\" width=\"874\"  itemprop=\"thumbnailUrl\" srcset=\"https:\/\/griechischefilmwoche.com\/wp-content\/uploads\/2023\/04\/The-Last-Note.jpg 874w, https:\/\/griechischefilmwoche.com\/wp-content\/uploads\/2023\/04\/The-Last-Note-212x300.jpg 212w, https:\/\/griechischefilmwoche.com\/wp-content\/uploads\/2023\/04\/The-Last-Note-729x1030.jpg 729w, https:\/\/griechischefilmwoche.com\/wp-content\/uploads\/2023\/04\/The-Last-Note-768x1085.jpg 768w, https:\/\/griechischefilmwoche.com\/wp-content\/uploads\/2023\/04\/The-Last-Note-782x1105.jpg 782w, https:\/\/griechischefilmwoche.com\/wp-content\/uploads\/2023\/04\/The-Last-Note-201x284.jpg 201w, https:\/\/griechischefilmwoche.com\/wp-content\/uploads\/2023\/04\/The-Last-Note-499x705.jpg 499w\" sizes=\"(max-width: 874px) 100vw, 874px\" \/><\/div><\/div><\/div><\/div>\n<div  class='flex_column av-48qu7a-3c62633d3b3eb84df6c496234da752b9 av_one_fifth  avia-builder-el-33  el_after_av_one_fifth  el_before_av_one_fifth  flex_column_div  column-top-margin'     ><style type=\"text\/css\" data-created_by=\"avia_inline_auto\" id=\"style-css-av-lh3v5adw-dacda2245b0c174fa9851bf44f583442\">\n.avia-image-container.av-lh3v5adw-dacda2245b0c174fa9851bf44f583442 img.avia_image{\nbox-shadow:none;\n}\n.avia-image-container.av-lh3v5adw-dacda2245b0c174fa9851bf44f583442 .av-image-caption-overlay-center{\ncolor:#ffffff;\n}\n<\/style>\n<div  class='avia-image-container av-lh3v5adw-dacda2245b0c174fa9851bf44f583442 av-styling- av-hover-grow avia_animated_image av-animated-when-visible-95 fade-in avia-align-center  avia-builder-el-34  avia-builder-el-no-sibling '   itemprop=\"image\" itemscope=\"itemscope\" itemtype=\"https:\/\/schema.org\/ImageObject\" ><div class=\"avia-image-container-inner\"><div class=\"avia-image-overlay-wrap\"><img decoding=\"async\" fetchpriority=\"high\" class='wp-image-3862 avia-img-lazy-loading-not-3862 avia_image ' src=\"https:\/\/griechischefilmwoche.com\/wp-content\/uploads\/2023\/04\/The-Ox.jpg\" alt='' title='The-Ox'  height=\"1235\" width=\"874\"  itemprop=\"thumbnailUrl\" srcset=\"https:\/\/griechischefilmwoche.com\/wp-content\/uploads\/2023\/04\/The-Ox.jpg 874w, https:\/\/griechischefilmwoche.com\/wp-content\/uploads\/2023\/04\/The-Ox-212x300.jpg 212w, https:\/\/griechischefilmwoche.com\/wp-content\/uploads\/2023\/04\/The-Ox-729x1030.jpg 729w, https:\/\/griechischefilmwoche.com\/wp-content\/uploads\/2023\/04\/The-Ox-768x1085.jpg 768w, https:\/\/griechischefilmwoche.com\/wp-content\/uploads\/2023\/04\/The-Ox-782x1105.jpg 782w, https:\/\/griechischefilmwoche.com\/wp-content\/uploads\/2023\/04\/The-Ox-201x284.jpg 201w, https:\/\/griechischefilmwoche.com\/wp-content\/uploads\/2023\/04\/The-Ox-499x705.jpg 499w\" sizes=\"(max-width: 874px) 100vw, 874px\" \/><\/div><\/div><\/div><\/div>\n<div  class='flex_column av-2lxn2e-5ae6c508c54af62b4a3df6d62a5dc05f av_one_fifth  avia-builder-el-35  el_after_av_one_fifth  avia-builder-el-last  flex_column_div  column-top-margin'     ><style type=\"text\/css\" data-created_by=\"avia_inline_auto\" id=\"style-css-av-lh3v62to-a441e3e93c5894574f94c7f79bac993f\">\n.avia-image-container.av-lh3v62to-a441e3e93c5894574f94c7f79bac993f img.avia_image{\nbox-shadow:none;\n}\n.avia-image-container.av-lh3v62to-a441e3e93c5894574f94c7f79bac993f .av-image-caption-overlay-center{\ncolor:#ffffff;\n}\n<\/style>\n<div  class='avia-image-container av-lh3v62to-a441e3e93c5894574f94c7f79bac993f av-styling- av-hover-grow avia_animated_image av-animated-when-visible-95 fade-in avia-align-center  avia-builder-el-36  avia-builder-el-no-sibling '   itemprop=\"image\" itemscope=\"itemscope\" itemtype=\"https:\/\/schema.org\/ImageObject\" ><div class=\"avia-image-container-inner\"><div class=\"avia-image-overlay-wrap\"><img decoding=\"async\" fetchpriority=\"high\" class='wp-image-3864 avia-img-lazy-loading-not-3864 avia_image ' src=\"https:\/\/griechischefilmwoche.com\/wp-content\/uploads\/2023\/04\/Wie-Bojen-im-Meer.jpg\" alt='' title='Wie-Bojen-im-Meer'  height=\"1235\" width=\"874\"  itemprop=\"thumbnailUrl\" srcset=\"https:\/\/griechischefilmwoche.com\/wp-content\/uploads\/2023\/04\/Wie-Bojen-im-Meer.jpg 874w, https:\/\/griechischefilmwoche.com\/wp-content\/uploads\/2023\/04\/Wie-Bojen-im-Meer-212x300.jpg 212w, https:\/\/griechischefilmwoche.com\/wp-content\/uploads\/2023\/04\/Wie-Bojen-im-Meer-729x1030.jpg 729w, https:\/\/griechischefilmwoche.com\/wp-content\/uploads\/2023\/04\/Wie-Bojen-im-Meer-768x1085.jpg 768w, https:\/\/griechischefilmwoche.com\/wp-content\/uploads\/2023\/04\/Wie-Bojen-im-Meer-782x1105.jpg 782w, https:\/\/griechischefilmwoche.com\/wp-content\/uploads\/2023\/04\/Wie-Bojen-im-Meer-201x284.jpg 201w, https:\/\/griechischefilmwoche.com\/wp-content\/uploads\/2023\/04\/Wie-Bojen-im-Meer-499x705.jpg 499w\" sizes=\"(max-width: 874px) 100vw, 874px\" \/><\/div><\/div><\/div><\/div>\n","protected":false},"excerpt":{"rendered":"","protected":false},"author":4,"featured_media":3867,"parent":4072,"menu_order":0,"comment_status":"closed","ping_status":"closed","template":"","meta":{"footnotes":""},"class_list":["post-3908","page","type-page","status-publish","has-post-thumbnail","hentry"],"yoast_head":"<!-- This site is optimized with the Yoast SEO plugin v27.5 - https:\/\/yoast.com\/product\/yoast-seo-wordpress\/ -->\n<title>32. Griechische Filmwoche in M\u00fcnchen - Griechische Filmwoche<\/title>\n<meta name=\"robots\" content=\"index, follow, max-snippet:-1, max-image-preview:large, max-video-preview:-1\" \/>\n<link rel=\"canonical\" href=\"https:\/\/griechischefilmwoche.com\/el\/%ce%b1%cf%81%cf%87%ce%b5%ce%af%ce%bf\/32-griechische-filmwoche-2018\/\" \/>\n<meta property=\"og:locale\" content=\"el_GR\" \/>\n<meta property=\"og:type\" content=\"article\" \/>\n<meta property=\"og:title\" content=\"32. Griechische Filmwoche in M\u00fcnchen - Griechische Filmwoche\" \/>\n<meta property=\"og:url\" content=\"https:\/\/griechischefilmwoche.com\/el\/%ce%b1%cf%81%cf%87%ce%b5%ce%af%ce%bf\/32-griechische-filmwoche-2018\/\" \/>\n<meta property=\"og:site_name\" content=\"Griechische Filmwoche\" \/>\n<meta property=\"article:modified_time\" content=\"2023-05-01T22:28:31+00:00\" \/>\n<meta property=\"og:image\" content=\"https:\/\/griechischefilmwoche.com\/wp-content\/uploads\/2023\/04\/32.jpg\" \/>\n\t<meta property=\"og:image:width\" content=\"400\" \/>\n\t<meta property=\"og:image:height\" content=\"300\" \/>\n\t<meta property=\"og:image:type\" content=\"image\/jpeg\" \/>\n<meta name=\"twitter:card\" content=\"summary_large_image\" \/>\n<meta name=\"twitter:label1\" content=\"\u0395\u03ba\u03c4\u03b9\u03bc\u03ce\u03bc\u03b5\u03bd\u03bf\u03c2 \u03c7\u03c1\u03cc\u03bd\u03bf\u03c2 \u03b1\u03bd\u03ac\u03b3\u03bd\u03c9\u03c3\u03b7\u03c2\" \/>\n\t<meta name=\"twitter:data1\" content=\"21 \u03bb\u03b5\u03c0\u03c4\u03ac\" \/>\n<script type=\"application\/ld+json\" class=\"yoast-schema-graph\">{\"@context\":\"https:\\\/\\\/schema.org\",\"@graph\":[{\"@type\":\"WebPage\",\"@id\":\"https:\\\/\\\/griechischefilmwoche.com\\\/el\\\/%ce%b1%cf%81%cf%87%ce%b5%ce%af%ce%bf\\\/32-griechische-filmwoche-2018\\\/\",\"url\":\"https:\\\/\\\/griechischefilmwoche.com\\\/el\\\/%ce%b1%cf%81%cf%87%ce%b5%ce%af%ce%bf\\\/32-griechische-filmwoche-2018\\\/\",\"name\":\"32. Griechische Filmwoche in M\u00fcnchen - Griechische Filmwoche\",\"isPartOf\":{\"@id\":\"https:\\\/\\\/griechischefilmwoche.com\\\/el\\\/#website\"},\"primaryImageOfPage\":{\"@id\":\"https:\\\/\\\/griechischefilmwoche.com\\\/el\\\/%ce%b1%cf%81%cf%87%ce%b5%ce%af%ce%bf\\\/32-griechische-filmwoche-2018\\\/#primaryimage\"},\"image\":{\"@id\":\"https:\\\/\\\/griechischefilmwoche.com\\\/el\\\/%ce%b1%cf%81%cf%87%ce%b5%ce%af%ce%bf\\\/32-griechische-filmwoche-2018\\\/#primaryimage\"},\"thumbnailUrl\":\"https:\\\/\\\/griechischefilmwoche.com\\\/wp-content\\\/uploads\\\/2023\\\/04\\\/32.jpg\",\"datePublished\":\"2023-04-30T20:31:23+00:00\",\"dateModified\":\"2023-05-01T22:28:31+00:00\",\"breadcrumb\":{\"@id\":\"https:\\\/\\\/griechischefilmwoche.com\\\/el\\\/%ce%b1%cf%81%cf%87%ce%b5%ce%af%ce%bf\\\/32-griechische-filmwoche-2018\\\/#breadcrumb\"},\"inLanguage\":\"el\",\"potentialAction\":[{\"@type\":\"ReadAction\",\"target\":[\"https:\\\/\\\/griechischefilmwoche.com\\\/el\\\/%ce%b1%cf%81%cf%87%ce%b5%ce%af%ce%bf\\\/32-griechische-filmwoche-2018\\\/\"]}]},{\"@type\":\"ImageObject\",\"inLanguage\":\"el\",\"@id\":\"https:\\\/\\\/griechischefilmwoche.com\\\/el\\\/%ce%b1%cf%81%cf%87%ce%b5%ce%af%ce%bf\\\/32-griechische-filmwoche-2018\\\/#primaryimage\",\"url\":\"https:\\\/\\\/griechischefilmwoche.com\\\/wp-content\\\/uploads\\\/2023\\\/04\\\/32.jpg\",\"contentUrl\":\"https:\\\/\\\/griechischefilmwoche.com\\\/wp-content\\\/uploads\\\/2023\\\/04\\\/32.jpg\",\"width\":400,\"height\":300,\"caption\":\"Die 32. Griechische Filmwoche in M\u00fcnchen.\"},{\"@type\":\"BreadcrumbList\",\"@id\":\"https:\\\/\\\/griechischefilmwoche.com\\\/el\\\/%ce%b1%cf%81%cf%87%ce%b5%ce%af%ce%bf\\\/32-griechische-filmwoche-2018\\\/#breadcrumb\",\"itemListElement\":[{\"@type\":\"ListItem\",\"position\":1,\"name\":\"Home\",\"item\":\"https:\\\/\\\/griechischefilmwoche.com\\\/el\\\/programm2025\\\/\"},{\"@type\":\"ListItem\",\"position\":2,\"name\":\"32. Griechische Filmwoche in M\u00fcnchen\"}]},{\"@type\":\"WebSite\",\"@id\":\"https:\\\/\\\/griechischefilmwoche.com\\\/el\\\/#website\",\"url\":\"https:\\\/\\\/griechischefilmwoche.com\\\/el\\\/\",\"name\":\"Griechische Filmwoche\",\"description\":\"\",\"potentialAction\":[{\"@type\":\"SearchAction\",\"target\":{\"@type\":\"EntryPoint\",\"urlTemplate\":\"https:\\\/\\\/griechischefilmwoche.com\\\/el\\\/?s={search_term_string}\"},\"query-input\":{\"@type\":\"PropertyValueSpecification\",\"valueRequired\":true,\"valueName\":\"search_term_string\"}}],\"inLanguage\":\"el\"}]}<\/script>\n<!-- \/ Yoast SEO plugin. -->","yoast_head_json":{"title":"32. Griechische Filmwoche in M\u00fcnchen - Griechische Filmwoche","robots":{"index":"index","follow":"follow","max-snippet":"max-snippet:-1","max-image-preview":"max-image-preview:large","max-video-preview":"max-video-preview:-1"},"canonical":"https:\/\/griechischefilmwoche.com\/el\/%ce%b1%cf%81%cf%87%ce%b5%ce%af%ce%bf\/32-griechische-filmwoche-2018\/","og_locale":"el_GR","og_type":"article","og_title":"32. Griechische Filmwoche in M\u00fcnchen - Griechische Filmwoche","og_url":"https:\/\/griechischefilmwoche.com\/el\/%ce%b1%cf%81%cf%87%ce%b5%ce%af%ce%bf\/32-griechische-filmwoche-2018\/","og_site_name":"Griechische Filmwoche","article_modified_time":"2023-05-01T22:28:31+00:00","og_image":[{"width":400,"height":300,"url":"https:\/\/griechischefilmwoche.com\/wp-content\/uploads\/2023\/04\/32.jpg","type":"image\/jpeg"}],"twitter_card":"summary_large_image","twitter_misc":{"\u0395\u03ba\u03c4\u03b9\u03bc\u03ce\u03bc\u03b5\u03bd\u03bf\u03c2 \u03c7\u03c1\u03cc\u03bd\u03bf\u03c2 \u03b1\u03bd\u03ac\u03b3\u03bd\u03c9\u03c3\u03b7\u03c2":"21 \u03bb\u03b5\u03c0\u03c4\u03ac"},"schema":{"@context":"https:\/\/schema.org","@graph":[{"@type":"WebPage","@id":"https:\/\/griechischefilmwoche.com\/el\/%ce%b1%cf%81%cf%87%ce%b5%ce%af%ce%bf\/32-griechische-filmwoche-2018\/","url":"https:\/\/griechischefilmwoche.com\/el\/%ce%b1%cf%81%cf%87%ce%b5%ce%af%ce%bf\/32-griechische-filmwoche-2018\/","name":"32. Griechische Filmwoche in M\u00fcnchen - Griechische Filmwoche","isPartOf":{"@id":"https:\/\/griechischefilmwoche.com\/el\/#website"},"primaryImageOfPage":{"@id":"https:\/\/griechischefilmwoche.com\/el\/%ce%b1%cf%81%cf%87%ce%b5%ce%af%ce%bf\/32-griechische-filmwoche-2018\/#primaryimage"},"image":{"@id":"https:\/\/griechischefilmwoche.com\/el\/%ce%b1%cf%81%cf%87%ce%b5%ce%af%ce%bf\/32-griechische-filmwoche-2018\/#primaryimage"},"thumbnailUrl":"https:\/\/griechischefilmwoche.com\/wp-content\/uploads\/2023\/04\/32.jpg","datePublished":"2023-04-30T20:31:23+00:00","dateModified":"2023-05-01T22:28:31+00:00","breadcrumb":{"@id":"https:\/\/griechischefilmwoche.com\/el\/%ce%b1%cf%81%cf%87%ce%b5%ce%af%ce%bf\/32-griechische-filmwoche-2018\/#breadcrumb"},"inLanguage":"el","potentialAction":[{"@type":"ReadAction","target":["https:\/\/griechischefilmwoche.com\/el\/%ce%b1%cf%81%cf%87%ce%b5%ce%af%ce%bf\/32-griechische-filmwoche-2018\/"]}]},{"@type":"ImageObject","inLanguage":"el","@id":"https:\/\/griechischefilmwoche.com\/el\/%ce%b1%cf%81%cf%87%ce%b5%ce%af%ce%bf\/32-griechische-filmwoche-2018\/#primaryimage","url":"https:\/\/griechischefilmwoche.com\/wp-content\/uploads\/2023\/04\/32.jpg","contentUrl":"https:\/\/griechischefilmwoche.com\/wp-content\/uploads\/2023\/04\/32.jpg","width":400,"height":300,"caption":"Die 32. Griechische Filmwoche in M\u00fcnchen."},{"@type":"BreadcrumbList","@id":"https:\/\/griechischefilmwoche.com\/el\/%ce%b1%cf%81%cf%87%ce%b5%ce%af%ce%bf\/32-griechische-filmwoche-2018\/#breadcrumb","itemListElement":[{"@type":"ListItem","position":1,"name":"Home","item":"https:\/\/griechischefilmwoche.com\/el\/programm2025\/"},{"@type":"ListItem","position":2,"name":"32. Griechische Filmwoche in M\u00fcnchen"}]},{"@type":"WebSite","@id":"https:\/\/griechischefilmwoche.com\/el\/#website","url":"https:\/\/griechischefilmwoche.com\/el\/","name":"Griechische Filmwoche","description":"","potentialAction":[{"@type":"SearchAction","target":{"@type":"EntryPoint","urlTemplate":"https:\/\/griechischefilmwoche.com\/el\/?s={search_term_string}"},"query-input":{"@type":"PropertyValueSpecification","valueRequired":true,"valueName":"search_term_string"}}],"inLanguage":"el"}]}},"_links":{"self":[{"href":"https:\/\/griechischefilmwoche.com\/el\/wp-json\/wp\/v2\/pages\/3908","targetHints":{"allow":["GET"]}}],"collection":[{"href":"https:\/\/griechischefilmwoche.com\/el\/wp-json\/wp\/v2\/pages"}],"about":[{"href":"https:\/\/griechischefilmwoche.com\/el\/wp-json\/wp\/v2\/types\/page"}],"author":[{"embeddable":true,"href":"https:\/\/griechischefilmwoche.com\/el\/wp-json\/wp\/v2\/users\/4"}],"replies":[{"embeddable":true,"href":"https:\/\/griechischefilmwoche.com\/el\/wp-json\/wp\/v2\/comments?post=3908"}],"version-history":[{"count":0,"href":"https:\/\/griechischefilmwoche.com\/el\/wp-json\/wp\/v2\/pages\/3908\/revisions"}],"up":[{"embeddable":true,"href":"https:\/\/griechischefilmwoche.com\/el\/wp-json\/wp\/v2\/pages\/4072"}],"wp:featuredmedia":[{"embeddable":true,"href":"https:\/\/griechischefilmwoche.com\/el\/wp-json\/wp\/v2\/media\/3867"}],"wp:attachment":[{"href":"https:\/\/griechischefilmwoche.com\/el\/wp-json\/wp\/v2\/media?parent=3908"}],"curies":[{"name":"wp","href":"https:\/\/api.w.org\/{rel}","templated":true}]}}