{"id":3941,"date":"2023-05-01T23:56:21","date_gmt":"2023-05-01T21:56:21","guid":{"rendered":"https:\/\/griechischefilmwoche.com\/30-griechische-filmwoche-2016\/"},"modified":"2023-05-02T01:10:23","modified_gmt":"2023-05-01T23:10:23","slug":"30-griechische-filmwoche-2016","status":"publish","type":"page","link":"https:\/\/griechischefilmwoche.com\/el\/%ce%b1%cf%81%cf%87%ce%b5%ce%af%ce%bf\/30-griechische-filmwoche-2016\/","title":{"rendered":"30. Griechische Filmwoche in M\u00fcnchen"},"content":{"rendered":"\n<style type=\"text\/css\" data-created_by=\"avia_inline_auto\" id=\"style-css-av-lh5dru88-dc301aceea92596f375dbf38cd95c566\">\n#top .av-special-heading.av-lh5dru88-dc301aceea92596f375dbf38cd95c566{\npadding-bottom:10px;\n}\nbody .av-special-heading.av-lh5dru88-dc301aceea92596f375dbf38cd95c566 .av-special-heading-tag .heading-char{\nfont-size:25px;\n}\n.av-special-heading.av-lh5dru88-dc301aceea92596f375dbf38cd95c566 .av-subheading{\nfont-size:15px;\n}\n<\/style>\n<div  class='av-special-heading av-lh5dru88-dc301aceea92596f375dbf38cd95c566 av-special-heading-h3  avia-builder-el-0  el_before_av_textblock  avia-builder-el-first '><h3 class='av-special-heading-tag '  itemprop=\"headline\"  >Das war die Griechische Filmwoche 2016<\/h3><div class=\"special-heading-border\"><div class=\"special-heading-inner-border\"><\/div><\/div><\/div>\n<section  class='av_textblock_section av-lh5dau4t-25e60fa64716f11f8d2b9ab9bb21bf30 '   itemscope=\"itemscope\" itemtype=\"https:\/\/schema.org\/CreativeWork\" ><div class='avia_textblock'  itemprop=\"text\" ><p>Die 30. Ausgabe der Griechischen Filmwoche fand im Herbst 2016 in M\u00fcnchen statt und lockte zahlreiche Cineasten in die bayerische Landeshauptstadt. Das Festival, das vom 11. bis 21. November 2016 stattfand, bot eine vielf\u00e4ltige Auswahl an griechischen Filmen und erm\u00f6glichte den Zuschauern einen Einblick in die reiche Kultur und das Filmschaffen Griechenlands.<\/p>\n<p>Zum 30. Jubil\u00e4um spannte die Griechische Filmwoche in M\u00fcnchen einen Bogen von den gro\u00dfen Publikumserfolgen der Vergangenheit, die von den Altmeistern des griechischen Kinos wie Theo Angelopoulos, Michael Cacoyannis und Pantelis Voulgaris stammen, bis hin zu aktuellen Werken junger griechischer Filmemacher.<\/p>\n<p><em><strong>Die 30. Griechische Filmwoche M\u00fcnchen war eine Veranstaltung des Griechischen Filmforums e.V., der Filmstadt M\u00fcnchen und in Kooperation mit der M\u00fcnchner Stadtbibliothek. Das Programm wurde vom Kulturreferat der Landeshauptstadt M\u00fcnchen gef\u00f6rdert.<\/strong><\/em><\/p>\n<\/div><\/section>\n<div  class='avia-button-wrap av-lh5ddnsg-cf895047baeca2617cf007d575f50b09-wrap avia-button-center  avia-builder-el-2  el_after_av_textblock  el_before_av_textblock '><a href='https:\/\/griechischefilmwoche.com\/wp-content\/uploads\/2023\/05\/griechische-filmwoche-programmheft-2016_small.pdf'  class='avia-button av-lh5ddnsg-cf895047baeca2617cf007d575f50b09 av-link-btn avia-icon_select-yes-left-icon avia-size-small avia-position-center avia-color-theme-color'   aria-label=\"Programmheft herunterladen\"><span class='avia_button_icon avia_button_icon_left avia-iconfont avia-font-entypo-fontello' data-av_icon='\ue84e' data-av_iconfont='entypo-fontello' ><\/span><span class='avia_iconbox_title' >Programmheft herunterladen<\/span><\/a><\/div>\n<section  class='av_textblock_section av-lh5dhjqi-37f7b904a8890e610b4dffc077229894 '   itemscope=\"itemscope\" itemtype=\"https:\/\/schema.org\/CreativeWork\" ><div class='avia_textblock'  itemprop=\"text\" ><p><em>&#8220;Der vorliegende Download stammt aus dem Privatarchiv der Filmstadt M\u00fcnchen. Die Seiten wurden von Cinephile M\u00fcnchen e.V. aus historischen Gr\u00fcnden gescannt und digitalisiert, um sie der \u00d6ffentlichkeit zug\u00e4nglich zu machen. Aufgrund der Beschaffenheit des Archivmaterials und des Scanprozesses kann die Qualit\u00e4t des Downloads variieren und m\u00f6glicherweise nicht optimal sein. Dennoch hoffen wir, dass der Inhalt und die Informationen, die durch diese digitalisierten Seiten vermittelt werden, f\u00fcr Sie von Interesse sind.&#8221;<\/em><\/p>\n<\/div><\/section>\n<div  class='hr av-ooijcy-9ef4a1749cf5fb5478a82b2611d72132 hr-default  avia-builder-el-4  el_after_av_textblock  el_before_av_one_fifth '><span class='hr-inner '><span class=\"hr-inner-style\"><\/span><\/span><\/div>\n<div  class='flex_column av-m4pple-460d6210f048734dabfb1fbcf309fd92 av_one_fifth  avia-builder-el-5  el_after_av_hr  el_before_av_one_fifth  first flex_column_div  '     ><style type=\"text\/css\" data-created_by=\"avia_inline_auto\" id=\"style-css-av-lh5dlbob-8075cb7bf29952097eefeddcaac03cd9\">\n.avia-image-container.av-lh5dlbob-8075cb7bf29952097eefeddcaac03cd9 img.avia_image{\nbox-shadow:none;\n}\n.avia-image-container.av-lh5dlbob-8075cb7bf29952097eefeddcaac03cd9 .av-image-caption-overlay-center{\ncolor:#ffffff;\n}\n<\/style>\n<div  class='avia-image-container av-lh5dlbob-8075cb7bf29952097eefeddcaac03cd9 av-styling- av-hover-grow avia_animated_image av-animated-when-visible-95 fade-in avia-align-center  avia-builder-el-6  avia-builder-el-no-sibling '   itemprop=\"image\" itemscope=\"itemscope\" itemtype=\"https:\/\/schema.org\/ImageObject\" ><div class=\"avia-image-container-inner\"><div class=\"avia-image-overlay-wrap\"><img decoding=\"async\" fetchpriority=\"high\" class='wp-image-3910 avia-img-lazy-loading-not-3910 avia_image ' src=\"https:\/\/griechischefilmwoche.com\/wp-content\/uploads\/2023\/05\/Brides.jpg\" alt='' title='Brides'  height=\"1235\" width=\"874\"  itemprop=\"thumbnailUrl\" srcset=\"https:\/\/griechischefilmwoche.com\/wp-content\/uploads\/2023\/05\/Brides.jpg 874w, https:\/\/griechischefilmwoche.com\/wp-content\/uploads\/2023\/05\/Brides-212x300.jpg 212w, https:\/\/griechischefilmwoche.com\/wp-content\/uploads\/2023\/05\/Brides-729x1030.jpg 729w, https:\/\/griechischefilmwoche.com\/wp-content\/uploads\/2023\/05\/Brides-768x1085.jpg 768w, https:\/\/griechischefilmwoche.com\/wp-content\/uploads\/2023\/05\/Brides-782x1105.jpg 782w, https:\/\/griechischefilmwoche.com\/wp-content\/uploads\/2023\/05\/Brides-201x284.jpg 201w, https:\/\/griechischefilmwoche.com\/wp-content\/uploads\/2023\/05\/Brides-499x705.jpg 499w\" sizes=\"(max-width: 874px) 100vw, 874px\" \/><\/div><\/div><\/div><\/div>\n<div  class='flex_column av-kj4g8y-227a86a8de27d4d275b46e2cdc7631c8 av_one_fifth  avia-builder-el-7  el_after_av_one_fifth  el_before_av_one_fifth  flex_column_div  '     ><style type=\"text\/css\" data-created_by=\"avia_inline_auto\" id=\"style-css-av-lh5dlrkq-ea5fd8616bcc171ccf6826717c0a532d\">\n.avia-image-container.av-lh5dlrkq-ea5fd8616bcc171ccf6826717c0a532d img.avia_image{\nbox-shadow:none;\n}\n.avia-image-container.av-lh5dlrkq-ea5fd8616bcc171ccf6826717c0a532d .av-image-caption-overlay-center{\ncolor:#ffffff;\n}\n<\/style>\n<div  class='avia-image-container av-lh5dlrkq-ea5fd8616bcc171ccf6826717c0a532d av-styling- av-hover-grow avia_animated_image av-animated-when-visible-95 fade-in avia-align-center  avia-builder-el-8  avia-builder-el-no-sibling '   itemprop=\"image\" itemscope=\"itemscope\" itemtype=\"https:\/\/schema.org\/ImageObject\" ><div class=\"avia-image-container-inner\"><div class=\"avia-image-overlay-wrap\"><img decoding=\"async\" fetchpriority=\"high\" class='wp-image-3914 avia-img-lazy-loading-not-3914 avia_image ' src=\"https:\/\/griechischefilmwoche.com\/wp-content\/uploads\/2023\/05\/Chevalier.jpg\" alt='' title='Chevalier'  height=\"1235\" width=\"874\"  itemprop=\"thumbnailUrl\" srcset=\"https:\/\/griechischefilmwoche.com\/wp-content\/uploads\/2023\/05\/Chevalier.jpg 874w, https:\/\/griechischefilmwoche.com\/wp-content\/uploads\/2023\/05\/Chevalier-212x300.jpg 212w, https:\/\/griechischefilmwoche.com\/wp-content\/uploads\/2023\/05\/Chevalier-729x1030.jpg 729w, https:\/\/griechischefilmwoche.com\/wp-content\/uploads\/2023\/05\/Chevalier-768x1085.jpg 768w, https:\/\/griechischefilmwoche.com\/wp-content\/uploads\/2023\/05\/Chevalier-782x1105.jpg 782w, https:\/\/griechischefilmwoche.com\/wp-content\/uploads\/2023\/05\/Chevalier-201x284.jpg 201w, https:\/\/griechischefilmwoche.com\/wp-content\/uploads\/2023\/05\/Chevalier-499x705.jpg 499w\" sizes=\"(max-width: 874px) 100vw, 874px\" \/><\/div><\/div><\/div><\/div>\n<div  class='flex_column av-av_one_fifth-f83c135294f1e196eca8fa7a787613ac av_one_fifth  avia-builder-el-9  el_after_av_one_fifth  el_before_av_one_fifth  flex_column_div  '     ><style type=\"text\/css\" data-created_by=\"avia_inline_auto\" id=\"style-css-av-lh5dm612-a1a2763d0d55726ef42bee77abf6b4c8\">\n.avia-image-container.av-lh5dm612-a1a2763d0d55726ef42bee77abf6b4c8 img.avia_image{\nbox-shadow:none;\n}\n.avia-image-container.av-lh5dm612-a1a2763d0d55726ef42bee77abf6b4c8 .av-image-caption-overlay-center{\ncolor:#ffffff;\n}\n<\/style>\n<div  class='avia-image-container av-lh5dm612-a1a2763d0d55726ef42bee77abf6b4c8 av-styling- av-hover-grow avia_animated_image av-animated-when-visible-95 fade-in avia-align-center  avia-builder-el-10  avia-builder-el-no-sibling '   itemprop=\"image\" itemscope=\"itemscope\" itemtype=\"https:\/\/schema.org\/ImageObject\" ><div class=\"avia-image-container-inner\"><div class=\"avia-image-overlay-wrap\"><img decoding=\"async\" fetchpriority=\"high\" class='wp-image-3916 avia-img-lazy-loading-not-3916 avia_image ' src=\"https:\/\/griechischefilmwoche.com\/wp-content\/uploads\/2023\/05\/Die-Ewigkeit-und-ein-Tag.jpg\" alt='' title='Die-Ewigkeit-und-ein-Tag'  height=\"1235\" width=\"874\"  itemprop=\"thumbnailUrl\" srcset=\"https:\/\/griechischefilmwoche.com\/wp-content\/uploads\/2023\/05\/Die-Ewigkeit-und-ein-Tag.jpg 874w, https:\/\/griechischefilmwoche.com\/wp-content\/uploads\/2023\/05\/Die-Ewigkeit-und-ein-Tag-212x300.jpg 212w, https:\/\/griechischefilmwoche.com\/wp-content\/uploads\/2023\/05\/Die-Ewigkeit-und-ein-Tag-729x1030.jpg 729w, https:\/\/griechischefilmwoche.com\/wp-content\/uploads\/2023\/05\/Die-Ewigkeit-und-ein-Tag-768x1085.jpg 768w, https:\/\/griechischefilmwoche.com\/wp-content\/uploads\/2023\/05\/Die-Ewigkeit-und-ein-Tag-782x1105.jpg 782w, https:\/\/griechischefilmwoche.com\/wp-content\/uploads\/2023\/05\/Die-Ewigkeit-und-ein-Tag-201x284.jpg 201w, https:\/\/griechischefilmwoche.com\/wp-content\/uploads\/2023\/05\/Die-Ewigkeit-und-ein-Tag-499x705.jpg 499w\" sizes=\"(max-width: 874px) 100vw, 874px\" \/><\/div><\/div><\/div><\/div>\n<div  class='flex_column av-av_one_fifth-f83c135294f1e196eca8fa7a787613ac av_one_fifth  avia-builder-el-11  el_after_av_one_fifth  el_before_av_one_fifth  flex_column_div  '     ><style type=\"text\/css\" data-created_by=\"avia_inline_auto\" id=\"style-css-av-lh5geaih-a215dc9e2025d4033b95323aee0aca11\">\n.avia-image-container.av-lh5geaih-a215dc9e2025d4033b95323aee0aca11 img.avia_image{\nbox-shadow:none;\n}\n.avia-image-container.av-lh5geaih-a215dc9e2025d4033b95323aee0aca11 .av-image-caption-overlay-center{\ncolor:#ffffff;\n}\n<\/style>\n<div  class='avia-image-container av-lh5geaih-a215dc9e2025d4033b95323aee0aca11 av-styling- av-hover-grow avia_animated_image av-animated-when-visible-95 fade-in avia-align-center  avia-builder-el-12  avia-builder-el-no-sibling '   itemprop=\"image\" itemscope=\"itemscope\" itemtype=\"https:\/\/schema.org\/ImageObject\" ><div class=\"avia-image-container-inner\"><div class=\"avia-image-overlay-wrap\"><img decoding=\"async\" fetchpriority=\"high\" class='wp-image-3999 avia-img-lazy-loading-not-3999 avia_image ' src=\"https:\/\/griechischefilmwoche.com\/wp-content\/uploads\/2023\/05\/Eden-Is-West.jpg\" alt='' title='Eden-Is-West'  height=\"1235\" width=\"874\"  itemprop=\"thumbnailUrl\" srcset=\"https:\/\/griechischefilmwoche.com\/wp-content\/uploads\/2023\/05\/Eden-Is-West.jpg 874w, https:\/\/griechischefilmwoche.com\/wp-content\/uploads\/2023\/05\/Eden-Is-West-212x300.jpg 212w, https:\/\/griechischefilmwoche.com\/wp-content\/uploads\/2023\/05\/Eden-Is-West-729x1030.jpg 729w, https:\/\/griechischefilmwoche.com\/wp-content\/uploads\/2023\/05\/Eden-Is-West-768x1085.jpg 768w, https:\/\/griechischefilmwoche.com\/wp-content\/uploads\/2023\/05\/Eden-Is-West-782x1105.jpg 782w, https:\/\/griechischefilmwoche.com\/wp-content\/uploads\/2023\/05\/Eden-Is-West-201x284.jpg 201w, https:\/\/griechischefilmwoche.com\/wp-content\/uploads\/2023\/05\/Eden-Is-West-499x705.jpg 499w\" sizes=\"(max-width: 874px) 100vw, 874px\" \/><\/div><\/div><\/div><\/div><div  class='flex_column av-haox6q-2f7f5a9f884727e7439e697311ef649d av_one_fifth  avia-builder-el-13  el_after_av_one_fifth  el_before_av_one_fifth  flex_column_div  '     ><style type=\"text\/css\" data-created_by=\"avia_inline_auto\" id=\"style-css-av-lh5dmhni-e03b0a8bb6a524b2f502935da1df3a4c\">\n.avia-image-container.av-lh5dmhni-e03b0a8bb6a524b2f502935da1df3a4c img.avia_image{\nbox-shadow:none;\n}\n.avia-image-container.av-lh5dmhni-e03b0a8bb6a524b2f502935da1df3a4c .av-image-caption-overlay-center{\ncolor:#ffffff;\n}\n<\/style>\n<div  class='avia-image-container av-lh5dmhni-e03b0a8bb6a524b2f502935da1df3a4c av-styling- av-hover-grow avia_animated_image av-animated-when-visible-95 fade-in avia-align-center  avia-builder-el-14  avia-builder-el-no-sibling '   itemprop=\"image\" itemscope=\"itemscope\" itemtype=\"https:\/\/schema.org\/ImageObject\" ><div class=\"avia-image-container-inner\"><div class=\"avia-image-overlay-wrap\"><img decoding=\"async\" fetchpriority=\"high\" class='wp-image-3918 avia-img-lazy-loading-not-3918 avia_image ' src=\"https:\/\/griechischefilmwoche.com\/wp-content\/uploads\/2023\/05\/Electra.jpg\" alt='' title='Electra'  height=\"1235\" width=\"874\"  itemprop=\"thumbnailUrl\" srcset=\"https:\/\/griechischefilmwoche.com\/wp-content\/uploads\/2023\/05\/Electra.jpg 874w, https:\/\/griechischefilmwoche.com\/wp-content\/uploads\/2023\/05\/Electra-212x300.jpg 212w, https:\/\/griechischefilmwoche.com\/wp-content\/uploads\/2023\/05\/Electra-729x1030.jpg 729w, https:\/\/griechischefilmwoche.com\/wp-content\/uploads\/2023\/05\/Electra-768x1085.jpg 768w, https:\/\/griechischefilmwoche.com\/wp-content\/uploads\/2023\/05\/Electra-782x1105.jpg 782w, https:\/\/griechischefilmwoche.com\/wp-content\/uploads\/2023\/05\/Electra-201x284.jpg 201w, https:\/\/griechischefilmwoche.com\/wp-content\/uploads\/2023\/05\/Electra-499x705.jpg 499w\" sizes=\"(max-width: 874px) 100vw, 874px\" \/><\/div><\/div><\/div><\/div><\/p>\n<div  class='flex_column av-f4zuqq-d5042a3e881bfa57ff5ce9f663fc211e av_one_fifth  avia-builder-el-15  el_after_av_one_fifth  el_before_av_one_fifth  first flex_column_div  column-top-margin'     ><style type=\"text\/css\" data-created_by=\"avia_inline_auto\" id=\"style-css-av-lh5dmpxj-2f09f0caef4b298c7c8d1b82611814cb\">\n.avia-image-container.av-lh5dmpxj-2f09f0caef4b298c7c8d1b82611814cb img.avia_image{\nbox-shadow:none;\n}\n.avia-image-container.av-lh5dmpxj-2f09f0caef4b298c7c8d1b82611814cb .av-image-caption-overlay-center{\ncolor:#ffffff;\n}\n<\/style>\n<div  class='avia-image-container av-lh5dmpxj-2f09f0caef4b298c7c8d1b82611814cb av-styling- av-hover-grow avia_animated_image av-animated-when-visible-95 fade-in avia-align-center  avia-builder-el-16  avia-builder-el-no-sibling '   itemprop=\"image\" itemscope=\"itemscope\" itemtype=\"https:\/\/schema.org\/ImageObject\" ><div class=\"avia-image-container-inner\"><div class=\"avia-image-overlay-wrap\"><img decoding=\"async\" fetchpriority=\"high\" class='wp-image-3920 avia-img-lazy-loading-not-3920 avia_image ' src=\"https:\/\/griechischefilmwoche.com\/wp-content\/uploads\/2023\/05\/Highway-To-Hellas.jpg\" alt='' title='Highway-To-Hellas'  height=\"1235\" width=\"874\"  itemprop=\"thumbnailUrl\" srcset=\"https:\/\/griechischefilmwoche.com\/wp-content\/uploads\/2023\/05\/Highway-To-Hellas.jpg 874w, https:\/\/griechischefilmwoche.com\/wp-content\/uploads\/2023\/05\/Highway-To-Hellas-212x300.jpg 212w, https:\/\/griechischefilmwoche.com\/wp-content\/uploads\/2023\/05\/Highway-To-Hellas-729x1030.jpg 729w, https:\/\/griechischefilmwoche.com\/wp-content\/uploads\/2023\/05\/Highway-To-Hellas-768x1085.jpg 768w, https:\/\/griechischefilmwoche.com\/wp-content\/uploads\/2023\/05\/Highway-To-Hellas-782x1105.jpg 782w, https:\/\/griechischefilmwoche.com\/wp-content\/uploads\/2023\/05\/Highway-To-Hellas-201x284.jpg 201w, https:\/\/griechischefilmwoche.com\/wp-content\/uploads\/2023\/05\/Highway-To-Hellas-499x705.jpg 499w\" sizes=\"(max-width: 874px) 100vw, 874px\" \/><\/div><\/div><\/div><\/div>\n<div  class='flex_column av-eezfbm-4719bfb9ecbcae0b6abacc34e82c0e70 av_one_fifth  avia-builder-el-17  el_after_av_one_fifth  el_before_av_one_fifth  flex_column_div  column-top-margin'     ><style type=\"text\/css\" data-created_by=\"avia_inline_auto\" id=\"style-css-av-lh5dmzgm-46067b5b8a12f450b982e16982dd5c3b\">\n.avia-image-container.av-lh5dmzgm-46067b5b8a12f450b982e16982dd5c3b img.avia_image{\nbox-shadow:none;\n}\n.avia-image-container.av-lh5dmzgm-46067b5b8a12f450b982e16982dd5c3b .av-image-caption-overlay-center{\ncolor:#ffffff;\n}\n<\/style>\n<div  class='avia-image-container av-lh5dmzgm-46067b5b8a12f450b982e16982dd5c3b av-styling- av-hover-grow avia_animated_image av-animated-when-visible-95 fade-in avia-align-center  avia-builder-el-18  avia-builder-el-no-sibling '   itemprop=\"image\" itemscope=\"itemscope\" itemtype=\"https:\/\/schema.org\/ImageObject\" ><div class=\"avia-image-container-inner\"><div class=\"avia-image-overlay-wrap\"><img decoding=\"async\" fetchpriority=\"high\" class='wp-image-3922 avia-img-lazy-loading-not-3922 avia_image ' src=\"https:\/\/griechischefilmwoche.com\/wp-content\/uploads\/2023\/05\/The-Odyssey-of-Nikos-Kazantzakis.jpg\" alt='' title='The-Odyssey-of-Nikos-Kazantzakis'  height=\"1235\" width=\"874\"  itemprop=\"thumbnailUrl\" srcset=\"https:\/\/griechischefilmwoche.com\/wp-content\/uploads\/2023\/05\/The-Odyssey-of-Nikos-Kazantzakis.jpg 874w, https:\/\/griechischefilmwoche.com\/wp-content\/uploads\/2023\/05\/The-Odyssey-of-Nikos-Kazantzakis-212x300.jpg 212w, https:\/\/griechischefilmwoche.com\/wp-content\/uploads\/2023\/05\/The-Odyssey-of-Nikos-Kazantzakis-729x1030.jpg 729w, https:\/\/griechischefilmwoche.com\/wp-content\/uploads\/2023\/05\/The-Odyssey-of-Nikos-Kazantzakis-768x1085.jpg 768w, https:\/\/griechischefilmwoche.com\/wp-content\/uploads\/2023\/05\/The-Odyssey-of-Nikos-Kazantzakis-782x1105.jpg 782w, https:\/\/griechischefilmwoche.com\/wp-content\/uploads\/2023\/05\/The-Odyssey-of-Nikos-Kazantzakis-201x284.jpg 201w, https:\/\/griechischefilmwoche.com\/wp-content\/uploads\/2023\/05\/The-Odyssey-of-Nikos-Kazantzakis-499x705.jpg 499w\" sizes=\"(max-width: 874px) 100vw, 874px\" \/><\/div><\/div><\/div><\/div>\n<div  class='flex_column av-cirsjm-580e856264bac5901c5c2bebbc16e936 av_one_fifth  avia-builder-el-19  el_after_av_one_fifth  el_before_av_one_fifth  flex_column_div  column-top-margin'     ><style type=\"text\/css\" data-created_by=\"avia_inline_auto\" id=\"style-css-av-lh5dn9i8-72ff8c3d22159e56862aa05cf82d8fdc\">\n.avia-image-container.av-lh5dn9i8-72ff8c3d22159e56862aa05cf82d8fdc img.avia_image{\nbox-shadow:none;\n}\n.avia-image-container.av-lh5dn9i8-72ff8c3d22159e56862aa05cf82d8fdc .av-image-caption-overlay-center{\ncolor:#ffffff;\n}\n<\/style>\n<div  class='avia-image-container av-lh5dn9i8-72ff8c3d22159e56862aa05cf82d8fdc av-styling- av-hover-grow avia_animated_image av-animated-when-visible-95 fade-in avia-align-center  avia-builder-el-20  avia-builder-el-no-sibling '   itemprop=\"image\" itemscope=\"itemscope\" itemtype=\"https:\/\/schema.org\/ImageObject\" ><div class=\"avia-image-container-inner\"><div class=\"avia-image-overlay-wrap\"><img decoding=\"async\" fetchpriority=\"high\" class='wp-image-3924 avia-img-lazy-loading-not-3924 avia_image ' src=\"https:\/\/griechischefilmwoche.com\/wp-content\/uploads\/2023\/05\/Invisible.jpg\" alt='' title='Invisible'  height=\"1235\" width=\"874\"  itemprop=\"thumbnailUrl\" srcset=\"https:\/\/griechischefilmwoche.com\/wp-content\/uploads\/2023\/05\/Invisible.jpg 874w, https:\/\/griechischefilmwoche.com\/wp-content\/uploads\/2023\/05\/Invisible-212x300.jpg 212w, https:\/\/griechischefilmwoche.com\/wp-content\/uploads\/2023\/05\/Invisible-729x1030.jpg 729w, https:\/\/griechischefilmwoche.com\/wp-content\/uploads\/2023\/05\/Invisible-768x1085.jpg 768w, https:\/\/griechischefilmwoche.com\/wp-content\/uploads\/2023\/05\/Invisible-782x1105.jpg 782w, https:\/\/griechischefilmwoche.com\/wp-content\/uploads\/2023\/05\/Invisible-201x284.jpg 201w, https:\/\/griechischefilmwoche.com\/wp-content\/uploads\/2023\/05\/Invisible-499x705.jpg 499w\" sizes=\"(max-width: 874px) 100vw, 874px\" \/><\/div><\/div><\/div><\/div>\n<div  class='flex_column av-bf7ytu-d2dce27430003458ca76252120f1f6be av_one_fifth  avia-builder-el-21  el_after_av_one_fifth  el_before_av_one_fifth  flex_column_div  column-top-margin'     ><style type=\"text\/css\" data-created_by=\"avia_inline_auto\" id=\"style-css-av-lh5dnis4-f6282d840d4667a7c23132035b44f457\">\n.avia-image-container.av-lh5dnis4-f6282d840d4667a7c23132035b44f457 img.avia_image{\nbox-shadow:none;\n}\n.avia-image-container.av-lh5dnis4-f6282d840d4667a7c23132035b44f457 .av-image-caption-overlay-center{\ncolor:#ffffff;\n}\n<\/style>\n<div  class='avia-image-container av-lh5dnis4-f6282d840d4667a7c23132035b44f457 av-styling- av-hover-grow avia_animated_image av-animated-when-visible-95 fade-in avia-align-center  avia-builder-el-22  avia-builder-el-no-sibling '   itemprop=\"image\" itemscope=\"itemscope\" itemtype=\"https:\/\/schema.org\/ImageObject\" ><div class=\"avia-image-container-inner\"><div class=\"avia-image-overlay-wrap\"><img decoding=\"async\" fetchpriority=\"high\" class='wp-image-3926 avia-img-lazy-loading-not-3926 avia_image ' src=\"https:\/\/griechischefilmwoche.com\/wp-content\/uploads\/2023\/05\/Kurzfilm-Drama-Griechische-Filmwoche-2016.jpg\" alt='' title='Kurzfilm-Drama-Griechische-Filmwoche-2016'  height=\"1235\" width=\"874\"  itemprop=\"thumbnailUrl\" srcset=\"https:\/\/griechischefilmwoche.com\/wp-content\/uploads\/2023\/05\/Kurzfilm-Drama-Griechische-Filmwoche-2016.jpg 874w, https:\/\/griechischefilmwoche.com\/wp-content\/uploads\/2023\/05\/Kurzfilm-Drama-Griechische-Filmwoche-2016-212x300.jpg 212w, https:\/\/griechischefilmwoche.com\/wp-content\/uploads\/2023\/05\/Kurzfilm-Drama-Griechische-Filmwoche-2016-729x1030.jpg 729w, https:\/\/griechischefilmwoche.com\/wp-content\/uploads\/2023\/05\/Kurzfilm-Drama-Griechische-Filmwoche-2016-768x1085.jpg 768w, https:\/\/griechischefilmwoche.com\/wp-content\/uploads\/2023\/05\/Kurzfilm-Drama-Griechische-Filmwoche-2016-782x1105.jpg 782w, https:\/\/griechischefilmwoche.com\/wp-content\/uploads\/2023\/05\/Kurzfilm-Drama-Griechische-Filmwoche-2016-201x284.jpg 201w, https:\/\/griechischefilmwoche.com\/wp-content\/uploads\/2023\/05\/Kurzfilm-Drama-Griechische-Filmwoche-2016-499x705.jpg 499w\" sizes=\"(max-width: 874px) 100vw, 874px\" \/><\/div><\/div><\/div><\/div>\n<div  class='flex_column av-8vmuua-10e0001a978b91ee5ff803fc7287effc av_one_fifth  avia-builder-el-23  el_after_av_one_fifth  el_before_av_one_fifth  flex_column_div  column-top-margin'     ><style type=\"text\/css\" data-created_by=\"avia_inline_auto\" id=\"style-css-av-lh5dnrau-6d40d32164b63d6a7b78875da993cef7\">\n.avia-image-container.av-lh5dnrau-6d40d32164b63d6a7b78875da993cef7 img.avia_image{\nbox-shadow:none;\n}\n.avia-image-container.av-lh5dnrau-6d40d32164b63d6a7b78875da993cef7 .av-image-caption-overlay-center{\ncolor:#ffffff;\n}\n<\/style>\n<div  class='avia-image-container av-lh5dnrau-6d40d32164b63d6a7b78875da993cef7 av-styling- av-hover-grow avia_animated_image av-animated-when-visible-95 fade-in avia-align-center  avia-builder-el-24  avia-builder-el-no-sibling '   itemprop=\"image\" itemscope=\"itemscope\" itemtype=\"https:\/\/schema.org\/ImageObject\" ><div class=\"avia-image-container-inner\"><div class=\"avia-image-overlay-wrap\"><img decoding=\"async\" fetchpriority=\"high\" class='wp-image-3928 avia-img-lazy-loading-not-3928 avia_image ' src=\"https:\/\/griechischefilmwoche.com\/wp-content\/uploads\/2023\/05\/Little-Dolphins.jpg\" alt='' title='Little-Dolphins'  height=\"1235\" width=\"874\"  itemprop=\"thumbnailUrl\" srcset=\"https:\/\/griechischefilmwoche.com\/wp-content\/uploads\/2023\/05\/Little-Dolphins.jpg 874w, https:\/\/griechischefilmwoche.com\/wp-content\/uploads\/2023\/05\/Little-Dolphins-212x300.jpg 212w, https:\/\/griechischefilmwoche.com\/wp-content\/uploads\/2023\/05\/Little-Dolphins-729x1030.jpg 729w, https:\/\/griechischefilmwoche.com\/wp-content\/uploads\/2023\/05\/Little-Dolphins-768x1085.jpg 768w, https:\/\/griechischefilmwoche.com\/wp-content\/uploads\/2023\/05\/Little-Dolphins-782x1105.jpg 782w, https:\/\/griechischefilmwoche.com\/wp-content\/uploads\/2023\/05\/Little-Dolphins-201x284.jpg 201w, https:\/\/griechischefilmwoche.com\/wp-content\/uploads\/2023\/05\/Little-Dolphins-499x705.jpg 499w\" sizes=\"(max-width: 874px) 100vw, 874px\" \/><\/div><\/div><\/div><\/div>\n<div  class='flex_column av-73fooi-e059fd10baab3112485b231d2907353a av_one_fifth  avia-builder-el-25  el_after_av_one_fifth  el_before_av_one_fifth  first flex_column_div  column-top-margin'     ><style type=\"text\/css\" data-created_by=\"avia_inline_auto\" id=\"style-css-av-lh5do04j-f6fbde845ddeb317d5b0ab03fd74238e\">\n.avia-image-container.av-lh5do04j-f6fbde845ddeb317d5b0ab03fd74238e img.avia_image{\nbox-shadow:none;\n}\n.avia-image-container.av-lh5do04j-f6fbde845ddeb317d5b0ab03fd74238e .av-image-caption-overlay-center{\ncolor:#ffffff;\n}\n<\/style>\n<div  class='avia-image-container av-lh5do04j-f6fbde845ddeb317d5b0ab03fd74238e av-styling- av-hover-grow avia_animated_image av-animated-when-visible-95 fade-in avia-align-center  avia-builder-el-26  avia-builder-el-no-sibling '   itemprop=\"image\" itemscope=\"itemscope\" itemtype=\"https:\/\/schema.org\/ImageObject\" ><div class=\"avia-image-container-inner\"><div class=\"avia-image-overlay-wrap\"><img decoding=\"async\" fetchpriority=\"high\" class='wp-image-3930 avia-img-lazy-loading-not-3930 avia_image ' src=\"https:\/\/griechischefilmwoche.com\/wp-content\/uploads\/2023\/05\/Medea.jpg\" alt='' title='Medea'  height=\"1235\" width=\"874\"  itemprop=\"thumbnailUrl\" srcset=\"https:\/\/griechischefilmwoche.com\/wp-content\/uploads\/2023\/05\/Medea.jpg 874w, https:\/\/griechischefilmwoche.com\/wp-content\/uploads\/2023\/05\/Medea-212x300.jpg 212w, https:\/\/griechischefilmwoche.com\/wp-content\/uploads\/2023\/05\/Medea-729x1030.jpg 729w, https:\/\/griechischefilmwoche.com\/wp-content\/uploads\/2023\/05\/Medea-768x1085.jpg 768w, https:\/\/griechischefilmwoche.com\/wp-content\/uploads\/2023\/05\/Medea-782x1105.jpg 782w, https:\/\/griechischefilmwoche.com\/wp-content\/uploads\/2023\/05\/Medea-201x284.jpg 201w, https:\/\/griechischefilmwoche.com\/wp-content\/uploads\/2023\/05\/Medea-499x705.jpg 499w\" sizes=\"(max-width: 874px) 100vw, 874px\" \/><\/div><\/div><\/div><\/div>\n<div  class='flex_column av-5uk13m-de344fc91eb0e5002c1b617685ce9ae8 av_one_fifth  avia-builder-el-27  el_after_av_one_fifth  el_before_av_one_fifth  flex_column_div  column-top-margin'     ><style type=\"text\/css\" data-created_by=\"avia_inline_auto\" id=\"style-css-av-lh5dobpe-3de9a1e22245909eeb68519f9e8db049\">\n.avia-image-container.av-lh5dobpe-3de9a1e22245909eeb68519f9e8db049 img.avia_image{\nbox-shadow:none;\n}\n.avia-image-container.av-lh5dobpe-3de9a1e22245909eeb68519f9e8db049 .av-image-caption-overlay-center{\ncolor:#ffffff;\n}\n<\/style>\n<div  class='avia-image-container av-lh5dobpe-3de9a1e22245909eeb68519f9e8db049 av-styling- av-hover-grow avia_animated_image av-animated-when-visible-95 fade-in avia-align-center  avia-builder-el-28  avia-builder-el-no-sibling '   itemprop=\"image\" itemscope=\"itemscope\" itemtype=\"https:\/\/schema.org\/ImageObject\" ><div class=\"avia-image-container-inner\"><div class=\"avia-image-overlay-wrap\"><img decoding=\"async\" fetchpriority=\"high\" class='wp-image-3932 avia-img-lazy-loading-not-3932 avia_image ' src=\"https:\/\/griechischefilmwoche.com\/wp-content\/uploads\/2023\/05\/Smac.jpg\" alt='' title='Smac'  height=\"1235\" width=\"874\"  itemprop=\"thumbnailUrl\" srcset=\"https:\/\/griechischefilmwoche.com\/wp-content\/uploads\/2023\/05\/Smac.jpg 874w, https:\/\/griechischefilmwoche.com\/wp-content\/uploads\/2023\/05\/Smac-212x300.jpg 212w, https:\/\/griechischefilmwoche.com\/wp-content\/uploads\/2023\/05\/Smac-729x1030.jpg 729w, https:\/\/griechischefilmwoche.com\/wp-content\/uploads\/2023\/05\/Smac-768x1085.jpg 768w, https:\/\/griechischefilmwoche.com\/wp-content\/uploads\/2023\/05\/Smac-782x1105.jpg 782w, https:\/\/griechischefilmwoche.com\/wp-content\/uploads\/2023\/05\/Smac-201x284.jpg 201w, https:\/\/griechischefilmwoche.com\/wp-content\/uploads\/2023\/05\/Smac-499x705.jpg 499w\" sizes=\"(max-width: 874px) 100vw, 874px\" \/><\/div><\/div><\/div><\/div>\n<div  class='flex_column av-4odwbm-653dd9c87a2e3d5166ec80694421ba3c av_one_fifth  avia-builder-el-29  el_after_av_one_fifth  el_before_av_one_fifth  flex_column_div  column-top-margin'     ><style type=\"text\/css\" data-created_by=\"avia_inline_auto\" id=\"style-css-av-lh5dp1g1-f91dc47a8360a258fb21ef97d235305a\">\n.avia-image-container.av-lh5dp1g1-f91dc47a8360a258fb21ef97d235305a img.avia_image{\nbox-shadow:none;\n}\n.avia-image-container.av-lh5dp1g1-f91dc47a8360a258fb21ef97d235305a .av-image-caption-overlay-center{\ncolor:#ffffff;\n}\n<\/style>\n<div  class='avia-image-container av-lh5dp1g1-f91dc47a8360a258fb21ef97d235305a av-styling- av-hover-grow av-img-linked avia_animated_image av-animated-when-visible-95 fade-in avia-align-center  avia-builder-el-30  avia-builder-el-no-sibling '   itemprop=\"image\" itemscope=\"itemscope\" itemtype=\"https:\/\/schema.org\/ImageObject\" ><div class=\"avia-image-container-inner\"><div class=\"avia-image-overlay-wrap\"><a href=\"https:\/\/griechischefilmwoche.com\/movie\/nacktbaden-manche-braeunen-andere-brennen\/\" class='avia_image '  aria-label='Suntan'><img decoding=\"async\" fetchpriority=\"high\" class='wp-image-3934 avia-img-lazy-loading-not-3934 avia_image ' src=\"https:\/\/griechischefilmwoche.com\/wp-content\/uploads\/2023\/05\/Suntan.jpg\" alt='' title='Suntan'  height=\"1235\" width=\"874\"  itemprop=\"thumbnailUrl\" srcset=\"https:\/\/griechischefilmwoche.com\/wp-content\/uploads\/2023\/05\/Suntan.jpg 874w, https:\/\/griechischefilmwoche.com\/wp-content\/uploads\/2023\/05\/Suntan-212x300.jpg 212w, https:\/\/griechischefilmwoche.com\/wp-content\/uploads\/2023\/05\/Suntan-729x1030.jpg 729w, https:\/\/griechischefilmwoche.com\/wp-content\/uploads\/2023\/05\/Suntan-768x1085.jpg 768w, https:\/\/griechischefilmwoche.com\/wp-content\/uploads\/2023\/05\/Suntan-782x1105.jpg 782w, https:\/\/griechischefilmwoche.com\/wp-content\/uploads\/2023\/05\/Suntan-201x284.jpg 201w, https:\/\/griechischefilmwoche.com\/wp-content\/uploads\/2023\/05\/Suntan-499x705.jpg 499w\" sizes=\"(max-width: 874px) 100vw, 874px\" \/><\/a><\/div><\/div><\/div><\/div>\n<div  class='flex_column av-1y7y3m-eb927ab135d22449e97c2876270be8c0 av_one_fifth  avia-builder-el-31  el_after_av_one_fifth  avia-builder-el-last  flex_column_div  column-top-margin'     ><style type=\"text\/css\" data-created_by=\"avia_inline_auto\" id=\"style-css-av-lh5dokw7-e3f4c9f78ab1cb7b60e420cdfb6a42b5\">\n.avia-image-container.av-lh5dokw7-e3f4c9f78ab1cb7b60e420cdfb6a42b5 img.avia_image{\nbox-shadow:none;\n}\n.avia-image-container.av-lh5dokw7-e3f4c9f78ab1cb7b60e420cdfb6a42b5 .av-image-caption-overlay-center{\ncolor:#ffffff;\n}\n<\/style>\n<div  class='avia-image-container av-lh5dokw7-e3f4c9f78ab1cb7b60e420cdfb6a42b5 av-styling- av-hover-grow avia_animated_image av-animated-when-visible-95 fade-in avia-align-center  avia-builder-el-32  avia-builder-el-no-sibling '   itemprop=\"image\" itemscope=\"itemscope\" itemtype=\"https:\/\/schema.org\/ImageObject\" ><div class=\"avia-image-container-inner\"><div class=\"avia-image-overlay-wrap\"><img decoding=\"async\" fetchpriority=\"high\" class='wp-image-3936 avia-img-lazy-loading-not-3936 avia_image ' src=\"https:\/\/griechischefilmwoche.com\/wp-content\/uploads\/2023\/05\/Tetarti-4-45.jpg\" alt='Tetarti-4-45' title='Tetarti-4-45'  height=\"1235\" width=\"874\"  itemprop=\"thumbnailUrl\" srcset=\"https:\/\/griechischefilmwoche.com\/wp-content\/uploads\/2023\/05\/Tetarti-4-45.jpg 874w, https:\/\/griechischefilmwoche.com\/wp-content\/uploads\/2023\/05\/Tetarti-4-45-212x300.jpg 212w, https:\/\/griechischefilmwoche.com\/wp-content\/uploads\/2023\/05\/Tetarti-4-45-729x1030.jpg 729w, https:\/\/griechischefilmwoche.com\/wp-content\/uploads\/2023\/05\/Tetarti-4-45-768x1085.jpg 768w, https:\/\/griechischefilmwoche.com\/wp-content\/uploads\/2023\/05\/Tetarti-4-45-782x1105.jpg 782w, https:\/\/griechischefilmwoche.com\/wp-content\/uploads\/2023\/05\/Tetarti-4-45-201x284.jpg 201w, https:\/\/griechischefilmwoche.com\/wp-content\/uploads\/2023\/05\/Tetarti-4-45-499x705.jpg 499w\" sizes=\"(max-width: 874px) 100vw, 874px\" \/><\/div><\/div><\/div><\/div>\n","protected":false},"excerpt":{"rendered":"","protected":false},"author":4,"featured_media":3938,"parent":4072,"menu_order":0,"comment_status":"closed","ping_status":"closed","template":"","meta":{"footnotes":""},"class_list":["post-3941","page","type-page","status-publish","has-post-thumbnail","hentry"],"yoast_head":"<!-- This site is optimized with the Yoast SEO plugin v27.5 - https:\/\/yoast.com\/product\/yoast-seo-wordpress\/ -->\n<title>30. Griechische Filmwoche in M\u00fcnchen - Griechische Filmwoche<\/title>\n<meta name=\"robots\" content=\"index, follow, max-snippet:-1, max-image-preview:large, max-video-preview:-1\" \/>\n<link rel=\"canonical\" href=\"https:\/\/griechischefilmwoche.com\/el\/%ce%b1%cf%81%cf%87%ce%b5%ce%af%ce%bf\/30-griechische-filmwoche-2016\/\" \/>\n<meta property=\"og:locale\" content=\"el_GR\" \/>\n<meta property=\"og:type\" content=\"article\" \/>\n<meta property=\"og:title\" content=\"30. Griechische Filmwoche in M\u00fcnchen - Griechische Filmwoche\" \/>\n<meta property=\"og:url\" content=\"https:\/\/griechischefilmwoche.com\/el\/%ce%b1%cf%81%cf%87%ce%b5%ce%af%ce%bf\/30-griechische-filmwoche-2016\/\" \/>\n<meta property=\"og:site_name\" content=\"Griechische Filmwoche\" \/>\n<meta property=\"article:modified_time\" content=\"2023-05-01T23:10:23+00:00\" \/>\n<meta property=\"og:image\" content=\"https:\/\/griechischefilmwoche.com\/wp-content\/uploads\/2023\/05\/30grfw.jpg\" \/>\n\t<meta property=\"og:image:width\" content=\"400\" \/>\n\t<meta property=\"og:image:height\" content=\"300\" \/>\n\t<meta property=\"og:image:type\" content=\"image\/jpeg\" \/>\n<meta name=\"twitter:card\" content=\"summary_large_image\" \/>\n<meta name=\"twitter:label1\" content=\"\u0395\u03ba\u03c4\u03b9\u03bc\u03ce\u03bc\u03b5\u03bd\u03bf\u03c2 \u03c7\u03c1\u03cc\u03bd\u03bf\u03c2 \u03b1\u03bd\u03ac\u03b3\u03bd\u03c9\u03c3\u03b7\u03c2\" \/>\n\t<meta name=\"twitter:data1\" content=\"18 \u03bb\u03b5\u03c0\u03c4\u03ac\" \/>\n<script type=\"application\/ld+json\" class=\"yoast-schema-graph\">{\"@context\":\"https:\\\/\\\/schema.org\",\"@graph\":[{\"@type\":\"WebPage\",\"@id\":\"https:\\\/\\\/griechischefilmwoche.com\\\/el\\\/%ce%b1%cf%81%cf%87%ce%b5%ce%af%ce%bf\\\/30-griechische-filmwoche-2016\\\/\",\"url\":\"https:\\\/\\\/griechischefilmwoche.com\\\/el\\\/%ce%b1%cf%81%cf%87%ce%b5%ce%af%ce%bf\\\/30-griechische-filmwoche-2016\\\/\",\"name\":\"30. Griechische Filmwoche in M\u00fcnchen - Griechische Filmwoche\",\"isPartOf\":{\"@id\":\"https:\\\/\\\/griechischefilmwoche.com\\\/el\\\/#website\"},\"primaryImageOfPage\":{\"@id\":\"https:\\\/\\\/griechischefilmwoche.com\\\/el\\\/%ce%b1%cf%81%cf%87%ce%b5%ce%af%ce%bf\\\/30-griechische-filmwoche-2016\\\/#primaryimage\"},\"image\":{\"@id\":\"https:\\\/\\\/griechischefilmwoche.com\\\/el\\\/%ce%b1%cf%81%cf%87%ce%b5%ce%af%ce%bf\\\/30-griechische-filmwoche-2016\\\/#primaryimage\"},\"thumbnailUrl\":\"https:\\\/\\\/griechischefilmwoche.com\\\/wp-content\\\/uploads\\\/2023\\\/05\\\/30grfw.jpg\",\"datePublished\":\"2023-05-01T21:56:21+00:00\",\"dateModified\":\"2023-05-01T23:10:23+00:00\",\"breadcrumb\":{\"@id\":\"https:\\\/\\\/griechischefilmwoche.com\\\/el\\\/%ce%b1%cf%81%cf%87%ce%b5%ce%af%ce%bf\\\/30-griechische-filmwoche-2016\\\/#breadcrumb\"},\"inLanguage\":\"el\",\"potentialAction\":[{\"@type\":\"ReadAction\",\"target\":[\"https:\\\/\\\/griechischefilmwoche.com\\\/el\\\/%ce%b1%cf%81%cf%87%ce%b5%ce%af%ce%bf\\\/30-griechische-filmwoche-2016\\\/\"]}]},{\"@type\":\"ImageObject\",\"inLanguage\":\"el\",\"@id\":\"https:\\\/\\\/griechischefilmwoche.com\\\/el\\\/%ce%b1%cf%81%cf%87%ce%b5%ce%af%ce%bf\\\/30-griechische-filmwoche-2016\\\/#primaryimage\",\"url\":\"https:\\\/\\\/griechischefilmwoche.com\\\/wp-content\\\/uploads\\\/2023\\\/05\\\/30grfw.jpg\",\"contentUrl\":\"https:\\\/\\\/griechischefilmwoche.com\\\/wp-content\\\/uploads\\\/2023\\\/05\\\/30grfw.jpg\",\"width\":400,\"height\":300},{\"@type\":\"BreadcrumbList\",\"@id\":\"https:\\\/\\\/griechischefilmwoche.com\\\/el\\\/%ce%b1%cf%81%cf%87%ce%b5%ce%af%ce%bf\\\/30-griechische-filmwoche-2016\\\/#breadcrumb\",\"itemListElement\":[{\"@type\":\"ListItem\",\"position\":1,\"name\":\"Home\",\"item\":\"https:\\\/\\\/griechischefilmwoche.com\\\/el\\\/programm2025\\\/\"},{\"@type\":\"ListItem\",\"position\":2,\"name\":\"30. Griechische Filmwoche in M\u00fcnchen\"}]},{\"@type\":\"WebSite\",\"@id\":\"https:\\\/\\\/griechischefilmwoche.com\\\/el\\\/#website\",\"url\":\"https:\\\/\\\/griechischefilmwoche.com\\\/el\\\/\",\"name\":\"Griechische Filmwoche\",\"description\":\"\",\"potentialAction\":[{\"@type\":\"SearchAction\",\"target\":{\"@type\":\"EntryPoint\",\"urlTemplate\":\"https:\\\/\\\/griechischefilmwoche.com\\\/el\\\/?s={search_term_string}\"},\"query-input\":{\"@type\":\"PropertyValueSpecification\",\"valueRequired\":true,\"valueName\":\"search_term_string\"}}],\"inLanguage\":\"el\"}]}<\/script>\n<!-- \/ Yoast SEO plugin. -->","yoast_head_json":{"title":"30. Griechische Filmwoche in M\u00fcnchen - Griechische Filmwoche","robots":{"index":"index","follow":"follow","max-snippet":"max-snippet:-1","max-image-preview":"max-image-preview:large","max-video-preview":"max-video-preview:-1"},"canonical":"https:\/\/griechischefilmwoche.com\/el\/%ce%b1%cf%81%cf%87%ce%b5%ce%af%ce%bf\/30-griechische-filmwoche-2016\/","og_locale":"el_GR","og_type":"article","og_title":"30. Griechische Filmwoche in M\u00fcnchen - Griechische Filmwoche","og_url":"https:\/\/griechischefilmwoche.com\/el\/%ce%b1%cf%81%cf%87%ce%b5%ce%af%ce%bf\/30-griechische-filmwoche-2016\/","og_site_name":"Griechische Filmwoche","article_modified_time":"2023-05-01T23:10:23+00:00","og_image":[{"width":400,"height":300,"url":"https:\/\/griechischefilmwoche.com\/wp-content\/uploads\/2023\/05\/30grfw.jpg","type":"image\/jpeg"}],"twitter_card":"summary_large_image","twitter_misc":{"\u0395\u03ba\u03c4\u03b9\u03bc\u03ce\u03bc\u03b5\u03bd\u03bf\u03c2 \u03c7\u03c1\u03cc\u03bd\u03bf\u03c2 \u03b1\u03bd\u03ac\u03b3\u03bd\u03c9\u03c3\u03b7\u03c2":"18 \u03bb\u03b5\u03c0\u03c4\u03ac"},"schema":{"@context":"https:\/\/schema.org","@graph":[{"@type":"WebPage","@id":"https:\/\/griechischefilmwoche.com\/el\/%ce%b1%cf%81%cf%87%ce%b5%ce%af%ce%bf\/30-griechische-filmwoche-2016\/","url":"https:\/\/griechischefilmwoche.com\/el\/%ce%b1%cf%81%cf%87%ce%b5%ce%af%ce%bf\/30-griechische-filmwoche-2016\/","name":"30. Griechische Filmwoche in M\u00fcnchen - Griechische Filmwoche","isPartOf":{"@id":"https:\/\/griechischefilmwoche.com\/el\/#website"},"primaryImageOfPage":{"@id":"https:\/\/griechischefilmwoche.com\/el\/%ce%b1%cf%81%cf%87%ce%b5%ce%af%ce%bf\/30-griechische-filmwoche-2016\/#primaryimage"},"image":{"@id":"https:\/\/griechischefilmwoche.com\/el\/%ce%b1%cf%81%cf%87%ce%b5%ce%af%ce%bf\/30-griechische-filmwoche-2016\/#primaryimage"},"thumbnailUrl":"https:\/\/griechischefilmwoche.com\/wp-content\/uploads\/2023\/05\/30grfw.jpg","datePublished":"2023-05-01T21:56:21+00:00","dateModified":"2023-05-01T23:10:23+00:00","breadcrumb":{"@id":"https:\/\/griechischefilmwoche.com\/el\/%ce%b1%cf%81%cf%87%ce%b5%ce%af%ce%bf\/30-griechische-filmwoche-2016\/#breadcrumb"},"inLanguage":"el","potentialAction":[{"@type":"ReadAction","target":["https:\/\/griechischefilmwoche.com\/el\/%ce%b1%cf%81%cf%87%ce%b5%ce%af%ce%bf\/30-griechische-filmwoche-2016\/"]}]},{"@type":"ImageObject","inLanguage":"el","@id":"https:\/\/griechischefilmwoche.com\/el\/%ce%b1%cf%81%cf%87%ce%b5%ce%af%ce%bf\/30-griechische-filmwoche-2016\/#primaryimage","url":"https:\/\/griechischefilmwoche.com\/wp-content\/uploads\/2023\/05\/30grfw.jpg","contentUrl":"https:\/\/griechischefilmwoche.com\/wp-content\/uploads\/2023\/05\/30grfw.jpg","width":400,"height":300},{"@type":"BreadcrumbList","@id":"https:\/\/griechischefilmwoche.com\/el\/%ce%b1%cf%81%cf%87%ce%b5%ce%af%ce%bf\/30-griechische-filmwoche-2016\/#breadcrumb","itemListElement":[{"@type":"ListItem","position":1,"name":"Home","item":"https:\/\/griechischefilmwoche.com\/el\/programm2025\/"},{"@type":"ListItem","position":2,"name":"30. Griechische Filmwoche in M\u00fcnchen"}]},{"@type":"WebSite","@id":"https:\/\/griechischefilmwoche.com\/el\/#website","url":"https:\/\/griechischefilmwoche.com\/el\/","name":"Griechische Filmwoche","description":"","potentialAction":[{"@type":"SearchAction","target":{"@type":"EntryPoint","urlTemplate":"https:\/\/griechischefilmwoche.com\/el\/?s={search_term_string}"},"query-input":{"@type":"PropertyValueSpecification","valueRequired":true,"valueName":"search_term_string"}}],"inLanguage":"el"}]}},"_links":{"self":[{"href":"https:\/\/griechischefilmwoche.com\/el\/wp-json\/wp\/v2\/pages\/3941","targetHints":{"allow":["GET"]}}],"collection":[{"href":"https:\/\/griechischefilmwoche.com\/el\/wp-json\/wp\/v2\/pages"}],"about":[{"href":"https:\/\/griechischefilmwoche.com\/el\/wp-json\/wp\/v2\/types\/page"}],"author":[{"embeddable":true,"href":"https:\/\/griechischefilmwoche.com\/el\/wp-json\/wp\/v2\/users\/4"}],"replies":[{"embeddable":true,"href":"https:\/\/griechischefilmwoche.com\/el\/wp-json\/wp\/v2\/comments?post=3941"}],"version-history":[{"count":0,"href":"https:\/\/griechischefilmwoche.com\/el\/wp-json\/wp\/v2\/pages\/3941\/revisions"}],"up":[{"embeddable":true,"href":"https:\/\/griechischefilmwoche.com\/el\/wp-json\/wp\/v2\/pages\/4072"}],"wp:featuredmedia":[{"embeddable":true,"href":"https:\/\/griechischefilmwoche.com\/el\/wp-json\/wp\/v2\/media\/3938"}],"wp:attachment":[{"href":"https:\/\/griechischefilmwoche.com\/el\/wp-json\/wp\/v2\/media?parent=3941"}],"curies":[{"name":"wp","href":"https:\/\/api.w.org\/{rel}","templated":true}]}}