{"id":3980,"date":"2023-05-02T00:41:13","date_gmt":"2023-05-01T22:41:13","guid":{"rendered":"https:\/\/griechischefilmwoche.com\/29-griechische-filmwoche-2015\/"},"modified":"2023-05-02T00:42:18","modified_gmt":"2023-05-01T22:42:18","slug":"29-griechische-filmwoche-2015","status":"publish","type":"page","link":"https:\/\/griechischefilmwoche.com\/el\/%ce%b1%cf%81%cf%87%ce%b5%ce%af%ce%bf\/29-griechische-filmwoche-2015\/","title":{"rendered":"29. Griechische Filmwoche"},"content":{"rendered":"\n<style type=\"text\/css\" data-created_by=\"avia_inline_auto\" id=\"style-css-av-lh5expng-a793d3ad2f3e8ff079a5d22f12d3ade9\">\n#top .av-special-heading.av-lh5expng-a793d3ad2f3e8ff079a5d22f12d3ade9{\npadding-bottom:10px;\n}\nbody .av-special-heading.av-lh5expng-a793d3ad2f3e8ff079a5d22f12d3ade9 .av-special-heading-tag .heading-char{\nfont-size:25px;\n}\n.av-special-heading.av-lh5expng-a793d3ad2f3e8ff079a5d22f12d3ade9 .av-subheading{\nfont-size:15px;\n}\n<\/style>\n<div  class='av-special-heading av-lh5expng-a793d3ad2f3e8ff079a5d22f12d3ade9 av-special-heading-h3  avia-builder-el-0  el_before_av_textblock  avia-builder-el-first '><h3 class='av-special-heading-tag '  itemprop=\"headline\"  >Das war die Griechische Filmwoche 2015<\/h3><div class=\"special-heading-border\"><div class=\"special-heading-inner-border\"><\/div><\/div><\/div>\n<section  class='av_textblock_section av-lh5f5y2h-f67a0cf90fa7befd02b8dbf9b588043b '   itemscope=\"itemscope\" itemtype=\"https:\/\/schema.org\/CreativeWork\" ><div class='avia_textblock'  itemprop=\"text\" ><p>Einen bildgewaltigen Auftakt zur Er\u00f6ffnung der 29. Griechischen Filmwoche in M\u00fcnchen bot eine Work-in-Progress-Preview des aktuellen Projekts von Asteris Kutulas &#8220;Dance Love Fight Die &#8211; Unterwegs mit Mikis Theodorakis&#8221;. Mit dem Schwerpunkt &#8220;Musik im griechischen Film&#8221; w\u00fcrdigte das Programm der 29. Ausgabe den Komponisten Theodorakis, der im Sommer 90 Jahre alt wurde.<\/p>\n<p>Der Regisseur Asteris Kutulas, der bereits im Jahr 2013 mit der Urauff\u00fchrung von &#8220;Recycling Medea&#8221; in M\u00fcnchen zu Gast war, gab im Rahmen der 29. Griechischen Filmwoche in einem Vortrag einen Einblick in Theodorakis\u2018 Schaffen als Filmkomponist.<\/p>\n<p><em><strong>Die 29. Griechische Filmwoche M\u00fcnchen war eine Veranstaltung des Griechischen Filmforums e.V., der Filmstadt M\u00fcnchen und in Kooperation mit der M\u00fcnchner Stadtbibliothek. Das Programm wurde vom Kulturreferat der Landeshauptstadt M\u00fcnchen gef\u00f6rdert.<\/strong><\/em><\/p>\n<\/div><\/section>\n<div  class='avia-button-wrap av-lh5f8wm0-dbbcad92ab9585e37490ee01cfcdffe5-wrap avia-button-center  avia-builder-el-2  el_after_av_textblock  el_before_av_textblock '><a href='https:\/\/griechischefilmwoche.com\/wp-content\/uploads\/2023\/05\/griechische-filmwoche-programmheft-2015_small.pdf'  class='avia-button av-lh5f8wm0-dbbcad92ab9585e37490ee01cfcdffe5 av-link-btn avia-icon_select-yes-left-icon avia-size-small avia-position-center avia-color-theme-color'   aria-label=\"Programmheft herunterladen\"><span class='avia_button_icon avia_button_icon_left avia-iconfont avia-font-entypo-fontello' data-av_icon='\ue84e' data-av_iconfont='entypo-fontello' ><\/span><span class='avia_iconbox_title' >Programmheft herunterladen<\/span><\/a><\/div>\n<section  class='av_textblock_section av-av_textblock-7a1af7d8f9790576b1769c0a9f0449ed '   itemscope=\"itemscope\" itemtype=\"https:\/\/schema.org\/CreativeWork\" ><div class='avia_textblock'  itemprop=\"text\" ><p><em>&#8220;Der vorliegende Download stammt aus dem Privatarchiv der Filmstadt M\u00fcnchen. Die Seiten wurden von Cinephile M\u00fcnchen e.V. aus historischen Gr\u00fcnden gescannt und digitalisiert, um sie der \u00d6ffentlichkeit zug\u00e4nglich zu machen. Aufgrund der Beschaffenheit des Archivmaterials und des Scanprozesses kann die Qualit\u00e4t des Downloads variieren und m\u00f6glicherweise nicht optimal sein. Dennoch hoffen wir, dass der Inhalt und die Informationen, die durch diese digitalisierten Seiten vermittelt werden, f\u00fcr Sie von Interesse sind.&#8221;<\/em><\/p>\n<\/div><\/section>\n<div  class='hr av-av_hr-91d7ccd583a503147498e120fee2ff9b hr-default  avia-builder-el-4  el_after_av_textblock  el_before_av_one_fifth '><span class='hr-inner '><span class=\"hr-inner-style\"><\/span><\/span><\/div>\n<div  class='flex_column av-av_one_fifth-7714eba142aeda1f8b5272a3c372b279 av_one_fifth  avia-builder-el-5  el_after_av_hr  el_before_av_one_fifth  first flex_column_div  '     ><style type=\"text\/css\" data-created_by=\"avia_inline_auto\" id=\"style-css-av-lh5f9a8j-0a6a61ee2303671de1d37efbcb6bf85f\">\n.avia-image-container.av-lh5f9a8j-0a6a61ee2303671de1d37efbcb6bf85f img.avia_image{\nbox-shadow:none;\n}\n.avia-image-container.av-lh5f9a8j-0a6a61ee2303671de1d37efbcb6bf85f .av-image-caption-overlay-center{\ncolor:#ffffff;\n}\n<\/style>\n<div  class='avia-image-container av-lh5f9a8j-0a6a61ee2303671de1d37efbcb6bf85f av-styling- av-hover-grow avia_animated_image av-animated-when-visible-95 fade-in avia-align-center  avia-builder-el-6  avia-builder-el-no-sibling '   itemprop=\"image\" itemscope=\"itemscope\" itemtype=\"https:\/\/schema.org\/ImageObject\" ><div class=\"avia-image-container-inner\"><div class=\"avia-image-overlay-wrap\"><img decoding=\"async\" fetchpriority=\"high\" class='wp-image-3944 avia-img-lazy-loading-not-3944 avia_image ' src=\"https:\/\/griechischefilmwoche.com\/wp-content\/uploads\/2023\/05\/A-Blast.jpg\" alt='' title='A-Blast'  height=\"1235\" width=\"920\"  itemprop=\"thumbnailUrl\" srcset=\"https:\/\/griechischefilmwoche.com\/wp-content\/uploads\/2023\/05\/A-Blast.jpg 920w, https:\/\/griechischefilmwoche.com\/wp-content\/uploads\/2023\/05\/A-Blast-223x300.jpg 223w, https:\/\/griechischefilmwoche.com\/wp-content\/uploads\/2023\/05\/A-Blast-767x1030.jpg 767w, https:\/\/griechischefilmwoche.com\/wp-content\/uploads\/2023\/05\/A-Blast-768x1031.jpg 768w, https:\/\/griechischefilmwoche.com\/wp-content\/uploads\/2023\/05\/A-Blast-782x1050.jpg 782w, https:\/\/griechischefilmwoche.com\/wp-content\/uploads\/2023\/05\/A-Blast-201x270.jpg 201w, https:\/\/griechischefilmwoche.com\/wp-content\/uploads\/2023\/05\/A-Blast-525x705.jpg 525w\" sizes=\"(max-width: 920px) 100vw, 920px\" \/><\/div><\/div><\/div><\/div><div  class='flex_column av-av_one_fifth-f1c518e9ff58e869f80c8f093487abc9 av_one_fifth  avia-builder-el-7  el_after_av_one_fifth  el_before_av_one_fifth  flex_column_div  '     ><style type=\"text\/css\" data-created_by=\"avia_inline_auto\" id=\"style-css-av-lh5f9mjw-5189fabb3d52c93478786f4da85d8d05\">\n.avia-image-container.av-lh5f9mjw-5189fabb3d52c93478786f4da85d8d05 img.avia_image{\nbox-shadow:none;\n}\n.avia-image-container.av-lh5f9mjw-5189fabb3d52c93478786f4da85d8d05 .av-image-caption-overlay-center{\ncolor:#ffffff;\n}\n<\/style>\n<div  class='avia-image-container av-lh5f9mjw-5189fabb3d52c93478786f4da85d8d05 av-styling- av-hover-grow avia_animated_image av-animated-when-visible-95 fade-in avia-align-center  avia-builder-el-8  avia-builder-el-no-sibling '   itemprop=\"image\" itemscope=\"itemscope\" itemtype=\"https:\/\/schema.org\/ImageObject\" ><div class=\"avia-image-container-inner\"><div class=\"avia-image-overlay-wrap\"><img decoding=\"async\" fetchpriority=\"high\" class='wp-image-3946 avia-img-lazy-loading-not-3946 avia_image ' src=\"https:\/\/griechischefilmwoche.com\/wp-content\/uploads\/2023\/05\/A-Family-Affair.jpg\" alt='' title='A-Family-Affair'  height=\"1235\" width=\"920\"  itemprop=\"thumbnailUrl\" srcset=\"https:\/\/griechischefilmwoche.com\/wp-content\/uploads\/2023\/05\/A-Family-Affair.jpg 920w, https:\/\/griechischefilmwoche.com\/wp-content\/uploads\/2023\/05\/A-Family-Affair-223x300.jpg 223w, https:\/\/griechischefilmwoche.com\/wp-content\/uploads\/2023\/05\/A-Family-Affair-767x1030.jpg 767w, https:\/\/griechischefilmwoche.com\/wp-content\/uploads\/2023\/05\/A-Family-Affair-768x1031.jpg 768w, https:\/\/griechischefilmwoche.com\/wp-content\/uploads\/2023\/05\/A-Family-Affair-782x1050.jpg 782w, https:\/\/griechischefilmwoche.com\/wp-content\/uploads\/2023\/05\/A-Family-Affair-201x270.jpg 201w, https:\/\/griechischefilmwoche.com\/wp-content\/uploads\/2023\/05\/A-Family-Affair-525x705.jpg 525w\" sizes=\"(max-width: 920px) 100vw, 920px\" \/><\/div><\/div><\/div><\/div><div  class='flex_column av-av_one_fifth-f1c518e9ff58e869f80c8f093487abc9 av_one_fifth  avia-builder-el-9  el_after_av_one_fifth  el_before_av_one_fifth  flex_column_div  '     ><style type=\"text\/css\" data-created_by=\"avia_inline_auto\" id=\"style-css-av-lh5f9wnn-1b236b1a69b0e57f8f5b77a67f30f165\">\n.avia-image-container.av-lh5f9wnn-1b236b1a69b0e57f8f5b77a67f30f165 img.avia_image{\nbox-shadow:none;\n}\n.avia-image-container.av-lh5f9wnn-1b236b1a69b0e57f8f5b77a67f30f165 .av-image-caption-overlay-center{\ncolor:#ffffff;\n}\n<\/style>\n<div  class='avia-image-container av-lh5f9wnn-1b236b1a69b0e57f8f5b77a67f30f165 av-styling- av-hover-grow avia_animated_image av-animated-when-visible-95 fade-in avia-align-center  avia-builder-el-10  avia-builder-el-no-sibling '   itemprop=\"image\" itemscope=\"itemscope\" itemtype=\"https:\/\/schema.org\/ImageObject\" ><div class=\"avia-image-container-inner\"><div class=\"avia-image-overlay-wrap\"><img decoding=\"async\" fetchpriority=\"high\" class='wp-image-3948 avia-img-lazy-loading-not-3948 avia_image ' src=\"https:\/\/griechischefilmwoche.com\/wp-content\/uploads\/2023\/05\/Agora-From-Democracy-To-the-Market.jpg\" alt='' title='Agora-From-Democracy-To-the-Market'  height=\"1235\" width=\"920\"  itemprop=\"thumbnailUrl\" srcset=\"https:\/\/griechischefilmwoche.com\/wp-content\/uploads\/2023\/05\/Agora-From-Democracy-To-the-Market.jpg 920w, https:\/\/griechischefilmwoche.com\/wp-content\/uploads\/2023\/05\/Agora-From-Democracy-To-the-Market-223x300.jpg 223w, https:\/\/griechischefilmwoche.com\/wp-content\/uploads\/2023\/05\/Agora-From-Democracy-To-the-Market-767x1030.jpg 767w, https:\/\/griechischefilmwoche.com\/wp-content\/uploads\/2023\/05\/Agora-From-Democracy-To-the-Market-768x1031.jpg 768w, https:\/\/griechischefilmwoche.com\/wp-content\/uploads\/2023\/05\/Agora-From-Democracy-To-the-Market-782x1050.jpg 782w, https:\/\/griechischefilmwoche.com\/wp-content\/uploads\/2023\/05\/Agora-From-Democracy-To-the-Market-201x270.jpg 201w, https:\/\/griechischefilmwoche.com\/wp-content\/uploads\/2023\/05\/Agora-From-Democracy-To-the-Market-525x705.jpg 525w\" sizes=\"(max-width: 920px) 100vw, 920px\" \/><\/div><\/div><\/div><\/div><div  class='flex_column av-av_one_fifth-f1c518e9ff58e869f80c8f093487abc9 av_one_fifth  avia-builder-el-11  el_after_av_one_fifth  el_before_av_one_fifth  flex_column_div  '     ><style type=\"text\/css\" data-created_by=\"avia_inline_auto\" id=\"style-css-av-lh5fa5rx-cd1603c6d796190e231eef0cd4a3f67f\">\n.avia-image-container.av-lh5fa5rx-cd1603c6d796190e231eef0cd4a3f67f img.avia_image{\nbox-shadow:none;\n}\n.avia-image-container.av-lh5fa5rx-cd1603c6d796190e231eef0cd4a3f67f .av-image-caption-overlay-center{\ncolor:#ffffff;\n}\n<\/style>\n<div  class='avia-image-container av-lh5fa5rx-cd1603c6d796190e231eef0cd4a3f67f av-styling- av-hover-grow avia_animated_image av-animated-when-visible-95 fade-in avia-align-center  avia-builder-el-12  avia-builder-el-no-sibling '   itemprop=\"image\" itemscope=\"itemscope\" itemtype=\"https:\/\/schema.org\/ImageObject\" ><div class=\"avia-image-container-inner\"><div class=\"avia-image-overlay-wrap\"><img decoding=\"async\" fetchpriority=\"high\" class='wp-image-3950 avia-img-lazy-loading-not-3950 avia_image ' src=\"https:\/\/griechischefilmwoche.com\/wp-content\/uploads\/2023\/05\/Dance-Fight-Love-Die-Unterwegs-mit-Mikis-Theordorakis.jpg\" alt='' title='Dance-Fight-Love-Die---Unterwegs-mit-Mikis-Theordorakis'  height=\"1235\" width=\"920\"  itemprop=\"thumbnailUrl\" srcset=\"https:\/\/griechischefilmwoche.com\/wp-content\/uploads\/2023\/05\/Dance-Fight-Love-Die-Unterwegs-mit-Mikis-Theordorakis.jpg 920w, https:\/\/griechischefilmwoche.com\/wp-content\/uploads\/2023\/05\/Dance-Fight-Love-Die-Unterwegs-mit-Mikis-Theordorakis-223x300.jpg 223w, https:\/\/griechischefilmwoche.com\/wp-content\/uploads\/2023\/05\/Dance-Fight-Love-Die-Unterwegs-mit-Mikis-Theordorakis-767x1030.jpg 767w, https:\/\/griechischefilmwoche.com\/wp-content\/uploads\/2023\/05\/Dance-Fight-Love-Die-Unterwegs-mit-Mikis-Theordorakis-768x1031.jpg 768w, https:\/\/griechischefilmwoche.com\/wp-content\/uploads\/2023\/05\/Dance-Fight-Love-Die-Unterwegs-mit-Mikis-Theordorakis-782x1050.jpg 782w, https:\/\/griechischefilmwoche.com\/wp-content\/uploads\/2023\/05\/Dance-Fight-Love-Die-Unterwegs-mit-Mikis-Theordorakis-201x270.jpg 201w, https:\/\/griechischefilmwoche.com\/wp-content\/uploads\/2023\/05\/Dance-Fight-Love-Die-Unterwegs-mit-Mikis-Theordorakis-525x705.jpg 525w\" sizes=\"(max-width: 920px) 100vw, 920px\" \/><\/div><\/div><\/div><\/div><div  class='flex_column av-av_one_fifth-f1c518e9ff58e869f80c8f093487abc9 av_one_fifth  avia-builder-el-13  el_after_av_one_fifth  el_before_av_one_fifth  flex_column_div  '     ><style type=\"text\/css\" data-created_by=\"avia_inline_auto\" id=\"style-css-av-lh5fafgg-f7c26320256bde60d48f3ebd041a8b41\">\n.avia-image-container.av-lh5fafgg-f7c26320256bde60d48f3ebd041a8b41 img.avia_image{\nbox-shadow:none;\n}\n.avia-image-container.av-lh5fafgg-f7c26320256bde60d48f3ebd041a8b41 .av-image-caption-overlay-center{\ncolor:#ffffff;\n}\n<\/style>\n<div  class='avia-image-container av-lh5fafgg-f7c26320256bde60d48f3ebd041a8b41 av-styling- av-hover-grow avia_animated_image av-animated-when-visible-95 fade-in avia-align-center  avia-builder-el-14  avia-builder-el-no-sibling '   itemprop=\"image\" itemscope=\"itemscope\" itemtype=\"https:\/\/schema.org\/ImageObject\" ><div class=\"avia-image-container-inner\"><div class=\"avia-image-overlay-wrap\"><img decoding=\"async\" fetchpriority=\"high\" class='wp-image-3954 avia-img-lazy-loading-not-3954 avia_image ' src=\"https:\/\/griechischefilmwoche.com\/wp-content\/uploads\/2023\/05\/Hippie-Hippie-Matala-Matala.jpg\" alt='' title='Hippie-Hippie-Matala-Matala'  height=\"1235\" width=\"920\"  itemprop=\"thumbnailUrl\" srcset=\"https:\/\/griechischefilmwoche.com\/wp-content\/uploads\/2023\/05\/Hippie-Hippie-Matala-Matala.jpg 920w, https:\/\/griechischefilmwoche.com\/wp-content\/uploads\/2023\/05\/Hippie-Hippie-Matala-Matala-223x300.jpg 223w, https:\/\/griechischefilmwoche.com\/wp-content\/uploads\/2023\/05\/Hippie-Hippie-Matala-Matala-767x1030.jpg 767w, https:\/\/griechischefilmwoche.com\/wp-content\/uploads\/2023\/05\/Hippie-Hippie-Matala-Matala-768x1031.jpg 768w, https:\/\/griechischefilmwoche.com\/wp-content\/uploads\/2023\/05\/Hippie-Hippie-Matala-Matala-782x1050.jpg 782w, https:\/\/griechischefilmwoche.com\/wp-content\/uploads\/2023\/05\/Hippie-Hippie-Matala-Matala-201x270.jpg 201w, https:\/\/griechischefilmwoche.com\/wp-content\/uploads\/2023\/05\/Hippie-Hippie-Matala-Matala-525x705.jpg 525w\" sizes=\"(max-width: 920px) 100vw, 920px\" \/><\/div><\/div><\/div><\/div><div  class='flex_column av-av_one_fifth-7714eba142aeda1f8b5272a3c372b279 av_one_fifth  avia-builder-el-15  el_after_av_one_fifth  el_before_av_one_fifth  first flex_column_div  column-top-margin'     ><style type=\"text\/css\" data-created_by=\"avia_inline_auto\" id=\"style-css-av-lh5faob8-7253d5affef640fba3aacd43bc235337\">\n.avia-image-container.av-lh5faob8-7253d5affef640fba3aacd43bc235337 img.avia_image{\nbox-shadow:none;\n}\n.avia-image-container.av-lh5faob8-7253d5affef640fba3aacd43bc235337 .av-image-caption-overlay-center{\ncolor:#ffffff;\n}\n<\/style>\n<div  class='avia-image-container av-lh5faob8-7253d5affef640fba3aacd43bc235337 av-styling- av-hover-grow avia_animated_image av-animated-when-visible-95 fade-in avia-align-center  avia-builder-el-16  avia-builder-el-no-sibling '   itemprop=\"image\" itemscope=\"itemscope\" itemtype=\"https:\/\/schema.org\/ImageObject\" ><div class=\"avia-image-container-inner\"><div class=\"avia-image-overlay-wrap\"><img decoding=\"async\" fetchpriority=\"high\" class='wp-image-3956 avia-img-lazy-loading-not-3956 avia_image ' src=\"https:\/\/griechischefilmwoche.com\/wp-content\/uploads\/2023\/05\/Iphigenia.jpg\" alt='' title='Iphigenia'  height=\"1235\" width=\"920\"  itemprop=\"thumbnailUrl\" srcset=\"https:\/\/griechischefilmwoche.com\/wp-content\/uploads\/2023\/05\/Iphigenia.jpg 920w, https:\/\/griechischefilmwoche.com\/wp-content\/uploads\/2023\/05\/Iphigenia-223x300.jpg 223w, https:\/\/griechischefilmwoche.com\/wp-content\/uploads\/2023\/05\/Iphigenia-767x1030.jpg 767w, https:\/\/griechischefilmwoche.com\/wp-content\/uploads\/2023\/05\/Iphigenia-768x1031.jpg 768w, https:\/\/griechischefilmwoche.com\/wp-content\/uploads\/2023\/05\/Iphigenia-782x1050.jpg 782w, https:\/\/griechischefilmwoche.com\/wp-content\/uploads\/2023\/05\/Iphigenia-201x270.jpg 201w, https:\/\/griechischefilmwoche.com\/wp-content\/uploads\/2023\/05\/Iphigenia-525x705.jpg 525w\" sizes=\"(max-width: 920px) 100vw, 920px\" \/><\/div><\/div><\/div><\/div><div  class='flex_column av-av_one_fifth-f1c518e9ff58e869f80c8f093487abc9 av_one_fifth  avia-builder-el-17  el_after_av_one_fifth  el_before_av_one_fifth  flex_column_div  column-top-margin'     ><style type=\"text\/css\" data-created_by=\"avia_inline_auto\" id=\"style-css-av-lh5fax9x-400a99ac390d431a8eb718d13f8cb3e4\">\n.avia-image-container.av-lh5fax9x-400a99ac390d431a8eb718d13f8cb3e4 img.avia_image{\nbox-shadow:none;\n}\n.avia-image-container.av-lh5fax9x-400a99ac390d431a8eb718d13f8cb3e4 .av-image-caption-overlay-center{\ncolor:#ffffff;\n}\n<\/style>\n<div  class='avia-image-container av-lh5fax9x-400a99ac390d431a8eb718d13f8cb3e4 av-styling- av-hover-grow avia_animated_image av-animated-when-visible-95 fade-in avia-align-center  avia-builder-el-18  avia-builder-el-no-sibling '   itemprop=\"image\" itemscope=\"itemscope\" itemtype=\"https:\/\/schema.org\/ImageObject\" ><div class=\"avia-image-container-inner\"><div class=\"avia-image-overlay-wrap\"><img decoding=\"async\" fetchpriority=\"high\" class='wp-image-3958 avia-img-lazy-loading-not-3958 avia_image ' src=\"https:\/\/griechischefilmwoche.com\/wp-content\/uploads\/2023\/05\/Kurzfilm-Festival-Drama-2015.jpg\" alt='' title='Kurzfilm-Festival-Drama-2015'  height=\"1235\" width=\"920\"  itemprop=\"thumbnailUrl\" srcset=\"https:\/\/griechischefilmwoche.com\/wp-content\/uploads\/2023\/05\/Kurzfilm-Festival-Drama-2015.jpg 920w, https:\/\/griechischefilmwoche.com\/wp-content\/uploads\/2023\/05\/Kurzfilm-Festival-Drama-2015-223x300.jpg 223w, https:\/\/griechischefilmwoche.com\/wp-content\/uploads\/2023\/05\/Kurzfilm-Festival-Drama-2015-767x1030.jpg 767w, https:\/\/griechischefilmwoche.com\/wp-content\/uploads\/2023\/05\/Kurzfilm-Festival-Drama-2015-768x1031.jpg 768w, https:\/\/griechischefilmwoche.com\/wp-content\/uploads\/2023\/05\/Kurzfilm-Festival-Drama-2015-782x1050.jpg 782w, https:\/\/griechischefilmwoche.com\/wp-content\/uploads\/2023\/05\/Kurzfilm-Festival-Drama-2015-201x270.jpg 201w, https:\/\/griechischefilmwoche.com\/wp-content\/uploads\/2023\/05\/Kurzfilm-Festival-Drama-2015-525x705.jpg 525w\" sizes=\"(max-width: 920px) 100vw, 920px\" \/><\/div><\/div><\/div><\/div><div  class='flex_column av-av_one_fifth-f1c518e9ff58e869f80c8f093487abc9 av_one_fifth  avia-builder-el-19  el_after_av_one_fifth  el_before_av_one_fifth  flex_column_div  column-top-margin'     ><style type=\"text\/css\" data-created_by=\"avia_inline_auto\" id=\"style-css-av-lh5fb626-e5bd642ebbb70635afe2f7c4593deb8a\">\n.avia-image-container.av-lh5fb626-e5bd642ebbb70635afe2f7c4593deb8a img.avia_image{\nbox-shadow:none;\n}\n.avia-image-container.av-lh5fb626-e5bd642ebbb70635afe2f7c4593deb8a .av-image-caption-overlay-center{\ncolor:#ffffff;\n}\n<\/style>\n<div  class='avia-image-container av-lh5fb626-e5bd642ebbb70635afe2f7c4593deb8a av-styling- av-hover-grow avia_animated_image av-animated-when-visible-95 fade-in avia-align-center  avia-builder-el-20  avia-builder-el-no-sibling '   itemprop=\"image\" itemscope=\"itemscope\" itemtype=\"https:\/\/schema.org\/ImageObject\" ><div class=\"avia-image-container-inner\"><div class=\"avia-image-overlay-wrap\"><img decoding=\"async\" fetchpriority=\"high\" class='wp-image-3962 avia-img-lazy-loading-not-3962 avia_image ' src=\"https:\/\/griechischefilmwoche.com\/wp-content\/uploads\/2023\/05\/Mikis-Theodorakis-Komponist.jpg\" alt='' title='Mikis-Theodorakis---Komponist'  height=\"1235\" width=\"920\"  itemprop=\"thumbnailUrl\" srcset=\"https:\/\/griechischefilmwoche.com\/wp-content\/uploads\/2023\/05\/Mikis-Theodorakis-Komponist.jpg 920w, https:\/\/griechischefilmwoche.com\/wp-content\/uploads\/2023\/05\/Mikis-Theodorakis-Komponist-223x300.jpg 223w, https:\/\/griechischefilmwoche.com\/wp-content\/uploads\/2023\/05\/Mikis-Theodorakis-Komponist-767x1030.jpg 767w, https:\/\/griechischefilmwoche.com\/wp-content\/uploads\/2023\/05\/Mikis-Theodorakis-Komponist-768x1031.jpg 768w, https:\/\/griechischefilmwoche.com\/wp-content\/uploads\/2023\/05\/Mikis-Theodorakis-Komponist-782x1050.jpg 782w, https:\/\/griechischefilmwoche.com\/wp-content\/uploads\/2023\/05\/Mikis-Theodorakis-Komponist-201x270.jpg 201w, https:\/\/griechischefilmwoche.com\/wp-content\/uploads\/2023\/05\/Mikis-Theodorakis-Komponist-525x705.jpg 525w\" sizes=\"(max-width: 920px) 100vw, 920px\" \/><\/div><\/div><\/div><\/div><div  class='flex_column av-av_one_fifth-f1c518e9ff58e869f80c8f093487abc9 av_one_fifth  avia-builder-el-21  el_after_av_one_fifth  el_before_av_one_fifth  flex_column_div  column-top-margin'     ><style type=\"text\/css\" data-created_by=\"avia_inline_auto\" id=\"style-css-av-lh5fbdu8-9ea4008febfa025e1767a03d33c22d7f\">\n.avia-image-container.av-lh5fbdu8-9ea4008febfa025e1767a03d33c22d7f img.avia_image{\nbox-shadow:none;\n}\n.avia-image-container.av-lh5fbdu8-9ea4008febfa025e1767a03d33c22d7f .av-image-caption-overlay-center{\ncolor:#ffffff;\n}\n<\/style>\n<div  class='avia-image-container av-lh5fbdu8-9ea4008febfa025e1767a03d33c22d7f av-styling- av-hover-grow avia_animated_image av-animated-when-visible-95 fade-in avia-align-center  avia-builder-el-22  avia-builder-el-no-sibling '   itemprop=\"image\" itemscope=\"itemscope\" itemtype=\"https:\/\/schema.org\/ImageObject\" ><div class=\"avia-image-container-inner\"><div class=\"avia-image-overlay-wrap\"><img decoding=\"async\" fetchpriority=\"high\" class='wp-image-3964 avia-img-lazy-loading-not-3964 avia_image ' src=\"https:\/\/griechischefilmwoche.com\/wp-content\/uploads\/2023\/05\/Norway.jpg\" alt='' title='Norway'  height=\"1235\" width=\"920\"  itemprop=\"thumbnailUrl\" srcset=\"https:\/\/griechischefilmwoche.com\/wp-content\/uploads\/2023\/05\/Norway.jpg 920w, https:\/\/griechischefilmwoche.com\/wp-content\/uploads\/2023\/05\/Norway-223x300.jpg 223w, https:\/\/griechischefilmwoche.com\/wp-content\/uploads\/2023\/05\/Norway-767x1030.jpg 767w, https:\/\/griechischefilmwoche.com\/wp-content\/uploads\/2023\/05\/Norway-768x1031.jpg 768w, https:\/\/griechischefilmwoche.com\/wp-content\/uploads\/2023\/05\/Norway-782x1050.jpg 782w, https:\/\/griechischefilmwoche.com\/wp-content\/uploads\/2023\/05\/Norway-201x270.jpg 201w, https:\/\/griechischefilmwoche.com\/wp-content\/uploads\/2023\/05\/Norway-525x705.jpg 525w\" sizes=\"(max-width: 920px) 100vw, 920px\" \/><\/div><\/div><\/div><\/div><div  class='flex_column av-av_one_fifth-f1c518e9ff58e869f80c8f093487abc9 av_one_fifth  avia-builder-el-23  el_after_av_one_fifth  el_before_av_one_fifth  flex_column_div  column-top-margin'     ><style type=\"text\/css\" data-created_by=\"avia_inline_auto\" id=\"style-css-av-lh5fblcd-ac7fc09a0a1bba6f43f2f256af6a663f\">\n.avia-image-container.av-lh5fblcd-ac7fc09a0a1bba6f43f2f256af6a663f img.avia_image{\nbox-shadow:none;\n}\n.avia-image-container.av-lh5fblcd-ac7fc09a0a1bba6f43f2f256af6a663f .av-image-caption-overlay-center{\ncolor:#ffffff;\n}\n<\/style>\n<div  class='avia-image-container av-lh5fblcd-ac7fc09a0a1bba6f43f2f256af6a663f av-styling- av-hover-grow avia_animated_image av-animated-when-visible-95 fade-in avia-align-center  avia-builder-el-24  avia-builder-el-no-sibling '   itemprop=\"image\" itemscope=\"itemscope\" itemtype=\"https:\/\/schema.org\/ImageObject\" ><div class=\"avia-image-container-inner\"><div class=\"avia-image-overlay-wrap\"><img decoding=\"async\" fetchpriority=\"high\" class='wp-image-3966 avia-img-lazy-loading-not-3966 avia_image ' src=\"https:\/\/griechischefilmwoche.com\/wp-content\/uploads\/2023\/05\/Oxygen.jpg\" alt='' title='Oxygen'  height=\"1235\" width=\"920\"  itemprop=\"thumbnailUrl\" srcset=\"https:\/\/griechischefilmwoche.com\/wp-content\/uploads\/2023\/05\/Oxygen.jpg 920w, https:\/\/griechischefilmwoche.com\/wp-content\/uploads\/2023\/05\/Oxygen-223x300.jpg 223w, https:\/\/griechischefilmwoche.com\/wp-content\/uploads\/2023\/05\/Oxygen-767x1030.jpg 767w, https:\/\/griechischefilmwoche.com\/wp-content\/uploads\/2023\/05\/Oxygen-768x1031.jpg 768w, https:\/\/griechischefilmwoche.com\/wp-content\/uploads\/2023\/05\/Oxygen-782x1050.jpg 782w, https:\/\/griechischefilmwoche.com\/wp-content\/uploads\/2023\/05\/Oxygen-201x270.jpg 201w, https:\/\/griechischefilmwoche.com\/wp-content\/uploads\/2023\/05\/Oxygen-525x705.jpg 525w\" sizes=\"(max-width: 920px) 100vw, 920px\" \/><\/div><\/div><\/div><\/div><div  class='flex_column av-av_one_fifth-7714eba142aeda1f8b5272a3c372b279 av_one_fifth  avia-builder-el-25  el_after_av_one_fifth  el_before_av_one_fifth  first flex_column_div  column-top-margin'     ><style type=\"text\/css\" data-created_by=\"avia_inline_auto\" id=\"style-css-av-lh5fbt5h-1679f12cdeb5d16f0f532f9811ef34a7\">\n.avia-image-container.av-lh5fbt5h-1679f12cdeb5d16f0f532f9811ef34a7 img.avia_image{\nbox-shadow:none;\n}\n.avia-image-container.av-lh5fbt5h-1679f12cdeb5d16f0f532f9811ef34a7 .av-image-caption-overlay-center{\ncolor:#ffffff;\n}\n<\/style>\n<div  class='avia-image-container av-lh5fbt5h-1679f12cdeb5d16f0f532f9811ef34a7 av-styling- av-hover-grow avia_animated_image av-animated-when-visible-95 fade-in avia-align-center  avia-builder-el-26  avia-builder-el-no-sibling '   itemprop=\"image\" itemscope=\"itemscope\" itemtype=\"https:\/\/schema.org\/ImageObject\" ><div class=\"avia-image-container-inner\"><div class=\"avia-image-overlay-wrap\"><img decoding=\"async\" fetchpriority=\"high\" class='wp-image-3968 avia-img-lazy-loading-not-3968 avia_image ' src=\"https:\/\/griechischefilmwoche.com\/wp-content\/uploads\/2023\/05\/Sonne-und-Zeit.jpg\" alt='' title='Sonne-und-Zeit'  height=\"1235\" width=\"920\"  itemprop=\"thumbnailUrl\" srcset=\"https:\/\/griechischefilmwoche.com\/wp-content\/uploads\/2023\/05\/Sonne-und-Zeit.jpg 920w, https:\/\/griechischefilmwoche.com\/wp-content\/uploads\/2023\/05\/Sonne-und-Zeit-223x300.jpg 223w, https:\/\/griechischefilmwoche.com\/wp-content\/uploads\/2023\/05\/Sonne-und-Zeit-767x1030.jpg 767w, https:\/\/griechischefilmwoche.com\/wp-content\/uploads\/2023\/05\/Sonne-und-Zeit-768x1031.jpg 768w, https:\/\/griechischefilmwoche.com\/wp-content\/uploads\/2023\/05\/Sonne-und-Zeit-782x1050.jpg 782w, https:\/\/griechischefilmwoche.com\/wp-content\/uploads\/2023\/05\/Sonne-und-Zeit-201x270.jpg 201w, https:\/\/griechischefilmwoche.com\/wp-content\/uploads\/2023\/05\/Sonne-und-Zeit-525x705.jpg 525w\" sizes=\"(max-width: 920px) 100vw, 920px\" \/><\/div><\/div><\/div><\/div><div  class='flex_column av-av_one_fifth-f1c518e9ff58e869f80c8f093487abc9 av_one_fifth  avia-builder-el-27  el_after_av_one_fifth  el_before_av_one_fifth  flex_column_div  column-top-margin'     ><style type=\"text\/css\" data-created_by=\"avia_inline_auto\" id=\"style-css-av-lh5fc01f-c2b88536b6baf2d14ee636e8aaef9e65\">\n.avia-image-container.av-lh5fc01f-c2b88536b6baf2d14ee636e8aaef9e65 img.avia_image{\nbox-shadow:none;\n}\n.avia-image-container.av-lh5fc01f-c2b88536b6baf2d14ee636e8aaef9e65 .av-image-caption-overlay-center{\ncolor:#ffffff;\n}\n<\/style>\n<div  class='avia-image-container av-lh5fc01f-c2b88536b6baf2d14ee636e8aaef9e65 av-styling- av-hover-grow avia_animated_image av-animated-when-visible-95 fade-in avia-align-center  avia-builder-el-28  avia-builder-el-no-sibling '   itemprop=\"image\" itemscope=\"itemscope\" itemtype=\"https:\/\/schema.org\/ImageObject\" ><div class=\"avia-image-container-inner\"><div class=\"avia-image-overlay-wrap\"><img decoding=\"async\" fetchpriority=\"high\" class='wp-image-3970 avia-img-lazy-loading-not-3970 avia_image ' src=\"https:\/\/griechischefilmwoche.com\/wp-content\/uploads\/2023\/05\/Stratos.jpg\" alt='' title='Stratos'  height=\"1235\" width=\"920\"  itemprop=\"thumbnailUrl\" srcset=\"https:\/\/griechischefilmwoche.com\/wp-content\/uploads\/2023\/05\/Stratos.jpg 920w, https:\/\/griechischefilmwoche.com\/wp-content\/uploads\/2023\/05\/Stratos-223x300.jpg 223w, https:\/\/griechischefilmwoche.com\/wp-content\/uploads\/2023\/05\/Stratos-767x1030.jpg 767w, https:\/\/griechischefilmwoche.com\/wp-content\/uploads\/2023\/05\/Stratos-768x1031.jpg 768w, https:\/\/griechischefilmwoche.com\/wp-content\/uploads\/2023\/05\/Stratos-782x1050.jpg 782w, https:\/\/griechischefilmwoche.com\/wp-content\/uploads\/2023\/05\/Stratos-201x270.jpg 201w, https:\/\/griechischefilmwoche.com\/wp-content\/uploads\/2023\/05\/Stratos-525x705.jpg 525w\" sizes=\"(max-width: 920px) 100vw, 920px\" \/><\/div><\/div><\/div><\/div><div  class='flex_column av-av_one_fifth-f1c518e9ff58e869f80c8f093487abc9 av_one_fifth  avia-builder-el-29  el_after_av_one_fifth  el_before_av_one_fifth  flex_column_div  column-top-margin'     ><style type=\"text\/css\" data-created_by=\"avia_inline_auto\" id=\"style-css-av-lh5fcgv2-c8d469fd5725e41a46ed01b512e23726\">\n.avia-image-container.av-lh5fcgv2-c8d469fd5725e41a46ed01b512e23726 img.avia_image{\nbox-shadow:none;\n}\n.avia-image-container.av-lh5fcgv2-c8d469fd5725e41a46ed01b512e23726 .av-image-caption-overlay-center{\ncolor:#ffffff;\n}\n<\/style>\n<div  class='avia-image-container av-lh5fcgv2-c8d469fd5725e41a46ed01b512e23726 av-styling- av-hover-grow avia_animated_image av-animated-when-visible-95 fade-in avia-align-center  avia-builder-el-30  avia-builder-el-no-sibling '   itemprop=\"image\" itemscope=\"itemscope\" itemtype=\"https:\/\/schema.org\/ImageObject\" ><div class=\"avia-image-container-inner\"><div class=\"avia-image-overlay-wrap\"><img decoding=\"async\" fetchpriority=\"high\" class='wp-image-3972 avia-img-lazy-loading-not-3972 avia_image ' src=\"https:\/\/griechischefilmwoche.com\/wp-content\/uploads\/2023\/05\/The-Winter.jpg\" alt='' title='The-Winter'  height=\"1235\" width=\"920\"  itemprop=\"thumbnailUrl\" srcset=\"https:\/\/griechischefilmwoche.com\/wp-content\/uploads\/2023\/05\/The-Winter.jpg 920w, https:\/\/griechischefilmwoche.com\/wp-content\/uploads\/2023\/05\/The-Winter-223x300.jpg 223w, https:\/\/griechischefilmwoche.com\/wp-content\/uploads\/2023\/05\/The-Winter-767x1030.jpg 767w, https:\/\/griechischefilmwoche.com\/wp-content\/uploads\/2023\/05\/The-Winter-768x1031.jpg 768w, https:\/\/griechischefilmwoche.com\/wp-content\/uploads\/2023\/05\/The-Winter-782x1050.jpg 782w, https:\/\/griechischefilmwoche.com\/wp-content\/uploads\/2023\/05\/The-Winter-201x270.jpg 201w, https:\/\/griechischefilmwoche.com\/wp-content\/uploads\/2023\/05\/The-Winter-525x705.jpg 525w\" sizes=\"(max-width: 920px) 100vw, 920px\" \/><\/div><\/div><\/div><\/div><div  class='flex_column av-av_one_fifth-f1c518e9ff58e869f80c8f093487abc9 av_one_fifth  avia-builder-el-31  el_after_av_one_fifth  avia-builder-el-last  flex_column_div  column-top-margin'     ><style type=\"text\/css\" data-created_by=\"avia_inline_auto\" id=\"style-css-av-lh5fco3u-c6f4c95f1f5c246fb4be2925e3dc927b\">\n.avia-image-container.av-lh5fco3u-c6f4c95f1f5c246fb4be2925e3dc927b img.avia_image{\nbox-shadow:none;\n}\n.avia-image-container.av-lh5fco3u-c6f4c95f1f5c246fb4be2925e3dc927b .av-image-caption-overlay-center{\ncolor:#ffffff;\n}\n<\/style>\n<div  class='avia-image-container av-lh5fco3u-c6f4c95f1f5c246fb4be2925e3dc927b av-styling- av-hover-grow avia_animated_image av-animated-when-visible-95 fade-in avia-align-center  avia-builder-el-32  avia-builder-el-no-sibling '   itemprop=\"image\" itemscope=\"itemscope\" itemtype=\"https:\/\/schema.org\/ImageObject\" ><div class=\"avia-image-container-inner\"><div class=\"avia-image-overlay-wrap\"><img decoding=\"async\" fetchpriority=\"high\" class='wp-image-3974 avia-img-lazy-loading-not-3974 avia_image ' src=\"https:\/\/griechischefilmwoche.com\/wp-content\/uploads\/2023\/05\/Xenia.jpg\" alt='' title='Xenia'  height=\"1235\" width=\"920\"  itemprop=\"thumbnailUrl\" srcset=\"https:\/\/griechischefilmwoche.com\/wp-content\/uploads\/2023\/05\/Xenia.jpg 920w, https:\/\/griechischefilmwoche.com\/wp-content\/uploads\/2023\/05\/Xenia-223x300.jpg 223w, https:\/\/griechischefilmwoche.com\/wp-content\/uploads\/2023\/05\/Xenia-767x1030.jpg 767w, https:\/\/griechischefilmwoche.com\/wp-content\/uploads\/2023\/05\/Xenia-768x1031.jpg 768w, https:\/\/griechischefilmwoche.com\/wp-content\/uploads\/2023\/05\/Xenia-782x1050.jpg 782w, https:\/\/griechischefilmwoche.com\/wp-content\/uploads\/2023\/05\/Xenia-201x270.jpg 201w, https:\/\/griechischefilmwoche.com\/wp-content\/uploads\/2023\/05\/Xenia-525x705.jpg 525w\" sizes=\"(max-width: 920px) 100vw, 920px\" \/><\/div><\/div><\/div><\/div><\/p>\n","protected":false},"excerpt":{"rendered":"","protected":false},"author":4,"featured_media":3952,"parent":4072,"menu_order":0,"comment_status":"closed","ping_status":"closed","template":"","meta":{"footnotes":""},"class_list":["post-3980","page","type-page","status-publish","has-post-thumbnail","hentry"],"yoast_head":"<!-- This site is optimized with the Yoast SEO plugin v27.5 - https:\/\/yoast.com\/product\/yoast-seo-wordpress\/ -->\n<title>29. Griechische Filmwoche - Griechische Filmwoche<\/title>\n<meta name=\"robots\" content=\"index, follow, max-snippet:-1, max-image-preview:large, max-video-preview:-1\" \/>\n<link rel=\"canonical\" href=\"https:\/\/griechischefilmwoche.com\/el\/%ce%b1%cf%81%cf%87%ce%b5%ce%af%ce%bf\/29-griechische-filmwoche-2015\/\" \/>\n<meta property=\"og:locale\" content=\"el_GR\" \/>\n<meta property=\"og:type\" content=\"article\" \/>\n<meta property=\"og:title\" content=\"29. Griechische Filmwoche - Griechische Filmwoche\" \/>\n<meta property=\"og:url\" content=\"https:\/\/griechischefilmwoche.com\/el\/%ce%b1%cf%81%cf%87%ce%b5%ce%af%ce%bf\/29-griechische-filmwoche-2015\/\" \/>\n<meta property=\"og:site_name\" content=\"Griechische Filmwoche\" \/>\n<meta property=\"article:modified_time\" content=\"2023-05-01T22:42:18+00:00\" \/>\n<meta property=\"og:image\" content=\"https:\/\/griechischefilmwoche.com\/wp-content\/uploads\/2023\/05\/grfw29.jpg\" \/>\n\t<meta property=\"og:image:width\" content=\"400\" \/>\n\t<meta property=\"og:image:height\" content=\"300\" \/>\n\t<meta property=\"og:image:type\" content=\"image\/jpeg\" \/>\n<meta name=\"twitter:card\" content=\"summary_large_image\" \/>\n<meta name=\"twitter:label1\" content=\"\u0395\u03ba\u03c4\u03b9\u03bc\u03ce\u03bc\u03b5\u03bd\u03bf\u03c2 \u03c7\u03c1\u03cc\u03bd\u03bf\u03c2 \u03b1\u03bd\u03ac\u03b3\u03bd\u03c9\u03c3\u03b7\u03c2\" \/>\n\t<meta name=\"twitter:data1\" content=\"19 \u03bb\u03b5\u03c0\u03c4\u03ac\" \/>\n<script type=\"application\/ld+json\" class=\"yoast-schema-graph\">{\"@context\":\"https:\\\/\\\/schema.org\",\"@graph\":[{\"@type\":\"WebPage\",\"@id\":\"https:\\\/\\\/griechischefilmwoche.com\\\/el\\\/%ce%b1%cf%81%cf%87%ce%b5%ce%af%ce%bf\\\/29-griechische-filmwoche-2015\\\/\",\"url\":\"https:\\\/\\\/griechischefilmwoche.com\\\/el\\\/%ce%b1%cf%81%cf%87%ce%b5%ce%af%ce%bf\\\/29-griechische-filmwoche-2015\\\/\",\"name\":\"29. Griechische Filmwoche - Griechische Filmwoche\",\"isPartOf\":{\"@id\":\"https:\\\/\\\/griechischefilmwoche.com\\\/el\\\/#website\"},\"primaryImageOfPage\":{\"@id\":\"https:\\\/\\\/griechischefilmwoche.com\\\/el\\\/%ce%b1%cf%81%cf%87%ce%b5%ce%af%ce%bf\\\/29-griechische-filmwoche-2015\\\/#primaryimage\"},\"image\":{\"@id\":\"https:\\\/\\\/griechischefilmwoche.com\\\/el\\\/%ce%b1%cf%81%cf%87%ce%b5%ce%af%ce%bf\\\/29-griechische-filmwoche-2015\\\/#primaryimage\"},\"thumbnailUrl\":\"https:\\\/\\\/griechischefilmwoche.com\\\/wp-content\\\/uploads\\\/2023\\\/05\\\/grfw29.jpg\",\"datePublished\":\"2023-05-01T22:41:13+00:00\",\"dateModified\":\"2023-05-01T22:42:18+00:00\",\"breadcrumb\":{\"@id\":\"https:\\\/\\\/griechischefilmwoche.com\\\/el\\\/%ce%b1%cf%81%cf%87%ce%b5%ce%af%ce%bf\\\/29-griechische-filmwoche-2015\\\/#breadcrumb\"},\"inLanguage\":\"el\",\"potentialAction\":[{\"@type\":\"ReadAction\",\"target\":[\"https:\\\/\\\/griechischefilmwoche.com\\\/el\\\/%ce%b1%cf%81%cf%87%ce%b5%ce%af%ce%bf\\\/29-griechische-filmwoche-2015\\\/\"]}]},{\"@type\":\"ImageObject\",\"inLanguage\":\"el\",\"@id\":\"https:\\\/\\\/griechischefilmwoche.com\\\/el\\\/%ce%b1%cf%81%cf%87%ce%b5%ce%af%ce%bf\\\/29-griechische-filmwoche-2015\\\/#primaryimage\",\"url\":\"https:\\\/\\\/griechischefilmwoche.com\\\/wp-content\\\/uploads\\\/2023\\\/05\\\/grfw29.jpg\",\"contentUrl\":\"https:\\\/\\\/griechischefilmwoche.com\\\/wp-content\\\/uploads\\\/2023\\\/05\\\/grfw29.jpg\",\"width\":400,\"height\":300},{\"@type\":\"BreadcrumbList\",\"@id\":\"https:\\\/\\\/griechischefilmwoche.com\\\/el\\\/%ce%b1%cf%81%cf%87%ce%b5%ce%af%ce%bf\\\/29-griechische-filmwoche-2015\\\/#breadcrumb\",\"itemListElement\":[{\"@type\":\"ListItem\",\"position\":1,\"name\":\"Home\",\"item\":\"https:\\\/\\\/griechischefilmwoche.com\\\/el\\\/programm2025\\\/\"},{\"@type\":\"ListItem\",\"position\":2,\"name\":\"29. Griechische Filmwoche\"}]},{\"@type\":\"WebSite\",\"@id\":\"https:\\\/\\\/griechischefilmwoche.com\\\/el\\\/#website\",\"url\":\"https:\\\/\\\/griechischefilmwoche.com\\\/el\\\/\",\"name\":\"Griechische Filmwoche\",\"description\":\"\",\"potentialAction\":[{\"@type\":\"SearchAction\",\"target\":{\"@type\":\"EntryPoint\",\"urlTemplate\":\"https:\\\/\\\/griechischefilmwoche.com\\\/el\\\/?s={search_term_string}\"},\"query-input\":{\"@type\":\"PropertyValueSpecification\",\"valueRequired\":true,\"valueName\":\"search_term_string\"}}],\"inLanguage\":\"el\"}]}<\/script>\n<!-- \/ Yoast SEO plugin. -->","yoast_head_json":{"title":"29. Griechische Filmwoche - Griechische Filmwoche","robots":{"index":"index","follow":"follow","max-snippet":"max-snippet:-1","max-image-preview":"max-image-preview:large","max-video-preview":"max-video-preview:-1"},"canonical":"https:\/\/griechischefilmwoche.com\/el\/%ce%b1%cf%81%cf%87%ce%b5%ce%af%ce%bf\/29-griechische-filmwoche-2015\/","og_locale":"el_GR","og_type":"article","og_title":"29. Griechische Filmwoche - Griechische Filmwoche","og_url":"https:\/\/griechischefilmwoche.com\/el\/%ce%b1%cf%81%cf%87%ce%b5%ce%af%ce%bf\/29-griechische-filmwoche-2015\/","og_site_name":"Griechische Filmwoche","article_modified_time":"2023-05-01T22:42:18+00:00","og_image":[{"width":400,"height":300,"url":"https:\/\/griechischefilmwoche.com\/wp-content\/uploads\/2023\/05\/grfw29.jpg","type":"image\/jpeg"}],"twitter_card":"summary_large_image","twitter_misc":{"\u0395\u03ba\u03c4\u03b9\u03bc\u03ce\u03bc\u03b5\u03bd\u03bf\u03c2 \u03c7\u03c1\u03cc\u03bd\u03bf\u03c2 \u03b1\u03bd\u03ac\u03b3\u03bd\u03c9\u03c3\u03b7\u03c2":"19 \u03bb\u03b5\u03c0\u03c4\u03ac"},"schema":{"@context":"https:\/\/schema.org","@graph":[{"@type":"WebPage","@id":"https:\/\/griechischefilmwoche.com\/el\/%ce%b1%cf%81%cf%87%ce%b5%ce%af%ce%bf\/29-griechische-filmwoche-2015\/","url":"https:\/\/griechischefilmwoche.com\/el\/%ce%b1%cf%81%cf%87%ce%b5%ce%af%ce%bf\/29-griechische-filmwoche-2015\/","name":"29. Griechische Filmwoche - Griechische Filmwoche","isPartOf":{"@id":"https:\/\/griechischefilmwoche.com\/el\/#website"},"primaryImageOfPage":{"@id":"https:\/\/griechischefilmwoche.com\/el\/%ce%b1%cf%81%cf%87%ce%b5%ce%af%ce%bf\/29-griechische-filmwoche-2015\/#primaryimage"},"image":{"@id":"https:\/\/griechischefilmwoche.com\/el\/%ce%b1%cf%81%cf%87%ce%b5%ce%af%ce%bf\/29-griechische-filmwoche-2015\/#primaryimage"},"thumbnailUrl":"https:\/\/griechischefilmwoche.com\/wp-content\/uploads\/2023\/05\/grfw29.jpg","datePublished":"2023-05-01T22:41:13+00:00","dateModified":"2023-05-01T22:42:18+00:00","breadcrumb":{"@id":"https:\/\/griechischefilmwoche.com\/el\/%ce%b1%cf%81%cf%87%ce%b5%ce%af%ce%bf\/29-griechische-filmwoche-2015\/#breadcrumb"},"inLanguage":"el","potentialAction":[{"@type":"ReadAction","target":["https:\/\/griechischefilmwoche.com\/el\/%ce%b1%cf%81%cf%87%ce%b5%ce%af%ce%bf\/29-griechische-filmwoche-2015\/"]}]},{"@type":"ImageObject","inLanguage":"el","@id":"https:\/\/griechischefilmwoche.com\/el\/%ce%b1%cf%81%cf%87%ce%b5%ce%af%ce%bf\/29-griechische-filmwoche-2015\/#primaryimage","url":"https:\/\/griechischefilmwoche.com\/wp-content\/uploads\/2023\/05\/grfw29.jpg","contentUrl":"https:\/\/griechischefilmwoche.com\/wp-content\/uploads\/2023\/05\/grfw29.jpg","width":400,"height":300},{"@type":"BreadcrumbList","@id":"https:\/\/griechischefilmwoche.com\/el\/%ce%b1%cf%81%cf%87%ce%b5%ce%af%ce%bf\/29-griechische-filmwoche-2015\/#breadcrumb","itemListElement":[{"@type":"ListItem","position":1,"name":"Home","item":"https:\/\/griechischefilmwoche.com\/el\/programm2025\/"},{"@type":"ListItem","position":2,"name":"29. Griechische Filmwoche"}]},{"@type":"WebSite","@id":"https:\/\/griechischefilmwoche.com\/el\/#website","url":"https:\/\/griechischefilmwoche.com\/el\/","name":"Griechische Filmwoche","description":"","potentialAction":[{"@type":"SearchAction","target":{"@type":"EntryPoint","urlTemplate":"https:\/\/griechischefilmwoche.com\/el\/?s={search_term_string}"},"query-input":{"@type":"PropertyValueSpecification","valueRequired":true,"valueName":"search_term_string"}}],"inLanguage":"el"}]}},"_links":{"self":[{"href":"https:\/\/griechischefilmwoche.com\/el\/wp-json\/wp\/v2\/pages\/3980","targetHints":{"allow":["GET"]}}],"collection":[{"href":"https:\/\/griechischefilmwoche.com\/el\/wp-json\/wp\/v2\/pages"}],"about":[{"href":"https:\/\/griechischefilmwoche.com\/el\/wp-json\/wp\/v2\/types\/page"}],"author":[{"embeddable":true,"href":"https:\/\/griechischefilmwoche.com\/el\/wp-json\/wp\/v2\/users\/4"}],"replies":[{"embeddable":true,"href":"https:\/\/griechischefilmwoche.com\/el\/wp-json\/wp\/v2\/comments?post=3980"}],"version-history":[{"count":0,"href":"https:\/\/griechischefilmwoche.com\/el\/wp-json\/wp\/v2\/pages\/3980\/revisions"}],"up":[{"embeddable":true,"href":"https:\/\/griechischefilmwoche.com\/el\/wp-json\/wp\/v2\/pages\/4072"}],"wp:featuredmedia":[{"embeddable":true,"href":"https:\/\/griechischefilmwoche.com\/el\/wp-json\/wp\/v2\/media\/3952"}],"wp:attachment":[{"href":"https:\/\/griechischefilmwoche.com\/el\/wp-json\/wp\/v2\/media?parent=3980"}],"curies":[{"name":"wp","href":"https:\/\/api.w.org\/{rel}","templated":true}]}}