{"id":5609,"date":"2023-10-19T15:00:46","date_gmt":"2023-10-19T13:00:46","guid":{"rendered":"https:\/\/griechischefilmwoche.com\/37-griechische-filmwoche-2023\/"},"modified":"2024-06-19T20:36:53","modified_gmt":"2024-06-19T18:36:53","slug":"37-griechische-filmwoche-2023","status":"publish","type":"page","link":"https:\/\/griechischefilmwoche.com\/el\/%ce%b1%cf%81%cf%87%ce%b5%ce%af%ce%bf\/37-griechische-filmwoche-2023\/","title":{"rendered":"37\u03b7 \u0395\u03b2\u03b4\u03bf\u03bc\u03ac\u03b4\u03b1 \u0395\u03bb\u03bb\u03b7\u03bd\u03b9\u03ba\u03bf\u03cd \u039a\u03b9\u03bd\u03b7\u03bc\u03b1\u03c4\u03bf\u03b3\u03c1\u03ac\u03c6\u03bf\u03c5 2023"},"content":{"rendered":"<section  class='av_textblock_section av-gg44oa-9f352976168d4b5420193c3027e16945 '   itemscope=\"itemscope\" itemtype=\"https:\/\/schema.org\/CreativeWork\" ><div class='avia_textblock'  itemprop=\"text\" ><h1 style=\"text-align: center;\">37\u03b7 \u0395\u0392\u0394\u039f\u039c\u0391\u0394\u0391 \u0395\u039b\u039b\u0397\u039d\u0399\u039a\u039f\u03a5 \u039a\u0399\u039d\u0397\u039c\u0391\u03a4\u039f\u0393\u03a1\u0391\u03a6\u039f\u03a5<br \/>\n\u03a0\u03a1\u039f\u0393\u03a1\u0391\u039c\u039c\u0391 \u03a4\u0391\u0399\u039d\u0399\u03a9\u039d<br \/>\n18-26 \u039d\u039f\u0395\u039c\u0392\u03a1\u0399\u039f\u03a5 2023<\/h1>\n<\/div><\/section>\n<\/div><\/div><\/div><!-- close content main div --><\/div><\/div>\n<style type=\"text\/css\" data-created_by=\"avia_inline_auto\" id=\"style-css-av-e9l9p6-fb5510fdc1b89eb410cb6f156e29b34b\">\n.avia-section.av-e9l9p6-fb5510fdc1b89eb410cb6f156e29b34b{\nbackground-color:#e4c1f9;\nbackground-image:unset;\n}\n<\/style>\n<div id='av_section_1'  class='avia-section av-e9l9p6-fb5510fdc1b89eb410cb6f156e29b34b main_color avia-section-default avia-no-border-styling  avia-builder-el-1  el_after_av_textblock  el_before_av_textblock  avia-bg-style-scroll container_wrap fullsize'  ><div class='container av-section-cont-open' ><div class='template-page content  av-content-full alpha units'><div class='post-entry post-entry-type-page post-entry-5609'><div class='entry-content-wrapper clearfix'>\n<div  class='flex_column av-cbyesa-e98c6edf93e31eebea0bc9e6d3736808 av_two_third  avia-builder-el-2  el_before_av_one_third  avia-builder-el-first  first flex_column_div  '     ><section  class='av_textblock_section av-axicp6-dd8468d7b93a8cbd1826d967a244d504 '   itemscope=\"itemscope\" itemtype=\"https:\/\/schema.org\/CreativeWork\" ><div class='avia_textblock'  itemprop=\"text\" ><h2>\u0397 37\u03b7 \u0395\u03b2\u03b4\u03bf\u03bc\u03ac\u03b4\u03b1 \u0395\u03bb\u03bb\u03b7\u03bd\u03b9\u03ba\u03bf\u03cd \u039a\u03b9\u03bd\u03b7\u03bc\u03b1\u03c4\u03bf\u03b3\u03c1\u03ac\u03c6\u03bf\u03c5 \u03ae\u03c4\u03b1\u03bd \u03bc\u03b9\u03b1 \u03b3\u03b9\u03bf\u03c1\u03c4\u03ae!<\/h2>\n<p>\u03a4\u03bf\u03bd \u039d\u03bf\u03ad\u03bc\u03b2\u03c1\u03b9\u03bf \u03c4\u03bf\u03c5 2023, \u03c4\u03bf Cinephile M\u00fcnchen \u03c0\u03b1\u03c1\u03bf\u03c5\u03c3\u03af\u03b1\u03c3\u03b5 \u03bc\u03b9\u03b1 \u03c0\u03bb\u03b7\u03b8\u03ce\u03c1\u03b1 \u03b2\u03c1\u03b1\u03b2\u03b5\u03c5\u03bc\u03ad\u03bd\u03c9\u03bd \u03c4\u03b1\u03b9\u03bd\u03b9\u03ce\u03bd \u03c3\u03c4\u03bf Rio Filmpalast, Gasteig HP8 \u03ba\u03b1\u03b9 Neues Rottmann.<\/p>\n<p>\u0397 \u03c0\u03c1\u03bf\u03c0\u03ce\u03bb\u03b7\u03c3\u03b7 \u03b3\u03b9\u03b1 \u03cc\u03bb\u03b5\u03c2 \u03c4\u03b9\u03c2 \u03c0\u03c1\u03bf\u03b2\u03bf\u03bb\u03ad\u03c2 \u03c4\u03b1\u03b9\u03bd\u03b9\u03ce\u03bd \u03c3\u03c4\u03bf Gasteig HP8 \u03be\u03b5\u03ba\u03af\u03bd\u03b7\u03c3\u03b5 \u03c3\u03c4\u03b1 \u03bc\u03ad\u03c3\u03b1 \u039f\u03ba\u03c4\u03c9\u03b2\u03c1\u03af\u03bf\u03c5.<\/p>\n<p>\u0397 \u03c0\u03c1\u03bf\u03c0\u03ce\u03bb\u03b7\u03c3\u03b7 \u03b3\u03b9\u03b1 \u03cc\u03bb\u03b5\u03c2 \u03c4\u03b9\u03c2 \u03c0\u03c1\u03bf\u03b2\u03bf\u03bb\u03ad\u03c2 \u03c4\u03b1\u03b9\u03bd\u03b9\u03ce\u03bd \u03c3\u03c4\u03bf Rio Filmpalast \u03ba\u03b1\u03b9 \u03c3\u03c4\u03bf Neues Rottmann \u03be\u03b5\u03ba\u03b9\u03bd\u03ac\u03b5\u03b9 \u03c3\u03c4\u03b1 \u03c4\u03ad\u03bb\u03b7 \u039f\u03ba\u03c4\u03c9\u03b2\u03c1\u03af\u03bf\u03c5.<\/p>\n<\/div><\/section><\/div><div  class='flex_column av-2jrvbe-1650acfae2be8622886eec469c306dac av_one_third  avia-builder-el-4  el_after_av_two_third  avia-builder-el-last  flex_column_div  '     ><style type=\"text\/css\" data-created_by=\"avia_inline_auto\" id=\"style-css-av-lpaynmgj-75ef255df022271221bfd7c1c3e7feb3\">\n.avia-image-container.av-lpaynmgj-75ef255df022271221bfd7c1c3e7feb3 img.avia_image{\nbox-shadow:none;\n}\n.avia-image-container.av-lpaynmgj-75ef255df022271221bfd7c1c3e7feb3 .av-image-caption-overlay-center{\ncolor:#ffffff;\n}\n<\/style>\n<div  class='avia-image-container av-lpaynmgj-75ef255df022271221bfd7c1c3e7feb3 av-styling- av-img-linked avia-align-center  avia-builder-el-5  avia-builder-el-no-sibling '   itemprop=\"image\" itemscope=\"itemscope\" itemtype=\"https:\/\/schema.org\/ImageObject\" ><div class=\"avia-image-container-inner\"><div class=\"avia-image-overlay-wrap\"><a href=\"https:\/\/griechischefilmwoche.com\/griechische-filmwoche-im-pixel%c2%b2-rosental-16-muenchen\/\" class='avia_image '  aria-label='Pixel2-Griechische-Filmwoche-2023'><img decoding=\"async\" fetchpriority=\"high\" class='wp-image-5412 avia-img-lazy-loading-not-5412 avia_image ' src=\"https:\/\/griechischefilmwoche.com\/wp-content\/uploads\/2023\/11\/Pixel2-Griechische-Filmwoche-2023.png\" alt='' title='Pixel2-Griechische-Filmwoche-2023'  height=\"1080\" width=\"1080\"  itemprop=\"thumbnailUrl\" srcset=\"https:\/\/griechischefilmwoche.com\/wp-content\/uploads\/2023\/11\/Pixel2-Griechische-Filmwoche-2023.png 1080w, https:\/\/griechischefilmwoche.com\/wp-content\/uploads\/2023\/11\/Pixel2-Griechische-Filmwoche-2023-300x300.png 300w, https:\/\/griechischefilmwoche.com\/wp-content\/uploads\/2023\/11\/Pixel2-Griechische-Filmwoche-2023-1030x1030.png 1030w, https:\/\/griechischefilmwoche.com\/wp-content\/uploads\/2023\/11\/Pixel2-Griechische-Filmwoche-2023-80x80.png 80w, https:\/\/griechischefilmwoche.com\/wp-content\/uploads\/2023\/11\/Pixel2-Griechische-Filmwoche-2023-768x768.png 768w, https:\/\/griechischefilmwoche.com\/wp-content\/uploads\/2023\/11\/Pixel2-Griechische-Filmwoche-2023-782x782.png 782w, https:\/\/griechischefilmwoche.com\/wp-content\/uploads\/2023\/11\/Pixel2-Griechische-Filmwoche-2023-201x201.png 201w, https:\/\/griechischefilmwoche.com\/wp-content\/uploads\/2023\/11\/Pixel2-Griechische-Filmwoche-2023-36x36.png 36w, https:\/\/griechischefilmwoche.com\/wp-content\/uploads\/2023\/11\/Pixel2-Griechische-Filmwoche-2023-180x180.png 180w, https:\/\/griechischefilmwoche.com\/wp-content\/uploads\/2023\/11\/Pixel2-Griechische-Filmwoche-2023-705x705.png 705w\" sizes=\"(max-width: 1080px) 100vw, 1080px\" \/><\/a><\/div><\/div><\/div><\/div><\/div><\/div><\/div><!-- close content main div --><\/div><\/div><div id='after_section_1'  class='main_color av_default_container_wrap container_wrap fullsize'  ><div class='container av-section-cont-open' ><div class='template-page content  av-content-full alpha units'><div class='post-entry post-entry-type-page post-entry-5609'><div class='entry-content-wrapper clearfix'><section  class='av_textblock_section av-95xoq2-3c9d3ace98c9772076ab942ce8bc6229 '   itemscope=\"itemscope\" itemtype=\"https:\/\/schema.org\/CreativeWork\" ><div class='avia_textblock'  itemprop=\"text\" ><div class=\"flex flex-grow flex-col max-w-full\">\n<div class=\"min-h-[20px] text-message flex flex-col items-start whitespace-pre-wrap break-words [.text-message+&#038;]:mt-5 juice:w-full juice:items-end overflow-x-auto gap-2\" dir=\"auto\" data-message-author-role=\"assistant\" data-message-id=\"c08e5d3f-b6b1-4c51-bd40-19b8846099c4\">\n<div class=\"flex w-full flex-col gap-1 juice:empty:hidden juice:first:pt-[3px]\">\n<div class=\"markdown prose w-full break-words dark:prose-invert light\">\n<p>\u0395\u03c0\u03b9\u03bb\u03ad\u03be\u03c4\u03b5 \u03c4\u03b7\u03bd \u03b1\u03bd\u03c4\u03af\u03c3\u03c4\u03bf\u03b9\u03c7\u03b7 \u03b7\u03bc\u03b5\u03c1\u03bf\u03bc\u03b7\u03bd\u03af\u03b1 \u03b3\u03b9\u03b1 \u03bd\u03b1 \u03b4\u03b5\u03af\u03c4\u03b5 \u03c4\u03b9\u03c2 \u03c4\u03b1\u03b9\u03bd\u03af\u03b5\u03c2. \u03a0\u03bb\u03b7\u03c1\u03bf\u03c6\u03bf\u03c1\u03af\u03b5\u03c2 \u03b3\u03b9\u03b1 \u03c4\u03b9\u03c2 \u03c0\u03c1\u03bf\u03b2\u03bf\u03bb\u03ad\u03c2 \u03ba\u03b1\u03b9 \u03c4\u03b1 \u03b5\u03b9\u03c3\u03b9\u03c4\u03ae\u03c1\u03b9\u03b1 <a href=\"https:\/\/griechischefilmwoche.com\/el\/tickets\/\">\u03b8\u03b1 \u03b2\u03c1\u03b5\u03af\u03c4\u03b5 \u03b5\u03b4\u03ce<\/a>.<\/p>\n<\/div>\n<\/div>\n<\/div>\n<\/div>\n<\/div><\/section><\/p>\n\n<style type=\"text\/css\" data-created_by=\"avia_inline_auto\" id=\"style-css-av-7287fu-f056da460bb29a59ab7b6cf5461323d4\">\n.flex_column.av-7287fu-f056da460bb29a59ab7b6cf5461323d4{\nborder-radius:0px 0px 0px 0px;\npadding:0px 0px 0px 0px;\n}\n<\/style>\n<div  class='flex_column av-7287fu-f056da460bb29a59ab7b6cf5461323d4 av_one_full  avia-builder-el-7  el_after_av_textblock  el_before_av_hr  first flex_column_div av-zero-column-padding  column-top-margin'     ><div  id=\"av-sc-portfolio-1\"  class=\"av-portfolio-grid-sorting-container\"><div class='sort_width_container  av-sort-yes-tax' data-portfolio-id='1' ><div id='js_sort_items' ><div class='av-current-sort-title'><span class=\"inner_sort_button\"><span>All<\/span><small class=\"av-cat-count\"> 14 <\/small><\/span><\/div><div class='sort_by_cat '><a href=\"#\" data-filter=\"all_sort\" class=\"all_sort_button active_sort\"><span class=\"inner_sort_button\"><span>All<\/span><small class=\"av-cat-count\"> 14 <\/small><\/span><\/a><span class=\"text-sep cf83ceb1ceb2-18-11_sort_sep\">\/<\/span><a href=\"#\" data-filter=\"cf83ceb1ceb2-18-11_sort\" class=\"cf83ceb1ceb2-18-11_sort_button\" ><span class=\"inner_sort_button\"><span>\u03a3\u0391\u0392 | 18.11.<\/span><small class=\"av-cat-count\"> 1 <\/small><\/span><\/a><span class=\"text-sep cebacf85cf81-19-11_sort_sep\">\/<\/span><a href=\"#\" data-filter=\"cebacf85cf81-19-11_sort\" class=\"cebacf85cf81-19-11_sort_button\" ><span class=\"inner_sort_button\"><span>\u039a\u03a5\u03a1 | 19.11.<\/span><small class=\"av-cat-count\"> 2 <\/small><\/span><\/a><span class=\"text-sep ceb4ceb5cf85-20-11_sort_sep\">\/<\/span><a href=\"#\" data-filter=\"ceb4ceb5cf85-20-11_sort\" class=\"ceb4ceb5cf85-20-11_sort_button\" ><span class=\"inner_sort_button\"><span>\u0394\u0395\u03a5 | 20.11.<\/span><small class=\"av-cat-count\"> 1 <\/small><\/span><\/a><span class=\"text-sep cf84cf81ceb9-21-11_sort_sep\">\/<\/span><a href=\"#\" data-filter=\"cf84cf81ceb9-21-11_sort\" class=\"cf84cf81ceb9-21-11_sort_button\" ><span class=\"inner_sort_button\"><span>\u03a4\u03a1\u0399 | 21.11.<\/span><small class=\"av-cat-count\"> 3 <\/small><\/span><\/a><span class=\"text-sep cf84ceb5cf84-22-11_sort_sep\">\/<\/span><a href=\"#\" data-filter=\"cf84ceb5cf84-22-11_sort\" class=\"cf84ceb5cf84-22-11_sort_button\" ><span class=\"inner_sort_button\"><span>\u03a4\u0395\u03a4 | 22.11.<\/span><small class=\"av-cat-count\"> 2 <\/small><\/span><\/a><span class=\"text-sep cf80ceb5cebc-23-11_sort_sep\">\/<\/span><a href=\"#\" data-filter=\"cf80ceb5cebc-23-11_sort\" class=\"cf80ceb5cebc-23-11_sort_button\" ><span class=\"inner_sort_button\"><span>\u03a0\u0395\u039c | 23.11.<\/span><small class=\"av-cat-count\"> 2 <\/small><\/span><\/a><span class=\"text-sep cf80ceb1cf81-24-11_sort_sep\">\/<\/span><a href=\"#\" data-filter=\"cf80ceb1cf81-24-11_sort\" class=\"cf80ceb1cf81-24-11_sort_button\" ><span class=\"inner_sort_button\"><span>\u03a0\u0391\u03a1 | 24.11.<\/span><small class=\"av-cat-count\"> 2 <\/small><\/span><\/a><span class=\"text-sep cf83ceb1ceb2-25-11_sort_sep\">\/<\/span><a href=\"#\" data-filter=\"cf83ceb1ceb2-25-11_sort\" class=\"cf83ceb1ceb2-25-11_sort_button\" ><span class=\"inner_sort_button\"><span>\u03a3\u0391\u0392 | 25.11.<\/span><small class=\"av-cat-count\"> 3 <\/small><\/span><\/a><span class=\"text-sep cebacf85cf81-26-11_sort_sep\">\/<\/span><a href=\"#\" data-filter=\"cebacf85cf81-26-11_sort\" class=\"cebacf85cf81-26-11_sort_button\" ><span class=\"inner_sort_button\"><span>\u039a\u03a5\u03a1 | 26.11.<\/span><small class=\"av-cat-count\"> 3 <\/small><\/span><\/a><span class=\"text-sep cf84ceb5cf84-6-12_sort_sep\">\/<\/span><a href=\"#\" data-filter=\"cf84ceb5cf84-6-12_sort\" class=\"cf84ceb5cf84-6-12_sort_button\" ><span class=\"inner_sort_button\"><span>\u03a4\u0395\u03a4 | 6.12.<\/span><small class=\"av-cat-count\"> 2 <\/small><\/span><\/a><\/div><\/div><\/div><div  class=' grid-sort-container isotope   av-medium-columns-overwrite av-medium-columns-3 av-mini-columns-overwrite av-mini-columns-3 no_margin-container with-excerpt-container grid-total-even grid-col-6 grid-links-' data-portfolio-id='1'><div data-ajax-id='4717' class=' grid-entry flex_column isotope-item all_sort no_margin post-entry post-entry-4717 grid-entry-overview grid-loop-1 grid-parity-odd  cebacf85cf81-19-11_sort programm-2023-el_sort cebacf85cf81-26-11_sort cf84ceb5cf84-6-12_sort gasteig-hp8_sort neues-rottmann_sort rio-filmpalast_sort drama-el_sort comedy_sort  av_one_sixth first default_av_fullwidth '><article class='main_color inner-entry'  itemscope=\"itemscope\" itemtype=\"https:\/\/schema.org\/CreativeWork\" ><a href=\"https:\/\/griechischefilmwoche.com\/el\/movie\/black-stone\/\" title='Black Stone'  data-rel='grid-1' class='grid-image avia-hover-fx'> <img decoding=\"async\" fetchpriority=\"high\" width=\"201\" height=\"270\" src=\"https:\/\/griechischefilmwoche.com\/wp-content\/uploads\/2023\/06\/blackstone_poster-201x270.jpg\" class=\"wp-image-4313 avia-img-lazy-loading-not-4313 attachment-film-preview size-film-preview wp-post-image\" alt=\"&quot;Black Stone&quot; von Spiros Jacovides auf der Griechischen Filmwoche in M\u00fcnchen.\" srcset=\"https:\/\/griechischefilmwoche.com\/wp-content\/uploads\/2023\/06\/blackstone_poster-201x270.jpg 201w, https:\/\/griechischefilmwoche.com\/wp-content\/uploads\/2023\/06\/blackstone_poster-223x300.jpg 223w, https:\/\/griechischefilmwoche.com\/wp-content\/uploads\/2023\/06\/blackstone_poster-767x1030.jpg 767w, https:\/\/griechischefilmwoche.com\/wp-content\/uploads\/2023\/06\/blackstone_poster-768x1031.jpg 768w, https:\/\/griechischefilmwoche.com\/wp-content\/uploads\/2023\/06\/blackstone_poster-782x1050.jpg 782w, https:\/\/griechischefilmwoche.com\/wp-content\/uploads\/2023\/06\/blackstone_poster-525x705.jpg 525w, https:\/\/griechischefilmwoche.com\/wp-content\/uploads\/2023\/06\/blackstone_poster.jpg 920w\" sizes=\"(max-width: 201px) 100vw, 201px\" \/><\/a><div class='grid-content'><div class='avia-arrow'><\/div><header class=\"entry-content-header\" aria-label=\"Portfolio: Black Stone\"><h3 class='grid-entry-title entry-title '  itemprop=\"headline\" ><a href='https:\/\/griechischefilmwoche.com\/el\/movie\/black-stone\/' title='Black Stone'>Black Stone<\/a><\/h3><\/header><div class='grid-entry-excerpt entry-content'  itemprop=\"text\" >\u039c\u03b1\u03cd\u03c1\u03b7 \u039a\u03c9\u03bc\u03c9\u03b4\u03af\u03b1, 2022, GR | \u03b1\u03b3\u03b3\u03bb. | 87min<\/div><\/div><footer class=\"entry-footer\"><\/footer><\/article><\/div><div data-ajax-id='4731' class=' grid-entry flex_column isotope-item all_sort no_margin post-entry post-entry-4731 grid-entry-overview grid-loop-2 grid-parity-even  cf83ceb1ceb2-18-11_sort programm-2023-el_sort cf84ceb5cf84-22-11_sort gasteig-hp8_sort rio-filmpalast_sort  av_one_sixth  default_av_fullwidth '><article class='main_color inner-entry'  itemscope=\"itemscope\" itemtype=\"https:\/\/schema.org\/CreativeWork\" ><a href=\"https:\/\/griechischefilmwoche.com\/el\/movie\/inside\/\" title='Inside'  data-rel='grid-1' class='grid-image avia-hover-fx'> <img decoding=\"async\" fetchpriority=\"high\" width=\"201\" height=\"270\" src=\"https:\/\/griechischefilmwoche.com\/wp-content\/uploads\/2023\/07\/poster-inside-201x270.jpg\" class=\"wp-image-4533 avia-img-lazy-loading-not-4533 attachment-film-preview size-film-preview wp-post-image\" alt=\"&quot;Inside&quot; von Vassilis Katsoupis auf der Griechischen Filmwoche in M\u00fcnchen.\" srcset=\"https:\/\/griechischefilmwoche.com\/wp-content\/uploads\/2023\/07\/poster-inside-201x270.jpg 201w, https:\/\/griechischefilmwoche.com\/wp-content\/uploads\/2023\/07\/poster-inside-223x300.jpg 223w, https:\/\/griechischefilmwoche.com\/wp-content\/uploads\/2023\/07\/poster-inside-767x1030.jpg 767w, https:\/\/griechischefilmwoche.com\/wp-content\/uploads\/2023\/07\/poster-inside-768x1031.jpg 768w, https:\/\/griechischefilmwoche.com\/wp-content\/uploads\/2023\/07\/poster-inside-782x1050.jpg 782w, https:\/\/griechischefilmwoche.com\/wp-content\/uploads\/2023\/07\/poster-inside-525x705.jpg 525w, https:\/\/griechischefilmwoche.com\/wp-content\/uploads\/2023\/07\/poster-inside.jpg 920w\" sizes=\"(max-width: 201px) 100vw, 201px\" \/><\/a><div class='grid-content'><div class='avia-arrow'><\/div><header class=\"entry-content-header\" aria-label=\"Portfolio: Inside\"><h3 class='grid-entry-title entry-title '  itemprop=\"headline\" ><a href='https:\/\/griechischefilmwoche.com\/el\/movie\/inside\/' title='Inside'>Inside<\/a><\/h3><\/header><div class='grid-entry-excerpt entry-content'  itemprop=\"text\" >\u0394\u03c1\u03ac\u03bc\u03b1, 2022, GR\/D\/BE | \u03b3\u03b5\u03c1\u03bc. | 115min <\/div><\/div><footer class=\"entry-footer\"><\/footer><\/article><\/div><div data-ajax-id='3790' class=' grid-entry flex_column isotope-item all_sort no_margin post-entry post-entry-3790 grid-entry-overview grid-loop-3 grid-parity-odd  programm-2023-el_sort ceb4ceb5cf85-20-11_sort cf84cf81ceb9-21-11_sort gasteig-hp8_sort documentary_sort  av_one_sixth  default_av_fullwidth '><article class='main_color inner-entry'  itemscope=\"itemscope\" itemtype=\"https:\/\/schema.org\/CreativeWork\" ><a href=\"https:\/\/griechischefilmwoche.com\/el\/movie\/kristos-the-last-child\/\" title='Kristos, the Last Child'  data-rel='grid-1' class='grid-image avia-hover-fx'> <img decoding=\"async\" fetchpriority=\"high\" width=\"201\" height=\"270\" src=\"https:\/\/griechischefilmwoche.com\/wp-content\/uploads\/2023\/04\/kristos-last-child-201x270.jpg\" class=\"wp-image-4723 avia-img-lazy-loading-not-4723 attachment-film-preview size-film-preview wp-post-image\" alt=\"\" srcset=\"https:\/\/griechischefilmwoche.com\/wp-content\/uploads\/2023\/04\/kristos-last-child-201x270.jpg 201w, https:\/\/griechischefilmwoche.com\/wp-content\/uploads\/2023\/04\/kristos-last-child-223x300.jpg 223w, https:\/\/griechischefilmwoche.com\/wp-content\/uploads\/2023\/04\/kristos-last-child-767x1030.jpg 767w, https:\/\/griechischefilmwoche.com\/wp-content\/uploads\/2023\/04\/kristos-last-child-768x1031.jpg 768w, https:\/\/griechischefilmwoche.com\/wp-content\/uploads\/2023\/04\/kristos-last-child-782x1050.jpg 782w, https:\/\/griechischefilmwoche.com\/wp-content\/uploads\/2023\/04\/kristos-last-child-525x705.jpg 525w, https:\/\/griechischefilmwoche.com\/wp-content\/uploads\/2023\/04\/kristos-last-child.jpg 920w\" sizes=\"(max-width: 201px) 100vw, 201px\" \/><\/a><div class='grid-content'><div class='avia-arrow'><\/div><header class=\"entry-content-header\" aria-label=\"Portfolio: Kristos, the Last Child\"><h3 class='grid-entry-title entry-title '  itemprop=\"headline\" ><a href='https:\/\/griechischefilmwoche.com\/el\/movie\/kristos-the-last-child\/' title='Kristos, the Last Child'>Kristos, the Last Child<\/a><\/h3><\/header><div class='grid-entry-excerpt entry-content'  itemprop=\"text\" >\u039d\u03c4\u03bf\u03ba\u03b9\u03bc\u03b1\u03bd\u03c4\u03ad\u03c1, 2022, GR\/I\/FR | \u03b3\u03b5\u03c1\u03bc. | 90min<\/div><\/div><footer class=\"entry-footer\"><\/footer><\/article><\/div><div data-ajax-id='4734' class=' grid-entry flex_column isotope-item all_sort no_margin post-entry post-entry-4734 grid-entry-overview grid-loop-4 grid-parity-even  programm-2023-el_sort cf80ceb5cebc-23-11_sort gasteig-hp8_sort documentary_sort  av_one_sixth  default_av_fullwidth '><article class='main_color inner-entry'  itemscope=\"itemscope\" itemtype=\"https:\/\/schema.org\/CreativeWork\" ><a href=\"https:\/\/griechischefilmwoche.com\/el\/movie\/%ce%b1%ce%ba%ce%bf%ce%b5-%ce%b1%ce%bc%cf%86%ce%b9-%ce%b7-%ce%b9%cf%83%cf%84%ce%bf%cf%81%ce%af%ce%b1-%ce%bc%ce%b9%ce%b1%cf%82-%ce%b5%cf%80%ce%b1%ce%bd%ce%ac%cf%83%cf%84%ce%b1%cf%83%ce%b7%cf%82\/\" title='\u0391\u039a\u039f\u0395\/\u0391\u039c\u03a6\u0399: \u0397 \u0399\u03c3\u03c4\u03bf\u03c1\u03af\u03b1 \u039c\u03b9\u03b1\u03c2 \u0395\u03c0\u03b1\u03bd\u03ac\u03c3\u03c4\u03b1\u03c3\u03b7\u03c2 (*\u039d\u03b1 \u03ba\u03bf\u03b9\u03bc\u03ac\u03bc\u03b1\u03b9 \u03c3\u03c4\u03bf \u03c3\u03c4\u03ae\u03b8\u03bf\u03c2 \u03c4\u03bf\u03c5\u2026)'  data-rel='grid-1' class='grid-image avia-hover-fx'> <img decoding=\"async\" fetchpriority=\"high\" width=\"201\" height=\"270\" src=\"https:\/\/griechischefilmwoche.com\/wp-content\/uploads\/2023\/07\/AKOE-AMFI-201x270.jpg\" class=\"wp-image-4595 avia-img-lazy-loading-not-4595 attachment-film-preview size-film-preview wp-post-image\" alt=\"&quot;AKOE\/AMFI: The Story of a Revolution&quot; von Iossif Vardakis auf der Griechischen Filmwoche in M\u00fcnchen.\" srcset=\"https:\/\/griechischefilmwoche.com\/wp-content\/uploads\/2023\/07\/AKOE-AMFI-201x270.jpg 201w, https:\/\/griechischefilmwoche.com\/wp-content\/uploads\/2023\/07\/AKOE-AMFI-223x300.jpg 223w, https:\/\/griechischefilmwoche.com\/wp-content\/uploads\/2023\/07\/AKOE-AMFI-767x1030.jpg 767w, https:\/\/griechischefilmwoche.com\/wp-content\/uploads\/2023\/07\/AKOE-AMFI-768x1031.jpg 768w, https:\/\/griechischefilmwoche.com\/wp-content\/uploads\/2023\/07\/AKOE-AMFI-782x1050.jpg 782w, https:\/\/griechischefilmwoche.com\/wp-content\/uploads\/2023\/07\/AKOE-AMFI-525x705.jpg 525w, https:\/\/griechischefilmwoche.com\/wp-content\/uploads\/2023\/07\/AKOE-AMFI.jpg 920w\" sizes=\"(max-width: 201px) 100vw, 201px\" \/><\/a><div class='grid-content'><div class='avia-arrow'><\/div><header class=\"entry-content-header\" aria-label=\"Portfolio: \u0391\u039a\u039f\u0395\/\u0391\u039c\u03a6\u0399: \u0397 \u0399\u03c3\u03c4\u03bf\u03c1\u03af\u03b1 \u039c\u03b9\u03b1\u03c2 \u0395\u03c0\u03b1\u03bd\u03ac\u03c3\u03c4\u03b1\u03c3\u03b7\u03c2 (*\u039d\u03b1 \u03ba\u03bf\u03b9\u03bc\u03ac\u03bc\u03b1\u03b9 \u03c3\u03c4\u03bf \u03c3\u03c4\u03ae\u03b8\u03bf\u03c2 \u03c4\u03bf\u03c5\u2026)\"><h3 class='grid-entry-title entry-title '  itemprop=\"headline\" ><a href='https:\/\/griechischefilmwoche.com\/el\/movie\/%ce%b1%ce%ba%ce%bf%ce%b5-%ce%b1%ce%bc%cf%86%ce%b9-%ce%b7-%ce%b9%cf%83%cf%84%ce%bf%cf%81%ce%af%ce%b1-%ce%bc%ce%b9%ce%b1%cf%82-%ce%b5%cf%80%ce%b1%ce%bd%ce%ac%cf%83%cf%84%ce%b1%cf%83%ce%b7%cf%82\/' title='\u0391\u039a\u039f\u0395\/\u0391\u039c\u03a6\u0399: \u0397 \u0399\u03c3\u03c4\u03bf\u03c1\u03af\u03b1 \u039c\u03b9\u03b1\u03c2 \u0395\u03c0\u03b1\u03bd\u03ac\u03c3\u03c4\u03b1\u03c3\u03b7\u03c2 (*\u039d\u03b1 \u03ba\u03bf\u03b9\u03bc\u03ac\u03bc\u03b1\u03b9 \u03c3\u03c4\u03bf \u03c3\u03c4\u03ae\u03b8\u03bf\u03c2 \u03c4\u03bf\u03c5\u2026)'>\u0391\u039a\u039f\u0395\/\u0391\u039c\u03a6\u0399: \u0397 \u0399\u03c3\u03c4\u03bf\u03c1\u03af\u03b1 \u039c\u03b9\u03b1\u03c2 \u0395\u03c0\u03b1\u03bd\u03ac\u03c3\u03c4\u03b1\u03c3\u03b7\u03c2 (*\u039d\u03b1 \u03ba\u03bf\u03b9\u03bc\u03ac\u03bc\u03b1\u03b9 \u03c3\u03c4\u03bf \u03c3\u03c4\u03ae\u03b8\u03bf\u03c2 \u03c4\u03bf\u03c5\u2026)<\/a><\/h3><\/header><div class='grid-entry-excerpt entry-content'  itemprop=\"text\" >\u039d\u03c4\u03bf\u03ba\u03b9\u03bc\u03b1\u03bd\u03c4\u03ad\u03c1, 2023, GR | \u03b1\u03b3\u03b3\u03bb. | 71min<\/div><\/div><footer class=\"entry-footer\"><\/footer><\/article><\/div><div data-ajax-id='4707' class=' grid-entry flex_column isotope-item all_sort no_margin post-entry post-entry-4707 grid-entry-overview grid-loop-5 grid-parity-odd  programm-2023-el_sort cf83ceb1ceb2-25-11_sort neues-rottmann_sort drama-el_sort  av_one_sixth  default_av_fullwidth '><article class='main_color inner-entry'  itemscope=\"itemscope\" itemtype=\"https:\/\/schema.org\/CreativeWork\" ><a href=\"https:\/\/griechischefilmwoche.com\/el\/movie\/%ce%b5%ce%ba%ce%b5%ce%af-%cf%80%ce%bf%cf%85-%ce%b6%ce%bf%cf%8d%ce%bc%ce%b5\/\" title='\u0395\u03ba\u03b5\u03af \u03c0\u03bf\u03c5 \u03b6\u03bf\u03cd\u03bc\u03b5'  data-rel='grid-1' class='grid-image avia-hover-fx'> <img decoding=\"async\" fetchpriority=\"high\" width=\"201\" height=\"270\" src=\"https:\/\/griechischefilmwoche.com\/wp-content\/uploads\/2023\/05\/Poster_Where-we-Live-201x270.jpg\" class=\"wp-image-4264 avia-img-lazy-loading-not-4264 attachment-film-preview size-film-preview wp-post-image\" alt=\"&quot;Where We Live&quot; von Sotiris Goritsas auf der Griechischen Filmwoche in M\u00fcnchen.\" srcset=\"https:\/\/griechischefilmwoche.com\/wp-content\/uploads\/2023\/05\/Poster_Where-we-Live-201x270.jpg 201w, https:\/\/griechischefilmwoche.com\/wp-content\/uploads\/2023\/05\/Poster_Where-we-Live-223x300.jpg 223w, https:\/\/griechischefilmwoche.com\/wp-content\/uploads\/2023\/05\/Poster_Where-we-Live-767x1030.jpg 767w, https:\/\/griechischefilmwoche.com\/wp-content\/uploads\/2023\/05\/Poster_Where-we-Live-768x1031.jpg 768w, https:\/\/griechischefilmwoche.com\/wp-content\/uploads\/2023\/05\/Poster_Where-we-Live-782x1050.jpg 782w, https:\/\/griechischefilmwoche.com\/wp-content\/uploads\/2023\/05\/Poster_Where-we-Live-525x705.jpg 525w, https:\/\/griechischefilmwoche.com\/wp-content\/uploads\/2023\/05\/Poster_Where-we-Live.jpg 920w\" sizes=\"(max-width: 201px) 100vw, 201px\" \/><\/a><div class='grid-content'><div class='avia-arrow'><\/div><header class=\"entry-content-header\" aria-label=\"Portfolio: \u0395\u03ba\u03b5\u03af \u03c0\u03bf\u03c5 \u03b6\u03bf\u03cd\u03bc\u03b5\"><h3 class='grid-entry-title entry-title '  itemprop=\"headline\" ><a href='https:\/\/griechischefilmwoche.com\/el\/movie\/%ce%b5%ce%ba%ce%b5%ce%af-%cf%80%ce%bf%cf%85-%ce%b6%ce%bf%cf%8d%ce%bc%ce%b5\/' title='\u0395\u03ba\u03b5\u03af \u03c0\u03bf\u03c5 \u03b6\u03bf\u03cd\u03bc\u03b5'>\u0395\u03ba\u03b5\u03af \u03c0\u03bf\u03c5 \u03b6\u03bf\u03cd\u03bc\u03b5<\/a><\/h3><\/header><div class='grid-entry-excerpt entry-content'  itemprop=\"text\" >\u0394\u03c1\u03ac\u03bc\u03b1, 2022, GR | \u03b1\u03b3\u03b3\u03bb. | 90min<\/div><\/div><footer class=\"entry-footer\"><\/footer><\/article><\/div><div data-ajax-id='4719' class=' grid-entry flex_column isotope-item all_sort no_margin post-entry post-entry-4719 grid-entry-overview grid-loop-6 grid-parity-even  cebacf85cf81-19-11_sort programm-2023-el_sort rio-filmpalast_sort drama-el_sort  av_one_sixth  default_av_fullwidth '><article class='main_color inner-entry'  itemscope=\"itemscope\" itemtype=\"https:\/\/schema.org\/CreativeWork\" ><a href=\"https:\/\/griechischefilmwoche.com\/el\/movie\/%ce%b7%cf%83%cf%85%cf%87%ce%af%ce%b1-6-9\/\" title='\u0397\u03c3\u03c5\u03c7\u03af\u03b1 6-9'  data-rel='grid-1' class='grid-image avia-hover-fx'> <img decoding=\"async\" fetchpriority=\"high\" width=\"201\" height=\"270\" src=\"https:\/\/griechischefilmwoche.com\/wp-content\/uploads\/2023\/06\/Silence-Poster-201x270.jpg\" class=\"wp-image-4483 avia-img-lazy-loading-not-4483 attachment-film-preview size-film-preview wp-post-image\" alt=\"Silence 6-9 (Isihia 6-9) von Christos Passalis ist auf der Griechischen Filmwoche in M\u00fcnchen zu sehen.\" srcset=\"https:\/\/griechischefilmwoche.com\/wp-content\/uploads\/2023\/06\/Silence-Poster-201x270.jpg 201w, https:\/\/griechischefilmwoche.com\/wp-content\/uploads\/2023\/06\/Silence-Poster-223x300.jpg 223w, https:\/\/griechischefilmwoche.com\/wp-content\/uploads\/2023\/06\/Silence-Poster-767x1030.jpg 767w, https:\/\/griechischefilmwoche.com\/wp-content\/uploads\/2023\/06\/Silence-Poster-768x1031.jpg 768w, https:\/\/griechischefilmwoche.com\/wp-content\/uploads\/2023\/06\/Silence-Poster-782x1050.jpg 782w, https:\/\/griechischefilmwoche.com\/wp-content\/uploads\/2023\/06\/Silence-Poster-525x705.jpg 525w, https:\/\/griechischefilmwoche.com\/wp-content\/uploads\/2023\/06\/Silence-Poster.jpg 920w\" sizes=\"(max-width: 201px) 100vw, 201px\" \/><\/a><div class='grid-content'><div class='avia-arrow'><\/div><header class=\"entry-content-header\" aria-label=\"Portfolio: \u0397\u03c3\u03c5\u03c7\u03af\u03b1 6-9\"><h3 class='grid-entry-title entry-title '  itemprop=\"headline\" ><a href='https:\/\/griechischefilmwoche.com\/el\/movie\/%ce%b7%cf%83%cf%85%cf%87%ce%af%ce%b1-6-9\/' title='\u0397\u03c3\u03c5\u03c7\u03af\u03b1 6-9'>\u0397\u03c3\u03c5\u03c7\u03af\u03b1 6-9<\/a><\/h3><\/header><div class='grid-entry-excerpt entry-content'  itemprop=\"text\" >\u0394\u03c1\u03ac\u03bc\u03b1, 2022, GR | \u03b1\u03b3\u03b3\u03bb. | 81min<\/div><\/div><footer class=\"entry-footer\"><\/footer><\/article><\/div><div data-ajax-id='4712' class=' grid-entry flex_column isotope-item all_sort no_margin post-entry post-entry-4712 grid-entry-overview grid-loop-7 grid-parity-odd  programm-2023-el_sort cf84cf81ceb9-21-11_sort cebacf85cf81-26-11_sort cf84ceb5cf84-6-12_sort gasteig-hp8_sort neues-rottmann_sort drama-el_sort road-movie-el_sort  av_one_sixth first default_av_fullwidth '><article class='main_color inner-entry'  itemscope=\"itemscope\" itemtype=\"https:\/\/schema.org\/CreativeWork\" ><a href=\"https:\/\/griechischefilmwoche.com\/el\/movie\/%ce%bc%ce%b1%ce%b3%ce%bd%ce%b7%cf%84%ce%b9%ce%ba%ce%ac-%cf%80%ce%b5%ce%b4%ce%af%ce%b1\/\" title='\u039c\u03b1\u03b3\u03bd\u03b7\u03c4\u03b9\u03ba\u03ac \u03c0\u03b5\u03b4\u03af\u03b1'  data-rel='grid-1' class='grid-image avia-hover-fx'> <img decoding=\"async\" fetchpriority=\"high\" width=\"201\" height=\"270\" src=\"https:\/\/griechischefilmwoche.com\/wp-content\/uploads\/2023\/05\/magnetic_fields_poster-201x270.jpg\" class=\"wp-image-4247 avia-img-lazy-loading-not-4247 attachment-film-preview size-film-preview wp-post-image\" alt=\"&quot;Magnetic Fields&quot; auf der Griechischen Filmwoche in M\u00fcnchen.\" srcset=\"https:\/\/griechischefilmwoche.com\/wp-content\/uploads\/2023\/05\/magnetic_fields_poster-201x270.jpg 201w, https:\/\/griechischefilmwoche.com\/wp-content\/uploads\/2023\/05\/magnetic_fields_poster-223x300.jpg 223w, https:\/\/griechischefilmwoche.com\/wp-content\/uploads\/2023\/05\/magnetic_fields_poster-767x1030.jpg 767w, https:\/\/griechischefilmwoche.com\/wp-content\/uploads\/2023\/05\/magnetic_fields_poster-768x1031.jpg 768w, https:\/\/griechischefilmwoche.com\/wp-content\/uploads\/2023\/05\/magnetic_fields_poster-782x1050.jpg 782w, https:\/\/griechischefilmwoche.com\/wp-content\/uploads\/2023\/05\/magnetic_fields_poster-525x705.jpg 525w, https:\/\/griechischefilmwoche.com\/wp-content\/uploads\/2023\/05\/magnetic_fields_poster.jpg 920w\" sizes=\"(max-width: 201px) 100vw, 201px\" \/><\/a><div class='grid-content'><div class='avia-arrow'><\/div><header class=\"entry-content-header\" aria-label=\"Portfolio: \u039c\u03b1\u03b3\u03bd\u03b7\u03c4\u03b9\u03ba\u03ac \u03c0\u03b5\u03b4\u03af\u03b1\"><h3 class='grid-entry-title entry-title '  itemprop=\"headline\" ><a href='https:\/\/griechischefilmwoche.com\/el\/movie\/%ce%bc%ce%b1%ce%b3%ce%bd%ce%b7%cf%84%ce%b9%ce%ba%ce%ac-%cf%80%ce%b5%ce%b4%ce%af%ce%b1\/' title='\u039c\u03b1\u03b3\u03bd\u03b7\u03c4\u03b9\u03ba\u03ac \u03c0\u03b5\u03b4\u03af\u03b1'>\u039c\u03b1\u03b3\u03bd\u03b7\u03c4\u03b9\u03ba\u03ac \u03c0\u03b5\u03b4\u03af\u03b1<\/a><\/h3><\/header><div class='grid-entry-excerpt entry-content'  itemprop=\"text\" >\u0394\u03c1\u03ac\u03bc\u03b1, 2021, GR | \u03b1\u03b3\u03b3\u03bb. | 78min<\/div><\/div><footer class=\"entry-footer\"><\/footer><\/article><\/div><div data-ajax-id='4701' class=' grid-entry flex_column isotope-item all_sort no_margin post-entry post-entry-4701 grid-entry-overview grid-loop-8 grid-parity-even  programm-2023-el_sort cf84ceb5cf84-22-11_sort gasteig-hp8_sort drama-el_sort comedy_sort  av_one_sixth  default_av_fullwidth '><article class='main_color inner-entry'  itemscope=\"itemscope\" itemtype=\"https:\/\/schema.org\/CreativeWork\" ><a href=\"https:\/\/griechischefilmwoche.com\/el\/movie\/dignity\/\" title='\u039c\u03b5 \u03b1\u03be\u03b9\u03bf\u03c0\u03c1\u03ad\u03c0\u03b5\u03b9\u03b1'  data-rel='grid-1' class='grid-image avia-hover-fx'> <img decoding=\"async\" fetchpriority=\"high\" width=\"201\" height=\"270\" src=\"https:\/\/griechischefilmwoche.com\/wp-content\/uploads\/2023\/06\/Dignity_Poster-201x270.jpg\" class=\"wp-image-4423 avia-img-lazy-loading-not-4423 attachment-film-preview size-film-preview wp-post-image\" alt=\"&quot;Dignity&quot; von Dimitris Katsimiris auf der Griechischen Filmwoche in M\u00fcnchen.\" srcset=\"https:\/\/griechischefilmwoche.com\/wp-content\/uploads\/2023\/06\/Dignity_Poster-201x270.jpg 201w, https:\/\/griechischefilmwoche.com\/wp-content\/uploads\/2023\/06\/Dignity_Poster-223x300.jpg 223w, https:\/\/griechischefilmwoche.com\/wp-content\/uploads\/2023\/06\/Dignity_Poster-767x1030.jpg 767w, https:\/\/griechischefilmwoche.com\/wp-content\/uploads\/2023\/06\/Dignity_Poster-768x1031.jpg 768w, https:\/\/griechischefilmwoche.com\/wp-content\/uploads\/2023\/06\/Dignity_Poster-782x1050.jpg 782w, https:\/\/griechischefilmwoche.com\/wp-content\/uploads\/2023\/06\/Dignity_Poster-525x705.jpg 525w, https:\/\/griechischefilmwoche.com\/wp-content\/uploads\/2023\/06\/Dignity_Poster.jpg 920w\" sizes=\"(max-width: 201px) 100vw, 201px\" \/><\/a><div class='grid-content'><div class='avia-arrow'><\/div><header class=\"entry-content-header\" aria-label=\"Portfolio: \u039c\u03b5 \u03b1\u03be\u03b9\u03bf\u03c0\u03c1\u03ad\u03c0\u03b5\u03b9\u03b1\"><h3 class='grid-entry-title entry-title '  itemprop=\"headline\" ><a href='https:\/\/griechischefilmwoche.com\/el\/movie\/dignity\/' title='\u039c\u03b5 \u03b1\u03be\u03b9\u03bf\u03c0\u03c1\u03ad\u03c0\u03b5\u03b9\u03b1'>\u039c\u03b5 \u03b1\u03be\u03b9\u03bf\u03c0\u03c1\u03ad\u03c0\u03b5\u03b9\u03b1<\/a><\/h3><\/header><div class='grid-entry-excerpt entry-content'  itemprop=\"text\" >\u0394\u03c1\u03ac\u03bc\u03b1, 2022, GR | \u03b1\u03b3\u03b3\u03bb. | 75min<\/div><\/div><footer class=\"entry-footer\"><\/footer><\/article><\/div><div data-ajax-id='5334' class=' grid-entry flex_column isotope-item all_sort no_margin post-entry post-entry-5334 grid-entry-overview grid-loop-9 grid-parity-odd  programm-2023-el_sort cebacf85cf81-26-11_sort neues-rottmann_sort  av_one_sixth  default_av_fullwidth '><article class='main_color inner-entry'  itemscope=\"itemscope\" itemtype=\"https:\/\/schema.org\/CreativeWork\" ><a href=\"https:\/\/griechischefilmwoche.com\/el\/movie\/%ce%bc%ce%b9%ce%ba%cf%81%ce%bf%cf%8d-%ce%bc%ce%ae%ce%ba%ce%bf%cf%85%cf%82-%cf%84%ce%b1%ce%b9%ce%bd%ce%af%ce%b5%cf%82\/\" title='\u039c\u03b9\u03ba\u03c1\u03bf\u03cd \u039c\u03ae\u03ba\u03bf\u03c5\u03c2 \u03a4\u03b1\u03b9\u03bd\u03af\u03b5\u03c2'  data-rel='grid-1' class='grid-image avia-hover-fx'> <img decoding=\"async\" fetchpriority=\"high\" width=\"201\" height=\"270\" src=\"https:\/\/griechischefilmwoche.com\/wp-content\/uploads\/2023\/10\/Kurzfilme_GRFW-201x270.jpg\" class=\"wp-image-5331 avia-img-lazy-loading-not-5331 attachment-film-preview size-film-preview wp-post-image\" alt=\"Kurzfilme aus Griechenland auf der Griechischen Filmwoche in M\u00fcnchen.\" srcset=\"https:\/\/griechischefilmwoche.com\/wp-content\/uploads\/2023\/10\/Kurzfilme_GRFW-201x270.jpg 201w, https:\/\/griechischefilmwoche.com\/wp-content\/uploads\/2023\/10\/Kurzfilme_GRFW-223x300.jpg 223w, https:\/\/griechischefilmwoche.com\/wp-content\/uploads\/2023\/10\/Kurzfilme_GRFW-767x1030.jpg 767w, https:\/\/griechischefilmwoche.com\/wp-content\/uploads\/2023\/10\/Kurzfilme_GRFW-768x1031.jpg 768w, https:\/\/griechischefilmwoche.com\/wp-content\/uploads\/2023\/10\/Kurzfilme_GRFW-782x1050.jpg 782w, https:\/\/griechischefilmwoche.com\/wp-content\/uploads\/2023\/10\/Kurzfilme_GRFW-525x705.jpg 525w, https:\/\/griechischefilmwoche.com\/wp-content\/uploads\/2023\/10\/Kurzfilme_GRFW.jpg 920w\" sizes=\"(max-width: 201px) 100vw, 201px\" \/><\/a><div class='grid-content'><div class='avia-arrow'><\/div><header class=\"entry-content-header\" aria-label=\"Portfolio: \u039c\u03b9\u03ba\u03c1\u03bf\u03cd \u039c\u03ae\u03ba\u03bf\u03c5\u03c2 \u03a4\u03b1\u03b9\u03bd\u03af\u03b5\u03c2\"><h3 class='grid-entry-title entry-title '  itemprop=\"headline\" ><a href='https:\/\/griechischefilmwoche.com\/el\/movie\/%ce%bc%ce%b9%ce%ba%cf%81%ce%bf%cf%8d-%ce%bc%ce%ae%ce%ba%ce%bf%cf%85%cf%82-%cf%84%ce%b1%ce%b9%ce%bd%ce%af%ce%b5%cf%82\/' title='\u039c\u03b9\u03ba\u03c1\u03bf\u03cd \u039c\u03ae\u03ba\u03bf\u03c5\u03c2 \u03a4\u03b1\u03b9\u03bd\u03af\u03b5\u03c2'>\u039c\u03b9\u03ba\u03c1\u03bf\u03cd \u039c\u03ae\u03ba\u03bf\u03c5\u03c2 \u03a4\u03b1\u03b9\u03bd\u03af\u03b5\u03c2<\/a><\/h3><\/header><div class='grid-entry-excerpt entry-content'  itemprop=\"text\" >\u039c\u03b9\u03ba\u03c1\u03bf\u03cd \u039c\u03ae\u03ba\u03bf\u03c5\u03c2, GR | 132min<\/div><\/div><footer class=\"entry-footer\"><\/footer><\/article><\/div><div data-ajax-id='4743' class=' grid-entry flex_column isotope-item all_sort no_margin post-entry post-entry-4743 grid-entry-overview grid-loop-10 grid-parity-even  programm-2023-el_sort cf80ceb1cf81-24-11_sort gasteig-hp8_sort drama-el_sort  av_one_sixth  default_av_fullwidth '><article class='main_color inner-entry'  itemscope=\"itemscope\" itemtype=\"https:\/\/schema.org\/CreativeWork\" ><a href=\"https:\/\/griechischefilmwoche.com\/el\/movie\/%ce%bf-%cf%87%ce%b1%ce%bc%ce%ad%ce%bd%ce%bf%cf%82-%cf%84%ce%b1-%cf%80%ce%b1%ce%af%cf%81%ce%bd%ce%b5%ce%b9-%cf%8c%ce%bb%ce%b1\/\" title='\u039f \u03a7\u03b1\u03bc\u03ad\u03bd\u03bf\u03c2 \u03c4\u03b1 \u03c0\u03b1\u03af\u03c1\u03bd\u03b5\u03b9 \u03cc\u03bb\u03b1'  data-rel='grid-1' class='grid-image avia-hover-fx'> <img decoding=\"async\" fetchpriority=\"high\" width=\"201\" height=\"270\" src=\"https:\/\/griechischefilmwoche.com\/wp-content\/uploads\/2023\/07\/Xamenos-Poster-201x270.jpg\" class=\"wp-image-4643 avia-img-lazy-loading-not-4643 attachment-film-preview size-film-preview wp-post-image\" alt=\"&quot;The Loser Takes It All&quot; von Nikos Nikolaidis auf der Griechischen Filmwoche in M\u00fcnchen\" srcset=\"https:\/\/griechischefilmwoche.com\/wp-content\/uploads\/2023\/07\/Xamenos-Poster-201x270.jpg 201w, https:\/\/griechischefilmwoche.com\/wp-content\/uploads\/2023\/07\/Xamenos-Poster-223x300.jpg 223w, https:\/\/griechischefilmwoche.com\/wp-content\/uploads\/2023\/07\/Xamenos-Poster-767x1030.jpg 767w, https:\/\/griechischefilmwoche.com\/wp-content\/uploads\/2023\/07\/Xamenos-Poster-768x1031.jpg 768w, https:\/\/griechischefilmwoche.com\/wp-content\/uploads\/2023\/07\/Xamenos-Poster-782x1050.jpg 782w, https:\/\/griechischefilmwoche.com\/wp-content\/uploads\/2023\/07\/Xamenos-Poster-525x705.jpg 525w, https:\/\/griechischefilmwoche.com\/wp-content\/uploads\/2023\/07\/Xamenos-Poster.jpg 920w\" sizes=\"(max-width: 201px) 100vw, 201px\" \/><\/a><div class='grid-content'><div class='avia-arrow'><\/div><header class=\"entry-content-header\" aria-label=\"Portfolio: \u039f \u03a7\u03b1\u03bc\u03ad\u03bd\u03bf\u03c2 \u03c4\u03b1 \u03c0\u03b1\u03af\u03c1\u03bd\u03b5\u03b9 \u03cc\u03bb\u03b1\"><h3 class='grid-entry-title entry-title '  itemprop=\"headline\" ><a href='https:\/\/griechischefilmwoche.com\/el\/movie\/%ce%bf-%cf%87%ce%b1%ce%bc%ce%ad%ce%bd%ce%bf%cf%82-%cf%84%ce%b1-%cf%80%ce%b1%ce%af%cf%81%ce%bd%ce%b5%ce%b9-%cf%8c%ce%bb%ce%b1\/' title='\u039f \u03a7\u03b1\u03bc\u03ad\u03bd\u03bf\u03c2 \u03c4\u03b1 \u03c0\u03b1\u03af\u03c1\u03bd\u03b5\u03b9 \u03cc\u03bb\u03b1'>\u039f \u03a7\u03b1\u03bc\u03ad\u03bd\u03bf\u03c2 \u03c4\u03b1 \u03c0\u03b1\u03af\u03c1\u03bd\u03b5\u03b9 \u03cc\u03bb\u03b1<\/a><\/h3><\/header><div class='grid-entry-excerpt entry-content'  itemprop=\"text\" >\u0394\u03c1\u03ac\u03bc\u03b1, 2002, GR | \u03b1\u03b3\u03b3\u03bb. | 121min<\/div><\/div><footer class=\"entry-footer\"><\/footer><\/article><\/div><div data-ajax-id='4692' class=' grid-entry flex_column isotope-item all_sort no_margin post-entry post-entry-4692 grid-entry-overview grid-loop-11 grid-parity-odd  programm-2023-el_sort cf80ceb5cebc-23-11_sort gasteig-hp8_sort documentary_sort  av_one_sixth  default_av_fullwidth '><article class='main_color inner-entry'  itemscope=\"itemscope\" itemtype=\"https:\/\/schema.org\/CreativeWork\" ><a href=\"https:\/\/griechischefilmwoche.com\/el\/movie\/grief-those-who-remain\/\" title='\u03a0\u03ad\u03bd\u03b8\u03bf\u03c2 \u2013 \u0391\u03c5\u03c4\u03bf\u03af \u03c0\u03bf\u03c5 \u03bc\u03ad\u03bd\u03bf\u03c5\u03bd'  data-rel='grid-1' class='grid-image avia-hover-fx'> <img decoding=\"async\" fetchpriority=\"high\" width=\"201\" height=\"270\" src=\"https:\/\/griechischefilmwoche.com\/wp-content\/uploads\/2023\/08\/grief-poster-1-201x270.jpg\" class=\"wp-image-4685 avia-img-lazy-loading-not-4685 attachment-film-preview size-film-preview wp-post-image\" alt=\"&quot;Grief - Those Who Remain&quot; von Myrto Patsalidou und Maria Louka auf der Griechischen Filmwoche in M\u00fcnchen.\" srcset=\"https:\/\/griechischefilmwoche.com\/wp-content\/uploads\/2023\/08\/grief-poster-1-201x270.jpg 201w, https:\/\/griechischefilmwoche.com\/wp-content\/uploads\/2023\/08\/grief-poster-1-223x300.jpg 223w, https:\/\/griechischefilmwoche.com\/wp-content\/uploads\/2023\/08\/grief-poster-1-767x1030.jpg 767w, https:\/\/griechischefilmwoche.com\/wp-content\/uploads\/2023\/08\/grief-poster-1-768x1031.jpg 768w, https:\/\/griechischefilmwoche.com\/wp-content\/uploads\/2023\/08\/grief-poster-1-782x1050.jpg 782w, https:\/\/griechischefilmwoche.com\/wp-content\/uploads\/2023\/08\/grief-poster-1-525x705.jpg 525w, https:\/\/griechischefilmwoche.com\/wp-content\/uploads\/2023\/08\/grief-poster-1.jpg 920w\" sizes=\"(max-width: 201px) 100vw, 201px\" \/><\/a><div class='grid-content'><div class='avia-arrow'><\/div><header class=\"entry-content-header\" aria-label=\"Portfolio: \u03a0\u03ad\u03bd\u03b8\u03bf\u03c2 \u2013 \u0391\u03c5\u03c4\u03bf\u03af \u03c0\u03bf\u03c5 \u03bc\u03ad\u03bd\u03bf\u03c5\u03bd\"><h3 class='grid-entry-title entry-title '  itemprop=\"headline\" ><a href='https:\/\/griechischefilmwoche.com\/el\/movie\/grief-those-who-remain\/' title='\u03a0\u03ad\u03bd\u03b8\u03bf\u03c2 \u2013 \u0391\u03c5\u03c4\u03bf\u03af \u03c0\u03bf\u03c5 \u03bc\u03ad\u03bd\u03bf\u03c5\u03bd'>\u03a0\u03ad\u03bd\u03b8\u03bf\u03c2 \u2013 \u0391\u03c5\u03c4\u03bf\u03af \u03c0\u03bf\u03c5 \u03bc\u03ad\u03bd\u03bf\u03c5\u03bd<\/a><\/h3><\/header><div class='grid-entry-excerpt entry-content'  itemprop=\"text\" >\u039d\u03c4\u03bf\u03ba\u03b9\u03bc\u03b1\u03bd\u03c4\u03ad\u03c1, 2023, GR | \u03b1\u03b3\u03b3\u03bb. | 71min<\/div><\/div><footer class=\"entry-footer\"><\/footer><\/article><\/div><div data-ajax-id='4727' class=' grid-entry flex_column isotope-item all_sort no_margin post-entry post-entry-4727 grid-entry-overview grid-loop-12 grid-parity-even  programm-2023-el_sort cf83ceb1ceb2-25-11_sort neues-rottmann_sort drama-el_sort  av_one_sixth  default_av_fullwidth '><article class='main_color inner-entry'  itemscope=\"itemscope\" itemtype=\"https:\/\/schema.org\/CreativeWork\" ><a href=\"https:\/\/griechischefilmwoche.com\/el\/movie\/%cf%80%ce%af%cf%83%cf%89-%ce%b1%cf%80%cf%8c-%cf%84%ce%b9%cf%82-%ce%b8%ce%b7%ce%bc%cf%89%ce%bd%ce%b9%ce%ad%cf%82\/\" title='\u03a0\u03af\u03c3\u03c9 \u03b1\u03c0\u03cc \u03c4\u03b9\u03c2 \u03b8\u03b7\u03bc\u03c9\u03bd\u03b9\u03ad\u03c2'  data-rel='grid-1' class='grid-image avia-hover-fx'> <img decoding=\"async\" fetchpriority=\"high\" width=\"201\" height=\"270\" src=\"https:\/\/griechischefilmwoche.com\/wp-content\/uploads\/2023\/07\/Behind-The-Haystacks-Poster-201x270.jpg\" class=\"wp-image-4560 avia-img-lazy-loading-not-4560 attachment-film-preview size-film-preview wp-post-image\" alt=\"Behind the Haystacks von Asimina Proedrou auf der Griechischen Filmwoche in M\u00fcnchen\" srcset=\"https:\/\/griechischefilmwoche.com\/wp-content\/uploads\/2023\/07\/Behind-The-Haystacks-Poster-201x270.jpg 201w, https:\/\/griechischefilmwoche.com\/wp-content\/uploads\/2023\/07\/Behind-The-Haystacks-Poster-223x300.jpg 223w, https:\/\/griechischefilmwoche.com\/wp-content\/uploads\/2023\/07\/Behind-The-Haystacks-Poster-767x1030.jpg 767w, https:\/\/griechischefilmwoche.com\/wp-content\/uploads\/2023\/07\/Behind-The-Haystacks-Poster-768x1031.jpg 768w, https:\/\/griechischefilmwoche.com\/wp-content\/uploads\/2023\/07\/Behind-The-Haystacks-Poster-782x1050.jpg 782w, https:\/\/griechischefilmwoche.com\/wp-content\/uploads\/2023\/07\/Behind-The-Haystacks-Poster-525x705.jpg 525w, https:\/\/griechischefilmwoche.com\/wp-content\/uploads\/2023\/07\/Behind-The-Haystacks-Poster.jpg 920w\" sizes=\"(max-width: 201px) 100vw, 201px\" \/><\/a><div class='grid-content'><div class='avia-arrow'><\/div><header class=\"entry-content-header\" aria-label=\"Portfolio: \u03a0\u03af\u03c3\u03c9 \u03b1\u03c0\u03cc \u03c4\u03b9\u03c2 \u03b8\u03b7\u03bc\u03c9\u03bd\u03b9\u03ad\u03c2\"><h3 class='grid-entry-title entry-title '  itemprop=\"headline\" ><a href='https:\/\/griechischefilmwoche.com\/el\/movie\/%cf%80%ce%af%cf%83%cf%89-%ce%b1%cf%80%cf%8c-%cf%84%ce%b9%cf%82-%ce%b8%ce%b7%ce%bc%cf%89%ce%bd%ce%b9%ce%ad%cf%82\/' title='\u03a0\u03af\u03c3\u03c9 \u03b1\u03c0\u03cc \u03c4\u03b9\u03c2 \u03b8\u03b7\u03bc\u03c9\u03bd\u03b9\u03ad\u03c2'>\u03a0\u03af\u03c3\u03c9 \u03b1\u03c0\u03cc \u03c4\u03b9\u03c2 \u03b8\u03b7\u03bc\u03c9\u03bd\u03b9\u03ad\u03c2<\/a><\/h3><\/header><div class='grid-entry-excerpt entry-content'  itemprop=\"text\" >\u0394\u03c1\u03ac\u03bc\u03b1, 2023, D\/GR\/NMK  | \u03b3\u03b5\u03c1\u03bc. | 118min<\/div><\/div><footer class=\"entry-footer\"><\/footer><\/article><\/div><div data-ajax-id='4737' class=' grid-entry flex_column isotope-item all_sort no_margin post-entry post-entry-4737 grid-entry-overview grid-loop-13 grid-parity-odd  programm-2023-el_sort cf80ceb1cf81-24-11_sort gasteig-hp8_sort drama-el_sort  av_one_sixth first default_av_fullwidth '><article class='main_color inner-entry'  itemscope=\"itemscope\" itemtype=\"https:\/\/schema.org\/CreativeWork\" ><a href=\"https:\/\/griechischefilmwoche.com\/el\/movie\/%cf%84%ce%b1-%ce%ba%ce%bf%cf%85%cf%81%ce%ad%ce%bb%ce%b9%ce%b1-%cf%84%cf%81%ce%b1%ce%b3%ce%bf%cf%85%ce%b4%ce%ac%ce%bd%ce%b5-%ce%b1%ce%ba%cf%8c%ce%bc%ce%b1\/\" title='\u03a4\u03b1 \u03ba\u03bf\u03c5\u03c1\u03ad\u03bb\u03b9\u03b1 \u03c4\u03c1\u03b1\u03b3\u03bf\u03c5\u03b4\u03ac\u03bd\u03b5 \u03b1\u03ba\u03cc\u03bc\u03b1'  data-rel='grid-1' class='grid-image avia-hover-fx'> <img decoding=\"async\" fetchpriority=\"high\" width=\"201\" height=\"270\" src=\"https:\/\/griechischefilmwoche.com\/wp-content\/uploads\/2023\/07\/Kourelia-Poster-201x270.jpg\" class=\"wp-image-4617 avia-img-lazy-loading-not-4617 attachment-film-preview size-film-preview wp-post-image\" alt=\"The Wretches Are Still Singing\u201c von Nikos Nikolaidis auf der Griechischen Filmwoche in M\u00fcnchen\" srcset=\"https:\/\/griechischefilmwoche.com\/wp-content\/uploads\/2023\/07\/Kourelia-Poster-201x270.jpg 201w, https:\/\/griechischefilmwoche.com\/wp-content\/uploads\/2023\/07\/Kourelia-Poster-223x300.jpg 223w, https:\/\/griechischefilmwoche.com\/wp-content\/uploads\/2023\/07\/Kourelia-Poster-767x1030.jpg 767w, https:\/\/griechischefilmwoche.com\/wp-content\/uploads\/2023\/07\/Kourelia-Poster-768x1031.jpg 768w, https:\/\/griechischefilmwoche.com\/wp-content\/uploads\/2023\/07\/Kourelia-Poster-782x1050.jpg 782w, https:\/\/griechischefilmwoche.com\/wp-content\/uploads\/2023\/07\/Kourelia-Poster-525x705.jpg 525w, https:\/\/griechischefilmwoche.com\/wp-content\/uploads\/2023\/07\/Kourelia-Poster.jpg 920w\" sizes=\"(max-width: 201px) 100vw, 201px\" \/><\/a><div class='grid-content'><div class='avia-arrow'><\/div><header class=\"entry-content-header\" aria-label=\"Portfolio: \u03a4\u03b1 \u03ba\u03bf\u03c5\u03c1\u03ad\u03bb\u03b9\u03b1 \u03c4\u03c1\u03b1\u03b3\u03bf\u03c5\u03b4\u03ac\u03bd\u03b5 \u03b1\u03ba\u03cc\u03bc\u03b1\"><h3 class='grid-entry-title entry-title '  itemprop=\"headline\" ><a href='https:\/\/griechischefilmwoche.com\/el\/movie\/%cf%84%ce%b1-%ce%ba%ce%bf%cf%85%cf%81%ce%ad%ce%bb%ce%b9%ce%b1-%cf%84%cf%81%ce%b1%ce%b3%ce%bf%cf%85%ce%b4%ce%ac%ce%bd%ce%b5-%ce%b1%ce%ba%cf%8c%ce%bc%ce%b1\/' title='\u03a4\u03b1 \u03ba\u03bf\u03c5\u03c1\u03ad\u03bb\u03b9\u03b1 \u03c4\u03c1\u03b1\u03b3\u03bf\u03c5\u03b4\u03ac\u03bd\u03b5 \u03b1\u03ba\u03cc\u03bc\u03b1'>\u03a4\u03b1 \u03ba\u03bf\u03c5\u03c1\u03ad\u03bb\u03b9\u03b1 \u03c4\u03c1\u03b1\u03b3\u03bf\u03c5\u03b4\u03ac\u03bd\u03b5 \u03b1\u03ba\u03cc\u03bc\u03b1<\/a><\/h3><\/header><div class='grid-entry-excerpt entry-content'  itemprop=\"text\" >\u0394\u03c1\u03ac\u03bc\u03b1, 1979, GR | \u03b1\u03b3\u03b3\u03bb. | 123min<\/div><\/div><footer class=\"entry-footer\"><\/footer><\/article><\/div><div data-ajax-id='4704' class=' grid-entry flex_column isotope-item all_sort no_margin post-entry post-entry-4704 grid-entry-overview grid-loop-14 grid-parity-even  post-entry-last  programm-2023-el_sort cf84cf81ceb9-21-11_sort cf83ceb1ceb2-25-11_sort gasteig-hp8_sort neues-rottmann_sort documentary_sort  av_one_sixth  default_av_fullwidth '><article class='main_color inner-entry'  itemscope=\"itemscope\" itemtype=\"https:\/\/schema.org\/CreativeWork\" ><a href=\"https:\/\/griechischefilmwoche.com\/el\/movie\/final-year\/\" title='\u03a4\u03ad\u03bb\u03bf\u03c2 \u03a7\u03c1\u03cc\u03bd\u03bf\u03c5'  data-rel='grid-1' class='grid-image avia-hover-fx'> <img decoding=\"async\" fetchpriority=\"high\" width=\"201\" height=\"270\" src=\"https:\/\/griechischefilmwoche.com\/wp-content\/uploads\/2023\/06\/Final-Year-Poster-201x270.jpg\" class=\"wp-image-4302 avia-img-lazy-loading-not-4302 attachment-film-preview size-film-preview wp-post-image\" alt=\"&quot;Final Year&quot; von Lucas Paleocrassas auf der Griechischen Filmwoche in M\u00fcnchen.\" srcset=\"https:\/\/griechischefilmwoche.com\/wp-content\/uploads\/2023\/06\/Final-Year-Poster-201x270.jpg 201w, https:\/\/griechischefilmwoche.com\/wp-content\/uploads\/2023\/06\/Final-Year-Poster-223x300.jpg 223w, https:\/\/griechischefilmwoche.com\/wp-content\/uploads\/2023\/06\/Final-Year-Poster-767x1030.jpg 767w, https:\/\/griechischefilmwoche.com\/wp-content\/uploads\/2023\/06\/Final-Year-Poster-768x1031.jpg 768w, https:\/\/griechischefilmwoche.com\/wp-content\/uploads\/2023\/06\/Final-Year-Poster-782x1050.jpg 782w, https:\/\/griechischefilmwoche.com\/wp-content\/uploads\/2023\/06\/Final-Year-Poster-525x705.jpg 525w, https:\/\/griechischefilmwoche.com\/wp-content\/uploads\/2023\/06\/Final-Year-Poster.jpg 920w\" sizes=\"(max-width: 201px) 100vw, 201px\" \/><\/a><div class='grid-content'><div class='avia-arrow'><\/div><header class=\"entry-content-header\" aria-label=\"Portfolio: \u03a4\u03ad\u03bb\u03bf\u03c2 \u03a7\u03c1\u03cc\u03bd\u03bf\u03c5\"><h3 class='grid-entry-title entry-title '  itemprop=\"headline\" ><a href='https:\/\/griechischefilmwoche.com\/el\/movie\/final-year\/' title='\u03a4\u03ad\u03bb\u03bf\u03c2 \u03a7\u03c1\u03cc\u03bd\u03bf\u03c5'>\u03a4\u03ad\u03bb\u03bf\u03c2 \u03a7\u03c1\u03cc\u03bd\u03bf\u03c5<\/a><\/h3><\/header><div class='grid-entry-excerpt entry-content'  itemprop=\"text\" >\u039d\u03c4\u03bf\u03ba\u03b9\u03bc\u03b1\u03bd\u03c4\u03ad\u03c1, 2022, GR | \u03b1\u03b3\u03b3\u03bb. | 77min<\/div><\/div><footer class=\"entry-footer\"><\/footer><\/article><\/div><\/div><\/div>   <!--   class=\"av-portfolio-grid-sorting-container\"  --><\/div><div  class='hr av-4hwinu-98703165c61837676df5078119d87490 hr-default  avia-builder-el-9  el_after_av_one_full  el_before_av_textblock '><span class='hr-inner '><span class=\"hr-inner-style\"><\/span><\/span><\/div><\/p>\n<section  class='av_textblock_section av-2rzv6i-a4d7e11e2cb151fd6405d2a1fc8ae5bf '   itemscope=\"itemscope\" itemtype=\"https:\/\/schema.org\/CreativeWork\" ><div class='avia_textblock'  itemprop=\"text\" ><p>Auf der Griechischen Filmwoche wurde das surreale Meisterwerk <a href=\"https:\/\/griechischefilmwoche.com\/movie\/silence-6-9\/\"><strong>SILENCE 6-9<\/strong> von Regisseur Christos Passalis<\/a>, eine retro-futuristische Liebesgeschichte voller Geheimnisse und Verlust, gezeigt.<\/p>\n<p>Wir wurden Zeuge der inneren Zerrissenheit von Stergios in <a href=\"https:\/\/griechischefilmwoche.com\/movie\/behind-the-haystacks\/\"><strong>BEHIND THE HAYSTACKS<\/strong><\/a>, w\u00e4hrend er Fl\u00fcchtlinge schmuggelt und zwischen seiner Familie und der lokalen Mafia steht. In <strong><a href=\"https:\/\/griechischefilmwoche.com\/movie\/where-we-live\/\">WHERE WE LIVE<\/a><\/strong> haben wir uns auf die Suche nach W\u00fcrde in der griechischen Gesellschaft begeben.<\/p>\n<p>Gezeigt wurde Kristos, das letzte verbliebene Kind auf der Insel. Arki, in <a href=\"https:\/\/griechischefilmwoche.com\/movie\/kristos-the-last-child\/\"><strong>KRISTOS &#8211; THE LAST CHILD<\/strong><\/a>. Gemeinsam haben wir ihn bei seiner Entscheidung zwischen Bildung und Tradition miterlebt. In der Dokumentation <a href=\"https:\/\/griechischefilmwoche.com\/movie\/akoe-amfi-the-story-of-a-revolution\/\"><strong>AKOE\/AMFI: THE STORY OF A REVOLUTION<\/strong><\/a> ging es um die Anf\u00e4nge der queeren Bewegung in Griechenland.<\/p>\n<p>Sehenswert auch <a href=\"https:\/\/griechischefilmwoche.com\/movie\/magnetic-fields\/\"><strong>MAGNETIC FIELDS<\/strong><\/a>. Ein Film, der verzaubert und Zuschauer auf eine magisch-melancholische Reise zweier Menschen sendet. Ein emotionalen Einakter <a href=\"https:\/\/griechischefilmwoche.com\/movie\/dignity\/\"><strong>DIGNITY<\/strong><\/a> zeigte, wie die Fassade einer griechischen Familie br\u00f6ckelt und ethische Grunds\u00e4tze auf die Probe gestellt werden.<\/p>\n<p>In der schwarzen Kom\u00f6die <a href=\"https:\/\/griechischefilmwoche.com\/movie\/black-stone\/\"><strong>BLACK STONE<\/strong><\/a> geht eine griechische Mutter auf die Suche nach ihrem Sohn. Der beeindruckende Dokumentarfilm <a href=\"https:\/\/griechischefilmwoche.com\/movie\/final-year\/\"><strong>FINAL YEAR<\/strong><\/a>, der das Leben griechischer Jugendlicher inmitten von Krise und Pandemie einf\u00e4ngt, war ebenfalls Teil des Programms.<\/p>\n<p>Zuschauerinnen und Zuschauer erlebten pure Spannung in <a href=\"https:\/\/griechischefilmwoche.com\/movie\/inside\/\"><strong>INSIDE<\/strong><\/a>, in dem ein Kunstdieb in einem New Yorker Penthouse um sein \u00dcberleben k\u00e4mpfte. Auch eine Auswahl an preisgekr\u00f6nter KURZFILME gab es zu sehen, die die Vielfalt und Kreativit\u00e4t des griechischen Kinos in kompakter Form widerspiegelten.<\/p>\n<p>Au\u00dferdem w\u00fcrdigten wir das beeindruckende Werk des legend\u00e4ren griechischen Regisseurs Nikos Nikolaidis und zeigten eine Retrospektive seiner wichtigsten Werke, darunter die beiden Kultklassiker <strong><a href=\"https:\/\/griechischefilmwoche.com\/movie\/the-wretches-are-still-singing\/\">THE WRETCHES ARE STILL SINGING<\/a><\/strong> und <a href=\"https:\/\/griechischefilmwoche.com\/movie\/the-loser-takes-it-all\/\"><strong>THE LOSER TAKES ALL<\/strong><\/a>.<\/p>\n<p>Die n\u00e4chste Griechische Filmwoche findet im November 2024 statt.<\/p>\n<\/div><\/section>\n","protected":false},"excerpt":{"rendered":"","protected":false},"author":4,"featured_media":5561,"parent":4072,"menu_order":0,"comment_status":"closed","ping_status":"closed","template":"","meta":{"footnotes":""},"class_list":["post-5609","page","type-page","status-publish","has-post-thumbnail","hentry"],"yoast_head":"<!-- This site is optimized with the Yoast SEO plugin v27.5 - https:\/\/yoast.com\/product\/yoast-seo-wordpress\/ -->\n<title>37\u03b7 \u0395\u03b2\u03b4\u03bf\u03bc\u03ac\u03b4\u03b1 \u0395\u03bb\u03bb\u03b7\u03bd\u03b9\u03ba\u03bf\u03cd \u039a\u03b9\u03bd\u03b7\u03bc\u03b1\u03c4\u03bf\u03b3\u03c1\u03ac\u03c6\u03bf\u03c5 2023 - Griechische Filmwoche<\/title>\n<meta name=\"description\" content=\"Die 37. Griechische Filmwoche in M\u00fcnchen fand vom 18. November bis 26. November 2023 statt. Er\u00f6ffnung war im Rio Filmpalast.\" \/>\n<meta name=\"robots\" content=\"index, follow, max-snippet:-1, max-image-preview:large, max-video-preview:-1\" \/>\n<link rel=\"canonical\" href=\"https:\/\/griechischefilmwoche.com\/el\/%ce%b1%cf%81%cf%87%ce%b5%ce%af%ce%bf\/37-griechische-filmwoche-2023\/\" \/>\n<meta property=\"og:locale\" content=\"el_GR\" \/>\n<meta property=\"og:type\" content=\"article\" \/>\n<meta property=\"og:title\" content=\"37\u03b7 \u0395\u03b2\u03b4\u03bf\u03bc\u03ac\u03b4\u03b1 \u0395\u03bb\u03bb\u03b7\u03bd\u03b9\u03ba\u03bf\u03cd \u039a\u03b9\u03bd\u03b7\u03bc\u03b1\u03c4\u03bf\u03b3\u03c1\u03ac\u03c6\u03bf\u03c5 2023 - Griechische Filmwoche\" \/>\n<meta property=\"og:description\" content=\"Die 37. Griechische Filmwoche in M\u00fcnchen fand vom 18. November bis 26. November 2023 statt. Er\u00f6ffnung war im Rio Filmpalast.\" \/>\n<meta property=\"og:url\" content=\"https:\/\/griechischefilmwoche.com\/el\/%ce%b1%cf%81%cf%87%ce%b5%ce%af%ce%bf\/37-griechische-filmwoche-2023\/\" \/>\n<meta property=\"og:site_name\" content=\"Griechische Filmwoche\" \/>\n<meta property=\"article:modified_time\" content=\"2024-06-19T18:36:53+00:00\" \/>\n<meta property=\"og:image\" content=\"https:\/\/griechischefilmwoche.com\/wp-content\/uploads\/2024\/06\/GriechischeFilmwoche2023.jpg\" \/>\n\t<meta property=\"og:image:width\" content=\"920\" \/>\n\t<meta property=\"og:image:height\" content=\"1235\" \/>\n\t<meta property=\"og:image:type\" content=\"image\/jpeg\" \/>\n<meta name=\"twitter:card\" content=\"summary_large_image\" \/>\n<meta name=\"twitter:label1\" content=\"\u0395\u03ba\u03c4\u03b9\u03bc\u03ce\u03bc\u03b5\u03bd\u03bf\u03c2 \u03c7\u03c1\u03cc\u03bd\u03bf\u03c2 \u03b1\u03bd\u03ac\u03b3\u03bd\u03c9\u03c3\u03b7\u03c2\" \/>\n\t<meta name=\"twitter:data1\" content=\"7 \u03bb\u03b5\u03c0\u03c4\u03ac\" \/>\n<script type=\"application\/ld+json\" class=\"yoast-schema-graph\">{\"@context\":\"https:\\\/\\\/schema.org\",\"@graph\":[{\"@type\":\"WebPage\",\"@id\":\"https:\\\/\\\/griechischefilmwoche.com\\\/el\\\/%ce%b1%cf%81%cf%87%ce%b5%ce%af%ce%bf\\\/37-griechische-filmwoche-2023\\\/\",\"url\":\"https:\\\/\\\/griechischefilmwoche.com\\\/el\\\/%ce%b1%cf%81%cf%87%ce%b5%ce%af%ce%bf\\\/37-griechische-filmwoche-2023\\\/\",\"name\":\"37\u03b7 \u0395\u03b2\u03b4\u03bf\u03bc\u03ac\u03b4\u03b1 \u0395\u03bb\u03bb\u03b7\u03bd\u03b9\u03ba\u03bf\u03cd \u039a\u03b9\u03bd\u03b7\u03bc\u03b1\u03c4\u03bf\u03b3\u03c1\u03ac\u03c6\u03bf\u03c5 2023 - Griechische Filmwoche\",\"isPartOf\":{\"@id\":\"https:\\\/\\\/griechischefilmwoche.com\\\/el\\\/#website\"},\"primaryImageOfPage\":{\"@id\":\"https:\\\/\\\/griechischefilmwoche.com\\\/el\\\/%ce%b1%cf%81%cf%87%ce%b5%ce%af%ce%bf\\\/37-griechische-filmwoche-2023\\\/#primaryimage\"},\"image\":{\"@id\":\"https:\\\/\\\/griechischefilmwoche.com\\\/el\\\/%ce%b1%cf%81%cf%87%ce%b5%ce%af%ce%bf\\\/37-griechische-filmwoche-2023\\\/#primaryimage\"},\"thumbnailUrl\":\"https:\\\/\\\/griechischefilmwoche.com\\\/wp-content\\\/uploads\\\/2024\\\/06\\\/GriechischeFilmwoche2023.jpg\",\"datePublished\":\"2023-10-19T13:00:46+00:00\",\"dateModified\":\"2024-06-19T18:36:53+00:00\",\"description\":\"Die 37. Griechische Filmwoche in M\u00fcnchen fand vom 18. November bis 26. November 2023 statt. Er\u00f6ffnung war im Rio Filmpalast.\",\"breadcrumb\":{\"@id\":\"https:\\\/\\\/griechischefilmwoche.com\\\/el\\\/%ce%b1%cf%81%cf%87%ce%b5%ce%af%ce%bf\\\/37-griechische-filmwoche-2023\\\/#breadcrumb\"},\"inLanguage\":\"el\",\"potentialAction\":[{\"@type\":\"ReadAction\",\"target\":[\"https:\\\/\\\/griechischefilmwoche.com\\\/el\\\/%ce%b1%cf%81%cf%87%ce%b5%ce%af%ce%bf\\\/37-griechische-filmwoche-2023\\\/\"]}]},{\"@type\":\"ImageObject\",\"inLanguage\":\"el\",\"@id\":\"https:\\\/\\\/griechischefilmwoche.com\\\/el\\\/%ce%b1%cf%81%cf%87%ce%b5%ce%af%ce%bf\\\/37-griechische-filmwoche-2023\\\/#primaryimage\",\"url\":\"https:\\\/\\\/griechischefilmwoche.com\\\/wp-content\\\/uploads\\\/2024\\\/06\\\/GriechischeFilmwoche2023.jpg\",\"contentUrl\":\"https:\\\/\\\/griechischefilmwoche.com\\\/wp-content\\\/uploads\\\/2024\\\/06\\\/GriechischeFilmwoche2023.jpg\",\"width\":920,\"height\":1235},{\"@type\":\"BreadcrumbList\",\"@id\":\"https:\\\/\\\/griechischefilmwoche.com\\\/el\\\/%ce%b1%cf%81%cf%87%ce%b5%ce%af%ce%bf\\\/37-griechische-filmwoche-2023\\\/#breadcrumb\",\"itemListElement\":[{\"@type\":\"ListItem\",\"position\":1,\"name\":\"Home\",\"item\":\"https:\\\/\\\/griechischefilmwoche.com\\\/el\\\/programm2025\\\/\"},{\"@type\":\"ListItem\",\"position\":2,\"name\":\"37\u03b7 \u0395\u03b2\u03b4\u03bf\u03bc\u03ac\u03b4\u03b1 \u0395\u03bb\u03bb\u03b7\u03bd\u03b9\u03ba\u03bf\u03cd \u039a\u03b9\u03bd\u03b7\u03bc\u03b1\u03c4\u03bf\u03b3\u03c1\u03ac\u03c6\u03bf\u03c5 2023\"}]},{\"@type\":\"WebSite\",\"@id\":\"https:\\\/\\\/griechischefilmwoche.com\\\/el\\\/#website\",\"url\":\"https:\\\/\\\/griechischefilmwoche.com\\\/el\\\/\",\"name\":\"Griechische Filmwoche\",\"description\":\"\",\"potentialAction\":[{\"@type\":\"SearchAction\",\"target\":{\"@type\":\"EntryPoint\",\"urlTemplate\":\"https:\\\/\\\/griechischefilmwoche.com\\\/el\\\/?s={search_term_string}\"},\"query-input\":{\"@type\":\"PropertyValueSpecification\",\"valueRequired\":true,\"valueName\":\"search_term_string\"}}],\"inLanguage\":\"el\"}]}<\/script>\n<!-- \/ Yoast SEO plugin. -->","yoast_head_json":{"title":"37\u03b7 \u0395\u03b2\u03b4\u03bf\u03bc\u03ac\u03b4\u03b1 \u0395\u03bb\u03bb\u03b7\u03bd\u03b9\u03ba\u03bf\u03cd \u039a\u03b9\u03bd\u03b7\u03bc\u03b1\u03c4\u03bf\u03b3\u03c1\u03ac\u03c6\u03bf\u03c5 2023 - Griechische Filmwoche","description":"Die 37. Griechische Filmwoche in M\u00fcnchen fand vom 18. November bis 26. November 2023 statt. Er\u00f6ffnung war im Rio Filmpalast.","robots":{"index":"index","follow":"follow","max-snippet":"max-snippet:-1","max-image-preview":"max-image-preview:large","max-video-preview":"max-video-preview:-1"},"canonical":"https:\/\/griechischefilmwoche.com\/el\/%ce%b1%cf%81%cf%87%ce%b5%ce%af%ce%bf\/37-griechische-filmwoche-2023\/","og_locale":"el_GR","og_type":"article","og_title":"37\u03b7 \u0395\u03b2\u03b4\u03bf\u03bc\u03ac\u03b4\u03b1 \u0395\u03bb\u03bb\u03b7\u03bd\u03b9\u03ba\u03bf\u03cd \u039a\u03b9\u03bd\u03b7\u03bc\u03b1\u03c4\u03bf\u03b3\u03c1\u03ac\u03c6\u03bf\u03c5 2023 - Griechische Filmwoche","og_description":"Die 37. Griechische Filmwoche in M\u00fcnchen fand vom 18. November bis 26. November 2023 statt. Er\u00f6ffnung war im Rio Filmpalast.","og_url":"https:\/\/griechischefilmwoche.com\/el\/%ce%b1%cf%81%cf%87%ce%b5%ce%af%ce%bf\/37-griechische-filmwoche-2023\/","og_site_name":"Griechische Filmwoche","article_modified_time":"2024-06-19T18:36:53+00:00","og_image":[{"width":920,"height":1235,"url":"https:\/\/griechischefilmwoche.com\/wp-content\/uploads\/2024\/06\/GriechischeFilmwoche2023.jpg","type":"image\/jpeg"}],"twitter_card":"summary_large_image","twitter_misc":{"\u0395\u03ba\u03c4\u03b9\u03bc\u03ce\u03bc\u03b5\u03bd\u03bf\u03c2 \u03c7\u03c1\u03cc\u03bd\u03bf\u03c2 \u03b1\u03bd\u03ac\u03b3\u03bd\u03c9\u03c3\u03b7\u03c2":"7 \u03bb\u03b5\u03c0\u03c4\u03ac"},"schema":{"@context":"https:\/\/schema.org","@graph":[{"@type":"WebPage","@id":"https:\/\/griechischefilmwoche.com\/el\/%ce%b1%cf%81%cf%87%ce%b5%ce%af%ce%bf\/37-griechische-filmwoche-2023\/","url":"https:\/\/griechischefilmwoche.com\/el\/%ce%b1%cf%81%cf%87%ce%b5%ce%af%ce%bf\/37-griechische-filmwoche-2023\/","name":"37\u03b7 \u0395\u03b2\u03b4\u03bf\u03bc\u03ac\u03b4\u03b1 \u0395\u03bb\u03bb\u03b7\u03bd\u03b9\u03ba\u03bf\u03cd \u039a\u03b9\u03bd\u03b7\u03bc\u03b1\u03c4\u03bf\u03b3\u03c1\u03ac\u03c6\u03bf\u03c5 2023 - Griechische Filmwoche","isPartOf":{"@id":"https:\/\/griechischefilmwoche.com\/el\/#website"},"primaryImageOfPage":{"@id":"https:\/\/griechischefilmwoche.com\/el\/%ce%b1%cf%81%cf%87%ce%b5%ce%af%ce%bf\/37-griechische-filmwoche-2023\/#primaryimage"},"image":{"@id":"https:\/\/griechischefilmwoche.com\/el\/%ce%b1%cf%81%cf%87%ce%b5%ce%af%ce%bf\/37-griechische-filmwoche-2023\/#primaryimage"},"thumbnailUrl":"https:\/\/griechischefilmwoche.com\/wp-content\/uploads\/2024\/06\/GriechischeFilmwoche2023.jpg","datePublished":"2023-10-19T13:00:46+00:00","dateModified":"2024-06-19T18:36:53+00:00","description":"Die 37. Griechische Filmwoche in M\u00fcnchen fand vom 18. November bis 26. November 2023 statt. Er\u00f6ffnung war im Rio Filmpalast.","breadcrumb":{"@id":"https:\/\/griechischefilmwoche.com\/el\/%ce%b1%cf%81%cf%87%ce%b5%ce%af%ce%bf\/37-griechische-filmwoche-2023\/#breadcrumb"},"inLanguage":"el","potentialAction":[{"@type":"ReadAction","target":["https:\/\/griechischefilmwoche.com\/el\/%ce%b1%cf%81%cf%87%ce%b5%ce%af%ce%bf\/37-griechische-filmwoche-2023\/"]}]},{"@type":"ImageObject","inLanguage":"el","@id":"https:\/\/griechischefilmwoche.com\/el\/%ce%b1%cf%81%cf%87%ce%b5%ce%af%ce%bf\/37-griechische-filmwoche-2023\/#primaryimage","url":"https:\/\/griechischefilmwoche.com\/wp-content\/uploads\/2024\/06\/GriechischeFilmwoche2023.jpg","contentUrl":"https:\/\/griechischefilmwoche.com\/wp-content\/uploads\/2024\/06\/GriechischeFilmwoche2023.jpg","width":920,"height":1235},{"@type":"BreadcrumbList","@id":"https:\/\/griechischefilmwoche.com\/el\/%ce%b1%cf%81%cf%87%ce%b5%ce%af%ce%bf\/37-griechische-filmwoche-2023\/#breadcrumb","itemListElement":[{"@type":"ListItem","position":1,"name":"Home","item":"https:\/\/griechischefilmwoche.com\/el\/programm2025\/"},{"@type":"ListItem","position":2,"name":"37\u03b7 \u0395\u03b2\u03b4\u03bf\u03bc\u03ac\u03b4\u03b1 \u0395\u03bb\u03bb\u03b7\u03bd\u03b9\u03ba\u03bf\u03cd \u039a\u03b9\u03bd\u03b7\u03bc\u03b1\u03c4\u03bf\u03b3\u03c1\u03ac\u03c6\u03bf\u03c5 2023"}]},{"@type":"WebSite","@id":"https:\/\/griechischefilmwoche.com\/el\/#website","url":"https:\/\/griechischefilmwoche.com\/el\/","name":"Griechische Filmwoche","description":"","potentialAction":[{"@type":"SearchAction","target":{"@type":"EntryPoint","urlTemplate":"https:\/\/griechischefilmwoche.com\/el\/?s={search_term_string}"},"query-input":{"@type":"PropertyValueSpecification","valueRequired":true,"valueName":"search_term_string"}}],"inLanguage":"el"}]}},"_links":{"self":[{"href":"https:\/\/griechischefilmwoche.com\/el\/wp-json\/wp\/v2\/pages\/5609","targetHints":{"allow":["GET"]}}],"collection":[{"href":"https:\/\/griechischefilmwoche.com\/el\/wp-json\/wp\/v2\/pages"}],"about":[{"href":"https:\/\/griechischefilmwoche.com\/el\/wp-json\/wp\/v2\/types\/page"}],"author":[{"embeddable":true,"href":"https:\/\/griechischefilmwoche.com\/el\/wp-json\/wp\/v2\/users\/4"}],"replies":[{"embeddable":true,"href":"https:\/\/griechischefilmwoche.com\/el\/wp-json\/wp\/v2\/comments?post=5609"}],"version-history":[{"count":0,"href":"https:\/\/griechischefilmwoche.com\/el\/wp-json\/wp\/v2\/pages\/5609\/revisions"}],"up":[{"embeddable":true,"href":"https:\/\/griechischefilmwoche.com\/el\/wp-json\/wp\/v2\/pages\/4072"}],"wp:featuredmedia":[{"embeddable":true,"href":"https:\/\/griechischefilmwoche.com\/el\/wp-json\/wp\/v2\/media\/5561"}],"wp:attachment":[{"href":"https:\/\/griechischefilmwoche.com\/el\/wp-json\/wp\/v2\/media?parent=5609"}],"curies":[{"name":"wp","href":"https:\/\/api.w.org\/{rel}","templated":true}]}}