{"id":6343,"date":"2024-10-14T20:41:29","date_gmt":"2024-10-14T18:41:29","guid":{"rendered":"https:\/\/griechischefilmwoche.com\/gaeste-2024\/"},"modified":"2024-10-16T13:28:33","modified_gmt":"2024-10-16T11:28:33","slug":"kalesmenes-2024","status":"publish","type":"page","link":"https:\/\/griechischefilmwoche.com\/el\/kalesmenes-2024\/","title":{"rendered":"\u039f\u03b9 \u03ba\u03b1\u03bb\u03b5\u03c3\u03bc\u03ad\u03bd\u03b5\u03c2"},"content":{"rendered":"<section  class='av_textblock_section av-m29ciq5v-358269ab11da11e75677b91be717ee87 '   itemscope=\"itemscope\" itemtype=\"https:\/\/schema.org\/CreativeWork\" ><div class='avia_textblock'  itemprop=\"text\" ><h1>\u0397 \u039a\u03b1\u03c4\u03b5\u03c1\u03af\u03bd\u03b1 \u039c\u03c0\u03ad\u03b7 \u03ba\u03b1\u03b9 \u03b7 \u03a4\u03b6\u03ad\u03bb\u03b7 \u03a7\u03b1\u03c4\u03b6\u03b7\u03b4\u03b7\u03bc\u03b7\u03c4\u03c1\u03af\u03bf\u03c5 \u03ba\u03b1\u03bb\u03b5\u03c3\u03bc\u03ad\u03bd\u03b5\u03c2 \u03c4\u03b7\u03c2 \u0395\u03b2\u03b4\u03bf\u03bc\u03ac\u03b4\u03b1\u03c2 \u0395\u03bb\u03bb\u03b7\u03bd\u03b9\u03ba\u03bf\u03cd \u039a\u03b9\u03bd\u03b7\u03bc\u03b1\u03c4\u03bf\u03b3\u03c1\u03ac\u03c6\u03bf\u03c5 \u03c3\u03c4\u03bf \u039c\u03cc\u03bd\u03b1\u03c7\u03bf<\/h1>\n<\/div><\/section>\n<\/div><\/div><\/div><!-- close content main div --><\/div><\/div>\n<style type=\"text\/css\" data-created_by=\"avia_inline_auto\" id=\"style-css-av-m29ckblh-ad7cdd77e5e74860dfcb002b712c6b23\">\n.avia-section.av-m29ckblh-ad7cdd77e5e74860dfcb002b712c6b23{\nbackground-color:#55c380;\nbackground-image:unset;\n}\n<\/style>\n<div id='av_section_1'  class='avia-section av-m29ckblh-ad7cdd77e5e74860dfcb002b712c6b23 main_color avia-section-default avia-no-border-styling  avia-builder-el-1  el_after_av_textblock  el_before_av_textblock  avia-bg-style-scroll container_wrap fullsize'  ><div class='container av-section-cont-open' ><div class='template-page content  av-content-full alpha units'><div class='post-entry post-entry-type-page post-entry-6343'><div class='entry-content-wrapper clearfix'>\n<div  class='flex_column av-6e6j2a-acb6c5cf6c6685440964c12d61dc5945 av_one_half  avia-builder-el-2  el_before_av_one_half  avia-builder-el-first  first flex_column_div  '     ><section  class='av_textblock_section av-m29cmgoo-72e9072adf9e29689397c2fed2637a14 '   itemscope=\"itemscope\" itemtype=\"https:\/\/schema.org\/CreativeWork\" ><div class='avia_textblock'  itemprop=\"text\" ><h2>\u039a\u03b1\u03c4\u03b5\u03c1\u03af\u03bd\u03b1 \u039c\u03c0\u03ad\u03b7<\/h2>\n<p>\u03a3\u03b5\u03bd\u03b1\u03c1\u03b9\u03bf\u03b3\u03c1\u03ac\u03c6\u03bf\u03c2 \u03c4\u03b7\u03c2 \u03c4\u03b1\u03b9\u03bd\u03af\u03b1\u03c2 &#8220;<a href=\"https:\/\/griechischefilmwoche.com\/el\/movie\/fonissa\/\">\u03a6\u03cc\u03bd\u03b9\u03c3\u03c3\u03b1<\/a>&#8221;<\/p>\n<p>\u039c\u03b1\u03b6\u03af \u03bc\u03b1\u03c2 \u03c4\u03b7\u03bd \u03a0\u03b1\u03c1\u03b1\u03c3\u03ba\u03b5\u03cd\u03b7 15 \u039d\u03bf\u03b5\u03bc\u03b2\u03c1\u03af\u03bf\u03c5 \u03c3\u03c4\u03bf Theatiner.<\/p>\n<\/div><\/section><br \/>\n\n<style type=\"text\/css\" data-created_by=\"avia_inline_auto\" id=\"style-css-av-m29cv6p1-4bfbd3504f1beb9682e5a1847c2203a5\">\n.avia-image-container.av-m29cv6p1-4bfbd3504f1beb9682e5a1847c2203a5 img.avia_image{\nbox-shadow:none;\n}\n.avia-image-container.av-m29cv6p1-4bfbd3504f1beb9682e5a1847c2203a5 .av-image-caption-overlay-center{\ncolor:#ffffff;\n}\n<\/style>\n<div  class='avia-image-container av-m29cv6p1-4bfbd3504f1beb9682e5a1847c2203a5 av-styling- avia-align-center  avia-builder-el-4  el_after_av_textblock  el_before_av_textblock '   itemprop=\"image\" itemscope=\"itemscope\" itemtype=\"https:\/\/schema.org\/ImageObject\" ><div class=\"avia-image-container-inner\"><div class=\"avia-image-overlay-wrap\"><img decoding=\"async\" fetchpriority=\"high\" class='wp-image-6326 avia-img-lazy-loading-not-6326 avia_image ' src=\"https:\/\/griechischefilmwoche.com\/wp-content\/uploads\/2024\/10\/Katerina_Bey.jpg\" alt='' title='Katerina_Bey'  height=\"1920\" width=\"1080\"  itemprop=\"thumbnailUrl\" srcset=\"https:\/\/griechischefilmwoche.com\/wp-content\/uploads\/2024\/10\/Katerina_Bey.jpg 1080w, https:\/\/griechischefilmwoche.com\/wp-content\/uploads\/2024\/10\/Katerina_Bey-169x300.jpg 169w, https:\/\/griechischefilmwoche.com\/wp-content\/uploads\/2024\/10\/Katerina_Bey-579x1030.jpg 579w, https:\/\/griechischefilmwoche.com\/wp-content\/uploads\/2024\/10\/Katerina_Bey-768x1365.jpg 768w, https:\/\/griechischefilmwoche.com\/wp-content\/uploads\/2024\/10\/Katerina_Bey-864x1536.jpg 864w, https:\/\/griechischefilmwoche.com\/wp-content\/uploads\/2024\/10\/Katerina_Bey-782x1390.jpg 782w, https:\/\/griechischefilmwoche.com\/wp-content\/uploads\/2024\/10\/Katerina_Bey-201x357.jpg 201w, https:\/\/griechischefilmwoche.com\/wp-content\/uploads\/2024\/10\/Katerina_Bey-844x1500.jpg 844w, https:\/\/griechischefilmwoche.com\/wp-content\/uploads\/2024\/10\/Katerina_Bey-397x705.jpg 397w\" sizes=\"(max-width: 1080px) 100vw, 1080px\" \/><\/div><\/div><\/div><br \/>\n<section  class='av_textblock_section av-m29d0u83-3109561cf8b3942547eb2281f092506e '   itemscope=\"itemscope\" itemtype=\"https:\/\/schema.org\/CreativeWork\" ><div class='avia_textblock'  itemprop=\"text\" ><div class=\"flex max-w-full flex-col flex-grow\">\n<div class=\"min-h-8 text-message flex w-full flex-col items-end gap-2 whitespace-normal break-words &#091;.text-message+&#038;&#093;:mt-5\" dir=\"auto\" data-message-author-role=\"assistant\" data-message-id=\"41a382b7-783e-4467-8332-f56661fcd821\" data-message-model-slug=\"gpt-4o\">\n<div class=\"flex w-full flex-col gap-1 empty:hidden first:pt-&#091;3px&#093;\">\n<div class=\"markdown prose w-full break-words dark:prose-invert light\">\n<p>\u0397 \u039a\u03b1\u03c4\u03b5\u03c1\u03af\u03bd\u03b1 \u039c\u03c0\u03ad\u03b7 \u03c4\u03b5\u03bb\u03b5\u03af\u03c9\u03c3\u03b5 \u03c4\u03b7 \u039d\u03bf\u03bc\u03b9\u03ba\u03ae \u0391\u03b8\u03b7\u03bd\u03ce\u03bd \u03ba\u03b1\u03b9 \u03c4\u03bf \u0394\u03b7\u03bc\u03bf\u03c3\u03b9\u03bf\u03b3\u03c1\u03b1\u03c6\u03b9\u03ba\u03cc \u039a\u03bf\u03bb\u03ad\u03b3\u03b9\u03bf \u03ba\u03b1\u03b9 \u03b5\u03af\u03bd\u03b1\u03b9 \u03c3\u03b5\u03bd\u03b1\u03c1\u03b9\u03bf\u03b3\u03c1\u03ac\u03c6\u03bf\u03c2 \u03ba\u03b1\u03b9 \u03c3\u03c5\u03b3\u03b3\u03c1\u03b1\u03c6\u03ad\u03b1\u03c2.<\/p>\n<p>\u0395\u03c1\u03b3\u03ac\u03c3\u03c4\u03b7\u03ba\u03b5 \u03b3\u03b9\u03b1 \u03b4\u03ad\u03ba\u03b1 \u03c7\u03c1\u03cc\u03bd\u03b9\u03b1 \u03c3\u03c4\u03b1 \u03c0\u03b5\u03c1\u03b9\u03bf\u03b4\u03b9\u03ba\u03ac \u03ba\u03b1\u03b9 \u03c3\u03c4\u03bf \u03c1\u03b1\u03b4\u03b9\u03cc\u03c6\u03c9\u03bd\u03bf. \u0388\u03b3\u03c1\u03b1\u03c8\u03b5 \u03c3\u03b5\u03bd\u03ac\u03c1\u03b9\u03b1 \u03b3\u03b9\u03b1 \u03c3\u03b5\u03b9\u03c1\u03ad\u03c2 (\u00ab\u03a4\u03b1 \u03ba\u03b1\u03bb\u03cd\u03c4\u03b5\u03c1\u03ac \u03bc\u03b1\u03c2 \u03c7\u03c1\u03cc\u03bd\u03b9\u03b1\u00bb, \u00ab\u039b\u03bf\u03cd\u03c6\u03b1 \u03ba\u03b1\u03b9 \u03a0\u03b1\u03c1\u03b1\u03bb\u03bb\u03b1\u03b3\u03ae\u00bb, \u00ab\u03a7\u03c1\u03c5\u03c3\u03ac \u039a\u03bf\u03c1\u03af\u03c4\u03c3\u03b9\u03b1\u00bb, \u00ab\u039c\u03cc\u03bd\u03b7 \u03b5\u03be \u03b1\u03bc\u03b5\u03bb\u03b5\u03af\u03b1\u03c2\u00bb, \u00ab\u03a3\u03c7\u03b5\u03b4\u03cc\u03bd \u03a0\u03bf\u03c4\u03ad\u00bb, \u00absteps\u00bb), \u03ba\u03b1\u03b9 \u03c4\u03b1\u03b9\u03bd\u03af\u03b5\u03c2 (\u00ab\u03a6\u03cc\u03bd\u03b9\u03c3\u03c3\u03b1\u00bb, \u00ab\u0395\u03c5\u03c4\u03c5\u03c7\u03af\u03b1\u00bb, \u00abSuccess Story\u00bb, \u00ab\u03a0\u03ad\u03bd\u03c4\u03c1\u03bf \u039d\u03bf\u03cd\u03bb\u03b1\u00bb, \u00ab\u0397 \u03ba\u03b1\u03c1\u03b4\u03b9\u03ac \u03c4\u03bf\u03c5 \u03ba\u03c4\u03ae\u03bd\u03bf\u03c5\u03c2\u00bb, \u00ab\u03a6\u03bf\u03cd\u03c3\u03ba\u03b1\u00bb, \u00ab\u0398\u03b7\u03bb\u03c5\u03ba\u03ae \u03b5\u03c4\u03b1\u03b9\u03c1\u03b5\u03af\u03b1\u00bb, \u00ab\u0397 \u039b\u03af\u03b6\u03b1 \u03ba\u03b9 \u03cc\u03bb\u03bf\u03b9 \u03bf\u03b9 \u03ac\u03bb\u03bb\u03bf\u03b9\u00bb \u03ba\u03c4\u03bb).<\/p>\n<p>\u0388\u03c7\u03b5\u03b9 \u03b5\u03ba\u03b4\u03ce\u03c3\u03b5\u03b9 \u03b5\u03c0\u03c4\u03ac \u03bc\u03c5\u03b8\u03b9\u03c3\u03c4\u03bf\u03c1\u03ae\u03bc\u03b1\u03c4\u03b1.<\/p>\n<\/div>\n<\/div>\n<\/div>\n<\/div>\n<div class=\"mb-2 flex gap-3 empty:hidden -ml-2\">\n<div class=\"items-center justify-start rounded-xl p-1 flex\">\n<div class=\"flex items-center\">\n<div class=\"flex\"><\/div>\n<div class=\"flex items-center pb-0\"><\/div>\n<\/div>\n<\/div>\n<\/div>\n<\/div><\/section><\/p><\/div><div  class='flex_column av-45cxoy-9c4a04ffe6d69d5498250c763004156e av_one_half  avia-builder-el-6  el_after_av_one_half  avia-builder-el-last  flex_column_div  '     ><section  class='av_textblock_section av-m29co40u-3aed661f86b862f1ef7d78603349392e '   itemscope=\"itemscope\" itemtype=\"https:\/\/schema.org\/CreativeWork\" ><div class='avia_textblock'  itemprop=\"text\" ><h2>\u03a4\u03b6\u03ad\u03bb\u03b7 \u03a7\u03b1\u03c4\u03b6\u03b7\u03b4\u03b7\u03bc\u03b7\u03c4\u03c1\u03af\u03bf\u03c5<\/h2>\n<p>\u03a3\u03ba\u03b7\u03bd\u03bf\u03b8\u03ad\u03c4\u03b9\u03c2\u00a0\u03c4\u03b7\u03c2 \u03c4\u03b1\u03b9\u03bd\u03af\u03b1\u03c2 &#8220;<a href=\"https:\/\/griechischefilmwoche.com\/el\/movie\/lesbia\/\">\u039b\u03b5\u03c3\u03b2\u03af\u03b1<\/a>&#8221;<\/p>\n<p>\u039c\u03b1\u03b6\u03af \u03bc\u03b1\u03c2 \u03c4o \u03a3\u03ac\u03b2\u03b2\u03b1\u03c4\u03bf 16 \u039d\u03bf\u03b5\u03bc\u03b2\u03c1\u03af\u03bf\u03c5 \u03c3\u03c4\u03bf Theatiner.<\/p>\n<\/div><\/section><br \/>\n\n<style type=\"text\/css\" data-created_by=\"avia_inline_auto\" id=\"style-css-av-m29cuw94-ffeef023620d30e31d7af01f22a8e3d7\">\n.avia-image-container.av-m29cuw94-ffeef023620d30e31d7af01f22a8e3d7 img.avia_image{\nbox-shadow:none;\n}\n.avia-image-container.av-m29cuw94-ffeef023620d30e31d7af01f22a8e3d7 .av-image-caption-overlay-center{\ncolor:#ffffff;\n}\n<\/style>\n<div  class='avia-image-container av-m29cuw94-ffeef023620d30e31d7af01f22a8e3d7 av-styling- avia-align-center  avia-builder-el-8  el_after_av_textblock  el_before_av_textblock '   itemprop=\"image\" itemscope=\"itemscope\" itemtype=\"https:\/\/schema.org\/ImageObject\" ><div class=\"avia-image-container-inner\"><div class=\"avia-image-overlay-wrap\"><img decoding=\"async\" fetchpriority=\"high\" class='wp-image-6324 avia-img-lazy-loading-not-6324 avia_image ' src=\"https:\/\/griechischefilmwoche.com\/wp-content\/uploads\/2024\/10\/Tzeli_Hadjidimitriou.jpg\" alt='' title='Tzeli_Hadjidimitriou'  height=\"1920\" width=\"1080\"  itemprop=\"thumbnailUrl\" srcset=\"https:\/\/griechischefilmwoche.com\/wp-content\/uploads\/2024\/10\/Tzeli_Hadjidimitriou.jpg 1080w, https:\/\/griechischefilmwoche.com\/wp-content\/uploads\/2024\/10\/Tzeli_Hadjidimitriou-169x300.jpg 169w, https:\/\/griechischefilmwoche.com\/wp-content\/uploads\/2024\/10\/Tzeli_Hadjidimitriou-579x1030.jpg 579w, https:\/\/griechischefilmwoche.com\/wp-content\/uploads\/2024\/10\/Tzeli_Hadjidimitriou-768x1365.jpg 768w, https:\/\/griechischefilmwoche.com\/wp-content\/uploads\/2024\/10\/Tzeli_Hadjidimitriou-864x1536.jpg 864w, https:\/\/griechischefilmwoche.com\/wp-content\/uploads\/2024\/10\/Tzeli_Hadjidimitriou-782x1390.jpg 782w, https:\/\/griechischefilmwoche.com\/wp-content\/uploads\/2024\/10\/Tzeli_Hadjidimitriou-201x357.jpg 201w, https:\/\/griechischefilmwoche.com\/wp-content\/uploads\/2024\/10\/Tzeli_Hadjidimitriou-844x1500.jpg 844w, https:\/\/griechischefilmwoche.com\/wp-content\/uploads\/2024\/10\/Tzeli_Hadjidimitriou-397x705.jpg 397w\" sizes=\"(max-width: 1080px) 100vw, 1080px\" \/><\/div><\/div><\/div><br \/>\n<section  class='av_textblock_section av-m29cymh3-e7688ef55fcea10c837a39f447366aa0 '   itemscope=\"itemscope\" itemtype=\"https:\/\/schema.org\/CreativeWork\" ><div class='avia_textblock'  itemprop=\"text\" ><p><strong>\u0397 \u03a4\u03b6\u03ad\u03bb\u03b7 \u03a7\u03b1\u03c4\u03b6\u03b7\u03b4\u03b7\u03bc\u03b7\u03c4\u03c1\u03af\u03bf\u03c5 \u03b3\u03b5\u03bd\u03bd\u03ae\u03b8\u03b7\u03ba\u03b5 \u03ba\u03b1\u03b9 \u03bc\u03b5\u03b3\u03ac\u03bb\u03c9\u03c3\u03b5 \u03c3\u03c4\u03b7 \u039b\u03ad\u03c3\u03b2\u03bf \u03ba\u03b1\u03b9 \u03b5\u03af\u03bd\u03b1\u03b9 \u03b2\u03c1\u03b1\u03b2\u03b5\u03c5\u03bc\u03ad\u03bd\u03b7 \u03ba\u03b9\u03bd\u03b7\u03bc\u03b1\u03c4\u03bf\u03b3\u03c1\u03b1\u03c6\u03af\u03c3\u03c4\u03c1\u03b9\u03b1, \u03b5\u03b9\u03ba\u03b1\u03c3\u03c4\u03b9\u03ba\u03ae \u03c6\u03c9\u03c4\u03bf\u03b3\u03c1\u03ac\u03c6\u03bf\u03c2 \u03ba\u03b1\u03b9 \u03c3\u03c5\u03b3\u03b3\u03c1\u03b1\u03c6\u03ad\u03b1\u03c2.<\/strong><\/p>\n<p>\u0391\u03c6\u03bf\u03cd \u03c0\u03b1\u03c1\u03b1\u03ba\u03bf\u03bb\u03bf\u03cd\u03b8\u03b7\u03c3\u03b5 \u03c3\u03b5\u03bc\u03b9\u03bd\u03ac\u03c1\u03b9\u03b1 \u03ba\u03b9\u03bd\u03b7\u03bc\u03b1\u03c4\u03bf\u03b3\u03c1\u03ac\u03c6\u03bf\u03c5 \u03b1\u03c0\u03cc \u03c4\u03bf\u03bd \u039c\u03b9\u03ba\u03b5\u03bb\u03ac\u03bd\u03c4\u03b6\u03b5\u03bb\u03bf \u0391\u03bd\u03c4\u03bf\u03bd\u03b9\u03cc\u03bd\u03b9, \u03c3\u03c0\u03bf\u03cd\u03b4\u03b1\u03c3\u03b5 \u03c4\u03b7\u03bd \u03c4\u03ad\u03c7\u03bd\u03b7 \u03c4\u03bf\u03c5 \u03ba\u03b9\u03bd\u03b7\u03bc\u03b1\u03c4\u03bf\u03b3\u03c1\u03ac\u03c6\u03bf\u03c5 \u03c3\u03c4\u03b7 \u03a1\u03ce\u03bc\u03b7. \u039f\u03b9 \u03bc\u03b9\u03ba\u03c1\u03bf\u03cd \u03bc\u03ae\u03ba\u03bf\u03c5\u03c2 \u03c4\u03b1\u03b9\u03bd\u03af\u03b5\u03c2 \u03c4\u03b7\u03c2 \u03ad\u03c7\u03bf\u03c5\u03bd \u03c0\u03c1\u03bf\u03b2\u03bb\u03b7\u03b8\u03b5\u03af \u03c3\u03b5 \u03cc\u03bb\u03bf \u03c4\u03bf\u03bd \u03ba\u03cc\u03c3\u03bc\u03bf \u03ba\u03b1\u03b9 \u03ad\u03c7\u03bf\u03c5\u03bd \u03ba\u03b5\u03c1\u03b4\u03af\u03c3\u03b5\u03b9 \u03c0\u03bf\u03bb\u03bb\u03ac \u03b2\u03c1\u03b1\u03b2\u03b5\u03af\u03b1. \u03a3\u03c4\u03b1 \u03bc\u03b9\u03ba\u03c1\u03bf\u03cd \u03bc\u03ae\u03ba\u03bf\u03c5\u03c2 \u03bd\u03c4\u03bf\u03ba\u03b9\u03bc\u03b1\u03bd\u03c4\u03ad\u03c1 \u03c4\u03b7\u03c2 \u03c3\u03c5\u03b3\u03ba\u03b1\u03c4\u03b1\u03bb\u03ad\u03b3\u03bf\u03bd\u03c4\u03b1\u03b9 \u03bf\u03b9 \u03c4\u03b1\u03b9\u03bd\u03af\u03b5\u03c2 \u00ab\u0391\u03bd\u03b1\u03b6\u03b7\u03c4\u03ce\u03bd\u03c4\u03b1\u03c2 \u03c4\u03bf\u03bd \u039f\u03c1\u03c6\u03ad\u03b1\u00bb, \u00ab\u039f\u03b9 \u03b5\u03b3\u03b3\u03bf\u03bd\u03ad\u03c2 \u03c4\u03b7\u03c2 \u03a3\u03b1\u03c0\u03c6\u03bf\u03cd\u03c2\u00bb \u03ba\u03b1\u03b9 \u00ab\u039f \u0394\u03b7\u03bc\u03b7\u03c4\u03c1\u03ac\u03ba\u03b7\u03c2 \u03ba\u03b1\u03b9 \u03b7 \u0394\u03b7\u03bc\u03b7\u03c4\u03c1\u03bf\u03cd\u03bb\u03b1\u00bb, \u03ba\u03b1\u03b8\u03ce\u03c2 \u03ba\u03b1\u03b9 \u03c4\u03bf \u03c6\u03b9\u03bb\u03bc \u201cSappho Singing\u201d, \u03bc\u03b9\u03b1 \u03c9\u03b4\u03ae \u03c3\u03c4\u03b7 \u03a3\u03b1\u03c0\u03c6\u03ce, \u03b7 \u03bf\u03c0\u03bf\u03af\u03b1 \u00ab\u03b5\u03c0\u03b9\u03c3\u03ba\u03ad\u03c0\u03c4\u03b5\u03c4\u03b1\u03b9\u00bb \u03be\u03b1\u03bd\u03ac \u03c4\u03b7 \u03c3\u03cd\u03b3\u03c7\u03c1\u03bf\u03bd\u03b7 \u039b\u03ad\u03c3\u03b2\u03bf. \u0397 \u03c4\u03b1\u03b9\u03bd\u03af\u03b1 \u00ab\u039b\u03b5\u03c3\u03b2\u03af\u03b1\u00bb \u03b5\u03af\u03bd\u03b1\u03b9 \u03c4\u03bf \u03c0\u03c1\u03ce\u03c4\u03bf \u03bc\u03b5\u03b3\u03ac\u03bb\u03bf\u03c5 \u03bc\u03ae\u03ba\u03bf\u03c5\u03c2 \u03bd\u03c4\u03bf\u03ba\u03b9\u03bc\u03b1\u03bd\u03c4\u03ad\u03c1 \u03c4\u03b7\u03c2.<\/p>\n<\/div><\/section><\/p><\/div>\n<\/div><\/div><\/div><!-- close content main div --><\/div><\/div><div id='after_section_1'  class='main_color av_default_container_wrap container_wrap fullsize'  ><div class='container av-section-cont-open' ><div class='template-page content  av-content-full alpha units'><div class='post-entry post-entry-type-page post-entry-6343'><div class='entry-content-wrapper clearfix'>\n<section  class='av_textblock_section av-7cmhe-ace017881a2c9dae24228057d90a2c6f '   itemscope=\"itemscope\" itemtype=\"https:\/\/schema.org\/CreativeWork\" ><div class='avia_textblock'  itemprop=\"text\" ><p>\u0395\u03c0\u03b9\u03bb\u03ad\u03be\u03c4\u03b5 \u03c4\u03b7\u03bd \u03b1\u03bd\u03c4\u03af\u03c3\u03c4\u03bf\u03b9\u03c7\u03b7 \u03b7\u03bc\u03b5\u03c1\u03bf\u03bc\u03b7\u03bd\u03af\u03b1 \u03b3\u03b9\u03b1 \u03bd\u03b1 \u03b4\u03b5\u03af\u03c4\u03b5 \u03c4\u03b9\u03c2 \u03c4\u03b1\u03b9\u03bd\u03af\u03b5\u03c2. \u03a0\u03bb\u03b7\u03c1\u03bf\u03c6\u03bf\u03c1\u03af\u03b5\u03c2 \u03c3\u03c7\u03b5\u03c4\u03b9\u03ba\u03ac \u03bc\u03b5 \u03c4\u03bf\u03c5\u03c2 \u03c7\u03ce\u03c1\u03bf\u03c5\u03c2 \u03c0\u03c1\u03bf\u03b2\u03bf\u03bb\u03ae\u03c2 \u03ba\u03b1\u03b9 \u03c4\u03b1 \u03b5\u03b9\u03c3\u03b9\u03c4\u03ae\u03c1\u03b9\u03b1 <a href=\"https:\/\/griechischefilmwoche.com\/tickets\/\">\u03b8\u03b1 \u03b2\u03c1\u03b5\u03af\u03c4\u03b5 \u03b5\u03b4\u03ce.<\/a><\/p>\n<\/div><\/section>\n<\/div><\/div><\/div><!-- close content main div --><\/div><\/div>\n<style type=\"text\/css\" data-created_by=\"avia_inline_auto\" id=\"style-css-av-57ebj6-6bb358b6ec705003a4f0f1ac9b16268e\">\n.avia-section.av-57ebj6-6bb358b6ec705003a4f0f1ac9b16268e{\nbackground-color:#f7bf00;\nbackground-image:unset;\n}\n<\/style>\n<div id='av_section_2'  class='avia-section av-57ebj6-6bb358b6ec705003a4f0f1ac9b16268e main_color avia-section-default avia-no-border-styling  avia-builder-el-11  el_after_av_textblock  avia-builder-el-last  avia-bg-style-scroll container_wrap fullsize'  ><div class='container av-section-cont-open' ><div class='template-page content  av-content-full alpha units'><div class='post-entry post-entry-type-page post-entry-6343'><div class='entry-content-wrapper clearfix'>\n<div  class='flex_column av-4gzquq-a8123c74c18c073a848e9701e348568b av_one_full  avia-builder-el-12  avia-builder-el-no-sibling  first flex_column_div  '     ><div  id=\"av-sc-portfolio-1\"  class=\"av-portfolio-grid-sorting-container\"><div class='sort_width_container  av-sort-yes-tax' data-portfolio-id='1' ><div id='js_sort_items' ><div class='av-current-sort-title'><span class=\"inner_sort_button\"><span>All<\/span><small class=\"av-cat-count\"> 15 <\/small><\/span><\/div><div class='sort_by_cat '><a href=\"#\" data-filter=\"all_sort\" class=\"all_sort_button active_sort\"><span class=\"inner_sort_button\"><span>All<\/span><small class=\"av-cat-count\"> 15 <\/small><\/span><\/a><span class=\"text-sep 14112024-el_sort_sep\">\/<\/span><a href=\"#\" data-filter=\"14112024-el_sort\" class=\"14112024-el_sort_button\" ><span class=\"inner_sort_button\"><span>\u03a0\u0395\u039c 14.11.<\/span><small class=\"av-cat-count\"> 1 <\/small><\/span><\/a><span class=\"text-sep 15112024-el_sort_sep\">\/<\/span><a href=\"#\" data-filter=\"15112024-el_sort\" class=\"15112024-el_sort_button\" ><span class=\"inner_sort_button\"><span>\u03a0\u0391\u03a1 15.11.<\/span><small class=\"av-cat-count\"> 2 <\/small><\/span><\/a><span class=\"text-sep 16112024-el_sort_sep\">\/<\/span><a href=\"#\" data-filter=\"16112024-el_sort\" class=\"16112024-el_sort_button\" ><span class=\"inner_sort_button\"><span>\u03a3\u0391\u0392 16.11.<\/span><small class=\"av-cat-count\"> 2 <\/small><\/span><\/a><span class=\"text-sep 17112024-el_sort_sep\">\/<\/span><a href=\"#\" data-filter=\"17112024-el_sort\" class=\"17112024-el_sort_button\" ><span class=\"inner_sort_button\"><span>\u039a\u03a5\u03a1 17.11.<\/span><small class=\"av-cat-count\"> 2 <\/small><\/span><\/a><span class=\"text-sep 19112024-el_sort_sep\">\/<\/span><a href=\"#\" data-filter=\"19112024-el_sort\" class=\"19112024-el_sort_button\" ><span class=\"inner_sort_button\"><span>\u03a4\u03a1\u0399 19.11.<\/span><small class=\"av-cat-count\"> 2 <\/small><\/span><\/a><span class=\"text-sep 20112024-el_sort_sep\">\/<\/span><a href=\"#\" data-filter=\"20112024-el_sort\" class=\"20112024-el_sort_button\" ><span class=\"inner_sort_button\"><span>\u03a4\u0395\u03a4 20.11.<\/span><small class=\"av-cat-count\"> 2 <\/small><\/span><\/a><span class=\"text-sep 21112024-el_sort_sep\">\/<\/span><a href=\"#\" data-filter=\"21112024-el_sort\" class=\"21112024-el_sort_button\" ><span class=\"inner_sort_button\"><span>\u03a0\u0395\u039c 21.11.<\/span><small class=\"av-cat-count\"> 2 <\/small><\/span><\/a><span class=\"text-sep 22112024-el_sort_sep\">\/<\/span><a href=\"#\" data-filter=\"22112024-el_sort\" class=\"22112024-el_sort_button\" ><span class=\"inner_sort_button\"><span>\u03a0\u0391\u03a1 22.11.<\/span><small class=\"av-cat-count\"> 2 <\/small><\/span><\/a><span class=\"text-sep 231124-el_sort_sep\">\/<\/span><a href=\"#\" data-filter=\"231124-el_sort\" class=\"231124-el_sort_button\" ><span class=\"inner_sort_button\"><span>\u03a3\u0391\u0392 23.11.<\/span><small class=\"av-cat-count\"> 3 <\/small><\/span><\/a><span class=\"text-sep riofilmpalast-el-24_sort_sep\">\/<\/span><a href=\"#\" data-filter=\"riofilmpalast-el-24_sort\" class=\"riofilmpalast-el-24_sort_button\" ><span class=\"inner_sort_button\"><span>Rio Filmpalast<\/span><small class=\"av-cat-count\"> 1 <\/small><\/span><\/a><span class=\"text-sep theatiner-el-24_sort_sep\">\/<\/span><a href=\"#\" data-filter=\"theatiner-el-24_sort\" class=\"theatiner-el-24_sort_button\" ><span class=\"inner_sort_button\"><span>Theatiner<\/span><small class=\"av-cat-count\"> 6 <\/small><\/span><\/a><span class=\"text-sep gasteig-hp8-programm-2024-el_sort_sep\">\/<\/span><a href=\"#\" data-filter=\"gasteig-hp8-programm-2024-el_sort\" class=\"gasteig-hp8-programm-2024-el_sort_button\" ><span class=\"inner_sort_button\"><span>Gasteig HP8<\/span><small class=\"av-cat-count\"> 11 <\/small><\/span><\/a><\/div><\/div><\/div><div  class=' grid-sort-container isotope   av-medium-columns-overwrite av-medium-columns-3 av-mini-columns-overwrite av-mini-columns-3 no_margin-container with-excerpt-container grid-total-odd grid-col-6 grid-links-' data-portfolio-id='1'><div data-ajax-id='5998' class=' grid-entry flex_column isotope-item all_sort no_margin post-entry post-entry-5998 grid-entry-overview grid-loop-1 grid-parity-odd  programm-2024-el_sort 17112024-el_sort theatiner-el-24_sort drama-el_sort  av_one_sixth first default_av_fullwidth '><article class='main_color inner-entry'  itemscope=\"itemscope\" itemtype=\"https:\/\/schema.org\/CreativeWork\" ><a href=\"https:\/\/griechischefilmwoche.com\/el\/movie\/animal\/\" title='Animal'  data-rel='grid-1' class='grid-image avia-hover-fx'> <img decoding=\"async\" fetchpriority=\"high\" width=\"201\" height=\"139\" src=\"https:\/\/griechischefilmwoche.com\/wp-content\/uploads\/2024\/10\/Animal_Preview-201x139.jpg\" class=\"wp-image-5992 avia-img-lazy-loading-not-5992 attachment-film-preview size-film-preview wp-post-image\" alt=\"Die Show geht weiter in &quot;Animal&quot; auf der Griechischen Filmwoche in M\u00fcnchen.\" srcset=\"https:\/\/griechischefilmwoche.com\/wp-content\/uploads\/2024\/10\/Animal_Preview-201x139.jpg 201w, https:\/\/griechischefilmwoche.com\/wp-content\/uploads\/2024\/10\/Animal_Preview-300x208.jpg 300w, https:\/\/griechischefilmwoche.com\/wp-content\/uploads\/2024\/10\/Animal_Preview-1030x713.jpg 1030w, https:\/\/griechischefilmwoche.com\/wp-content\/uploads\/2024\/10\/Animal_Preview-768x532.jpg 768w, https:\/\/griechischefilmwoche.com\/wp-content\/uploads\/2024\/10\/Animal_Preview-782x541.jpg 782w, https:\/\/griechischefilmwoche.com\/wp-content\/uploads\/2024\/10\/Animal_Preview-705x488.jpg 705w, https:\/\/griechischefilmwoche.com\/wp-content\/uploads\/2024\/10\/Animal_Preview.jpg 1300w\" sizes=\"(max-width: 201px) 100vw, 201px\" \/><\/a><div class='grid-content'><div class='avia-arrow'><\/div><header class=\"entry-content-header\" aria-label=\"Portfolio: Animal\"><h3 class='grid-entry-title entry-title '  itemprop=\"headline\" ><a href='https:\/\/griechischefilmwoche.com\/el\/movie\/animal\/' title='Animal'>Animal<\/a><\/h3><\/header><\/div><footer class=\"entry-footer\"><\/footer><\/article><\/div><div data-ajax-id='6223' class=' grid-entry flex_column isotope-item all_sort no_margin post-entry post-entry-6223 grid-entry-overview grid-loop-2 grid-parity-even  programm-2024-el_sort 19112024-el_sort gasteig-hp8-programm-2024-el_sort comedy_sort  av_one_sixth  default_av_fullwidth '><article class='main_color inner-entry'  itemscope=\"itemscope\" itemtype=\"https:\/\/schema.org\/CreativeWork\" ><a href=\"https:\/\/griechischefilmwoche.com\/el\/movie\/akou-poios-milaei\/\" title='\u0386\u03ba\u03bf\u03c5 \u03c0\u03bf\u03b9\u03bf\u03c2 \u03bc\u03b9\u03bb\u03ac\u03b5\u03b9'  data-rel='grid-1' class='grid-image avia-hover-fx'> <img decoding=\"async\" fetchpriority=\"high\" width=\"201\" height=\"139\" src=\"https:\/\/griechischefilmwoche.com\/wp-content\/uploads\/2024\/10\/Hear-Who-Is-Talking-_Preview-201x139.jpg\" class=\"wp-image-6068 avia-img-lazy-loading-not-6068 attachment-film-preview size-film-preview wp-post-image\" alt=\"&quot;Hear Who Is Talking&quot; (\u0391\u03ba\u03bf\u03c5 \u03c0\u03bf\u03b9\u03bf\u03c2 \u03bc\u03b9\u03bb\u03ac\u03b5\u03b9) von Theodoris Niarchos l\u00e4uft als exklusive Deutschlandpremiere auf der Griechischen Filmwoche.\" srcset=\"https:\/\/griechischefilmwoche.com\/wp-content\/uploads\/2024\/10\/Hear-Who-Is-Talking-_Preview-201x139.jpg 201w, https:\/\/griechischefilmwoche.com\/wp-content\/uploads\/2024\/10\/Hear-Who-Is-Talking-_Preview-300x208.jpg 300w, https:\/\/griechischefilmwoche.com\/wp-content\/uploads\/2024\/10\/Hear-Who-Is-Talking-_Preview-1030x713.jpg 1030w, https:\/\/griechischefilmwoche.com\/wp-content\/uploads\/2024\/10\/Hear-Who-Is-Talking-_Preview-768x532.jpg 768w, https:\/\/griechischefilmwoche.com\/wp-content\/uploads\/2024\/10\/Hear-Who-Is-Talking-_Preview-782x541.jpg 782w, https:\/\/griechischefilmwoche.com\/wp-content\/uploads\/2024\/10\/Hear-Who-Is-Talking-_Preview-705x488.jpg 705w, https:\/\/griechischefilmwoche.com\/wp-content\/uploads\/2024\/10\/Hear-Who-Is-Talking-_Preview.jpg 1300w\" sizes=\"(max-width: 201px) 100vw, 201px\" \/><\/a><div class='grid-content'><div class='avia-arrow'><\/div><header class=\"entry-content-header\" aria-label=\"Portfolio: \u0386\u03ba\u03bf\u03c5 \u03c0\u03bf\u03b9\u03bf\u03c2 \u03bc\u03b9\u03bb\u03ac\u03b5\u03b9\"><h3 class='grid-entry-title entry-title '  itemprop=\"headline\" ><a href='https:\/\/griechischefilmwoche.com\/el\/movie\/akou-poios-milaei\/' title='\u0386\u03ba\u03bf\u03c5 \u03c0\u03bf\u03b9\u03bf\u03c2 \u03bc\u03b9\u03bb\u03ac\u03b5\u03b9'>\u0386\u03ba\u03bf\u03c5 \u03c0\u03bf\u03b9\u03bf\u03c2 \u03bc\u03b9\u03bb\u03ac\u03b5\u03b9<\/a><\/h3><\/header><\/div><footer class=\"entry-footer\"><\/footer><\/article><\/div><div data-ajax-id='6153' class=' grid-entry flex_column isotope-item all_sort no_margin post-entry post-entry-6153 grid-entry-overview grid-loop-3 grid-parity-odd  programm-2024-el_sort thriller-el_sort 20112024-el_sort gasteig-hp8-programm-2024-el_sort  av_one_sixth  default_av_fullwidth '><article class='main_color inner-entry'  itemscope=\"itemscope\" itemtype=\"https:\/\/schema.org\/CreativeWork\" ><a href=\"https:\/\/griechischefilmwoche.com\/el\/movie\/gyala\/\" title='\u0393\u03c5\u03ac\u03bb\u03b1'  data-rel='grid-1' class='grid-image avia-hover-fx'> <img decoding=\"async\" fetchpriority=\"high\" width=\"201\" height=\"139\" src=\"https:\/\/griechischefilmwoche.com\/wp-content\/uploads\/2024\/10\/Die-Klinik_Preview-201x139.jpg\" class=\"wp-image-6034 avia-img-lazy-loading-not-6034 attachment-film-preview size-film-preview wp-post-image\" alt=\"Nach einem Unfall findet sich eine an Amnesie leidende Frau in einer geheimnisvollen Klinik auf einer abgelegenen Insel wieder. Schnell erkennt sie, wie grauenvoll es dort ist.\" srcset=\"https:\/\/griechischefilmwoche.com\/wp-content\/uploads\/2024\/10\/Die-Klinik_Preview-201x139.jpg 201w, https:\/\/griechischefilmwoche.com\/wp-content\/uploads\/2024\/10\/Die-Klinik_Preview-300x208.jpg 300w, https:\/\/griechischefilmwoche.com\/wp-content\/uploads\/2024\/10\/Die-Klinik_Preview-1030x713.jpg 1030w, https:\/\/griechischefilmwoche.com\/wp-content\/uploads\/2024\/10\/Die-Klinik_Preview-768x532.jpg 768w, https:\/\/griechischefilmwoche.com\/wp-content\/uploads\/2024\/10\/Die-Klinik_Preview-782x541.jpg 782w, https:\/\/griechischefilmwoche.com\/wp-content\/uploads\/2024\/10\/Die-Klinik_Preview-705x488.jpg 705w, https:\/\/griechischefilmwoche.com\/wp-content\/uploads\/2024\/10\/Die-Klinik_Preview.jpg 1300w\" sizes=\"(max-width: 201px) 100vw, 201px\" \/><\/a><div class='grid-content'><div class='avia-arrow'><\/div><header class=\"entry-content-header\" aria-label=\"Portfolio: \u0393\u03c5\u03ac\u03bb\u03b1\"><h3 class='grid-entry-title entry-title '  itemprop=\"headline\" ><a href='https:\/\/griechischefilmwoche.com\/el\/movie\/gyala\/' title='\u0393\u03c5\u03ac\u03bb\u03b1'>\u0393\u03c5\u03ac\u03bb\u03b1<\/a><\/h3><\/header><\/div><footer class=\"entry-footer\"><\/footer><\/article><\/div><div data-ajax-id='6215' class=' grid-entry flex_column isotope-item all_sort no_margin post-entry post-entry-6215 grid-entry-overview grid-loop-4 grid-parity-even  programm-2024-el_sort 19112024-el_sort documentary_sort gasteig-hp8-programm-2024-el_sort  av_one_sixth  default_av_fullwidth '><article class='main_color inner-entry'  itemscope=\"itemscope\" itemtype=\"https:\/\/schema.org\/CreativeWork\" ><a href=\"https:\/\/griechischefilmwoche.com\/el\/movie\/embros-a-free-self-managed-theater\/\" title='\u0395\u039c\u03a0\u03a1\u039f\u03a3: \u0388\u03bd\u03b1 \u03b5\u03bb\u03b5\u03cd\u03b8\u03b5\u03c1\u03bf \u03b1\u03c5\u03c4\u03bf\u03b4\u03b9\u03b1\u03c7\u03b5\u03b9\u03c1\u03b9\u03b6\u03cc\u03bc\u03b5\u03bd\u03bf \u03b8\u03ad\u03b1\u03c4\u03c1\u03bf'  data-rel='grid-1' class='grid-image avia-hover-fx'> <img decoding=\"async\" fetchpriority=\"high\" width=\"201\" height=\"139\" src=\"https:\/\/griechischefilmwoche.com\/wp-content\/uploads\/2024\/10\/EMBROS_Preview-201x139.jpg\" class=\"wp-image-6059 avia-img-lazy-loading-not-6059 attachment-film-preview size-film-preview wp-post-image\" alt=\"Der Dokumentarfilm &quot;EMBROS: A Free Self-Managed Theater&quot; ist auf der Griechischen Filmwoche in M\u00fcnchen zu sehen.\" srcset=\"https:\/\/griechischefilmwoche.com\/wp-content\/uploads\/2024\/10\/EMBROS_Preview-201x139.jpg 201w, https:\/\/griechischefilmwoche.com\/wp-content\/uploads\/2024\/10\/EMBROS_Preview-300x208.jpg 300w, https:\/\/griechischefilmwoche.com\/wp-content\/uploads\/2024\/10\/EMBROS_Preview-1030x713.jpg 1030w, https:\/\/griechischefilmwoche.com\/wp-content\/uploads\/2024\/10\/EMBROS_Preview-768x532.jpg 768w, https:\/\/griechischefilmwoche.com\/wp-content\/uploads\/2024\/10\/EMBROS_Preview-782x541.jpg 782w, https:\/\/griechischefilmwoche.com\/wp-content\/uploads\/2024\/10\/EMBROS_Preview-705x488.jpg 705w, https:\/\/griechischefilmwoche.com\/wp-content\/uploads\/2024\/10\/EMBROS_Preview.jpg 1300w\" sizes=\"(max-width: 201px) 100vw, 201px\" \/><\/a><div class='grid-content'><div class='avia-arrow'><\/div><header class=\"entry-content-header\" aria-label=\"Portfolio: \u0395\u039c\u03a0\u03a1\u039f\u03a3: \u0388\u03bd\u03b1 \u03b5\u03bb\u03b5\u03cd\u03b8\u03b5\u03c1\u03bf \u03b1\u03c5\u03c4\u03bf\u03b4\u03b9\u03b1\u03c7\u03b5\u03b9\u03c1\u03b9\u03b6\u03cc\u03bc\u03b5\u03bd\u03bf \u03b8\u03ad\u03b1\u03c4\u03c1\u03bf\"><h3 class='grid-entry-title entry-title '  itemprop=\"headline\" ><a href='https:\/\/griechischefilmwoche.com\/el\/movie\/embros-a-free-self-managed-theater\/' title='\u0395\u039c\u03a0\u03a1\u039f\u03a3: \u0388\u03bd\u03b1 \u03b5\u03bb\u03b5\u03cd\u03b8\u03b5\u03c1\u03bf \u03b1\u03c5\u03c4\u03bf\u03b4\u03b9\u03b1\u03c7\u03b5\u03b9\u03c1\u03b9\u03b6\u03cc\u03bc\u03b5\u03bd\u03bf \u03b8\u03ad\u03b1\u03c4\u03c1\u03bf'>\u0395\u039c\u03a0\u03a1\u039f\u03a3: \u0388\u03bd\u03b1 \u03b5\u03bb\u03b5\u03cd\u03b8\u03b5\u03c1\u03bf \u03b1\u03c5\u03c4\u03bf\u03b4\u03b9\u03b1\u03c7\u03b5\u03b9\u03c1\u03b9\u03b6\u03cc\u03bc\u03b5\u03bd\u03bf \u03b8\u03ad\u03b1\u03c4\u03c1\u03bf<\/a><\/h3><\/header><\/div><footer class=\"entry-footer\"><\/footer><\/article><\/div><div data-ajax-id='6207' class=' grid-entry flex_column isotope-item all_sort no_margin post-entry post-entry-6207 grid-entry-overview grid-loop-5 grid-parity-odd  programm-2024-el_sort 22112024-el_sort documentary_sort gasteig-hp8-programm-2024-el_sort  av_one_sixth  default_av_fullwidth '><article class='main_color inner-entry'  itemscope=\"itemscope\" itemtype=\"https:\/\/schema.org\/CreativeWork\" ><a href=\"https:\/\/griechischefilmwoche.com\/el\/movie\/h-mhtera-tou-stathmou\/\" title='\u0397 \u03bc\u03b7\u03c4\u03ad\u03c1\u03b1 \u03c4\u03bf\u03c5 \u03c3\u03c4\u03b1\u03b8\u03bc\u03bf\u03cd'  data-rel='grid-1' class='grid-image avia-hover-fx'> <img decoding=\"async\" fetchpriority=\"high\" width=\"201\" height=\"139\" src=\"https:\/\/griechischefilmwoche.com\/wp-content\/uploads\/2024\/10\/The-Mother-of-the-Station_Preview-201x139.jpg\" class=\"wp-image-6009 avia-img-lazy-loading-not-6009 attachment-film-preview size-film-preview wp-post-image\" alt=\"&quot;Mother of the Station&quot; ist eine bewegende Dokumentation, die das Leben griechischer Migrantinnen beleuchtet.\" srcset=\"https:\/\/griechischefilmwoche.com\/wp-content\/uploads\/2024\/10\/The-Mother-of-the-Station_Preview-201x139.jpg 201w, https:\/\/griechischefilmwoche.com\/wp-content\/uploads\/2024\/10\/The-Mother-of-the-Station_Preview-300x208.jpg 300w, https:\/\/griechischefilmwoche.com\/wp-content\/uploads\/2024\/10\/The-Mother-of-the-Station_Preview-1030x713.jpg 1030w, https:\/\/griechischefilmwoche.com\/wp-content\/uploads\/2024\/10\/The-Mother-of-the-Station_Preview-768x532.jpg 768w, https:\/\/griechischefilmwoche.com\/wp-content\/uploads\/2024\/10\/The-Mother-of-the-Station_Preview-782x541.jpg 782w, https:\/\/griechischefilmwoche.com\/wp-content\/uploads\/2024\/10\/The-Mother-of-the-Station_Preview-705x488.jpg 705w, https:\/\/griechischefilmwoche.com\/wp-content\/uploads\/2024\/10\/The-Mother-of-the-Station_Preview.jpg 1300w\" sizes=\"(max-width: 201px) 100vw, 201px\" \/><\/a><div class='grid-content'><div class='avia-arrow'><\/div><header class=\"entry-content-header\" aria-label=\"Portfolio: \u0397 \u03bc\u03b7\u03c4\u03ad\u03c1\u03b1 \u03c4\u03bf\u03c5 \u03c3\u03c4\u03b1\u03b8\u03bc\u03bf\u03cd\"><h3 class='grid-entry-title entry-title '  itemprop=\"headline\" ><a href='https:\/\/griechischefilmwoche.com\/el\/movie\/h-mhtera-tou-stathmou\/' title='\u0397 \u03bc\u03b7\u03c4\u03ad\u03c1\u03b1 \u03c4\u03bf\u03c5 \u03c3\u03c4\u03b1\u03b8\u03bc\u03bf\u03cd'>\u0397 \u03bc\u03b7\u03c4\u03ad\u03c1\u03b1 \u03c4\u03bf\u03c5 \u03c3\u03c4\u03b1\u03b8\u03bc\u03bf\u03cd<\/a><\/h3><\/header><\/div><footer class=\"entry-footer\"><\/footer><\/article><\/div><div data-ajax-id='6227' class=' grid-entry flex_column isotope-item all_sort no_margin post-entry post-entry-6227 grid-entry-overview grid-loop-6 grid-parity-even  programm-2024-el_sort 231124-el_sort gasteig-hp8-programm-2024-el_sort  av_one_sixth  default_av_fullwidth '><article class='main_color inner-entry'  itemscope=\"itemscope\" itemtype=\"https:\/\/schema.org\/CreativeWork\" ><a href=\"https:\/\/griechischefilmwoche.com\/el\/movie\/kourampiedes-apo-xioni\/\" title='\u039a\u03bf\u03c5\u03c1\u03b1\u03bc\u03c0\u03b9\u03ad\u03b4\u03b5\u03c2 \u03b1\u03c0\u03cc \u03c7\u03b9\u03cc\u03bd\u03b9'  data-rel='grid-1' class='grid-image avia-hover-fx'> <img decoding=\"async\" fetchpriority=\"high\" width=\"201\" height=\"139\" src=\"https:\/\/griechischefilmwoche.com\/wp-content\/uploads\/2024\/10\/Snow-Cookies-_-Preview-201x139.jpg\" class=\"wp-image-6084 avia-img-lazy-loading-not-6084 attachment-film-preview size-film-preview wp-post-image\" alt=\"Lassen Sie sich von den &quot;Snow Cookies&quot; verzaubern. Die herzerw\u00e4rmende Dramedy ist auf der Griechischen Filmwoche zu sehen.\" srcset=\"https:\/\/griechischefilmwoche.com\/wp-content\/uploads\/2024\/10\/Snow-Cookies-_-Preview-201x139.jpg 201w, https:\/\/griechischefilmwoche.com\/wp-content\/uploads\/2024\/10\/Snow-Cookies-_-Preview-300x208.jpg 300w, https:\/\/griechischefilmwoche.com\/wp-content\/uploads\/2024\/10\/Snow-Cookies-_-Preview-1030x713.jpg 1030w, https:\/\/griechischefilmwoche.com\/wp-content\/uploads\/2024\/10\/Snow-Cookies-_-Preview-768x532.jpg 768w, https:\/\/griechischefilmwoche.com\/wp-content\/uploads\/2024\/10\/Snow-Cookies-_-Preview-782x541.jpg 782w, https:\/\/griechischefilmwoche.com\/wp-content\/uploads\/2024\/10\/Snow-Cookies-_-Preview-705x488.jpg 705w, https:\/\/griechischefilmwoche.com\/wp-content\/uploads\/2024\/10\/Snow-Cookies-_-Preview.jpg 1300w\" sizes=\"(max-width: 201px) 100vw, 201px\" \/><\/a><div class='grid-content'><div class='avia-arrow'><\/div><header class=\"entry-content-header\" aria-label=\"Portfolio: \u039a\u03bf\u03c5\u03c1\u03b1\u03bc\u03c0\u03b9\u03ad\u03b4\u03b5\u03c2 \u03b1\u03c0\u03cc \u03c7\u03b9\u03cc\u03bd\u03b9\"><h3 class='grid-entry-title entry-title '  itemprop=\"headline\" ><a href='https:\/\/griechischefilmwoche.com\/el\/movie\/kourampiedes-apo-xioni\/' title='\u039a\u03bf\u03c5\u03c1\u03b1\u03bc\u03c0\u03b9\u03ad\u03b4\u03b5\u03c2 \u03b1\u03c0\u03cc \u03c7\u03b9\u03cc\u03bd\u03b9'>\u039a\u03bf\u03c5\u03c1\u03b1\u03bc\u03c0\u03b9\u03ad\u03b4\u03b5\u03c2 \u03b1\u03c0\u03cc \u03c7\u03b9\u03cc\u03bd\u03b9<\/a><\/h3><\/header><\/div><footer class=\"entry-footer\"><\/footer><\/article><\/div><div data-ajax-id='5825' class=' grid-entry flex_column isotope-item all_sort no_margin post-entry post-entry-5825 grid-entry-overview grid-loop-7 grid-parity-odd  14112024-el_sort programm-2024-el_sort riofilmpalast-el-24_sort  av_one_sixth first default_av_fullwidth '><article class='main_color inner-entry'  itemscope=\"itemscope\" itemtype=\"https:\/\/schema.org\/CreativeWork\" ><a href=\"https:\/\/griechischefilmwoche.com\/el\/movie\/kravgi-gynaikwn\/\" title='\u039a\u03c1\u03b1\u03c5\u03b3\u03ae \u0393\u03c5\u03bd\u03b1\u03b9\u03ba\u03ce\u03bd'  data-rel='grid-1' class='grid-image avia-hover-fx'> <img decoding=\"async\" fetchpriority=\"high\" width=\"201\" height=\"139\" src=\"https:\/\/griechischefilmwoche.com\/wp-content\/uploads\/2024\/10\/Traum_einer_Leidenschaft_Preview-201x139.jpg\" class=\"wp-image-5824 avia-img-lazy-loading-not-5824 attachment-film-preview size-film-preview wp-post-image\" alt=\"&quot;Traum einer Leidenschaft&quot; von Jules Dassin ist der Er\u00f6ffnungsfilm der Griechischen Filmwoche M\u00fcnchen.\" srcset=\"https:\/\/griechischefilmwoche.com\/wp-content\/uploads\/2024\/10\/Traum_einer_Leidenschaft_Preview-201x139.jpg 201w, https:\/\/griechischefilmwoche.com\/wp-content\/uploads\/2024\/10\/Traum_einer_Leidenschaft_Preview-300x208.jpg 300w, https:\/\/griechischefilmwoche.com\/wp-content\/uploads\/2024\/10\/Traum_einer_Leidenschaft_Preview-1030x713.jpg 1030w, https:\/\/griechischefilmwoche.com\/wp-content\/uploads\/2024\/10\/Traum_einer_Leidenschaft_Preview-768x532.jpg 768w, https:\/\/griechischefilmwoche.com\/wp-content\/uploads\/2024\/10\/Traum_einer_Leidenschaft_Preview-782x541.jpg 782w, https:\/\/griechischefilmwoche.com\/wp-content\/uploads\/2024\/10\/Traum_einer_Leidenschaft_Preview-705x488.jpg 705w, https:\/\/griechischefilmwoche.com\/wp-content\/uploads\/2024\/10\/Traum_einer_Leidenschaft_Preview.jpg 1300w\" sizes=\"(max-width: 201px) 100vw, 201px\" \/><\/a><div class='grid-content'><div class='avia-arrow'><\/div><header class=\"entry-content-header\" aria-label=\"Portfolio: \u039a\u03c1\u03b1\u03c5\u03b3\u03ae \u0393\u03c5\u03bd\u03b1\u03b9\u03ba\u03ce\u03bd\"><h3 class='grid-entry-title entry-title '  itemprop=\"headline\" ><a href='https:\/\/griechischefilmwoche.com\/el\/movie\/kravgi-gynaikwn\/' title='\u039a\u03c1\u03b1\u03c5\u03b3\u03ae \u0393\u03c5\u03bd\u03b1\u03b9\u03ba\u03ce\u03bd'>\u039a\u03c1\u03b1\u03c5\u03b3\u03ae \u0393\u03c5\u03bd\u03b1\u03b9\u03ba\u03ce\u03bd<\/a><\/h3><\/header><\/div><footer class=\"entry-footer\"><\/footer><\/article><\/div><div data-ajax-id='6167' class=' grid-entry flex_column isotope-item all_sort no_margin post-entry post-entry-6167 grid-entry-overview grid-loop-8 grid-parity-even  programm-2024-el_sort 16112024-el_sort theatiner-el-24_sort documentary_sort  av_one_sixth  default_av_fullwidth '><article class='main_color inner-entry'  itemscope=\"itemscope\" itemtype=\"https:\/\/schema.org\/CreativeWork\" ><a href=\"https:\/\/griechischefilmwoche.com\/el\/movie\/lesbia\/\" title='\u039b\u03b5\u03c3\u03b2\u03af\u03b1'  data-rel='grid-1' class='grid-image avia-hover-fx'> <img decoding=\"async\" fetchpriority=\"high\" width=\"201\" height=\"139\" src=\"https:\/\/griechischefilmwoche.com\/wp-content\/uploads\/2024\/10\/Lesvia_Preview-201x139.jpg\" class=\"wp-image-5859 avia-img-lazy-loading-not-5859 attachment-film-preview size-film-preview wp-post-image\" alt=\"Der preisgekr\u00f6nte Dokumentarfilm &quot;Lesvia&quot; von Tzeli Hadjidimitriou ist auf der Griechischen Filmwoche zu sehen.\" srcset=\"https:\/\/griechischefilmwoche.com\/wp-content\/uploads\/2024\/10\/Lesvia_Preview-201x139.jpg 201w, https:\/\/griechischefilmwoche.com\/wp-content\/uploads\/2024\/10\/Lesvia_Preview-300x208.jpg 300w, https:\/\/griechischefilmwoche.com\/wp-content\/uploads\/2024\/10\/Lesvia_Preview-1030x713.jpg 1030w, https:\/\/griechischefilmwoche.com\/wp-content\/uploads\/2024\/10\/Lesvia_Preview-768x532.jpg 768w, https:\/\/griechischefilmwoche.com\/wp-content\/uploads\/2024\/10\/Lesvia_Preview-782x541.jpg 782w, https:\/\/griechischefilmwoche.com\/wp-content\/uploads\/2024\/10\/Lesvia_Preview-705x488.jpg 705w, https:\/\/griechischefilmwoche.com\/wp-content\/uploads\/2024\/10\/Lesvia_Preview.jpg 1300w\" sizes=\"(max-width: 201px) 100vw, 201px\" \/><\/a><div class='grid-content'><div class='avia-arrow'><\/div><header class=\"entry-content-header\" aria-label=\"Portfolio: \u039b\u03b5\u03c3\u03b2\u03af\u03b1\"><h3 class='grid-entry-title entry-title '  itemprop=\"headline\" ><a href='https:\/\/griechischefilmwoche.com\/el\/movie\/lesbia\/' title='\u039b\u03b5\u03c3\u03b2\u03af\u03b1'>\u039b\u03b5\u03c3\u03b2\u03af\u03b1<\/a><\/h3><\/header><\/div><footer class=\"entry-footer\"><\/footer><\/article><\/div><div data-ajax-id='6147' class=' grid-entry flex_column isotope-item all_sort no_margin post-entry post-entry-6147 grid-entry-overview grid-loop-9 grid-parity-odd  programm-2024-el_sort 17112024-el_sort theatiner-el-24_sort documentary_sort  av_one_sixth  default_av_fullwidth '><article class='main_color inner-entry'  itemscope=\"itemscope\" itemtype=\"https:\/\/schema.org\/CreativeWork\" ><a href=\"https:\/\/griechischefilmwoche.com\/el\/movie\/mairh-marianna-maria\/\" title='\u039c\u03b1\u03af\u03c1\u03b7, \u039c\u03b1\u03c1\u03b9\u03ac\u03bd\u03bd\u03b1, \u039c\u03b1\u03c1\u03af\u03b1'  data-rel='grid-1' class='grid-image avia-hover-fx'> <img decoding=\"async\" fetchpriority=\"high\" width=\"201\" height=\"139\" src=\"https:\/\/griechischefilmwoche.com\/wp-content\/uploads\/2024\/10\/Mary-Marianna-Maria_Preview-201x139.jpg\" class=\"wp-image-5957 avia-img-lazy-loading-not-5957 attachment-film-preview size-film-preview wp-post-image\" alt=\"Mary, Marianna, Maria ist ein Dokumentarfilm \u00fcber Maria Callas und l\u00e4uft auf der Griechischen Filmwoche in M\u00fcnchen.\" srcset=\"https:\/\/griechischefilmwoche.com\/wp-content\/uploads\/2024\/10\/Mary-Marianna-Maria_Preview-201x139.jpg 201w, https:\/\/griechischefilmwoche.com\/wp-content\/uploads\/2024\/10\/Mary-Marianna-Maria_Preview-300x208.jpg 300w, https:\/\/griechischefilmwoche.com\/wp-content\/uploads\/2024\/10\/Mary-Marianna-Maria_Preview-1030x713.jpg 1030w, https:\/\/griechischefilmwoche.com\/wp-content\/uploads\/2024\/10\/Mary-Marianna-Maria_Preview-768x532.jpg 768w, https:\/\/griechischefilmwoche.com\/wp-content\/uploads\/2024\/10\/Mary-Marianna-Maria_Preview-782x541.jpg 782w, https:\/\/griechischefilmwoche.com\/wp-content\/uploads\/2024\/10\/Mary-Marianna-Maria_Preview-705x488.jpg 705w, https:\/\/griechischefilmwoche.com\/wp-content\/uploads\/2024\/10\/Mary-Marianna-Maria_Preview.jpg 1300w\" sizes=\"(max-width: 201px) 100vw, 201px\" \/><\/a><div class='grid-content'><div class='avia-arrow'><\/div><header class=\"entry-content-header\" aria-label=\"Portfolio: \u039c\u03b1\u03af\u03c1\u03b7, \u039c\u03b1\u03c1\u03b9\u03ac\u03bd\u03bd\u03b1, \u039c\u03b1\u03c1\u03af\u03b1\"><h3 class='grid-entry-title entry-title '  itemprop=\"headline\" ><a href='https:\/\/griechischefilmwoche.com\/el\/movie\/mairh-marianna-maria\/' title='\u039c\u03b1\u03af\u03c1\u03b7, \u039c\u03b1\u03c1\u03b9\u03ac\u03bd\u03bd\u03b1, \u039c\u03b1\u03c1\u03af\u03b1'>\u039c\u03b1\u03af\u03c1\u03b7, \u039c\u03b1\u03c1\u03b9\u03ac\u03bd\u03bd\u03b1, \u039c\u03b1\u03c1\u03af\u03b1<\/a><\/h3><\/header><\/div><footer class=\"entry-footer\"><\/footer><\/article><\/div><div data-ajax-id='5801' class=' grid-entry flex_column isotope-item all_sort no_margin post-entry post-entry-5801 grid-entry-overview grid-loop-10 grid-parity-even  15112024-el_sort programm-2024-el_sort 20112024-el_sort theatiner-el-24_sort gasteig-hp8-programm-2024-el_sort  av_one_sixth  default_av_fullwidth '><article class='main_color inner-entry'  itemscope=\"itemscope\" itemtype=\"https:\/\/schema.org\/CreativeWork\" ><a href=\"https:\/\/griechischefilmwoche.com\/el\/movie\/mentioum\/\" title='\u039c\u03ad\u03bd\u03c4\u03b9\u03bf\u03c5\u03bc'  data-rel='grid-1' class='grid-image avia-hover-fx'> <img decoding=\"async\" fetchpriority=\"high\" width=\"201\" height=\"139\" src=\"https:\/\/griechischefilmwoche.com\/wp-content\/uploads\/2024\/10\/Medium_Preview-201x139.jpg\" class=\"wp-image-5798 avia-img-lazy-loading-not-5798 attachment-film-preview size-film-preview wp-post-image\" alt=\"Das griechische Drama &quot;Medium&quot; auf der Griechischen Filmwoche in M\u00fcnchen\" srcset=\"https:\/\/griechischefilmwoche.com\/wp-content\/uploads\/2024\/10\/Medium_Preview-201x139.jpg 201w, https:\/\/griechischefilmwoche.com\/wp-content\/uploads\/2024\/10\/Medium_Preview-300x208.jpg 300w, https:\/\/griechischefilmwoche.com\/wp-content\/uploads\/2024\/10\/Medium_Preview-1030x713.jpg 1030w, https:\/\/griechischefilmwoche.com\/wp-content\/uploads\/2024\/10\/Medium_Preview-768x532.jpg 768w, https:\/\/griechischefilmwoche.com\/wp-content\/uploads\/2024\/10\/Medium_Preview-782x541.jpg 782w, https:\/\/griechischefilmwoche.com\/wp-content\/uploads\/2024\/10\/Medium_Preview-705x488.jpg 705w, https:\/\/griechischefilmwoche.com\/wp-content\/uploads\/2024\/10\/Medium_Preview.jpg 1300w\" sizes=\"(max-width: 201px) 100vw, 201px\" \/><\/a><div class='grid-content'><div class='avia-arrow'><\/div><header class=\"entry-content-header\" aria-label=\"Portfolio: \u039c\u03ad\u03bd\u03c4\u03b9\u03bf\u03c5\u03bc\"><h3 class='grid-entry-title entry-title '  itemprop=\"headline\" ><a href='https:\/\/griechischefilmwoche.com\/el\/movie\/mentioum\/' title='\u039c\u03ad\u03bd\u03c4\u03b9\u03bf\u03c5\u03bc'>\u039c\u03ad\u03bd\u03c4\u03b9\u03bf\u03c5\u03bc<\/a><\/h3><\/header><\/div><footer class=\"entry-footer\"><\/footer><\/article><\/div><div data-ajax-id='6195' class=' grid-entry flex_column isotope-item all_sort no_margin post-entry post-entry-6195 grid-entry-overview grid-loop-11 grid-parity-odd  programm-2024-el_sort 21112024-el_sort gasteig-hp8-programm-2024_sort gasteig-hp8-programm-2024-el_sort  av_one_sixth  default_av_fullwidth '><article class='main_color inner-entry'  itemscope=\"itemscope\" itemtype=\"https:\/\/schema.org\/CreativeWork\" ><a href=\"https:\/\/griechischefilmwoche.com\/el\/movie\/mhdeia\/\" title='\u039c\u03ae\u03b4\u03b5\u03b9\u03b1'  data-rel='grid-1' class='grid-image avia-hover-fx'> <img decoding=\"async\" fetchpriority=\"high\" width=\"201\" height=\"139\" src=\"https:\/\/griechischefilmwoche.com\/wp-content\/uploads\/2024\/10\/Medea_Preview-201x139.jpg\" class=\"wp-image-5979 avia-img-lazy-loading-not-5979 attachment-film-preview size-film-preview wp-post-image\" alt=\"Medea mit Maria Callas in der Hauptrolle von Pier Paolo Pasolini\" srcset=\"https:\/\/griechischefilmwoche.com\/wp-content\/uploads\/2024\/10\/Medea_Preview-201x139.jpg 201w, https:\/\/griechischefilmwoche.com\/wp-content\/uploads\/2024\/10\/Medea_Preview-300x208.jpg 300w, https:\/\/griechischefilmwoche.com\/wp-content\/uploads\/2024\/10\/Medea_Preview-1030x713.jpg 1030w, https:\/\/griechischefilmwoche.com\/wp-content\/uploads\/2024\/10\/Medea_Preview-768x532.jpg 768w, https:\/\/griechischefilmwoche.com\/wp-content\/uploads\/2024\/10\/Medea_Preview-782x541.jpg 782w, https:\/\/griechischefilmwoche.com\/wp-content\/uploads\/2024\/10\/Medea_Preview-705x488.jpg 705w, https:\/\/griechischefilmwoche.com\/wp-content\/uploads\/2024\/10\/Medea_Preview.jpg 1300w\" sizes=\"(max-width: 201px) 100vw, 201px\" \/><\/a><div class='grid-content'><div class='avia-arrow'><\/div><header class=\"entry-content-header\" aria-label=\"Portfolio: \u039c\u03ae\u03b4\u03b5\u03b9\u03b1\"><h3 class='grid-entry-title entry-title '  itemprop=\"headline\" ><a href='https:\/\/griechischefilmwoche.com\/el\/movie\/mhdeia\/' title='\u039c\u03ae\u03b4\u03b5\u03b9\u03b1'>\u039c\u03ae\u03b4\u03b5\u03b9\u03b1<\/a><\/h3><\/header><\/div><footer class=\"entry-footer\"><\/footer><\/article><\/div><div data-ajax-id='7113' class=' grid-entry flex_column isotope-item all_sort no_margin post-entry post-entry-7113 grid-entry-overview grid-loop-12 grid-parity-even  programm-2024-el_sort 21112024-el_sort gasteig-hp8-programm-2024-el_sort short-film_sort  av_one_sixth  default_av_fullwidth '><article class='main_color inner-entry'  itemscope=\"itemscope\" itemtype=\"https:\/\/schema.org\/CreativeWork\" ><a href=\"https:\/\/griechischefilmwoche.com\/el\/movie\/kurzfilme-aus-griechenland-24\/\" title='\u039c\u03b9\u03ba\u03c1\u03bf\u03cd \u039c\u03ae\u03ba\u03bf\u03c5\u03c2 \u03a4\u03b1\u03b9\u03bd\u03af\u03b5\u03c2 &#8217;24'  data-rel='grid-1' class='grid-image avia-hover-fx'> <img decoding=\"async\" fetchpriority=\"high\" width=\"201\" height=\"139\" src=\"https:\/\/griechischefilmwoche.com\/wp-content\/uploads\/2024\/10\/SHORTS_Preview-201x139.png\" class=\"wp-image-7096 avia-img-lazy-loading-not-7096 attachment-film-preview size-film-preview wp-post-image\" alt=\"\" srcset=\"https:\/\/griechischefilmwoche.com\/wp-content\/uploads\/2024\/10\/SHORTS_Preview-201x139.png 201w, https:\/\/griechischefilmwoche.com\/wp-content\/uploads\/2024\/10\/SHORTS_Preview-300x208.png 300w, https:\/\/griechischefilmwoche.com\/wp-content\/uploads\/2024\/10\/SHORTS_Preview-1030x713.png 1030w, https:\/\/griechischefilmwoche.com\/wp-content\/uploads\/2024\/10\/SHORTS_Preview-768x532.png 768w, https:\/\/griechischefilmwoche.com\/wp-content\/uploads\/2024\/10\/SHORTS_Preview-782x541.png 782w, https:\/\/griechischefilmwoche.com\/wp-content\/uploads\/2024\/10\/SHORTS_Preview-705x488.png 705w, https:\/\/griechischefilmwoche.com\/wp-content\/uploads\/2024\/10\/SHORTS_Preview.png 1300w\" sizes=\"(max-width: 201px) 100vw, 201px\" \/><\/a><div class='grid-content'><div class='avia-arrow'><\/div><header class=\"entry-content-header\" aria-label=\"Portfolio: \u039c\u03b9\u03ba\u03c1\u03bf\u03cd \u039c\u03ae\u03ba\u03bf\u03c5\u03c2 \u03a4\u03b1\u03b9\u03bd\u03af\u03b5\u03c2 &#8217;24\"><h3 class='grid-entry-title entry-title '  itemprop=\"headline\" ><a href='https:\/\/griechischefilmwoche.com\/el\/movie\/kurzfilme-aus-griechenland-24\/' title='\u039c\u03b9\u03ba\u03c1\u03bf\u03cd \u039c\u03ae\u03ba\u03bf\u03c5\u03c2 \u03a4\u03b1\u03b9\u03bd\u03af\u03b5\u03c2 &#8217;24'>\u039c\u03b9\u03ba\u03c1\u03bf\u03cd \u039c\u03ae\u03ba\u03bf\u03c5\u03c2 \u03a4\u03b1\u03b9\u03bd\u03af\u03b5\u03c2 &#8217;24<\/a><\/h3><\/header><\/div><footer class=\"entry-footer\"><\/footer><\/article><\/div><div data-ajax-id='5881' class=' grid-entry flex_column isotope-item all_sort no_margin post-entry post-entry-5881 grid-entry-overview grid-loop-13 grid-parity-odd  programm-2024-el_sort 22112024-el_sort gasteig-hp8-programm-2024-el_sort  av_one_sixth first default_av_fullwidth '><article class='main_color inner-entry'  itemscope=\"itemscope\" itemtype=\"https:\/\/schema.org\/CreativeWork\" ><a href=\"https:\/\/griechischefilmwoche.com\/el\/movie\/polydroso\/\" title='\u03a0\u03bf\u03bb\u03cd\u03b4\u03c1\u03bf\u03c3\u03bf'  data-rel='grid-1' class='grid-image avia-hover-fx'> <img decoding=\"async\" fetchpriority=\"high\" width=\"201\" height=\"139\" src=\"https:\/\/griechischefilmwoche.com\/wp-content\/uploads\/2024\/10\/Polydroso_Preview-201x139.jpg\" class=\"wp-image-5873 avia-img-lazy-loading-not-5873 attachment-film-preview size-film-preview wp-post-image\" alt=\"Das Drama &quot;Polydroso&quot; ist auf der Griechischen Filmwoche in M\u00fcnchen zu sehen.\" srcset=\"https:\/\/griechischefilmwoche.com\/wp-content\/uploads\/2024\/10\/Polydroso_Preview-201x139.jpg 201w, https:\/\/griechischefilmwoche.com\/wp-content\/uploads\/2024\/10\/Polydroso_Preview-300x208.jpg 300w, https:\/\/griechischefilmwoche.com\/wp-content\/uploads\/2024\/10\/Polydroso_Preview-1030x713.jpg 1030w, https:\/\/griechischefilmwoche.com\/wp-content\/uploads\/2024\/10\/Polydroso_Preview-768x532.jpg 768w, https:\/\/griechischefilmwoche.com\/wp-content\/uploads\/2024\/10\/Polydroso_Preview-782x541.jpg 782w, https:\/\/griechischefilmwoche.com\/wp-content\/uploads\/2024\/10\/Polydroso_Preview-705x488.jpg 705w, https:\/\/griechischefilmwoche.com\/wp-content\/uploads\/2024\/10\/Polydroso_Preview.jpg 1300w\" sizes=\"(max-width: 201px) 100vw, 201px\" \/><\/a><div class='grid-content'><div class='avia-arrow'><\/div><header class=\"entry-content-header\" aria-label=\"Portfolio: \u03a0\u03bf\u03bb\u03cd\u03b4\u03c1\u03bf\u03c3\u03bf\"><h3 class='grid-entry-title entry-title '  itemprop=\"headline\" ><a href='https:\/\/griechischefilmwoche.com\/el\/movie\/polydroso\/' title='\u03a0\u03bf\u03bb\u03cd\u03b4\u03c1\u03bf\u03c3\u03bf'>\u03a0\u03bf\u03bb\u03cd\u03b4\u03c1\u03bf\u03c3\u03bf<\/a><\/h3><\/header><\/div><footer class=\"entry-footer\"><\/footer><\/article><\/div><div data-ajax-id='5850' class=' grid-entry flex_column isotope-item all_sort no_margin post-entry post-entry-5850 grid-entry-overview grid-loop-14 grid-parity-even  programm-2024-el_sort 16112024-el_sort 231124-el_sort theatiner-el-24_sort gasteig-hp8-programm-2024-el_sort pasinger-fabrik-24_sort  av_one_sixth  default_av_fullwidth '><article class='main_color inner-entry'  itemscope=\"itemscope\" itemtype=\"https:\/\/schema.org\/CreativeWork\" ><a href=\"https:\/\/griechischefilmwoche.com\/el\/movie\/to-kalokairi-tis-karmen\/\" title='\u03a4\u03bf \u03ba\u03b1\u03bb\u03bf\u03ba\u03b1\u03af\u03c1\u03b9 \u03c4\u03b7\u03c2 \u039a\u03ac\u03c1\u03bc\u03b5\u03bd'  data-rel='grid-1' class='grid-image avia-hover-fx'> <img decoding=\"async\" fetchpriority=\"high\" width=\"201\" height=\"139\" src=\"https:\/\/griechischefilmwoche.com\/wp-content\/uploads\/2024\/10\/Der-Sommer-von-Carmen_Preview-201x139.jpg\" class=\"wp-image-5847 avia-img-lazy-loading-not-5847 attachment-film-preview size-film-preview wp-post-image\" alt=\"Die queere Kinokom\u00f6die aus Griechenland &quot;Der Sommer von Carmen&quot; auf der Griechischen Filmwoche in M\u00fcnchen\" srcset=\"https:\/\/griechischefilmwoche.com\/wp-content\/uploads\/2024\/10\/Der-Sommer-von-Carmen_Preview-201x139.jpg 201w, https:\/\/griechischefilmwoche.com\/wp-content\/uploads\/2024\/10\/Der-Sommer-von-Carmen_Preview-300x208.jpg 300w, https:\/\/griechischefilmwoche.com\/wp-content\/uploads\/2024\/10\/Der-Sommer-von-Carmen_Preview-1030x713.jpg 1030w, https:\/\/griechischefilmwoche.com\/wp-content\/uploads\/2024\/10\/Der-Sommer-von-Carmen_Preview-768x532.jpg 768w, https:\/\/griechischefilmwoche.com\/wp-content\/uploads\/2024\/10\/Der-Sommer-von-Carmen_Preview-782x541.jpg 782w, https:\/\/griechischefilmwoche.com\/wp-content\/uploads\/2024\/10\/Der-Sommer-von-Carmen_Preview-705x488.jpg 705w, https:\/\/griechischefilmwoche.com\/wp-content\/uploads\/2024\/10\/Der-Sommer-von-Carmen_Preview.jpg 1300w\" sizes=\"(max-width: 201px) 100vw, 201px\" \/><\/a><div class='grid-content'><div class='avia-arrow'><\/div><header class=\"entry-content-header\" aria-label=\"Portfolio: \u03a4\u03bf \u03ba\u03b1\u03bb\u03bf\u03ba\u03b1\u03af\u03c1\u03b9 \u03c4\u03b7\u03c2 \u039a\u03ac\u03c1\u03bc\u03b5\u03bd\"><h3 class='grid-entry-title entry-title '  itemprop=\"headline\" ><a href='https:\/\/griechischefilmwoche.com\/el\/movie\/to-kalokairi-tis-karmen\/' title='\u03a4\u03bf \u03ba\u03b1\u03bb\u03bf\u03ba\u03b1\u03af\u03c1\u03b9 \u03c4\u03b7\u03c2 \u039a\u03ac\u03c1\u03bc\u03b5\u03bd'>\u03a4\u03bf \u03ba\u03b1\u03bb\u03bf\u03ba\u03b1\u03af\u03c1\u03b9 \u03c4\u03b7\u03c2 \u039a\u03ac\u03c1\u03bc\u03b5\u03bd<\/a><\/h3><\/header><\/div><footer class=\"entry-footer\"><\/footer><\/article><\/div><div data-ajax-id='5735' class=' grid-entry flex_column isotope-item all_sort no_margin post-entry post-entry-5735 grid-entry-overview grid-loop-15 grid-parity-odd  post-entry-last  15112024-el_sort programm-2024-el_sort 231124-el_sort theatiner-el-24_sort gasteig-hp8-programm-2024-el_sort  av_one_sixth  default_av_fullwidth '><article class='main_color inner-entry'  itemscope=\"itemscope\" itemtype=\"https:\/\/schema.org\/CreativeWork\" ><a href=\"https:\/\/griechischefilmwoche.com\/el\/movie\/fonissa\/\" title='\u03a6\u03cc\u03bd\u03b9\u03c3\u03c3\u03b1'  data-rel='grid-1' class='grid-image avia-hover-fx'> <img decoding=\"async\" fetchpriority=\"high\" width=\"201\" height=\"139\" src=\"https:\/\/griechischefilmwoche.com\/wp-content\/uploads\/2024\/10\/TheMurderess_Fonissa_Preview-201x139.jpg\" class=\"wp-image-5767 avia-img-lazy-loading-not-5767 attachment-film-preview size-film-preview wp-post-image\" alt=\"&quot;Die M\u00f6rderin&quot; wird zum ersten Mal mit deutschen Untertiteln auf der Griechischen Filmwoche in M\u00fcnchen gezeigt.\" srcset=\"https:\/\/griechischefilmwoche.com\/wp-content\/uploads\/2024\/10\/TheMurderess_Fonissa_Preview-201x139.jpg 201w, https:\/\/griechischefilmwoche.com\/wp-content\/uploads\/2024\/10\/TheMurderess_Fonissa_Preview-300x208.jpg 300w, https:\/\/griechischefilmwoche.com\/wp-content\/uploads\/2024\/10\/TheMurderess_Fonissa_Preview-1030x713.jpg 1030w, https:\/\/griechischefilmwoche.com\/wp-content\/uploads\/2024\/10\/TheMurderess_Fonissa_Preview-768x532.jpg 768w, https:\/\/griechischefilmwoche.com\/wp-content\/uploads\/2024\/10\/TheMurderess_Fonissa_Preview-782x541.jpg 782w, https:\/\/griechischefilmwoche.com\/wp-content\/uploads\/2024\/10\/TheMurderess_Fonissa_Preview-705x488.jpg 705w, https:\/\/griechischefilmwoche.com\/wp-content\/uploads\/2024\/10\/TheMurderess_Fonissa_Preview.jpg 1300w\" sizes=\"(max-width: 201px) 100vw, 201px\" \/><\/a><div class='grid-content'><div class='avia-arrow'><\/div><header class=\"entry-content-header\" aria-label=\"Portfolio: \u03a6\u03cc\u03bd\u03b9\u03c3\u03c3\u03b1\"><h3 class='grid-entry-title entry-title '  itemprop=\"headline\" ><a href='https:\/\/griechischefilmwoche.com\/el\/movie\/fonissa\/' title='\u03a6\u03cc\u03bd\u03b9\u03c3\u03c3\u03b1'>\u03a6\u03cc\u03bd\u03b9\u03c3\u03c3\u03b1<\/a><\/h3><\/header><\/div><footer class=\"entry-footer\"><\/footer><\/article><\/div><\/div><\/div>   <!--   class=\"av-portfolio-grid-sorting-container\"  --><\/div>\n\n","protected":false},"excerpt":{"rendered":"","protected":false},"author":4,"featured_media":6317,"parent":0,"menu_order":0,"comment_status":"closed","ping_status":"closed","template":"","meta":{"footnotes":""},"class_list":["post-6343","page","type-page","status-publish","has-post-thumbnail","hentry"],"yoast_head":"<!-- This site is optimized with the Yoast SEO plugin v27.5 - https:\/\/yoast.com\/product\/yoast-seo-wordpress\/ -->\n<title>\u039f\u03b9 \u03ba\u03b1\u03bb\u03b5\u03c3\u03bc\u03ad\u03bd\u03b5\u03c2 - Griechische Filmwoche<\/title>\n<meta name=\"robots\" content=\"index, follow, max-snippet:-1, max-image-preview:large, max-video-preview:-1\" \/>\n<link rel=\"canonical\" href=\"https:\/\/griechischefilmwoche.com\/el\/kalesmenes-2024\/\" \/>\n<meta property=\"og:locale\" content=\"el_GR\" \/>\n<meta property=\"og:type\" content=\"article\" \/>\n<meta property=\"og:title\" content=\"\u039f\u03b9 \u03ba\u03b1\u03bb\u03b5\u03c3\u03bc\u03ad\u03bd\u03b5\u03c2 - Griechische Filmwoche\" \/>\n<meta property=\"og:url\" content=\"https:\/\/griechischefilmwoche.com\/el\/kalesmenes-2024\/\" \/>\n<meta property=\"og:site_name\" content=\"Griechische Filmwoche\" \/>\n<meta property=\"article:modified_time\" content=\"2024-10-16T11:28:33+00:00\" \/>\n<meta property=\"og:image\" content=\"https:\/\/griechischefilmwoche.com\/wp-content\/uploads\/2024\/10\/Homepage_Profile_Programm.png\" \/>\n\t<meta property=\"og:image:width\" content=\"940\" \/>\n\t<meta property=\"og:image:height\" content=\"788\" \/>\n\t<meta property=\"og:image:type\" content=\"image\/png\" \/>\n<meta name=\"twitter:card\" content=\"summary_large_image\" \/>\n<meta name=\"twitter:label1\" content=\"\u0395\u03ba\u03c4\u03b9\u03bc\u03ce\u03bc\u03b5\u03bd\u03bf\u03c2 \u03c7\u03c1\u03cc\u03bd\u03bf\u03c2 \u03b1\u03bd\u03ac\u03b3\u03bd\u03c9\u03c3\u03b7\u03c2\" \/>\n\t<meta name=\"twitter:data1\" content=\"5 \u03bb\u03b5\u03c0\u03c4\u03ac\" \/>\n<script type=\"application\/ld+json\" class=\"yoast-schema-graph\">{\"@context\":\"https:\\\/\\\/schema.org\",\"@graph\":[{\"@type\":\"WebPage\",\"@id\":\"https:\\\/\\\/griechischefilmwoche.com\\\/el\\\/kalesmenes-2024\\\/\",\"url\":\"https:\\\/\\\/griechischefilmwoche.com\\\/el\\\/kalesmenes-2024\\\/\",\"name\":\"\u039f\u03b9 \u03ba\u03b1\u03bb\u03b5\u03c3\u03bc\u03ad\u03bd\u03b5\u03c2 - Griechische Filmwoche\",\"isPartOf\":{\"@id\":\"https:\\\/\\\/griechischefilmwoche.com\\\/el\\\/#website\"},\"primaryImageOfPage\":{\"@id\":\"https:\\\/\\\/griechischefilmwoche.com\\\/el\\\/kalesmenes-2024\\\/#primaryimage\"},\"image\":{\"@id\":\"https:\\\/\\\/griechischefilmwoche.com\\\/el\\\/kalesmenes-2024\\\/#primaryimage\"},\"thumbnailUrl\":\"https:\\\/\\\/griechischefilmwoche.com\\\/wp-content\\\/uploads\\\/2024\\\/10\\\/Homepage_Profile_Programm.png\",\"datePublished\":\"2024-10-14T18:41:29+00:00\",\"dateModified\":\"2024-10-16T11:28:33+00:00\",\"breadcrumb\":{\"@id\":\"https:\\\/\\\/griechischefilmwoche.com\\\/el\\\/kalesmenes-2024\\\/#breadcrumb\"},\"inLanguage\":\"el\",\"potentialAction\":[{\"@type\":\"ReadAction\",\"target\":[\"https:\\\/\\\/griechischefilmwoche.com\\\/el\\\/kalesmenes-2024\\\/\"]}]},{\"@type\":\"ImageObject\",\"inLanguage\":\"el\",\"@id\":\"https:\\\/\\\/griechischefilmwoche.com\\\/el\\\/kalesmenes-2024\\\/#primaryimage\",\"url\":\"https:\\\/\\\/griechischefilmwoche.com\\\/wp-content\\\/uploads\\\/2024\\\/10\\\/Homepage_Profile_Programm.png\",\"contentUrl\":\"https:\\\/\\\/griechischefilmwoche.com\\\/wp-content\\\/uploads\\\/2024\\\/10\\\/Homepage_Profile_Programm.png\",\"width\":940,\"height\":788},{\"@type\":\"BreadcrumbList\",\"@id\":\"https:\\\/\\\/griechischefilmwoche.com\\\/el\\\/kalesmenes-2024\\\/#breadcrumb\",\"itemListElement\":[{\"@type\":\"ListItem\",\"position\":1,\"name\":\"Home\",\"item\":\"https:\\\/\\\/griechischefilmwoche.com\\\/el\\\/programm2025\\\/\"},{\"@type\":\"ListItem\",\"position\":2,\"name\":\"\u039f\u03b9 \u03ba\u03b1\u03bb\u03b5\u03c3\u03bc\u03ad\u03bd\u03b5\u03c2\"}]},{\"@type\":\"WebSite\",\"@id\":\"https:\\\/\\\/griechischefilmwoche.com\\\/el\\\/#website\",\"url\":\"https:\\\/\\\/griechischefilmwoche.com\\\/el\\\/\",\"name\":\"Griechische Filmwoche\",\"description\":\"\",\"potentialAction\":[{\"@type\":\"SearchAction\",\"target\":{\"@type\":\"EntryPoint\",\"urlTemplate\":\"https:\\\/\\\/griechischefilmwoche.com\\\/el\\\/?s={search_term_string}\"},\"query-input\":{\"@type\":\"PropertyValueSpecification\",\"valueRequired\":true,\"valueName\":\"search_term_string\"}}],\"inLanguage\":\"el\"}]}<\/script>\n<!-- \/ Yoast SEO plugin. -->","yoast_head_json":{"title":"\u039f\u03b9 \u03ba\u03b1\u03bb\u03b5\u03c3\u03bc\u03ad\u03bd\u03b5\u03c2 - Griechische Filmwoche","robots":{"index":"index","follow":"follow","max-snippet":"max-snippet:-1","max-image-preview":"max-image-preview:large","max-video-preview":"max-video-preview:-1"},"canonical":"https:\/\/griechischefilmwoche.com\/el\/kalesmenes-2024\/","og_locale":"el_GR","og_type":"article","og_title":"\u039f\u03b9 \u03ba\u03b1\u03bb\u03b5\u03c3\u03bc\u03ad\u03bd\u03b5\u03c2 - Griechische Filmwoche","og_url":"https:\/\/griechischefilmwoche.com\/el\/kalesmenes-2024\/","og_site_name":"Griechische Filmwoche","article_modified_time":"2024-10-16T11:28:33+00:00","og_image":[{"width":940,"height":788,"url":"https:\/\/griechischefilmwoche.com\/wp-content\/uploads\/2024\/10\/Homepage_Profile_Programm.png","type":"image\/png"}],"twitter_card":"summary_large_image","twitter_misc":{"\u0395\u03ba\u03c4\u03b9\u03bc\u03ce\u03bc\u03b5\u03bd\u03bf\u03c2 \u03c7\u03c1\u03cc\u03bd\u03bf\u03c2 \u03b1\u03bd\u03ac\u03b3\u03bd\u03c9\u03c3\u03b7\u03c2":"5 \u03bb\u03b5\u03c0\u03c4\u03ac"},"schema":{"@context":"https:\/\/schema.org","@graph":[{"@type":"WebPage","@id":"https:\/\/griechischefilmwoche.com\/el\/kalesmenes-2024\/","url":"https:\/\/griechischefilmwoche.com\/el\/kalesmenes-2024\/","name":"\u039f\u03b9 \u03ba\u03b1\u03bb\u03b5\u03c3\u03bc\u03ad\u03bd\u03b5\u03c2 - Griechische Filmwoche","isPartOf":{"@id":"https:\/\/griechischefilmwoche.com\/el\/#website"},"primaryImageOfPage":{"@id":"https:\/\/griechischefilmwoche.com\/el\/kalesmenes-2024\/#primaryimage"},"image":{"@id":"https:\/\/griechischefilmwoche.com\/el\/kalesmenes-2024\/#primaryimage"},"thumbnailUrl":"https:\/\/griechischefilmwoche.com\/wp-content\/uploads\/2024\/10\/Homepage_Profile_Programm.png","datePublished":"2024-10-14T18:41:29+00:00","dateModified":"2024-10-16T11:28:33+00:00","breadcrumb":{"@id":"https:\/\/griechischefilmwoche.com\/el\/kalesmenes-2024\/#breadcrumb"},"inLanguage":"el","potentialAction":[{"@type":"ReadAction","target":["https:\/\/griechischefilmwoche.com\/el\/kalesmenes-2024\/"]}]},{"@type":"ImageObject","inLanguage":"el","@id":"https:\/\/griechischefilmwoche.com\/el\/kalesmenes-2024\/#primaryimage","url":"https:\/\/griechischefilmwoche.com\/wp-content\/uploads\/2024\/10\/Homepage_Profile_Programm.png","contentUrl":"https:\/\/griechischefilmwoche.com\/wp-content\/uploads\/2024\/10\/Homepage_Profile_Programm.png","width":940,"height":788},{"@type":"BreadcrumbList","@id":"https:\/\/griechischefilmwoche.com\/el\/kalesmenes-2024\/#breadcrumb","itemListElement":[{"@type":"ListItem","position":1,"name":"Home","item":"https:\/\/griechischefilmwoche.com\/el\/programm2025\/"},{"@type":"ListItem","position":2,"name":"\u039f\u03b9 \u03ba\u03b1\u03bb\u03b5\u03c3\u03bc\u03ad\u03bd\u03b5\u03c2"}]},{"@type":"WebSite","@id":"https:\/\/griechischefilmwoche.com\/el\/#website","url":"https:\/\/griechischefilmwoche.com\/el\/","name":"Griechische Filmwoche","description":"","potentialAction":[{"@type":"SearchAction","target":{"@type":"EntryPoint","urlTemplate":"https:\/\/griechischefilmwoche.com\/el\/?s={search_term_string}"},"query-input":{"@type":"PropertyValueSpecification","valueRequired":true,"valueName":"search_term_string"}}],"inLanguage":"el"}]}},"_links":{"self":[{"href":"https:\/\/griechischefilmwoche.com\/el\/wp-json\/wp\/v2\/pages\/6343","targetHints":{"allow":["GET"]}}],"collection":[{"href":"https:\/\/griechischefilmwoche.com\/el\/wp-json\/wp\/v2\/pages"}],"about":[{"href":"https:\/\/griechischefilmwoche.com\/el\/wp-json\/wp\/v2\/types\/page"}],"author":[{"embeddable":true,"href":"https:\/\/griechischefilmwoche.com\/el\/wp-json\/wp\/v2\/users\/4"}],"replies":[{"embeddable":true,"href":"https:\/\/griechischefilmwoche.com\/el\/wp-json\/wp\/v2\/comments?post=6343"}],"version-history":[{"count":8,"href":"https:\/\/griechischefilmwoche.com\/el\/wp-json\/wp\/v2\/pages\/6343\/revisions"}],"predecessor-version":[{"id":6897,"href":"https:\/\/griechischefilmwoche.com\/el\/wp-json\/wp\/v2\/pages\/6343\/revisions\/6897"}],"wp:featuredmedia":[{"embeddable":true,"href":"https:\/\/griechischefilmwoche.com\/el\/wp-json\/wp\/v2\/media\/6317"}],"wp:attachment":[{"href":"https:\/\/griechischefilmwoche.com\/el\/wp-json\/wp\/v2\/media?parent=6343"}],"curies":[{"name":"wp","href":"https:\/\/api.w.org\/{rel}","templated":true}]}}